 {"id":20345,"date":"2021-10-04T00:00:00","date_gmt":"2022-09-05T19:02:49","guid":{"rendered":"https:\/\/www.justiciasantafe.gov.ar\/index.php\/circulares\/7129\/"},"modified":"2022-09-15T12:01:05","modified_gmt":"2022-09-15T15:01:05","slug":"7129","status":"publish","type":"circulares","link":"https:\/\/www.justiciasantafe.gov.ar\/index.php\/circulares\/7129\/","title":{"rendered":"Circular nro. 177: Llamado a concurso para cubrir  un cargo de Defensor General para los Tribunales de Esperanza"},"content":{"rendered":"<div class=\"pdfprnt-buttons pdfprnt-buttons-circulares pdfprnt-top-right\"><a href=\"https:\/\/www.justiciasantafe.gov.ar\/index.php\/wp-json\/wp\/v2\/circulares\/20345?print=pdf\" class=\"pdfprnt-button pdfprnt-button-pdf\" target=\"_blank\"><img decoding=\"async\" src=\"https:\/\/www.justiciasantafe.gov.ar\/wp-content\/plugins\/pdf-print-pro\/images\/pdf.png?357112440\" alt=\"image_pdf\" title=\"Ver PDF\" \/><\/a><a href=\"https:\/\/www.justiciasantafe.gov.ar\/index.php\/wp-json\/wp\/v2\/circulares\/20345?print=print\" class=\"pdfprnt-button pdfprnt-button-print\" target=\"_blank\"><img decoding=\"async\" src=\"https:\/\/www.justiciasantafe.gov.ar\/wp-content\/plugins\/pdf-print-pro\/images\/print.png?1674575983\" alt=\"image_print\" title=\"Imprimir contenido\" \/><\/a><\/div><p><u><strong>Circular N\u00b0 177\/21.<\/strong><\/u><\/p>\n<div style=\"text-align: right;\">Santa Fe, 04 de octubre de 2021.<\/div>\n<div style=\"text-align: justify;\">\n<p>Se\u00f1or<br \/>\nTitular del \u00d3rgano Jurisdiccional<br \/>\n<u>S \/ D<\/u><\/p>\n<p>Para su conocimiento y notificaci\u00f3n a los dem\u00e1s integrantes de esa dependencia, me dirijo a Ud. a fin de comunicarle que por resoluci\u00f3n de la Secretar\u00eda de Gobierno de fecha 27.9.2021, ratificada por Acuerdo de la Corte Suprema de Justicia de la Provincia celebrado el d\u00eda 28.9.2021, Acta N\u00b0 35, punto 3, se ha dispuesto llamar a Concurso para la provisi\u00f3n del siguiente cargo:<\/p>\n<p><u><strong>UN CARGO DE DEFENSOR GENERAL PARA LOS TRIBUNALES DE ESPERANZA<\/strong><\/u><strong>.<\/strong><\/p>\n<p><u><strong>Car\u00e1cter del concurso<\/strong><\/u><strong>:<\/strong> Abierto, de antecedentes y de oposici\u00f3n.<\/p>\n<p><u><strong>Requisitos:<\/strong><\/u> <strong> a)<\/strong> Poseer ciudadan\u00eda argentina;<br \/>\n<strong>b)<\/strong> Mayor de veinticinco a\u00f1os de edad;<br \/>\n<strong>c)<\/strong> T\u00edtulo de abogado debidamente certificado;<br \/>\n<strong>d)<\/strong> Dos a\u00f1os de ejercicio efectivo de la profesi\u00f3n de abogado o de la funci\u00f3n judicial;<br \/>\n<strong>e)<\/strong> Residencia no menor de dos a\u00f1os en la Provincia si no hubieren nacido en ella;<br \/>\n<strong>f)<\/strong> Buenos antecedentes de conducta, acreditados con el Certificado respectivo otorgado por la Polic\u00eda de la Provincia;<br \/>\n<strong>g)<\/strong> Certificaci\u00f3n de la Oficina Judicial correspondiente de no hallarse incluido en el Registro de Deudores Alimentarios Morosos;<br \/>\n<strong>h)<\/strong> Informe de sanciones correspondientes a los \u00faltimos diez a\u00f1os por parte del Colegio de Abogados para quienes no pertenezcan al Poder Judicial.<\/p>\n<p><u><strong>Per\u00edodo de inscripci\u00f3n:<\/strong><\/u> Del 12 al 22 de octubre de 2021, ambas fechas inclusive, en horario de oficina de 7:15 a 12:45 horas, debiendo los interesados presentar las respectivas solicitudes -en el formulario confeccionado al efecto-, ante la Secretar\u00eda de Gobierno de la Corte Suprema de Justicia en Santa Fe, mencionando y acompa\u00f1ando, en su caso, todos los antecedentes que estimen convenientes, los que deber\u00e1n ser retirados dentro del plazo de dos meses una vez resuelto el concurso.<\/p>\n<p><u><strong>Ex\u00e1menes de oposici\u00f3n<\/strong><\/u><strong>:<\/strong> Oportunamente se designar\u00e1 la fecha para los ex\u00e1menes de oposici\u00f3n, en base al programa aprobado por la Corte Suprema de Justicia.<\/p>\n<p><u><strong>Entrevistas Personales<\/strong><\/u><strong>:<\/strong> Asimismo, en su oportunidad se designar\u00e1 la fecha para la recepci\u00f3n de entrevistas personales a los postulantes inscriptos que re\u00fanan las exigencias legales y reglamentarias.<\/p>\n<p>El concurso precedente se realizar\u00e1 de acuerdo a las prescripciones contenidas en el Reglamento vigente para la provisi\u00f3n de Cargos de Funcionarios en el Poder Judicial.<br \/>\nAsimismo, teniendo en cuenta el marco de excepcionalidad generada en raz\u00f3n de la actual crisis sanitaria que es de p\u00fablico conocimiento, las inscripciones al concurso de referencia se instrumentar\u00e1n mediante turnos on- line espec\u00edficos para la presentaci\u00f3n de los formularios en la Mesa de Entradas de la Corte en Santa Fe, el cual estar\u00e1 disponible accediendo al link <u><a href=\"http:\/\/turnos.justiciasantafe.gov.ar\/\">http:\/\/turnos.justiciasantafe.gov.ar<\/a><\/u> y consignando como oficina Mesa de Entrada de la Corte Suprema de Justicia (inscripci\u00f3n concursos), a partir del 7 de octubre de 2021. Atento a ello, y dada la cantidad de turnos que se habilitar\u00e1n por d\u00eda, se solicita de los participantes procedan a la solicitud del mismo con la debida antelaci\u00f3n.<\/p>\n<\/div>\n<p>Saludo a Ud. atentamente.<\/p>\n<p>Fdo.: Eduardo Bordas<br \/>\nSecretario de Gobierno<\/p>\n<p><a title=\"Ver archivo\" href=\"https:\/\/www.justiciasantafe.gov.ar\/wp-content\/uploads\/2021\/10\/7540.pdf\" target=\"_blank\" rel=\"noopener\">\u00a0CIRC-177-21 FORMULARIO<\/a><\/p>\n<p>&nbsp;<\/p>\n<div class=\"gsp_post_data\" data-post_type=\"circulares\" data-cat=\"anio-2021\" data-modified=\"120\" data-title=\"Circular nro. 177: Llamado a concurso para cubrir  un cargo de Defensor General para los Tribunales de Esperanza\" data-home=\"https:\/\/www.justiciasantafe.gov.ar\"><\/div>","protected":false},"excerpt":{"rendered":"<p>Circular N\u00b0 177\/21. Santa Fe, 04 de octubre de 2021. Se\u00f1or Titular del \u00d3rgano Jurisdiccional S \/ D Para su conocimiento y notificaci\u00f3n a los dem\u00e1s integrantes de esa dependencia, me dirijo a Ud. a fin de comunicarle que por resoluci\u00f3n de la Secretar\u00eda de Gobierno de fecha 27.9.2021, ratificada por Acuerdo de la Corte [&#8230;]\n","protected":false},"author":10,"featured_media":0,"menu_order":0,"template":"","format":"standard","meta":{"_acf_changed":false,"footnotes":""},"categories":[33],"tags":[],"class_list":["post-20345","circulares","type-circulares","status-publish","format-standard","hentry","category-anio-2021"],"acf":{"i2t_anio":2021,"i2t_id_historico":7129,"i2t_autor_historico":"lcarrivale"},"_links":{"self":[{"href":"https:\/\/www.justiciasantafe.gov.ar\/index.php\/wp-json\/wp\/v2\/circulares\/20345","targetHints":{"allow":["GET"]}}],"collection":[{"href":"https:\/\/www.justiciasantafe.gov.ar\/index.php\/wp-json\/wp\/v2\/circulares"}],"about":[{"href":"https:\/\/www.justiciasantafe.gov.ar\/index.php\/wp-json\/wp\/v2\/types\/circulares"}],"author":[{"embeddable":true,"href":"https:\/\/www.justiciasantafe.gov.ar\/index.php\/wp-json\/wp\/v2\/users\/10"}],"version-history":[{"count":0,"href":"https:\/\/www.justiciasantafe.gov.ar\/index.php\/wp-json\/wp\/v2\/circulares\/20345\/revisions"}],"wp:attachment":[{"href":"https:\/\/www.justiciasantafe.gov.ar\/index.php\/wp-json\/wp\/v2\/media?parent=20345"}],"wp:term":[{"taxonomy":"category","embeddable":true,"href":"https:\/\/www.justiciasantafe.gov.ar\/index.php\/wp-json\/wp\/v2\/categories?post=20345"},{"taxonomy":"post_tag","embeddable":true,"href":"https:\/\/www.justiciasantafe.gov.ar\/index.php\/wp-json\/wp\/v2\/tags?post=20345"}],"curies":[{"name":"wp","href":"https:\/\/api.w.org\/{rel}","templated":true}]}}