 {"id":53776,"date":"2025-09-18T12:54:31","date_gmt":"2025-09-18T15:54:31","guid":{"rendered":"https:\/\/www.justiciasantafe.gov.ar\/?post_type=circulares&#038;p=53776"},"modified":"2025-09-18T12:54:31","modified_gmt":"2025-09-18T15:54:31","slug":"circular-nro-80-se-remite-rectificacion-de-circular-n-78","status":"publish","type":"circulares","link":"https:\/\/www.justiciasantafe.gov.ar\/index.php\/circulares\/circular-nro-80-se-remite-rectificacion-de-circular-n-78\/","title":{"rendered":"Circular nro. 80. Se remite rectificaci\u00f3n de Circular N\u00b0 78."},"content":{"rendered":"<div class=\"pdfprnt-buttons pdfprnt-buttons-circulares pdfprnt-top-right\"><a href=\"https:\/\/www.justiciasantafe.gov.ar\/index.php\/wp-json\/wp\/v2\/circulares\/53776?print=pdf\" class=\"pdfprnt-button pdfprnt-button-pdf\" target=\"_blank\"><img decoding=\"async\" src=\"https:\/\/www.justiciasantafe.gov.ar\/wp-content\/plugins\/pdf-print-pro\/images\/pdf.png?357112440\" alt=\"image_pdf\" title=\"Ver PDF\" \/><\/a><a href=\"https:\/\/www.justiciasantafe.gov.ar\/index.php\/wp-json\/wp\/v2\/circulares\/53776?print=print\" class=\"pdfprnt-button pdfprnt-button-print\" target=\"_blank\"><img decoding=\"async\" src=\"https:\/\/www.justiciasantafe.gov.ar\/wp-content\/plugins\/pdf-print-pro\/images\/print.png?1674575983\" alt=\"image_print\" title=\"Imprimir contenido\" \/><\/a><\/div><p align=\"RIGHT\"><span style=\"color: #000000\"><u><b>Circular Nro. 80\/25.-<\/b><\/u><\/span><\/p>\n<p align=\"CENTER\">\n<p align=\"RIGHT\"><span style=\"color: #000000\">Santa Fe, 18 de septiembre de 2025.-<\/span><\/p>\n<p align=\"JUSTIFY\"><span style=\"color: #000000\">Se\u00f1or<\/span><\/p>\n<p align=\"JUSTIFY\"><span style=\"color: #000000\">Titular del \u00d3rgano Jurisdiccional<\/span><\/p>\n<p align=\"JUSTIFY\"><span style=\"color: #000000\"><u>S \/ D<\/u><\/span><\/p>\n<p align=\"JUSTIFY\"><span style=\"color: #000000\">Para su conocimiento y notificaci\u00f3n a los dem\u00e1s integrantes de esa dependencia, me dirijo a Ud. a fin de hacerle saber que en virtud de la comunicaci\u00f3n recibida por la Secretar\u00eda Letrada de Rosario, se remite rectificaci\u00f3n d<\/span><span style=\"color: #000000\"><span style=\"font-family: Times New Roman, serif\"><span style=\"font-size: medium\">el llamado a concurso para cubrir cargos de Oficial de Justicia dependientes de la Oficina de Mandamientos y Notificaciones para los Tribunales de Rosario:<\/span><\/span><\/span><\/p>\n<p align=\"JUSTIFY\"><span style=\"color: #000000\">\u201c<\/span><span style=\"color: #000000\"><span style=\"font-family: Times New Roman, serif\"><span style=\"font-size: medium\"><u><b>CARGOS DE OFICIAL DE JUSTICIA DEPENDIENTES DE LA OFICINA DE MANDAMIENTOS Y NOTIFICACIONES PARA LOS TRIBUNALES DE ROSARIO, Y PARA TODA OTRA TAREA QUE LES ASIGNE LA CORTE SUPREMA DE JUSTICIA EN LA MATERIA. <\/b><\/u><\/span><\/span><\/span><span style=\"color: #000000\"><span style=\"font-family: Times New Roman, serif\"><span style=\"font-size: medium\"><span lang=\"es-AR\"><u><b>El mencionado llamado proceder\u00e1 a la cobertura de los cargos vacantes actuales que no han sido llamados a concurso y aquellos cargos que se produzcan durante el llamado a concurso y el per\u00edodo que corresponda al cumplimiento de un a\u00f1o a contar desde la fecha en que el resultado del mismo derive en definitivo.<\/b><\/u><\/span><\/span><\/span><\/span><\/p>\n<p align=\"JUSTIFY\"><span style=\"color: #000000\"><u><b>Car\u00e1cter del concurso<\/b><\/u><\/span><span style=\"color: #000000\"><b>:<\/b><\/span><span style=\"color: #000000\"> Abierto, de antecedentes y en su caso de oposici\u00f3n.<\/span><\/p>\n<p align=\"JUSTIFY\"><span style=\"color: #000000\"><u><b>Requisitos:<\/b><\/u><\/span> <span style=\"color: #000000\"><b> a)<\/b><\/span><span style=\"color: #000000\"> Poseer ciudadan\u00eda argentina; <\/span><\/p>\n<p align=\"JUSTIFY\"><span style=\"color: #000000\"><b>b)<\/b><\/span><span style=\"color: #000000\"> Mayor\u00eda de edad;<\/span><\/p>\n<p align=\"JUSTIFY\"><span style=\"color: #000000\"><b>c) <\/b><\/span><span style=\"color: #000000\"><span style=\"font-family: Times New Roman, serif\">T<\/span><\/span><span style=\"color: #000000\"><span style=\"font-family: Times New Roman, serif\"><span style=\"font-size: medium\">\u00edtulo de Abogado o Procurador o cinco a\u00f1os <\/span><\/span><\/span><span style=\"color: #000000\"><span style=\"font-family: Times New Roman, serif\"><span style=\"font-size: medium\">de desempe\u00f1o de tareas en el Poder Judicial como empleado administrativo titular<\/span><\/span><\/span><span style=\"color: #000000\"><span style=\"font-family: Times New Roman, serif\">; <\/span><\/span><\/p>\n<p align=\"JUSTIFY\"><span style=\"color: #000000\"><b>d)<\/b><\/span><span style=\"color: #000000\"> Dos a\u00f1os de residencia inmediata en la provincia si no hubieren nacido en ella; <\/span><\/p>\n<p align=\"JUSTIFY\"><span style=\"color: #000000\"><b>e)<\/b><\/span><span style=\"color: #000000\"> Buenos antecedentes de conducta, acreditados con el certificado respectivo otorgado por la Polic\u00eda de la Provincia;<\/span><\/p>\n<p align=\"JUSTIFY\"><span style=\"color: #000000\"><b>f) <\/b><\/span><span style=\"color: #000000\">Certificaci\u00f3n de la oficina judicial correspondiente de no hallarse incluido en el Registro de Deudores Alimentarios Morosos;<\/span><\/p>\n<p align=\"JUSTIFY\"><span style=\"color: #000000\"><span style=\"font-family: Times New Roman, serif\"><b>g)<\/b><\/span><\/span> <span style=\"color: #000000\"><span style=\"font-family: Times New Roman, serif\"><span style=\"font-size: medium\"><span lang=\"es-MX\">Informe de sanciones correspondientes a los \u00faltimos diez a\u00f1os por parte del Colegio respectivo para quienes no pertenezcan al Poder Judicial (con emisi\u00f3n actualizada a la fecha de inscripci\u00f3n al llamado a concurso);<\/span><\/span><\/span><\/span><\/p>\n<p align=\"JUSTIFY\"><span style=\"color: #000000\"><u><b>Per\u00edodo de inscripci\u00f3n:<\/b><\/u><\/span><span style=\"color: #000000\"> Del 13 al 24 de octubre de 2025, ambas fechas inclusive, debiendo los interesados presentar las respectivas solicitudes -en el formulario confeccionado al efecto-, ante la Secretar\u00eda Letrada de la Corte Suprema de Justicia en Rosario, mencionando y acompa\u00f1ando, en su caso, todos los antecedentes que estimen convenientes, los que deber\u00e1n ser retirados dentro del plazo de dos meses una vez resuelto el concurso.<\/span><\/p>\n<p align=\"JUSTIFY\"><span style=\"color: #000000\"><u><b>Ex\u00e1menes de oposici\u00f3n<\/b><\/u><\/span><span style=\"color: #000000\"><b>:<\/b><\/span><span style=\"color: #000000\"> En caso de as\u00ed disponerse, oportunamente se designar\u00e1n las fechas para los ex\u00e1menes de oposici\u00f3n.<\/span><\/p>\n<p align=\"JUSTIFY\"><span style=\"color: #000000\"><u><b>Entrevistas Personales<\/b><\/u><\/span><span style=\"color: #000000\"><b>:<\/b><\/span><span style=\"color: #000000\"> Asimismo, en su oportunidad se designar\u00e1 la fecha para la recepci\u00f3n de entrevistas personales a los postulantes inscriptos que re\u00fanan las exigencias legales y reglamentarias.<\/span><\/p>\n<p align=\"JUSTIFY\"><span style=\"color: #000000\"><span style=\"font-family: Times New Roman, serif\"><span style=\"font-size: medium\">El concurso precedente se realizar\u00e1 de acuerdo a las prescripciones contenidas en el Reglamento vigente para la provisi\u00f3n de Cargos de Funcionarios en el Poder Judicial.\u201d<\/span><\/span><\/span><\/p>\n<p align=\"JUSTIFY\"><span style=\"color: #000000\">Saludo a Ud. atentamente.<\/span><\/p>\n<p align=\"JUSTIFY\">\n<p align=\"JUSTIFY\">Dr. Eduardo\u00a0 Bordas<\/p>\n<p align=\"JUSTIFY\">Secretario de Gobierno<\/p>\n<p align=\"JUSTIFY\">\n<p align=\"JUSTIFY\">Formulario de inscripci\u00f3n:\u00a0 <a href=\"https:\/\/www.justiciasantafe.gov.ar\/wp-content\/uploads\/2025\/09\/CIRC-80-25-ANEXO.pdf\" target=\"\" rel=\"attachment wp-att-53785 noopener\">CIRC-80-25 ANEXO<\/a><\/p>\n<div class=\"gsp_post_data\" data-post_type=\"circulares\" data-cat=\"\" data-modified=\"120\" data-title=\"Circular nro. 80. Se remite rectificaci\u00f3n de Circular N\u00b0 78.\" data-home=\"https:\/\/www.justiciasantafe.gov.ar\"><\/div>","protected":false},"excerpt":{"rendered":"<p>Circular Nro. 80\/25.- Santa Fe, 18 de septiembre de 2025.- Se\u00f1or Titular del \u00d3rgano Jurisdiccional S \/ D Para su conocimiento y notificaci\u00f3n a los dem\u00e1s integrantes de esa dependencia, me dirijo a Ud. a fin de hacerle saber que en virtud de la comunicaci\u00f3n recibida por la Secretar\u00eda Letrada de Rosario, se remite rectificaci\u00f3n [&#8230;]\n","protected":false},"author":72,"featured_media":0,"menu_order":0,"template":"","format":"standard","meta":{"_acf_changed":false,"footnotes":""},"categories":[],"tags":[],"class_list":["post-53776","circulares","type-circulares","status-publish","format-standard","hentry"],"acf":{"i2t_anio":2025,"i2t_id_historico":"","i2t_autor_historico":""},"_links":{"self":[{"href":"https:\/\/www.justiciasantafe.gov.ar\/index.php\/wp-json\/wp\/v2\/circulares\/53776","targetHints":{"allow":["GET"]}}],"collection":[{"href":"https:\/\/www.justiciasantafe.gov.ar\/index.php\/wp-json\/wp\/v2\/circulares"}],"about":[{"href":"https:\/\/www.justiciasantafe.gov.ar\/index.php\/wp-json\/wp\/v2\/types\/circulares"}],"author":[{"embeddable":true,"href":"https:\/\/www.justiciasantafe.gov.ar\/index.php\/wp-json\/wp\/v2\/users\/72"}],"version-history":[{"count":0,"href":"https:\/\/www.justiciasantafe.gov.ar\/index.php\/wp-json\/wp\/v2\/circulares\/53776\/revisions"}],"wp:attachment":[{"href":"https:\/\/www.justiciasantafe.gov.ar\/index.php\/wp-json\/wp\/v2\/media?parent=53776"}],"wp:term":[{"taxonomy":"category","embeddable":true,"href":"https:\/\/www.justiciasantafe.gov.ar\/index.php\/wp-json\/wp\/v2\/categories?post=53776"},{"taxonomy":"post_tag","embeddable":true,"href":"https:\/\/www.justiciasantafe.gov.ar\/index.php\/wp-json\/wp\/v2\/tags?post=53776"}],"curies":[{"name":"wp","href":"https:\/\/api.w.org\/{rel}","templated":true}]}}