 {"id":54708,"date":"2025-10-01T15:30:12","date_gmt":"2025-10-01T18:30:12","guid":{"rendered":"https:\/\/www.justiciasantafe.gov.ar\/?post_type=circulares&#038;p=54708"},"modified":"2025-10-01T15:30:12","modified_gmt":"2025-10-01T18:30:12","slug":"circular-nro-82-comunicacion-llamado-a-concurso-del-consejo-de-la-magistratura-fiscal-regional-de-la-tercera-circunscripcion-judicial-y-defensor-regional-tercera-circunscripcion-judicial","status":"publish","type":"circulares","link":"https:\/\/www.justiciasantafe.gov.ar\/index.php\/circulares\/circular-nro-82-comunicacion-llamado-a-concurso-del-consejo-de-la-magistratura-fiscal-regional-de-la-tercera-circunscripcion-judicial-y-defensor-regional-tercera-circunscripcion-judicial\/","title":{"rendered":"Circular nro. 82 Comunicaci\u00f3n llamado a concurso del Consejo de la Magistratura: Fiscal Regional de la Tercera Circunscripci\u00f3n Judicial y Defensor Regional Tercera Circunscripci\u00f3n Judicial"},"content":{"rendered":"<div class=\"pdfprnt-buttons pdfprnt-buttons-circulares pdfprnt-top-right\"><a href=\"https:\/\/www.justiciasantafe.gov.ar\/index.php\/wp-json\/wp\/v2\/circulares\/54708?print=pdf\" class=\"pdfprnt-button pdfprnt-button-pdf\" target=\"_blank\"><img decoding=\"async\" src=\"https:\/\/www.justiciasantafe.gov.ar\/wp-content\/plugins\/pdf-print-pro\/images\/pdf.png?357112440\" alt=\"image_pdf\" title=\"Ver PDF\" \/><\/a><a href=\"https:\/\/www.justiciasantafe.gov.ar\/index.php\/wp-json\/wp\/v2\/circulares\/54708?print=print\" class=\"pdfprnt-button pdfprnt-button-print\" target=\"_blank\"><img decoding=\"async\" src=\"https:\/\/www.justiciasantafe.gov.ar\/wp-content\/plugins\/pdf-print-pro\/images\/print.png?1674575983\" alt=\"image_print\" title=\"Imprimir contenido\" \/><\/a><\/div><p align=\"JUSTIFY\"><span style=\"color: #000000\">Se\u00f1or<\/span><\/p>\n<p align=\"JUSTIFY\"><span style=\"color: #000000\">Titular del \u00d3rgano Jurisdiccional<\/span><\/p>\n<p align=\"JUSTIFY\"><span style=\"color: #000000\"><u>S \/ D<\/u><\/span><\/p>\n<p lang=\"es-ES\" align=\"JUSTIFY\"><span style=\"font-family: Times New Roman, serif\"><span style=\"color: #000000\"><span lang=\"es-AR\">Para su conocimiento y notificaci\u00f3n a los dem\u00e1s integrantes de esa dependencia, me dirijo a Ud. a fin de comunicarle que en fecha 23.9.25 se ha recepcionado un comunicado electr\u00f3nico del Consejo de la Magistratura, Nota N\u00b0 144\/25, mediante la cual informan el llamado <\/span><\/span><span style=\"color: #000000\"><span style=\"font-family: TimesNewRomanPSMT, serif\"><span style=\"font-size: medium\"><span lang=\"es-AR\">concurso para cubrir cargos de Fiscal Regional de la Tercera Circunscripci\u00f3n Judicial y Defensor Regional de la Tercera Circunscripci\u00f3n Judicial.<\/span><\/span><\/span><\/span><\/span><\/p>\n<p align=\"JUSTIFY\"><span style=\"color: #000000\">Se adjuntan a la presente la nota recibida y el llamado respectivo.<\/span><\/p>\n<p align=\"JUSTIFY\"><span style=\"color: #000000\">Saludo a Ud. atentamente.<\/span><\/p>\n<p align=\"JUSTIFY\">\n<p align=\"JUSTIFY\">\n<p align=\"JUSTIFY\"><span style=\"color: #000000\">Fdo.: Dr. Eduardo Bordas<\/span><\/p>\n<p align=\"JUSTIFY\"><span style=\"color: #000000\">Secretario de Gobierno<\/span><\/p>\n<p align=\"JUSTIFY\">\n<p align=\"JUSTIFY\">Anexo 1.-\u00a0 <a href=\"https:\/\/www.justiciasantafe.gov.ar\/wp-content\/uploads\/2025\/10\/CIRC-82-25-ANEXO-1.pdf\" target=\"\" rel=\"attachment wp-att-54709 noopener\">CIRC-82-25 ANEXO 1<\/a><\/p>\n<p align=\"JUSTIFY\">Anexo 2.-\u00a0 <a href=\"https:\/\/www.justiciasantafe.gov.ar\/wp-content\/uploads\/2025\/10\/CIRC-82-25-ANEXO-2.pdf\" target=\"\" rel=\"attachment wp-att-54710 noopener\">CIRC-82-25 ANEXO 2<\/a><\/p>\n<div class=\"gsp_post_data\" data-post_type=\"circulares\" data-cat=\"\" data-modified=\"120\" data-title=\"Circular nro. 82 Comunicaci\u00f3n llamado a concurso del Consejo de la Magistratura: Fiscal Regional de la Tercera Circunscripci\u00f3n Judicial y Defensor Regional Tercera Circunscripci\u00f3n Judicial\" data-home=\"https:\/\/www.justiciasantafe.gov.ar\"><\/div>","protected":false},"excerpt":{"rendered":"<p>Se\u00f1or Titular del \u00d3rgano Jurisdiccional S \/ D Para su conocimiento y notificaci\u00f3n a los dem\u00e1s integrantes de esa dependencia, me dirijo a Ud. a fin de comunicarle que en fecha 23.9.25 se ha recepcionado un comunicado electr\u00f3nico del Consejo de la Magistratura, Nota N\u00b0 144\/25, mediante la cual informan el llamado concurso para cubrir [&#8230;]\n","protected":false},"author":72,"featured_media":0,"menu_order":0,"template":"","format":"standard","meta":{"_acf_changed":false,"footnotes":""},"categories":[],"tags":[],"class_list":["post-54708","circulares","type-circulares","status-publish","format-standard","hentry"],"acf":{"i2t_anio":2025,"i2t_id_historico":"","i2t_autor_historico":""},"_links":{"self":[{"href":"https:\/\/www.justiciasantafe.gov.ar\/index.php\/wp-json\/wp\/v2\/circulares\/54708","targetHints":{"allow":["GET"]}}],"collection":[{"href":"https:\/\/www.justiciasantafe.gov.ar\/index.php\/wp-json\/wp\/v2\/circulares"}],"about":[{"href":"https:\/\/www.justiciasantafe.gov.ar\/index.php\/wp-json\/wp\/v2\/types\/circulares"}],"author":[{"embeddable":true,"href":"https:\/\/www.justiciasantafe.gov.ar\/index.php\/wp-json\/wp\/v2\/users\/72"}],"version-history":[{"count":0,"href":"https:\/\/www.justiciasantafe.gov.ar\/index.php\/wp-json\/wp\/v2\/circulares\/54708\/revisions"}],"wp:attachment":[{"href":"https:\/\/www.justiciasantafe.gov.ar\/index.php\/wp-json\/wp\/v2\/media?parent=54708"}],"wp:term":[{"taxonomy":"category","embeddable":true,"href":"https:\/\/www.justiciasantafe.gov.ar\/index.php\/wp-json\/wp\/v2\/categories?post=54708"},{"taxonomy":"post_tag","embeddable":true,"href":"https:\/\/www.justiciasantafe.gov.ar\/index.php\/wp-json\/wp\/v2\/tags?post=54708"}],"curies":[{"name":"wp","href":"https:\/\/api.w.org\/{rel}","templated":true}]}}