 {"id":54922,"date":"2025-10-03T13:13:53","date_gmt":"2025-10-03T16:13:53","guid":{"rendered":"https:\/\/www.justiciasantafe.gov.ar\/?post_type=circulares&#038;p=54922"},"modified":"2025-10-06T11:46:58","modified_gmt":"2025-10-06T14:46:58","slug":"circular-nro-97-llamado-a-concurso-cerrado-de-antecedentes-y-en-su-caso-de-oposicion-entre-los-integrantes-titulares-del-jardin-materno-infantil-del-poder-judicial-en-santa-fe-para-la-provision-de","status":"publish","type":"circulares","link":"https:\/\/www.justiciasantafe.gov.ar\/index.php\/circulares\/circular-nro-97-llamado-a-concurso-cerrado-de-antecedentes-y-en-su-caso-de-oposicion-entre-los-integrantes-titulares-del-jardin-materno-infantil-del-poder-judicial-en-santa-fe-para-la-provision-de\/","title":{"rendered":"Circular nro. 97. Llamado a concurso cerrado de antecedentes y en su caso de oposici\u00f3n, entre los integrantes titulares del Jard\u00edn Materno Infantil del Poder Judicial en Santa Fe, para la provisi\u00f3n de un cargo de Subdirector para la referida dependencia."},"content":{"rendered":"<div class=\"pdfprnt-buttons pdfprnt-buttons-circulares pdfprnt-top-right\"><a href=\"https:\/\/www.justiciasantafe.gov.ar\/index.php\/wp-json\/wp\/v2\/circulares\/54922?print=pdf\" class=\"pdfprnt-button pdfprnt-button-pdf\" target=\"_blank\"><img decoding=\"async\" src=\"https:\/\/www.justiciasantafe.gov.ar\/wp-content\/plugins\/pdf-print-pro\/images\/pdf.png?357112440\" alt=\"image_pdf\" title=\"Ver PDF\" \/><\/a><a href=\"https:\/\/www.justiciasantafe.gov.ar\/index.php\/wp-json\/wp\/v2\/circulares\/54922?print=print\" class=\"pdfprnt-button pdfprnt-button-print\" target=\"_blank\"><img decoding=\"async\" src=\"https:\/\/www.justiciasantafe.gov.ar\/wp-content\/plugins\/pdf-print-pro\/images\/print.png?1674575983\" alt=\"image_print\" title=\"Imprimir contenido\" \/><\/a><\/div><p align=\"RIGHT\"><span style=\"color: #000000\"><u><b>Circular Nro.97\/25.<\/b><\/u><\/span><\/p>\n<p align=\"JUSTIFY\"><span style=\"color: #000000\">Santa Fe, 3 de octubre de 2025.<\/span><\/p>\n<p align=\"JUSTIFY\"><span style=\"color: #000000\">Se\u00f1or<\/span><\/p>\n<p align=\"JUSTIFY\"><span style=\"color: #000000\">Titular del \u00d3rgano Jurisdiccional<\/span><\/p>\n<p align=\"JUSTIFY\"><span style=\"color: #000000\"><u>S \/ D<\/u><\/span><\/p>\n<p lang=\"es-ES\" align=\"JUSTIFY\"><span style=\"font-family: Arial Unicode MS, sans-serif\"><span style=\"color: #000000\"><span style=\"font-family: Times New Roman, serif\"><span style=\"font-size: medium\">Para su conocimiento y notificaci\u00f3n a los dem\u00e1s integrantes de esa dependencia, me dirijo a Ud. a fin de comunicarle que por resoluci\u00f3n de la Secretar\u00eda de Gobierno de fecha 29.9.2025, ratificada por Acuerdo de la Corte Suprema de Justicia de la Provincia celebrado el d\u00eda 1.10.2025, Acta N\u00b0 37, punto 3, se ha dispuesto llamar a Concurso Cerrado, y en su caso de oposici\u00f3n, entre los integrantes del Poder Judicial, para un cargo de Subdirectora del Jard\u00edn Materno Infantil de los Tribunales de Santa Fe, a tal efecto se transcribe la resoluci\u00f3n: <\/span><\/span><\/span><span style=\"font-family: Times New Roman, serif\"><span style=\"font-size: medium\">\u201c<\/span><\/span><span style=\"color: #000000\"><span style=\"font-family: Times New Roman, serif\"><span style=\"font-size: medium\">\u2026 <\/span><\/span><\/span><span style=\"color: #000000\"><span style=\"font-family: Times New Roman, serif\"><span style=\"font-size: medium\"><u>VISTAS<\/u><\/span><\/span><\/span><span style=\"color: #000000\"><span style=\"font-family: Times New Roman, serif\"><span style=\"font-size: medium\">: <\/span><\/span><\/span><span style=\"font-family: Times New Roman, serif\"><span style=\"font-size: medium\"><span lang=\"es-AR\">Las necesidades del servicio judiciario; y, <\/span><\/span><\/span><span style=\"font-family: Times New Roman, serif\"><span style=\"font-size: medium\"><u>CONSIDERANDO<\/u><\/span><\/span><span style=\"font-family: Times New Roman, serif\"><span style=\"font-size: medium\">: Que en virtud de una vacante existente en la Circunscripci\u00f3n Judicial N\u00b0 1, resulta pertinente proceder a efectuar el respectivo llamado a concurso en la Administraci\u00f3n de Justicia de la Provincia. Por ello, lo establecido en los art\u00edculos 128 de la Constituci\u00f3n Provincial, 19 y 22 de la ley 10.160 (t.o. seg\u00fan Decreto N\u00b0 0046\/98) y las facultades conferidas por Acuerdo de fecha 20.10.1999, Acta N\u00b0 41, Punto \u00fanico, la Secretar\u00eda de Gobierno de la Corte Suprema de Justicia de la Provincia de Santa Fe, <\/span><\/span><span style=\"font-family: Times New Roman, serif\"><span style=\"font-size: medium\"><u>RESUELVE<\/u><\/span><\/span><span style=\"font-family: Times New Roman, serif\"><span style=\"font-size: medium\">: I. Llamar a concurso cerrado de antecedentes y en su caso de oposici\u00f3n, entre los integrantes titulares del Jard\u00edn Materno Infantil del Poder Judicial en Santa Fe, para la provisi\u00f3n de un cargo de Subdirector para la referida dependencia (Categor\u00eda presupuestaria de Oficial Mayor). II. Establecer que para participar en el concurso los interesados deber\u00e1n acreditar adem\u00e1s del t\u00edtulo inherente al cargo que se concursa, 5 a\u00f1os de ejercicio efectivo de la profesi\u00f3n <\/span><\/span><span style=\"color: #000000\"><span style=\"font-family: Times New Roman, serif\"><span style=\"font-size: medium\">y certificaci\u00f3n de la Oficina Judicial correspondiente de no hallarse incluido en el Registro de Deudores Alimentarios Morosos. <\/span><\/span><\/span><span style=\"font-family: Times New Roman, serif\"><span style=\"font-size: medium\">III. Fijar como per\u00edodo de inscripci\u00f3n para el referido cargo, el comprendido entre el 6 y el 17 de octubre del corriente a\u00f1o, ambas fechas inclusive, debiendo los interesados presentar las respectivas solicitudes en el formulario confeccionado al efecto por la Secretar\u00eda de Gobierno de la Corte Suprema de Justicia en Santa Fe, mencionando y acompa\u00f1ando en su caso, todos los antecedentes que estimen convenientes, los que deber\u00e1n ser retirados dentro del plazo de dos meses una vez resuelto el concurso. IV. Disponer que oportunamente se designar\u00e1n las fechas para los ex\u00e1menes de oposici\u00f3n, si los hubiere, y para la recepci\u00f3n de entrevistas personales para los postulantes inscriptos que re\u00fanan las exigencias legales y reglamentarias. V. Establecer que el concurso precedente se realizar\u00e1 de acuerdo a las prescripciones contenidas en el Reglamento vigente en materia de concursos.<\/span><\/span> <span style=\"font-family: Times New Roman, serif\"><span style=\"font-size: medium\">FDO.: BORDAS (SECRETARIO DE GOBIERNO). G\u00d3MEZ (PROSECRETARIO DE GOBIERNO)\u201d.&#8212;&#8212;&#8212;&#8212;&#8212;&#8212;&#8212;&#8212;&#8212;&#8212;&#8212;&#8211;<\/span><\/span><\/span><\/p>\n<p align=\"JUSTIFY\"><span style=\"color: #000000\"><span style=\"font-size: medium\">Saludo a Ud. atentamente.<\/span><\/span><\/p>\n<p align=\"JUSTIFY\">Dr. Eduardo Bordas<\/p>\n<p align=\"JUSTIFY\">Secretario de Gobierno<\/p>\n<p align=\"JUSTIFY\">Formulario de inscripci\u00f3n:\u00a0 <a href=\"https:\/\/www.justiciasantafe.gov.ar\/wp-content\/uploads\/2025\/10\/CIRC-97-25-ANEXO-2.pdf\" target=\"\" rel=\"attachment wp-att-55057 noopener\">CIRC-97-25 ANEXO<\/a><\/p>\n<div class=\"gsp_post_data\" data-post_type=\"circulares\" data-cat=\"\" data-modified=\"120\" data-title=\"Circular nro. 97. Llamado a concurso cerrado de antecedentes y en su caso de oposici\u00f3n, entre los integrantes titulares del Jard\u00edn Materno Infantil del Poder Judicial en Santa Fe, para la provisi\u00f3n de un cargo de Subdirector para la referida dependencia.\" data-home=\"https:\/\/www.justiciasantafe.gov.ar\"><\/div>","protected":false},"excerpt":{"rendered":"<p>Circular Nro.97\/25. Santa Fe, 3 de octubre de 2025. Se\u00f1or Titular del \u00d3rgano Jurisdiccional S \/ D Para su conocimiento y notificaci\u00f3n a los dem\u00e1s integrantes de esa dependencia, me dirijo a Ud. a fin de comunicarle que por resoluci\u00f3n de la Secretar\u00eda de Gobierno de fecha 29.9.2025, ratificada por Acuerdo de la Corte Suprema [&#8230;]\n","protected":false},"author":72,"featured_media":0,"menu_order":0,"template":"","format":"standard","meta":{"_acf_changed":false,"footnotes":""},"categories":[],"tags":[],"class_list":["post-54922","circulares","type-circulares","status-publish","format-standard","hentry"],"acf":{"i2t_anio":2025,"i2t_id_historico":"","i2t_autor_historico":""},"_links":{"self":[{"href":"https:\/\/www.justiciasantafe.gov.ar\/index.php\/wp-json\/wp\/v2\/circulares\/54922","targetHints":{"allow":["GET"]}}],"collection":[{"href":"https:\/\/www.justiciasantafe.gov.ar\/index.php\/wp-json\/wp\/v2\/circulares"}],"about":[{"href":"https:\/\/www.justiciasantafe.gov.ar\/index.php\/wp-json\/wp\/v2\/types\/circulares"}],"author":[{"embeddable":true,"href":"https:\/\/www.justiciasantafe.gov.ar\/index.php\/wp-json\/wp\/v2\/users\/72"}],"version-history":[{"count":0,"href":"https:\/\/www.justiciasantafe.gov.ar\/index.php\/wp-json\/wp\/v2\/circulares\/54922\/revisions"}],"wp:attachment":[{"href":"https:\/\/www.justiciasantafe.gov.ar\/index.php\/wp-json\/wp\/v2\/media?parent=54922"}],"wp:term":[{"taxonomy":"category","embeddable":true,"href":"https:\/\/www.justiciasantafe.gov.ar\/index.php\/wp-json\/wp\/v2\/categories?post=54922"},{"taxonomy":"post_tag","embeddable":true,"href":"https:\/\/www.justiciasantafe.gov.ar\/index.php\/wp-json\/wp\/v2\/tags?post=54922"}],"curies":[{"name":"wp","href":"https:\/\/api.w.org\/{rel}","templated":true}]}}