 {"id":55077,"date":"2025-10-06T13:03:49","date_gmt":"2025-10-06T16:03:49","guid":{"rendered":"https:\/\/www.justiciasantafe.gov.ar\/?post_type=circulares&#038;p=55077"},"modified":"2025-10-06T13:03:49","modified_gmt":"2025-10-06T16:03:49","slug":"circular-nro-98-llamado-a-concurso-para-cubrir-un-cargo-de-jefe-de-ceremonial-y-protocolo-para-la-csj-de-santa-fe","status":"publish","type":"circulares","link":"https:\/\/www.justiciasantafe.gov.ar\/index.php\/circulares\/circular-nro-98-llamado-a-concurso-para-cubrir-un-cargo-de-jefe-de-ceremonial-y-protocolo-para-la-csj-de-santa-fe\/","title":{"rendered":"Circular nro. 98. Llamado a concurso para cubrir un cargo de Jefe de Ceremonial y protocolo para la CSJ de Santa Fe"},"content":{"rendered":"<div class=\"pdfprnt-buttons pdfprnt-buttons-circulares pdfprnt-top-right\"><a href=\"https:\/\/www.justiciasantafe.gov.ar\/index.php\/wp-json\/wp\/v2\/circulares\/55077?print=pdf\" class=\"pdfprnt-button pdfprnt-button-pdf\" target=\"_blank\"><img decoding=\"async\" src=\"https:\/\/www.justiciasantafe.gov.ar\/wp-content\/plugins\/pdf-print-pro\/images\/pdf.png?357112440\" alt=\"image_pdf\" title=\"Ver PDF\" \/><\/a><a href=\"https:\/\/www.justiciasantafe.gov.ar\/index.php\/wp-json\/wp\/v2\/circulares\/55077?print=print\" class=\"pdfprnt-button pdfprnt-button-print\" target=\"_blank\"><img decoding=\"async\" src=\"https:\/\/www.justiciasantafe.gov.ar\/wp-content\/plugins\/pdf-print-pro\/images\/print.png?1674575983\" alt=\"image_print\" title=\"Imprimir contenido\" \/><\/a><\/div><p align=\"RIGHT\"><span style=\"color: #000000\"><u><b>Circular Nro. 98\/25.-<\/b><\/u><\/span><\/p>\n<p align=\"RIGHT\"><span style=\"color: #000000\">Santa Fe, 6 de octubre de 2025.-<\/span><\/p>\n<p align=\"JUSTIFY\"><span style=\"color: #000000\">Se\u00f1or<\/span><\/p>\n<p align=\"JUSTIFY\"><span style=\"color: #000000\">Titular del \u00d3rgano Jurisdiccional<\/span><\/p>\n<p align=\"JUSTIFY\"><span style=\"color: #000000\"><u>S \/ D<\/u><\/span><\/p>\n<p align=\"JUSTIFY\"><span style=\"color: #000000\">Para su conocimiento y notificaci\u00f3n a los dem\u00e1s integrantes de esa dependencia, me dirijo a Ud. a fin de comunicarle que por resoluci\u00f3n de la Secretar\u00eda de Gobierno de fecha 29.9.2025, ratificada por Acuerdo de la Corte Suprema de Justicia de la Provincia celebrado el d\u00eda 1.10.2025, Acta N\u00b0 37, punto 3, se ha dispuesto llamar a Concurso para la provisi\u00f3n del siguiente cargo:<\/span><\/p>\n<p align=\"JUSTIFY\"><span style=\"color: #000000\"><u><b>UN CARGO DE JEFE DE CEREMONIAL Y PROTOCOLO DE LA CORTE SUPREMA DE JUSTICIA PARA LOS TRIBUNALES DE SANTA FE (CATEGOR\u00cdA PRESUPUESTARIA DE SECRETARIO DE PRIMERA INSTANCIA DE CIRCUITO), PARA LLEVAR A CABO LAS FUNCIONES COMPRENDIDAS EN EL APARTADO A.3 DEL T\u00cdTULO \u201cCEREMONIAL Y PROTOCOLO\u201d DEL REGLAMENTO DE ORGANIZACI\u00d3N, MISI\u00d3N Y FUNCIONES DE LA SECRETAR\u00cdA DE GOBIERNO, ESTO ES: REALIZAR TODA ACTIVIDAD RELACIONADA CON CEREMONIAL Y PROTOCOLO DE LA CORTE SUPREMA DE JUSTICIA; LOS INTEGRANTES DEL CUERPO, SUS ESTRUCTURAS DEPENDIENTES Y DEM\u00c1S MIEMBROS DEL PODER JUDICIAL, COMO AS\u00cd TAMBI\u00c9N: A) COORDINAR Y SUPERVISAR LA ORGANIZACI\u00d3N DE TODOS LOS ACTOS INSTITUCIONALES; B) ASESORAR EN NORMAS DE PROTOCOLO Y CEREMONIAL; C) INTERVENIR EN LA DIFUSI\u00d3N INTERNA Y EXERNA DE CUALQUIER ACTO INSTITUCIONAL; D) COLABORAR EN TODA OTRA TAREA QUE LE FUERA ASIGNADA POR LA SECRETAR\u00cdA O PRO-SECRETAR\u00cdA DE GOBIERNO, Y TODA OTRA TAREA QUE LE ASIGNE LA CORTE SUPREMA DE JUSTICIA, CON DEDICACI\u00d3N HORARIA SEMANAL M\u00cdNIMA DE 45 HORAS.<\/b><\/u><\/span><\/p>\n<p align=\"JUSTIFY\"><span style=\"color: #000000\"><u><b>Car\u00e1cter del concurso<\/b><\/u><\/span><span style=\"color: #000000\"><b>:<\/b><\/span><span style=\"color: #000000\"> Abierto, de antecedentes y en su caso de oposici\u00f3n.<\/span><\/p>\n<p align=\"JUSTIFY\"><span style=\"color: #000000\"><u><b>Requisitos:<\/b><\/u><\/span><\/p>\n<p align=\"JUSTIFY\"><span style=\"color: #000000\"><b> a)<\/b><\/span><span style=\"color: #000000\"> Poseer ciudadan\u00eda argentina; <\/span><\/p>\n<p align=\"JUSTIFY\"><span style=\"color: #000000\"><b>b)<\/b><\/span><span style=\"color: #000000\"> Mayor\u00eda de edad;<\/span><\/p>\n<p align=\"JUSTIFY\"><span style=\"color: #000000\"><b>c)<\/b><\/span><span style=\"color: #000000\"> Diplomatura superior \u2013con certificaci\u00f3n universitaria- con incumbencias en ceremonial y log\u00edstica organizativa; <\/span><\/p>\n<p align=\"JUSTIFY\"><span style=\"color: #000000\"><b>d)<\/b><\/span><span style=\"color: #000000\"> Residencia inmediata no menor de dos a\u00f1os en la Provincia si no hubieren nacido en ella;<\/span><\/p>\n<p align=\"JUSTIFY\"><span style=\"color: #000000\"><b>e)<\/b><\/span><span style=\"color: #000000\"> Buenos antecedentes de conducta, acreditados con el Certificado respectivo otorgado por la Polic\u00eda de la Provincia;<\/span><\/p>\n<p align=\"JUSTIFY\"><span style=\"color: #000000\"><b>f)<\/b><\/span><span style=\"color: #000000\"> Certificaci\u00f3n de la Oficina Judicial correspondiente de no hallarse incluido en el Registro de Deudores Alimentarios Morosos;<\/span><\/p>\n<p align=\"JUSTIFY\"><span style=\"color: #000000\"><b>g)<\/b><\/span> <span style=\"color: #000000\">Si el postulante al cargo referido no pertenece al Poder Judicial deber\u00e1 acreditar por lo menos 3 a\u00f1os de antig\u00fcedad en la diplomatura requerida a la fecha del llamado a concurso<\/span><\/p>\n<p align=\"JUSTIFY\"><span style=\"color: #000000\"><b>h) <\/b><\/span><span style=\"color: #000000\">Se considerar\u00e1 preferentemente si las actividades relacionadas con el objeto del llamado a concurso fueron desarrolladas en el \u00e1mbito judicial.<\/span><\/p>\n<p align=\"JUSTIFY\"><span style=\"color: #000000\"><u><b>Per\u00edodo de inscripci\u00f3n:<\/b><\/u><\/span><span style=\"color: #000000\"> Del 6 al 17 de octubre del corriente a\u00f1o, ambas fechas inclusive, en horario de atenci\u00f3n al p\u00fablico de 7:15 a 12:45 horas, debiendo los interesados presentar las respectivas solicitudes -en el formulario confeccionado al efecto-, ante la Secretar\u00eda de Gobierno de la Corte Suprema de Justicia en Santa Fe, mencionando y acompa\u00f1ando, en su caso, todos los antecedentes que estimen convenientes, los que deber\u00e1n ser retirados dentro del plazo de dos meses una vez resuelto el concurso.<\/span><\/p>\n<p align=\"JUSTIFY\"><span style=\"color: #000000\"><u><b>Ex\u00e1menes de oposici\u00f3n<\/b><\/u><\/span><span style=\"color: #000000\"><b>:<\/b><\/span><span style=\"color: #000000\"> En caso de as\u00ed disponerse, oportunamente se designar\u00e1n las fechas para los ex\u00e1menes de oposici\u00f3n.<\/span><\/p>\n<p align=\"JUSTIFY\"><span style=\"color: #000000\"><u><b>Entrevistas Personales<\/b><\/u><\/span><span style=\"color: #000000\"><b>:<\/b><\/span><span style=\"color: #000000\"> Asimismo, en su oportunidad se designar\u00e1 la fecha para la recepci\u00f3n de entrevistas personales a los postulantes inscriptos que re\u00fanan las exigencias legales y reglamentarias.<\/span><\/p>\n<p align=\"JUSTIFY\"><span style=\"color: #000000\">El concurso precedente se realizar\u00e1 de acuerdo a las prescripciones contenidas en el Reglamento vigente para la provisi\u00f3n de Cargos de Funcionarios en el Poder Judicial.<\/span><\/p>\n<p align=\"JUSTIFY\"><span style=\"color: #000000\">Saludo a Ud. atentamente.<\/span><\/p>\n<p align=\"JUSTIFY\">\n<p align=\"JUSTIFY\">Dr. Eduardo Bordas<\/p>\n<p align=\"JUSTIFY\">Secretario de Gobierno<\/p>\n<p align=\"JUSTIFY\">\n<p align=\"JUSTIFY\">Formulario de inscripci\u00f3n:\u00a0 <a href=\"https:\/\/www.justiciasantafe.gov.ar\/wp-content\/uploads\/2025\/10\/CIRC-98-25-ANEXO.pdf\" target=\"\" rel=\"attachment wp-att-55080 noopener\">CIRC-98-25 ANEXO<\/a><\/p>\n<div class=\"gsp_post_data\" data-post_type=\"circulares\" data-cat=\"\" data-modified=\"120\" data-title=\"Circular nro. 98. Llamado a concurso para cubrir un cargo de Jefe de Ceremonial y protocolo para la CSJ de Santa Fe\" data-home=\"https:\/\/www.justiciasantafe.gov.ar\"><\/div>","protected":false},"excerpt":{"rendered":"<p>Circular Nro. 98\/25.- Santa Fe, 6 de octubre de 2025.- Se\u00f1or Titular del \u00d3rgano Jurisdiccional S \/ D Para su conocimiento y notificaci\u00f3n a los dem\u00e1s integrantes de esa dependencia, me dirijo a Ud. a fin de comunicarle que por resoluci\u00f3n de la Secretar\u00eda de Gobierno de fecha 29.9.2025, ratificada por Acuerdo de la Corte [&#8230;]\n","protected":false},"author":72,"featured_media":0,"menu_order":0,"template":"","format":"standard","meta":{"_acf_changed":false,"footnotes":""},"categories":[],"tags":[],"class_list":["post-55077","circulares","type-circulares","status-publish","format-standard","hentry"],"acf":{"i2t_anio":2025,"i2t_id_historico":"","i2t_autor_historico":""},"_links":{"self":[{"href":"https:\/\/www.justiciasantafe.gov.ar\/index.php\/wp-json\/wp\/v2\/circulares\/55077","targetHints":{"allow":["GET"]}}],"collection":[{"href":"https:\/\/www.justiciasantafe.gov.ar\/index.php\/wp-json\/wp\/v2\/circulares"}],"about":[{"href":"https:\/\/www.justiciasantafe.gov.ar\/index.php\/wp-json\/wp\/v2\/types\/circulares"}],"author":[{"embeddable":true,"href":"https:\/\/www.justiciasantafe.gov.ar\/index.php\/wp-json\/wp\/v2\/users\/72"}],"version-history":[{"count":0,"href":"https:\/\/www.justiciasantafe.gov.ar\/index.php\/wp-json\/wp\/v2\/circulares\/55077\/revisions"}],"wp:attachment":[{"href":"https:\/\/www.justiciasantafe.gov.ar\/index.php\/wp-json\/wp\/v2\/media?parent=55077"}],"wp:term":[{"taxonomy":"category","embeddable":true,"href":"https:\/\/www.justiciasantafe.gov.ar\/index.php\/wp-json\/wp\/v2\/categories?post=55077"},{"taxonomy":"post_tag","embeddable":true,"href":"https:\/\/www.justiciasantafe.gov.ar\/index.php\/wp-json\/wp\/v2\/tags?post=55077"}],"curies":[{"name":"wp","href":"https:\/\/api.w.org\/{rel}","templated":true}]}}