 {"id":55559,"date":"2025-10-16T07:17:38","date_gmt":"2025-10-16T10:17:38","guid":{"rendered":"https:\/\/www.justiciasantafe.gov.ar\/?post_type=circulares&#038;p=55559"},"modified":"2025-10-16T07:17:38","modified_gmt":"2025-10-16T10:17:38","slug":"circular-nro-99-aumento-unidad-jus-para-los-juzgados-comunitarios-de-las-pequenas-causas-de-la-provincia","status":"publish","type":"circulares","link":"https:\/\/www.justiciasantafe.gov.ar\/index.php\/circulares\/circular-nro-99-aumento-unidad-jus-para-los-juzgados-comunitarios-de-las-pequenas-causas-de-la-provincia\/","title":{"rendered":"Circular nro. 99. Aumento unidad Jus para los Juzgados Comunitarios de las Peque\u00f1as Causas de la provincia."},"content":{"rendered":"<div class=\"pdfprnt-buttons pdfprnt-buttons-circulares pdfprnt-top-right\"><a href=\"https:\/\/www.justiciasantafe.gov.ar\/index.php\/wp-json\/wp\/v2\/circulares\/55559?print=pdf\" class=\"pdfprnt-button pdfprnt-button-pdf\" target=\"_blank\"><img decoding=\"async\" src=\"https:\/\/www.justiciasantafe.gov.ar\/wp-content\/plugins\/pdf-print-pro\/images\/pdf.png?357112440\" alt=\"image_pdf\" title=\"Ver PDF\" \/><\/a><a href=\"https:\/\/www.justiciasantafe.gov.ar\/index.php\/wp-json\/wp\/v2\/circulares\/55559?print=print\" class=\"pdfprnt-button pdfprnt-button-print\" target=\"_blank\"><img decoding=\"async\" src=\"https:\/\/www.justiciasantafe.gov.ar\/wp-content\/plugins\/pdf-print-pro\/images\/print.png?1674575983\" alt=\"image_print\" title=\"Imprimir contenido\" \/><\/a><\/div><p align=\"RIGHT\"><span style=\"color: #000000\"><span style=\"font-family: CG Times, Times New Roman, serif\"><u><b>Circular Nro. 99\/25.-<\/b><\/u><\/span><\/span><\/p>\n<p align=\"RIGHT\"><span style=\"color: #000000\"> <span style=\"font-family: CG Times, Times New Roman, serif\">Santa Fe, 15 de octubre de 2025.-<\/span><\/span><\/p>\n<p align=\"JUSTIFY\"><span style=\"color: #000000\"><span style=\"font-family: Times New Roman, serif\">Se\u00f1or <\/span><\/span><\/p>\n<p align=\"JUSTIFY\"><span style=\"color: #000000\"><span style=\"font-family: Times New Roman, serif\">Titular del \u00d3rgano Jurisdiccional<\/span><\/span><\/p>\n<p align=\"JUSTIFY\"><span style=\"font-family: Times New Roman, serif\"><span style=\"color: #000000\"><u>S \/ D<\/u><\/span> <\/span><\/p>\n<p align=\"JUSTIFY\"><span style=\"color: #000000\"><span style=\"font-family: Times New Roman, serif\"><span style=\"font-size: medium\">Me dirijo a Ud. a fin de comunicarle, para su conocimiento y notificaci\u00f3n a todos los integrantes de ese \u00f3rgano jurisdiccional, <span lang=\"es-ES\">que en el Acuerdo celebrado el d\u00eda 14.10.2025 -Acta N\u00ba 38- la Corte Suprema de Justicia de la Provincia de Santa Fe, adopt\u00f3 el siguiente decisorio<\/span>: <\/span><\/span><\/span><\/p>\n<p align=\"JUSTIFY\"><span style=\"color: #000000\">\u201c<span style=\"font-family: Times New Roman, serif\"><span style=\"font-size: medium\"><span lang=\"es-AR\"><u>AUMENTO UNIDAD JUS PARA LOS JUZGADOS COMUNITARIOS DE LAS PEQUE\u00d1AS CAUSAS DE LA PROVINCIA (EXPTE. CUIJ: 21-17614785-4)<\/u><\/span><span lang=\"es-AR\">. <\/span><span lang=\"es-AR\"><u>VISTOS<\/u><\/span><span lang=\"es-AR\">: Los cambios econ\u00f3micos acaecidos en el pa\u00eds, los cuales resultan de p\u00fablico conocimiento; las necesidades del servicio judiciario; y, <\/span><span lang=\"es-AR\"><u>CONSIDERANDO<\/u><\/span><span lang=\"es-AR\">: Que, en virtud de la acentuada modificaci\u00f3n de la realidad econ\u00f3mica y monetaria de nuestro pa\u00eds, se entiende pertinente efectuar<\/span> <span lang=\"es-AR\">una nueva revisi\u00f3n de los guarismos adoptados oportunamente para fijar el monto de la Unidad Jus referente a los Juzgados Comunitarios de las Peque\u00f1as Causas. As\u00ed las cosas, y teniendo en cuenta que la \u00faltima modificaci\u00f3n se realiz\u00f3 por Acuerdo de fecha 13.8.2024, Acta N\u00b0 30, Punto 12, resulta oportuno materializar un reajuste en la referida Unidad, a los fines de procurar una equilibrada divisi\u00f3n del trabajo en raz\u00f3n de la competencia cuantitativa que vincula a la Justicia Comunitaria con la de Circuito. Que, en raz\u00f3n de lo hasta aqu\u00ed expuesto, <\/span><span lang=\"es-AR\"><u>SE RESUELVE<\/u><\/span><span lang=\"es-AR\">: Modificar a partir del 20.10.2025<\/span> <span lang=\"es-AR\">los valores vigentes de la unidad jus para los Juzgados Comunitarios de las Peque\u00f1as Causas, de acuerdo al cuadro que se agrega a la presente y como parte integrante del acta. <\/span><span lang=\"es-AR\">FDO.: FALISTOCCO. BACLINI. ERBETTA. GUTI\u00c9RREZ. SPULER. WEDER. ZABALZA. BORDAS (SECRETARIO).<\/span><\/span><\/span><\/span><\/p>\n<p lang=\"es-AR\" align=\"JUSTIFY\"><span style=\"color: #000000\"><span style=\"font-family: Times New Roman, serif\"><span style=\"font-size: medium\"> Se acompa\u00f1a nueva escala de valores, a sus efectos.<\/span><\/span><\/span><\/p>\n<p align=\"JUSTIFY\"><span style=\"font-family: Times New Roman, serif\"><span style=\"font-size: medium\"> <span style=\"color: #000000\">Sin otro particular, saludo a Ud. atentamente.<\/span><\/span><\/span><\/p>\n<p align=\"JUSTIFY\">\n<p align=\"JUSTIFY\">\n<p align=\"JUSTIFY\">Dr, Eduardo Bordas<\/p>\n<p align=\"JUSTIFY\">Secretario de Gobierno<\/p>\n<p align=\"JUSTIFY\">\n<p align=\"JUSTIFY\">\n<p align=\"JUSTIFY\">Anexo: <a href=\"https:\/\/www.justiciasantafe.gov.ar\/wp-content\/uploads\/2025\/10\/CIRC-99-25-ANEXO.pdf\" target=\"\" rel=\"attachment wp-att-55594 noopener\">CIRC-99-25 ANEXO<\/a><\/p>\n<div class=\"gsp_post_data\" data-post_type=\"circulares\" data-cat=\"\" data-modified=\"120\" data-title=\"Circular nro. 99. Aumento unidad Jus para los Juzgados Comunitarios de las Peque\u00f1as Causas de la provincia.\" data-home=\"https:\/\/www.justiciasantafe.gov.ar\"><\/div>","protected":false},"excerpt":{"rendered":"<p>Circular Nro. 99\/25.- Santa Fe, 15 de octubre de 2025.- Se\u00f1or Titular del \u00d3rgano Jurisdiccional S \/ D Me dirijo a Ud. a fin de comunicarle, para su conocimiento y notificaci\u00f3n a todos los integrantes de ese \u00f3rgano jurisdiccional, que en el Acuerdo celebrado el d\u00eda 14.10.2025 -Acta N\u00ba 38- la Corte Suprema de Justicia [&#8230;]\n","protected":false},"author":72,"featured_media":0,"menu_order":0,"template":"","format":"standard","meta":{"_acf_changed":false,"footnotes":""},"categories":[],"tags":[],"class_list":["post-55559","circulares","type-circulares","status-publish","format-standard","hentry"],"acf":{"i2t_anio":2025,"i2t_id_historico":"","i2t_autor_historico":""},"_links":{"self":[{"href":"https:\/\/www.justiciasantafe.gov.ar\/index.php\/wp-json\/wp\/v2\/circulares\/55559","targetHints":{"allow":["GET"]}}],"collection":[{"href":"https:\/\/www.justiciasantafe.gov.ar\/index.php\/wp-json\/wp\/v2\/circulares"}],"about":[{"href":"https:\/\/www.justiciasantafe.gov.ar\/index.php\/wp-json\/wp\/v2\/types\/circulares"}],"author":[{"embeddable":true,"href":"https:\/\/www.justiciasantafe.gov.ar\/index.php\/wp-json\/wp\/v2\/users\/72"}],"version-history":[{"count":0,"href":"https:\/\/www.justiciasantafe.gov.ar\/index.php\/wp-json\/wp\/v2\/circulares\/55559\/revisions"}],"wp:attachment":[{"href":"https:\/\/www.justiciasantafe.gov.ar\/index.php\/wp-json\/wp\/v2\/media?parent=55559"}],"wp:term":[{"taxonomy":"category","embeddable":true,"href":"https:\/\/www.justiciasantafe.gov.ar\/index.php\/wp-json\/wp\/v2\/categories?post=55559"},{"taxonomy":"post_tag","embeddable":true,"href":"https:\/\/www.justiciasantafe.gov.ar\/index.php\/wp-json\/wp\/v2\/tags?post=55559"}],"curies":[{"name":"wp","href":"https:\/\/api.w.org\/{rel}","templated":true}]}}