 {"id":55875,"date":"2025-10-21T07:10:39","date_gmt":"2025-10-21T10:10:39","guid":{"rendered":"https:\/\/www.justiciasantafe.gov.ar\/?post_type=circulares&#038;p=55875"},"modified":"2025-10-21T07:10:39","modified_gmt":"2025-10-21T10:10:39","slug":"circular-nro-103-llamado-a-concurso-para-cubrir-cargos-de-oficiales-de-justicia-para-los-tribunales-de-venado-tuerto-casilda-san-lorenzo-villa-constitucion-firmat-y-el-juzgado-de-circuito-n","status":"publish","type":"circulares","link":"https:\/\/www.justiciasantafe.gov.ar\/index.php\/circulares\/circular-nro-103-llamado-a-concurso-para-cubrir-cargos-de-oficiales-de-justicia-para-los-tribunales-de-venado-tuerto-casilda-san-lorenzo-villa-constitucion-firmat-y-el-juzgado-de-circuito-n\/","title":{"rendered":"Circular nro. 103. Llamado a concurso para cubrir cargos de Oficiales de Justicia para los Tribunales de Venado Tuerto, Casilda, San Lorenzo, Villa Constituci\u00f3n, Firmat y el Juzgado de Circuito N\u00b023 Las Rosas."},"content":{"rendered":"<div class=\"pdfprnt-buttons pdfprnt-buttons-circulares pdfprnt-top-right\"><a href=\"https:\/\/www.justiciasantafe.gov.ar\/index.php\/wp-json\/wp\/v2\/circulares\/55875?print=pdf\" class=\"pdfprnt-button pdfprnt-button-pdf\" target=\"_blank\"><img decoding=\"async\" src=\"https:\/\/www.justiciasantafe.gov.ar\/wp-content\/plugins\/pdf-print-pro\/images\/pdf.png?357112440\" alt=\"image_pdf\" title=\"Ver PDF\" \/><\/a><a href=\"https:\/\/www.justiciasantafe.gov.ar\/index.php\/wp-json\/wp\/v2\/circulares\/55875?print=print\" class=\"pdfprnt-button pdfprnt-button-print\" target=\"_blank\"><img decoding=\"async\" src=\"https:\/\/www.justiciasantafe.gov.ar\/wp-content\/plugins\/pdf-print-pro\/images\/print.png?1674575983\" alt=\"image_print\" title=\"Imprimir contenido\" \/><\/a><\/div><p align=\"RIGHT\"><span style=\"color: #000000\"><u><b>Circular N\u00b0103\/25.<\/b><\/u><\/span><\/p>\n<p align=\"CENTER\">\n<p align=\"CENTER\">\n<p align=\"RIGHT\"><span style=\"color: #000000\">Santa Fe, 20 de octubre de 2025.-<\/span><\/p>\n<p align=\"JUSTIFY\"><span style=\"color: #000000\">Se\u00f1or<\/span><\/p>\n<p align=\"JUSTIFY\"><span style=\"color: #000000\">Titular del \u00d3rgano Jurisdiccional<\/span><\/p>\n<p align=\"JUSTIFY\"><span style=\"color: #000000\"><u>S \/ D<\/u><\/span><\/p>\n<p align=\"JUSTIFY\"><span style=\"color: #000000\">Para su conocimiento y notificaci\u00f3n a los dem\u00e1s integrantes de esa dependencia, me dirijo a Ud. a fin de comunicarle que por resoluci\u00f3n de la Secretar\u00eda de Gobierno de la Corte Suprema de Justicia de la Provincia de fecha 02.10.2025, ratificada por Acuerdo del Alto Tribunal celebrado el d\u00eda 14 de octubre de 2025, Acta N\u00b0 38, punto 3, se ha dispuesto llamar a Concurso para la provisi\u00f3n de los siguientes cargos:<\/span><\/p>\n<p align=\"JUSTIFY\"><span style=\"color: #000000\"><u><b>UN CARGO DE OFICIAL DE JUSTICIA PARA LOS TRIBUNALES DE VENADO TUERTO, UN CARGO DE OFICIAL DE JUSTICIA PARA LOS TRIBUNALES DE CASILDA, UN CARGO DE OFICIAL DE JUSTICIA PARA LOS TRIBUNALES DE SAN LORENZO, UN CARGO DE OFICIAL DE JUSTICIA PARA LOS TRIBUNALES DE VILLA CONSTITUCION, UN CARGO DE OFICIAL DE JUSTICIA PARA LOS TRIBUNALES DE FIRMAT Y UN CARGO DE OFICIAL DE JUSTICIA PARA EL JUZGADO DE CIRCUITO N\u00b0 23 LAS ROSAS Y PARA TODA OTRA TAREA QUE LES ASIGNE LA CORTE SUPREMA DE JUSTICIA.<\/b><\/u><b> <\/b><b><span style=\"font-family: Times New Roman, serif\"><span style=\"font-size: medium\"><span lang=\"es-AR\">El mencionado llamado proceder\u00e1 a la cobertura de los cargos vacantes actuales que no han sido llamados a concurso y aquellos cargos que se produzcan (en la sede correspondiente a la vacante de origen) durante el llamado a concurso y el per\u00edodo que corresponda al cumplimiento de doce meses a contar desde la fecha en que el resultado del mismo derive en definitivo.-<\/span><\/span><\/span><\/b><\/span><\/p>\n<p align=\"JUSTIFY\"><span style=\"color: #000000\"><u><b>Car\u00e1cter del concurso<\/b><\/u><\/span><span style=\"color: #000000\"><b>:<\/b><\/span><span style=\"color: #000000\"> Abierto, de antecedentes y en su caso de oposici\u00f3n.<\/span><\/p>\n<p align=\"JUSTIFY\"><span style=\"color: #000000\"><u><b>Requisitos:<\/b><\/u><\/span> <span style=\"color: #000000\"><b> a)<\/b><\/span><span style=\"color: #000000\"> Poseer ciudadan\u00eda argentina; <\/span><\/p>\n<p align=\"JUSTIFY\"><span style=\"color: #000000\"><b>b)<\/b><\/span><span style=\"color: #000000\"> Mayor\u00eda de edad;<\/span><\/p>\n<p align=\"JUSTIFY\"><span style=\"color: #000000\"><b>c) <\/b><\/span><span style=\"color: #000000\"><span style=\"font-family: Times New Roman, serif\">T<\/span><\/span><span style=\"color: #000000\"><span style=\"font-family: Times New Roman, serif\"><span style=\"font-size: medium\">\u00edtulo de Abogado o Procurador o cinco a\u00f1os de desempe\u00f1o de tareas en el Poder Judicial como empleado administativo titular<\/span><\/span><\/span><span style=\"color: #000000\"><span style=\"font-family: Times New Roman, serif\">; <\/span><\/span><\/p>\n<p align=\"JUSTIFY\"><span style=\"color: #000000\"><b>d)<\/b><\/span><span style=\"color: #000000\"> Dos a\u00f1os de residencia inmediata en la provincia si no hubieren nacido en ella; <\/span><\/p>\n<p align=\"JUSTIFY\"><span style=\"color: #000000\"><b>e)<\/b><\/span><span style=\"color: #000000\"> Buenos antecedentes de conducta, acreditados con el Certificado respectivo otorgado por la Polic\u00eda de la Provincia;<\/span><\/p>\n<p align=\"JUSTIFY\"><span style=\"color: #000000\"><b>f) <\/b><\/span><span style=\"color: #000000\">Certificaci\u00f3n de la oficina judicial correspondiente de no hallarse incluido en el Registro de Deudores Alimentarios Morosos;<\/span><\/p>\n<p align=\"JUSTIFY\"><span style=\"color: #000000\"><span style=\"font-family: Times New Roman, serif\"><b>g)<\/b><\/span><\/span> <span style=\"color: #000000\"><span style=\"font-family: Times New Roman, serif\"><span style=\"font-size: medium\"><span lang=\"es-MX\">Informe de sanciones correspondientes a los \u00faltimos diez a\u00f1os por parte del Colegio respectivo para quienes no pertenezcan al Poder Judicial (con emisi\u00f3n actualizada a la fecha de inscripci\u00f3n al llamado a concurso);<\/span><\/span><\/span><\/span><\/p>\n<p align=\"JUSTIFY\"><span style=\"color: #000000\"><u><b>Per\u00edodo de inscripci\u00f3n:<\/b><\/u><\/span><span style=\"color: #000000\"> Del 27 de octubre al 7 de noviembre de 2025, ambas fechas inclusive, debiendo los interesados presentar las respectivas solicitudes -en el formulario confeccionado al efecto-, ante la Secretar\u00eda Letrada de la Corte Suprema de Justicia en Rosario, mencionando y acompa\u00f1ando, en su caso, todos los antecedentes que estimen convenientes, los que deber\u00e1n ser retirados dentro del plazo de dos meses una vez resuelto el concurso.<\/span><\/p>\n<p align=\"JUSTIFY\"><span style=\"color: #000000\"><u><b>Ex\u00e1menes de oposici\u00f3n<\/b><\/u><\/span><span style=\"color: #000000\"><b>:<\/b><\/span><span style=\"color: #000000\"> En caso de as\u00ed disponerse, oportunamente se designar\u00e1n las fechas para los ex\u00e1menes de oposici\u00f3n.<\/span><\/p>\n<p align=\"JUSTIFY\"><span style=\"color: #000000\"><u><b>Entrevistas Personales<\/b><\/u><\/span><span style=\"color: #000000\"><b>:<\/b><\/span><span style=\"color: #000000\"> Asimismo, en su oportunidad se designar\u00e1 la fecha para la recepci\u00f3n de entrevistas personales a los postulantes inscriptos que re\u00fanan las exigencias legales y reglamentarias.<\/span><\/p>\n<p align=\"JUSTIFY\"><span style=\"color: #000000\">El concurso precedente se realizar\u00e1 de acuerdo a las prescripciones contenidas en el Reglamento vigente para la provisi\u00f3n de Cargos de Funcionarios en el Poder Judicial.<\/span><\/p>\n<p align=\"JUSTIFY\"><span style=\"color: #000000\"><span style=\"font-family: Times New Roman, serif\">Saludo a Ud. atentamente.<\/span><\/span><\/p>\n<p align=\"JUSTIFY\">\n<p align=\"JUSTIFY\">Dr. Eduardo Bordas<\/p>\n<p align=\"JUSTIFY\">Secretario de Gobierno<\/p>\n<p align=\"JUSTIFY\">\n<p align=\"JUSTIFY\">Formulario de inscripci\u00f3n:\u00a0 <a href=\"https:\/\/www.justiciasantafe.gov.ar\/wp-content\/uploads\/2025\/10\/CIRC-103-25-ANEXO.pdf\" target=\"\" rel=\"attachment wp-att-55876 noopener\">CIRC-103-25 ANEXO<\/a><\/p>\n<div class=\"gsp_post_data\" data-post_type=\"circulares\" data-cat=\"\" data-modified=\"120\" data-title=\"Circular nro. 103. Llamado a concurso para cubrir cargos de Oficiales de Justicia para los Tribunales de Venado Tuerto, Casilda, San Lorenzo, Villa Constituci\u00f3n, Firmat y el Juzgado de Circuito N\u00b023 Las Rosas.\" data-home=\"https:\/\/www.justiciasantafe.gov.ar\"><\/div>","protected":false},"excerpt":{"rendered":"<p>Circular N\u00b0103\/25. Santa Fe, 20 de octubre de 2025.- Se\u00f1or Titular del \u00d3rgano Jurisdiccional S \/ D Para su conocimiento y notificaci\u00f3n a los dem\u00e1s integrantes de esa dependencia, me dirijo a Ud. a fin de comunicarle que por resoluci\u00f3n de la Secretar\u00eda de Gobierno de la Corte Suprema de Justicia de la Provincia de [&#8230;]\n","protected":false},"author":72,"featured_media":0,"menu_order":0,"template":"","format":"standard","meta":{"_acf_changed":false,"footnotes":""},"categories":[],"tags":[],"class_list":["post-55875","circulares","type-circulares","status-publish","format-standard","hentry"],"acf":{"i2t_anio":2025,"i2t_id_historico":"","i2t_autor_historico":""},"_links":{"self":[{"href":"https:\/\/www.justiciasantafe.gov.ar\/index.php\/wp-json\/wp\/v2\/circulares\/55875","targetHints":{"allow":["GET"]}}],"collection":[{"href":"https:\/\/www.justiciasantafe.gov.ar\/index.php\/wp-json\/wp\/v2\/circulares"}],"about":[{"href":"https:\/\/www.justiciasantafe.gov.ar\/index.php\/wp-json\/wp\/v2\/types\/circulares"}],"author":[{"embeddable":true,"href":"https:\/\/www.justiciasantafe.gov.ar\/index.php\/wp-json\/wp\/v2\/users\/72"}],"version-history":[{"count":0,"href":"https:\/\/www.justiciasantafe.gov.ar\/index.php\/wp-json\/wp\/v2\/circulares\/55875\/revisions"}],"wp:attachment":[{"href":"https:\/\/www.justiciasantafe.gov.ar\/index.php\/wp-json\/wp\/v2\/media?parent=55875"}],"wp:term":[{"taxonomy":"category","embeddable":true,"href":"https:\/\/www.justiciasantafe.gov.ar\/index.php\/wp-json\/wp\/v2\/categories?post=55875"},{"taxonomy":"post_tag","embeddable":true,"href":"https:\/\/www.justiciasantafe.gov.ar\/index.php\/wp-json\/wp\/v2\/tags?post=55875"}],"curies":[{"name":"wp","href":"https:\/\/api.w.org\/{rel}","templated":true}]}}