 {"id":55952,"date":"2025-10-21T13:29:51","date_gmt":"2025-10-21T16:29:51","guid":{"rendered":"https:\/\/www.justiciasantafe.gov.ar\/?post_type=circulares&#038;p=55952"},"modified":"2025-10-21T13:29:51","modified_gmt":"2025-10-21T16:29:51","slug":"circular-nro-104-notificacion-del-colegio-de-medicos-de-santa-fe-sellado-obligatorio-en-certificados-informes-o-actuaciones-con-firma-profesional-medica","status":"publish","type":"circulares","link":"https:\/\/www.justiciasantafe.gov.ar\/index.php\/circulares\/circular-nro-104-notificacion-del-colegio-de-medicos-de-santa-fe-sellado-obligatorio-en-certificados-informes-o-actuaciones-con-firma-profesional-medica\/","title":{"rendered":"Circular nro. 104. Notificaci\u00f3n del Colegio de M\u00e9dicos de Santa Fe: sellado obligatorio en certificados, informes o actuaciones con firma profesional m\u00e9dica."},"content":{"rendered":"<div class=\"pdfprnt-buttons pdfprnt-buttons-circulares pdfprnt-top-right\"><a href=\"https:\/\/www.justiciasantafe.gov.ar\/index.php\/wp-json\/wp\/v2\/circulares\/55952?print=pdf\" class=\"pdfprnt-button pdfprnt-button-pdf\" target=\"_blank\"><img decoding=\"async\" src=\"https:\/\/www.justiciasantafe.gov.ar\/wp-content\/plugins\/pdf-print-pro\/images\/pdf.png?357112440\" alt=\"image_pdf\" title=\"Ver PDF\" \/><\/a><a href=\"https:\/\/www.justiciasantafe.gov.ar\/index.php\/wp-json\/wp\/v2\/circulares\/55952?print=print\" class=\"pdfprnt-button pdfprnt-button-print\" target=\"_blank\"><img decoding=\"async\" src=\"https:\/\/www.justiciasantafe.gov.ar\/wp-content\/plugins\/pdf-print-pro\/images\/print.png?1674575983\" alt=\"image_print\" title=\"Imprimir contenido\" \/><\/a><\/div><p align=\"RIGHT\"><span style=\"color: #000000\"><span style=\"font-family: CG Times, Times New Roman, serif\"><u><b>Circular Nro. 104\/25.-<\/b><\/u><\/span><\/span><\/p>\n<p align=\"RIGHT\"><span style=\"color: #000000\"> <span style=\"font-family: CG Times, Times New Roman, serif\">Santa Fe, 21 de octubre de 2025.-<\/span><\/span><\/p>\n<p align=\"JUSTIFY\"><span style=\"color: #000000\"><span style=\"font-family: Times New Roman, serif\">Se\u00f1or <\/span><\/span><\/p>\n<p align=\"JUSTIFY\"><span style=\"color: #000000\"><span style=\"font-family: Times New Roman, serif\">Titular del \u00d3rgano Jurisdiccional<\/span><\/span><\/p>\n<p align=\"JUSTIFY\"><span style=\"font-family: Times New Roman, serif\"><span style=\"color: #000000\"><u>S \/ D<\/u><\/span> <\/span><\/p>\n<p lang=\"es-AR\" align=\"JUSTIFY\"><span style=\"color: #000000\"><span style=\"font-family: Times New Roman, serif\"><span style=\"font-size: medium\">Me dirijo a Ud. a fin de comunicarle, para su conocimiento y notificaci\u00f3n a los dem\u00e1s integrantes de ese \u00f3rgano jurisdiccional, la nota remitida por el Colegio de M\u00e9dicos de la 1ra. Circunscripci\u00f3n, la cual se adjunta a la presente circular. <\/span><\/span><\/span><\/p>\n<p align=\"JUSTIFY\"><span style=\"font-family: Times New Roman, serif\"><span style=\"font-size: medium\"> <span style=\"color: #000000\">Sin otro particular, saludo a Ud. atentamente.<\/span><\/span><\/span><\/p>\n<p align=\"JUSTIFY\">\n<p align=\"JUSTIFY\">Dr. Eduardo Bordas<\/p>\n<p align=\"JUSTIFY\">Secretario de Gobierno<\/p>\n<p align=\"JUSTIFY\">\n<p align=\"JUSTIFY\">\n<p align=\"JUSTIFY\">Anexo:\u00a0 <a href=\"https:\/\/www.justiciasantafe.gov.ar\/wp-content\/uploads\/2025\/10\/CIRC-103-25-ANEXO-2.pdf\" target=\"\" rel=\"attachment wp-att-55953 noopener\">CIRC-103-25 ANEXO<\/a><\/p>\n<div class=\"gsp_post_data\" data-post_type=\"circulares\" data-cat=\"\" data-modified=\"120\" data-title=\"Circular nro. 104. Notificaci\u00f3n del Colegio de M\u00e9dicos de Santa Fe: sellado obligatorio en certificados, informes o actuaciones con firma profesional m\u00e9dica.\" data-home=\"https:\/\/www.justiciasantafe.gov.ar\"><\/div>","protected":false},"excerpt":{"rendered":"<p>Circular Nro. 104\/25.- Santa Fe, 21 de octubre de 2025.- Se\u00f1or Titular del \u00d3rgano Jurisdiccional S \/ D Me dirijo a Ud. a fin de comunicarle, para su conocimiento y notificaci\u00f3n a los dem\u00e1s integrantes de ese \u00f3rgano jurisdiccional, la nota remitida por el Colegio de M\u00e9dicos de la 1ra. Circunscripci\u00f3n, la cual se adjunta [&#8230;]\n","protected":false},"author":72,"featured_media":0,"menu_order":0,"template":"","format":"standard","meta":{"_acf_changed":false,"footnotes":""},"categories":[],"tags":[],"class_list":["post-55952","circulares","type-circulares","status-publish","format-standard","hentry"],"acf":{"i2t_anio":2025,"i2t_id_historico":"","i2t_autor_historico":""},"_links":{"self":[{"href":"https:\/\/www.justiciasantafe.gov.ar\/index.php\/wp-json\/wp\/v2\/circulares\/55952","targetHints":{"allow":["GET"]}}],"collection":[{"href":"https:\/\/www.justiciasantafe.gov.ar\/index.php\/wp-json\/wp\/v2\/circulares"}],"about":[{"href":"https:\/\/www.justiciasantafe.gov.ar\/index.php\/wp-json\/wp\/v2\/types\/circulares"}],"author":[{"embeddable":true,"href":"https:\/\/www.justiciasantafe.gov.ar\/index.php\/wp-json\/wp\/v2\/users\/72"}],"version-history":[{"count":0,"href":"https:\/\/www.justiciasantafe.gov.ar\/index.php\/wp-json\/wp\/v2\/circulares\/55952\/revisions"}],"wp:attachment":[{"href":"https:\/\/www.justiciasantafe.gov.ar\/index.php\/wp-json\/wp\/v2\/media?parent=55952"}],"wp:term":[{"taxonomy":"category","embeddable":true,"href":"https:\/\/www.justiciasantafe.gov.ar\/index.php\/wp-json\/wp\/v2\/categories?post=55952"},{"taxonomy":"post_tag","embeddable":true,"href":"https:\/\/www.justiciasantafe.gov.ar\/index.php\/wp-json\/wp\/v2\/tags?post=55952"}],"curies":[{"name":"wp","href":"https:\/\/api.w.org\/{rel}","templated":true}]}}