 {"id":59968,"date":"2025-12-17T11:17:11","date_gmt":"2025-12-17T14:17:11","guid":{"rendered":"https:\/\/www.justiciasantafe.gov.ar\/?post_type=circulares&#038;p=59968"},"modified":"2025-12-18T12:21:58","modified_gmt":"2025-12-18T15:21:58","slug":"circular-nro-131","status":"publish","type":"circulares","link":"https:\/\/www.justiciasantafe.gov.ar\/index.php\/circulares\/circular-nro-131\/","title":{"rendered":"Circular nro. 131. Personal de feria Enero 2026."},"content":{"rendered":"<div class=\"pdfprnt-buttons pdfprnt-buttons-circulares pdfprnt-top-right\"><a href=\"https:\/\/www.justiciasantafe.gov.ar\/index.php\/wp-json\/wp\/v2\/circulares\/59968?print=pdf\" class=\"pdfprnt-button pdfprnt-button-pdf\" target=\"_blank\"><img decoding=\"async\" src=\"https:\/\/www.justiciasantafe.gov.ar\/wp-content\/plugins\/pdf-print-pro\/images\/pdf.png?357112440\" alt=\"image_pdf\" title=\"Ver PDF\" \/><\/a><a href=\"https:\/\/www.justiciasantafe.gov.ar\/index.php\/wp-json\/wp\/v2\/circulares\/59968?print=print\" class=\"pdfprnt-button pdfprnt-button-print\" target=\"_blank\"><img decoding=\"async\" src=\"https:\/\/www.justiciasantafe.gov.ar\/wp-content\/plugins\/pdf-print-pro\/images\/print.png?1674575983\" alt=\"image_print\" title=\"Imprimir contenido\" \/><\/a><\/div><p align=\"RIGHT\"><span style=\"color: #000000\"> <span style=\"font-family: Times New Roman, serif\"><span style=\"font-size: medium\"><u><b>Circular Nro. 131\/25<\/b><\/u><\/span><\/span><\/span><\/p>\n<p align=\"RIGHT\"><span style=\"color: #000000\"> <span style=\"font-family: Times New Roman, serif\"><span style=\"font-size: medium\">Santa Fe, 17 de diciembre de 2025.<\/span><\/span><\/span><\/p>\n<p align=\"JUSTIFY\"><span style=\"color: #000000\"><span style=\"font-family: Times New Roman, serif\"><span style=\"font-size: medium\">Se\u00f1or<\/span><\/span><\/span><\/p>\n<p align=\"JUSTIFY\"><span style=\"color: #000000\"><span style=\"font-family: Times New Roman, serif\"><span style=\"font-size: medium\">Titular del \u00d3rgano Jurisdiccional<\/span><\/span><\/span><\/p>\n<p align=\"JUSTIFY\"><span style=\"color: #000000\"><span style=\"font-family: Times New Roman, serif\"><span style=\"font-size: medium\"><u>S \/ D<\/u><\/span><\/span><\/span><\/p>\n<p lang=\"es-ES\" align=\"JUSTIFY\"><span style=\"color: #000000\"> <span style=\"font-family: Times New Roman, serif\"><span style=\"font-size: medium\">Me dirijo a Ud. a fin de comunicarle, para su conocimiento y notificaci\u00f3n a todos los integrantes de ese \u00f3rgano jurisdiccional, que en el Acuerdo celebrado el d\u00eda 16.12.2025, Acta N\u00b051, pto. 31, la Corte Suprema de Justicia de la Provincia de Santa Fe, adopt\u00f3 la siguiente resoluci\u00f3n: <u>\u201c<\/u><span lang=\"es-AR\"><u>PERSONAL QUE PRESTAR\u00c1 SERVICIOS DURANTE LA FERIA JUDICIAL DE ENERO DE 2026<\/u><\/span><span lang=\"es-AR\">. <\/span><span lang=\"es-AR\"><u>VISTAS<\/u><\/span><span lang=\"es-AR\">: Las n\u00f3minas de magistrados, funcionarios, empleados y personal de servicio, confeccionadas de acuerdo con lo establecido en la reglamentaci\u00f3n en vigencia por las Secretar\u00edas de este Tribunal de Santa Fe y Rosario, en las que se especifican los agentes de las Circunscripciones Judiciales 1, 2, 3, 4 y 5 que desempe\u00f1ar\u00e1n sus funciones durante la feria judicial de enero del a\u00f1o 2026, en los correspondientes Distritos y Circuitos comprendidos en las mismas; y las modificaciones introducidas al esquema de feria aprobado oportunamente por este Cuerpo. Que en virtud de lo expuesto, atento las prescripciones del art. 248 de la ley 10.160, <\/span><span lang=\"es-AR\"><u>SE RESUELVE<\/u><\/span><span lang=\"es-AR\">: Aprobar las n\u00f3minas y ordenar sean agregadas al final de la presente y como parte integrante del acta, estableciendo que el personal designado gozar\u00e1 de la licencia compensatoria respectiva de acuerdo con lo prescripto por el art\u00edculo 253 del mencionado texto legal y el criterio rector establecido por este Cuerpo en la reglamentaci\u00f3n vigente en la materia. <\/span><span lang=\"es-AR\">FDO.: FALISTOCCO. BACLINI. ERBETTA. GUTI\u00c9RREZ. SPULER. WEDER. ZABALZA. BORDAS (SECRETARIO).<\/span> <\/span><\/span><\/span><\/p>\n<p><span style=\"color: #000000\"><span style=\"font-family: Times New Roman, serif\"><span style=\"font-size: medium\">Sin otro particular, saludo a Ud. atentamente.<\/span><\/span><\/span><\/p>\n<p lang=\"es-ES\" align=\"JUSTIFY\">\n<p lang=\"es-ES\" align=\"JUSTIFY\"><span style=\"color: #000000\"><span style=\"font-family: Times New Roman, serif\"><span style=\"font-size: medium\">Dr. Eduardo Bordas<\/span><\/span><\/span><\/p>\n<p lang=\"es-ES\" align=\"JUSTIFY\"><span style=\"color: #000000\"><span style=\"font-family: Times New Roman, serif\"><span style=\"font-size: medium\">Secretario de\u00a0 Gobierno<\/span><\/span><\/span><\/p>\n<p align=\"CENTER\">\n<p align=\"CENTER\"><strong><span style=\"color: #000000\"><span style=\"font-family: Times New Roman, serif\"><span style=\"font-size: medium\"><u>CORTE SUPREMA DE JUSTICIA:<\/u><\/span><\/span><\/span><\/strong><\/p>\n<p align=\"JUSTIFY\"><span style=\"color: #000000\"><span style=\"font-family: Times New Roman, serif\"><span style=\"font-size: medium\">Dr. Barucca, Mario Cesar (01 al 15.01.2026); Dr. Depetris, Carlos Emilio (01 al 15.01.2026); Dr. Alonso, Daniel Fernando (16 al 31.01.2026); Dr. Fabiano, Aidilio Gustavo (16 al 31.01.2026); Dr. Coppoletta, Sebasti\u00e1n Cesar (01 al 31.01.2026); Dr. Creus, Sebasti\u00e1n (01 al 15.01.2026); Dr. Gentile Bersano, Fernando Marcelo (16 al 31.01.2026).<\/span><\/span><\/span><\/p>\n<p align=\"JUSTIFY\"><span style=\"color: #000000\"><span style=\"font-family: Times New Roman, serif\"><span style=\"font-size: medium\"><u>PROCURACI\u00d3N GENERAL:<\/u><\/span><\/span><\/span><\/p>\n<p align=\"JUSTIFY\"><span style=\"color: #000000\"><span style=\"font-family: Times New Roman, serif\"><span style=\"font-size: medium\">Dr. Barraguirre, Jorge Alberto (16 al 31.01.2026).<\/span><\/span><\/span><\/p>\n<p align=\"JUSTIFY\"><span style=\"color: #000000\"><span style=\"font-family: Times New Roman, serif\"><span style=\"font-size: medium\"><u>SECRETAR\u00cdA DE LA CORTE EN SANTA FE:<\/u><\/span><\/span><\/span><\/p>\n<p align=\"JUSTIFY\"><span style=\"color: #000000\"><span style=\"font-family: Times New Roman, serif\"><span style=\"font-size: medium\">Dr. Soli, Javier Alejandro (01 al 31.01.2026).<\/span><\/span><\/span><\/p>\n<p align=\"JUSTIFY\"><span style=\"color: #000000\"><span style=\"font-family: Times New Roman, serif\"><span style=\"font-size: medium\"><u>PERSONAL DE LA CORTE EN SANTA FE:<\/u><\/span><\/span><\/span><\/p>\n<p align=\"JUSTIFY\"><span style=\"color: #000000\"><span style=\"font-family: Times New Roman, serif\"><span style=\"font-size: medium\">Pinery, Mar\u00eda Paula (01 al 15.01.2026); Albornoz Stang, Nadia Nerea (16 al 31.01.2026); Martinez Mayenfisch, Cecilia (01 al 15.01.2026); Birocco, Nicol\u00e1s (16 al 31.01.2026); Cantero, Mar\u00eda Victoria (01 al 15.01.2026); Faba, Marianela Cecilia (01 al 15.01.2026); Funes, Mar\u00eda de los \u00c1ngeles (16 al 31.01.2026); Mattiazzi, Marcelo Gustavo (16 al 31.01.2026); Benelli, Agustina (01 al 15.01.2026); Wagner, Bernardo Jos\u00e9 (16 al 31.01.2026); Vecchioni, Luciano (01 al 15.01.2026); Zanuttini, Julia In\u00e9s (01 al 15.01.2026); Bugliolo, Santiago (01 al 15.01.2026); Muller, Valeria (16 al 31.01.2026); G\u00e1lvez, Gast\u00f3n (01 al 31.01.2026); Osorio, Jos\u00e9 Alejandro (01 al 15.01.2026). <\/span><\/span><\/span><\/p>\n<p align=\"JUSTIFY\"><span style=\"color: #000000\"><span style=\"font-family: Times New Roman, serif\"><span style=\"font-size: medium\"><u>SECRETAR\u00cdA DE LA CORTE EN ROSARIO:<\/u><\/span><\/span><\/span><\/p>\n<p align=\"JUSTIFY\"><span style=\"color: #000000\"><span style=\"font-family: Times New Roman, serif\"><span style=\"font-size: medium\">Dr. Crespo, Carlos Francisco (16 al 31.01.2026).<\/span><\/span><\/span><\/p>\n<p align=\"JUSTIFY\"><span style=\"color: #000000\"><span style=\"font-family: Times New Roman, serif\"><span style=\"font-size: medium\"><u>PERSONAL DE LA CORTE EN ROSARIO:<\/u><\/span><\/span><\/span><\/p>\n<p align=\"JUSTIFY\"><span style=\"color: #000000\"><span style=\"font-family: Times New Roman, serif\"><span style=\"font-size: medium\">Go\u00f1i, Guillermo Ignacio (01 al 15.01.2026); Pe\u00f1a, Carolina (01 al 15.01.2026); Cafarella, Patricio Oscar (01 al 15.01.2026); Ferracuti, Eliana (16 al 31.01.2026); Sileoni, Flavia (16 al 31.01.2026); Ezpeleta, Juan Ignacio (16 al 31.01.2026)<u>; <\/u>Diez, Maria Ana Del Carmen (01 al 15.01.2026); Kobelich, Fernanda Gabriela (01 al 15.01.2026); Rista, Virginia (16 al 31.01.2026); Martinez, Luciana Gabriela (16 al 31.01.2026).<\/span><\/span><\/span><\/p>\n<p align=\"CENTER\">\n<p align=\"CENTER\"><span style=\"color: #000000\"><span style=\"font-family: Times New Roman, serif\"><span style=\"font-size: medium\"><u><b>CIRCUNSCRIPCI\u00d3N NRO. 1 &#8211; SANTA FE<\/b><\/u><\/span><\/span><\/span><\/p>\n<p align=\"JUSTIFY\"><span style=\"color: #000000\"><span style=\"font-family: Times New Roman, serif\"><span style=\"font-size: medium\"><u><b>TRIBUNALES DE SANTA FE<\/b><\/u><\/span><\/span><\/span><\/p>\n<p align=\"JUSTIFY\"><span style=\"color: #000000\"><span style=\"font-family: Times New Roman, serif\"><span style=\"font-size: medium\"><u>C\u00c1MARA DE APELACI\u00d3N (CON COMPETENCIA EN LAS CIRCUNSCRIPCIONES SANTA FE, RECONQUISTA Y RAFAELA)<\/u><\/span><\/span><\/span><\/p>\n<p align=\"JUSTIFY\"><span style=\"color: #000000\"><span style=\"font-family: Times New Roman, serif\"><span style=\"font-size: medium\">Dr. Barucca, Mario Cesar (01 al 15.01.2026); Dr. Depetris, Carlos Emilio (01 al 15.01.2026); Dr. Alonso, Daniel Fernando (16 al 31.01.2026); Dr. Fabiano, Aidilio Gustavo (16 al 31.01.2026); Dr. Coppoletta, Sebasti\u00e1n Cesar (01 al 31.01.2026); Dr. Creus, Sebasti\u00e1n (01 al 15.01.2026); Dr. Gentile Bersano, Fernando Marcelo (16 al 31.01.2026).<\/span><\/span><\/span><\/p>\n<p align=\"JUSTIFY\"><span style=\"color: #000000\"><span style=\"font-family: Times New Roman, serif\"><span style=\"font-size: medium\"><u>PROCURADOR DE LAS C\u00c1MARAS DE APELACI\u00d3N (PARA LAS CIRCUNSCRIPCIONES SANTA FE, RECONQUISTA Y RAFAELA):<\/u><\/span><\/span><\/span><\/p>\n<p align=\"JUSTIFY\"><span style=\"color: #000000\"><span style=\"font-family: Times New Roman, serif\"><span style=\"font-size: medium\">Dra. Martinez, Mar\u00eda Laura (01 al 15.01.2026) ; Dra. Sarrias, Mariela (16 al 31.01.2026).<\/span><\/span><\/span><\/p>\n<p align=\"JUSTIFY\"><span style=\"color: #000000\"><span style=\"font-family: Times New Roman, serif\"><span style=\"font-size: medium\"><u>PERSONAL DE FISCAL\u00cdA DE C\u00c1MARA DE APELACI\u00d3N:<\/u><\/span><\/span><\/span><\/p>\n<p align=\"JUSTIFY\"><span style=\"color: #000000\"><span style=\"font-family: Times New Roman, serif\"><span style=\"font-size: medium\">Espen\u00e1n, Mar\u00eda Bel\u00e9n (01 al 15.01.2026); Bonazzola, Fabi\u00e1n Arnaldo (16 al 31.01.2026).<\/span><\/span><\/span><\/p>\n<p align=\"JUSTIFY\"><span style=\"color: #000000\"><span style=\"font-family: Times New Roman, serif\"><span style=\"font-size: medium\"><u>SECRETAR\u00cdA DE LA C\u00c1MARA DE APELACI\u00d3N, DEL REGISTRO DE PROCESOS UNIVERSALES Y DEL REGISTRO DE DEUDORES ALIMENTARIOS MOROSOS :<\/u> <\/span><\/span><\/span><\/p>\n<p align=\"JUSTIFY\"><span style=\"color: #000000\"><span style=\"font-family: Times New Roman, serif\"><span style=\"font-size: medium\"><u>SECRETARIO:<\/u> Dr. Gomez, Jorge Alberto (01 al 15.01.2026); Dra. Fuentes, Daniela de Lourdes (16 al 31.01.2026).<\/span><\/span><\/span><\/p>\n<p align=\"JUSTIFY\"><span style=\"color: #000000\"><span style=\"font-family: Times New Roman, serif\"><span style=\"font-size: medium\"><u>PERSONAL DE LA C\u00c1MARA DE APELACI\u00d3N, DEL REGISTRO DE PROCESOS UNIVERSALES Y DEL REGISTRO DE DEUDORES ALIMENTARIOS MOROSOS:<\/u><\/span><\/span><\/span><\/p>\n<p align=\"JUSTIFY\"><span style=\"color: #000000\"><span style=\"font-family: Times New Roman, serif\"><span style=\"font-size: medium\">Rios, Mar\u00eda Dolores (01 al 15.01.2026); Salom\u00f3n, Mar\u00eda Lorena (01 al 15.01.2026); Taboga, Valeria (16 al 31.01.2026); Romero, Adriana Luc\u00eda (16 al 31.01.2026); Villar, Jos\u00e9 Ignacio (01 al 15.01.2026); Leconte, Clara (01 al 17.01.2026); Osorio, Jos\u00e9 Alejandro (16 al 31.01.2026); Benz, Germ\u00e1n (01 al 31.01.2026).<\/span><\/span><\/span><\/p>\n<p align=\"JUSTIFY\"><span style=\"color: #000000\"><span style=\"font-family: Times New Roman, serif\"><span style=\"font-size: medium\"><u>JUZGADOS EN LO CIVIL Y COMERCIAL, LABORAL, JUZGADO UNIPERSONAL DE RESPONSABILIDAD EXTRACONTRACTUAL, Y ex REGISTRO P\u00daBLICO (CON COMPETENCIA EN LOS DISTRITOS SANTA FE, SAN JORGE (incluye EL TR\u00c9BOL), ESPERANZA ,SAN JUSTO Y SAN JAVIER):<\/u><\/span><\/span><\/span><\/p>\n<p align=\"JUSTIFY\"><span style=\"color: #000000\"><span style=\"font-family: Times New Roman, serif\"><span style=\"font-size: medium\"><u>JUEZ:<\/u> Dr. Di Chiazza, Iv\u00e1n Gustavo (01 al 15.01.2026); Dra. Naveda Marc\u00f3, Viviana Elisabeth (16 al 31.01.2026).<\/span><\/span><\/span><\/p>\n<p align=\"JUSTIFY\"><span style=\"color: #000000\"><span style=\"font-family: Times New Roman, serif\"><span style=\"font-size: medium\"> <u>SECRETARIO<\/u>: Dra. Pacor Alonso, Mar\u00eda Alfonsina (01 al 15.01.2026); Dra. Botto, Mar\u00eda Romina (16 al 31.01.2026).<\/span><\/span><\/span><\/p>\n<p align=\"JUSTIFY\"><span style=\"color: #000000\"><span style=\"font-family: Times New Roman, serif\"><span style=\"font-size: medium\"><u>PERSONAL:<\/u> Benzo, Georgina Paola (01 al 15.01.2026); Paduli, Mar\u00eda Fiorela (01 al 15.01.2026); Andreotti, Iv\u00e1n (01 al 15.01.2026); Carreri, Lia Elisa (16 al 31.01.2026); Baudino, Daniela (16 al 31.01.2026); Schierano, Virginia (16 al 31.01.2026); Gutierrez, Guillermo (01 al 31.01.2026); Serpa, Francisco Javier (01 al 15.01.2026); Birri, Yanina Daniela (16 al 31.01.2026); Schaller, Alejandra (01 al 15.01.2026); Tramontin, Romina Berenice (16 al 31.01.2026); Merlini, Micaela Yanina (01 al 15.01.2026); Vargas, Abraham Luis (16 al 31.01.2026).<\/span><\/span><\/span><\/p>\n<p align=\"JUSTIFY\"><span style=\"color: #000000\"><span style=\"font-family: Times New Roman, serif\"><span style=\"font-size: medium\"><u>JUZGADO UNIPERSONAL DE FAMILIA (CON COMPETENCIA EN LOS DISTRITOS SANTA FE, SAN JORGE (incluye EL TR\u00c9BOL), ESPERANZA, SAN JUSTO, Y SAN JAVIER):<\/u><\/span><\/span><\/span><\/p>\n<p align=\"JUSTIFY\"><span style=\"color: #000000\"><span style=\"font-family: Times New Roman, serif\"><span style=\"font-size: medium\"><u>JUEZ:<\/u> Dr. Azvalinsky, Alejandro Marcos (01 al 15.01.2026); Dra. Malvestiti, Marisa M\u00f3nica (16 al 31.01.2026).<\/span><\/span><\/span><\/p>\n<p align=\"JUSTIFY\"><span style=\"color: #000000\"><span style=\"font-family: Times New Roman, serif\"><span style=\"font-size: medium\"><u>SECRETARIO:<\/u> Dr. Gonz\u00e1lez, Antonio Fabi\u00e1n (01 al 15.01.2026); Dra. Borsotti, Marina Alejandra (01 al 15.01.2026); Dra. Romagnoli, Mar\u00eda Marcela (16 al 31.01.2026); Dra. Rodriguez, Luciana (16 al 31.01.2026).<\/span><\/span><\/span><\/p>\n<p align=\"JUSTIFY\"><span style=\"color: #000000\"><span style=\"font-family: Times New Roman, serif\"><span style=\"font-size: medium\"><u>AUXILIAR SOCIAL:<\/u> Giavedoni Ocampo, Mar\u00eda Laura (01 al 15.01.2026); Baglione Valastro, Alejandra Yanina (16 al 31.01.2026). <\/span><\/span><\/span><\/p>\n<p align=\"JUSTIFY\"><span style=\"color: #000000\"><span style=\"font-family: Times New Roman, serif\"><span style=\"font-size: medium\"><u>PERSONAL:<\/u> de la Torre, Mar\u00eda del Pilar (01 al 15.01.2026); Bainotti, Mar\u00eda Paula (01 al 15.01.2026); Manucci, Lonela (01 al 15.01.2026); Katz, Natali Rebeca (01 al 15.01.2026); Cuervo, Ana Paula (16 al 31.01.2026); Monti, Celina Yael (16 al 31.01.2026); Bogao, Nicol\u00e1s Nahuel (16 al 31.01.2026); Busaniche, Luciana Mar\u00eda (16 al 31.01.2026); Garrote, Mar\u00eda Paz (01 al 31.01.2026); Morales, Valeria (01 al 31.01.2026).<\/span><\/span><\/span><\/p>\n<p align=\"JUSTIFY\"><span style=\"color: #000000\"><span style=\"font-family: Times New Roman, serif\"><span style=\"font-size: medium\"><u>OFICINA DE CERTIFICACIONES<\/u>:<\/span><\/span><\/span><\/p>\n<p align=\"JUSTIFY\"><span style=\"color: #000000\"><span style=\"font-family: Times New Roman, serif\"><span style=\"font-size: medium\"><u>SECRETARIO:<\/u> Dr. Costa, Patricio (01 al 15.01.2026); Dra. Bertolio, Carina (16 al 31.01.2026).<\/span><\/span><\/span><\/p>\n<p align=\"JUSTIFY\"><span style=\"color: #000000\"><span style=\"font-family: Times New Roman, serif\"><span style=\"font-size: medium\"><u>PERSONAL:<\/u> Valdez, Ana Jimena (01 al 15.01.2026); Regner, Adriana Griselda (16 al 31.01.2026).<\/span><\/span><\/span><\/p>\n<p align=\"JUSTIFY\"><span style=\"color: #000000\"><span style=\"font-family: Times New Roman, serif\"><span style=\"font-size: medium\"><u>DIRECCI\u00d3N DE INTERVENCIONES INTERDISCIPLINARIAS (CON COMPETENCIA EN LOS DISTRITOS DE SANTA FE Y SAN JORGE):<\/u><\/span><\/span><\/span><\/p>\n<p align=\"JUSTIFY\"><span style=\"color: #000000\"><span style=\"font-family: Times New Roman, serif\"><span style=\"font-size: medium\"><u>AUXILIAR SOCIAL:<\/u> Altamirano, Silvia Gabriela (01 al 15.01.2026); Hern\u00e1ndez, Ana Gabriela (16 al 31.01.2026). <\/span><\/span><\/span><\/p>\n<p align=\"JUSTIFY\"><span style=\"color: #000000\"><span style=\"font-family: Times New Roman, serif\"><span style=\"font-size: medium\"><u>MINISTERIOS P\u00daBLICOS (PARA LOS DISTRITOS SANTA FE, SAN JORGE (incluye EL TR\u00c9BOL), ESPERANZA, SAN JUSTO Y SAN JAVIER):<\/u><\/span><\/span><\/span><\/p>\n<p align=\"JUSTIFY\"><span style=\"color: #000000\"><span style=\"font-family: Times New Roman, serif\"><span style=\"font-size: medium\"><u>PROCURADOR (tiene a su cargo adem\u00e1s, la Unidad de Atenci\u00f3n a la V\u00edctima):<\/u> Dra. Chiaffredo, Mar\u00eda Cecilia (01 al 15.01.2026); Dra. Paterno Sellares, Alina Marcela (16 al 31.01.2026).<\/span><\/span><\/span><\/p>\n<p align=\"JUSTIFY\"><span style=\"color: #000000\"><span style=\"font-family: Times New Roman, serif\"><span style=\"font-size: medium\"><u>PERSONAL:<\/u> Mac\u00edas, Alvaro Mart\u00edn (01 al 15.01.2026); Guardone, Walter Edgardo (01 al 15.01.2026); Laruelo, Francisco (16 al 31.01.2026); Herrera, Mar\u00eda Virginia (16 al 31.01.2026); Calder\u00f3n, Casiano Augusto (01 al 31.01.2026).<\/span><\/span><\/span><\/p>\n<p align=\"JUSTIFY\"><span style=\"color: #000000\"><span style=\"font-family: Times New Roman, serif\"><span style=\"font-size: medium\"><u>DEFENSOR\u00cdA GENERAL DE C\u00c1MARA Y DEFENSOR\u00cdA GENERAL:<\/u> Dr. Romero, Germ\u00e1n Anibal (01 al 15.01.2026); Dra. Rodriguez Ocampo, Mariel (16 al 31.01.2026); Dra. Benitez, Adriana Lorena (01 al 15.01.2026); Dra. Gioda, Mar\u00eda Alejandra (16 al 31.01.2026). <\/span><\/span><\/span><\/p>\n<p align=\"JUSTIFY\"><span style=\"color: #000000\"><span style=\"font-family: Times New Roman, serif\"><span style=\"font-size: medium\"><u>PERSONAL:<\/u> Montu, Mar\u00eda Susana (01 al 31.01.2026); Alberto, Mar\u00eda Luz (01 al 15.01.2026); Funes, Justo (16 al 31.01.2026); Fiore, Nicol\u00e1s (01 al 15.01.2026); Chena, Mar\u00eda Gabriela (16 al 31.01.2026); Marin Plechuk, Braulio (01 al 31.01.2026).<\/span><\/span><\/span><\/p>\n<p align=\"JUSTIFY\"><span style=\"color: #000000\"><span style=\"font-family: Times New Roman, serif\"><span style=\"font-size: medium\"><u>ARCHIVO GENERAL:<\/u> <\/span><\/span><\/span><\/p>\n<p align=\"JUSTIFY\"><span style=\"color: #000000\"><span style=\"font-family: Times New Roman, serif\"><span style=\"font-size: medium\"><u>DIRECCI\u00d3N:<\/u> Dr. Gomez, Jorge Alberto (01 al 15.01.2026); Dra. Fuentes, Daniela de Lourdes (16 al 31.01.2026).<\/span><\/span><\/span><\/p>\n<p align=\"JUSTIFY\"><span style=\"color: #000000\"><span style=\"font-family: Times New Roman, serif\"><span style=\"font-size: medium\"><u>PERSONAL:<\/u> Schlatter, Mar\u00eda Elena (01 al 15.01.2026); Casanova, Gast\u00f3n Andr\u00e9s (16 al 31.01.2026).<\/span><\/span><\/span><\/p>\n<p align=\"JUSTIFY\"><span style=\"color: #000000\"><span style=\"font-family: Times New Roman, serif\"><span style=\"font-size: medium\"><u>DIRECCI\u00d3N GENERAL DE ADMINISTRACI\u00d3N:<\/u> C.P.N. Ciarpella, Osvaldo (01 al 31.01.2026); Muzzu, Leandro (01 al 15.01.2026); Cattarozzi, Leila (01 al 15.01.2026); Miranda, Axel (16 al 31.01.2026); \u00c1vila, Mart\u00edn (01 al 15.01.2026); Lencinas, Romina (01 al 15.01.2026); Pirola, Cecilia (16 al 31.01.2026); Filosi, Mariano (16 al 31.01.2026); Su\u00e1rez, Luc\u00eda (01 al 15.01.2026); Ishikawa, Mar\u00eda Virginia (16 al 31.01.2026); Del Sastre, Mar\u00eda Florencia (01 al 15.01.2026); Chiaffredo, Valeria (01 al 15.01.2026); Villanueva, Marianela (01 al 15.01.2026); Falcone, Tatiana (16 al 31.01.2026); Correas, Mar\u00eda Laura (01 al 17.01.2026); Guckert, Sofia (15 al 31.01.2026). <\/span><\/span><\/span><\/p>\n<p align=\"JUSTIFY\"><span style=\"color: #000000\"><span style=\"font-family: Times New Roman, serif\"><span style=\"font-size: medium\"><u>SECRETAR\u00cdA DE INFORM\u00c1TICA:<\/u> Gfeller, Carina (01 al 31.01.2026); Alarc\u00f3n, Juan Ignacio (01 al 31.01.2026); Zentner, Facundo (01 al 15.01.2026); Moya, Adri\u00e1n (01 al 15.01.2026); Borrione Di Leo, Maria Fiorella (01 al 15.01.2026); Rivas Aguirre, Mar\u00eda Bel\u00e9n (16 al 31.01.2026); Gerard, Hern\u00e1n (16 al 31.01.2026); Holowski, Marcelo (16 al 31.01.2026); Lisi, Nicol\u00e1s (16 al 31.01.2026).<\/span><\/span><\/span><\/p>\n<p align=\"JUSTIFY\"><span style=\"color: #000000\"><span style=\"font-family: Times New Roman, serif\"><span style=\"font-size: medium\"><u>M\u00c9DICO FORENSE Y VISITADOR:<\/u> Dra. Pancera, Mar\u00eda Bel\u00e9n (01 al 15.01.2026); Dr. Amut, Sebasti\u00e1n (16 al 31.01.2026).<\/span><\/span><\/span><\/p>\n<p align=\"JUSTIFY\"><span style=\"color: #000000\"><span style=\"font-family: Times New Roman, serif\"><span style=\"font-size: medium\"><u>PERSONAL:<\/u> Castill\u00f3n, Florencia Jimena (01 al 31.01.2026).<\/span><\/span><\/span><\/p>\n<p align=\"JUSTIFY\"><span style=\"color: #000000\"><span style=\"font-family: Times New Roman, serif\"><span style=\"font-size: medium\"><u>AYUDANTE M\u00c9DICO FORENSE:<\/u> Durig\u00f3n, Manuel Alfredo (01 al 31.01.2026).<\/span><\/span><\/span><\/p>\n<p align=\"JUSTIFY\"><span style=\"color: #000000\"><span style=\"font-family: Times New Roman, serif\"><span style=\"font-size: medium\"><u>LABORATORIO FORENSE:<\/u> Dra. Bailat, Alejandra (01 al 15.01.2026); Dra. Dudiuk, Catiana (16 al 31.01.2026).<\/span><\/span><\/span><\/p>\n<p align=\"JUSTIFY\"><span style=\"color: #000000\"><span style=\"font-family: Times New Roman, serif\"><span style=\"font-size: medium\"><u>OFICIAL DE JUSTICIA:<\/u> Filomena, Cecilia (01 al 31.01.2026); Landro, Claudia Gabriela (01 al 15.01.2026); Flores, Rodolfo Esteban (16 al 31.01.2026).<\/span><\/span><\/span><\/p>\n<p align=\"JUSTIFY\"><span style=\"color: #000000\"><span style=\"font-family: Times New Roman, serif\"><span style=\"font-size: medium\"><u>OFICINA DE ARQUITECTURA:<\/u> Carreras, Luis (01 al 15.01.2026); Gonz\u00e1lez, Javier (01 al 15.01.2026); Grippaldi, Bruno (16 al 31.01.2026); Adelia, Sebasti\u00e1n (16 al 31.01.2026); Batlle Casas, B\u00e1rbara (16 al 31.01.2026); Soriano, Sebati\u00e1n (01 al 31.01.2026).<\/span><\/span><\/span><\/p>\n<p align=\"JUSTIFY\"><span style=\"color: #000000\"><span style=\"font-family: Times New Roman, serif\"><span style=\"font-size: medium\"><u>PERITO CAL\u00cdGRAFO:<\/u> Seisas, Gustavo Adolfo Ruperto (01 al 15.01.2026); Ritondale, Natalia Fernanda (16 al 31.01.2026).<\/span><\/span><\/span><\/p>\n<p align=\"JUSTIFY\"><span style=\"color: #000000\"><span style=\"font-family: Times New Roman, serif\"><span style=\"font-size: medium\"><u>PERITO CONTADOR OFICIAL:<\/u> Pinto, Federico Damian (01 al 15.01.2026); Rondina, Florencia (16 al 31.01.2026).<\/span><\/span><\/span><\/p>\n<p align=\"JUSTIFY\"><span style=\"color: #000000\"><span style=\"font-family: Times New Roman, serif\"><span style=\"font-size: medium\"><u>BIBLIOTECA:<\/u> Rey Lombardo, Carlos (01 al 15.01.2026); Antoniazzi, Emiliana (16 al 31.01.2026).<\/span><\/span><\/span><\/p>\n<p align=\"JUSTIFY\"><span style=\"color: #000000\"><span style=\"font-family: Times New Roman, serif\"><span style=\"font-size: medium\"><u>PERSONAL DE SERVICIO: <\/u><\/span><\/span><\/span><\/p>\n<p align=\"JUSTIFY\"><span style=\"color: #000000\"><span style=\"font-family: Times New Roman, serif\"><span style=\"font-size: medium\"><u>Mayordom\u00eda:<\/u> Ferro, Gonzalo (01 al 15.01.2026); Alvarez Benuzzi, Luciano (01 al 15.01.2026); Robino, Juan (01 al 15.01.2026); Sarramoglia, Karen (01 al 15.01.2026); Fernandez, Carlos (01 al 15.01.2026); Basso, Sergio (01 al 15.01.2026); Casta\u00f1o, Renata (16 al 31.01.2026); Machado, Juan Jos\u00e9 (16 al 31.01.2026); Celi, Perla (16 al 31.01.2026); Celi, Agustina (16 al 31.01.2026); Celi, Antonela (01 al 31.01.2026); Lovato, Ren\u00e9 (01 al 31.01.2026); Pagliero, Mar\u00eda de los Milagros (01 al 31.0.12026); Olivero, Alejandra (01 al 31.01.2026); Carreras, Cristian (01 al 31.01.2026); Almada, Nahuel (01 al 31.01.2026); Ponce, Vanina (01 al 31.01.2026); Casta\u00f1eda, Ximena (01 al 31.01.2026); Estrada, Augusto (01 al 31.01.2026); Leguizam\u00f3n, Juan Carlos (01 al 31.01.2026).<\/span><\/span><\/span><\/p>\n<p align=\"JUSTIFY\"><span style=\"color: #000000\"><span style=\"font-family: Times New Roman, serif\"><span style=\"font-size: medium\"><u>CHOFER:<\/u> Gallino, Lucas Rub\u00e9n (01 al 15.01.2026); Avalos, Walter Mart\u00edn (16 al 31.01.2026); Casta\u00f1eda, Fernando (01 al 31.01.2026).<\/span><\/span><\/span><\/p>\n<p align=\"JUSTIFY\"><span style=\"color: #000000\"><span style=\"font-family: Times New Roman, serif\"><span style=\"font-size: medium\"><u>ELECTRICISTA:<\/u> Cerra, Pablo (01 al 31.01.2026).<\/span><\/span><\/span><\/p>\n<p align=\"JUSTIFY\"><span style=\"color: #000000\"><span style=\"font-family: Times New Roman, serif\"><span style=\"font-size: medium\"><u>CABINA TELEF\u00d3NICA:<\/u> Gallo, Miguel (01 al 15.01.2026); De la Pe\u00f1a, Federico (16 al 31.01.2026); Nardelli, Luis (01 al 31.01.2026); Berra, Javier Eduardo (01 al 15.01.2026); Podest\u00e1, Francisco Jos\u00e9 (16 al 31.01.2026).<\/span><\/span><\/span><\/p>\n<p align=\"JUSTIFY\"><span style=\"color: #000000\"><span style=\"font-family: Times New Roman, serif\"><span style=\"font-size: medium\"><u>CIRCUITOS JUDICIALES NROS. 17 &#8211; CORONDA; 20 &#8211; G\u00c1LVEZ; 21 &#8211; HELVECIA; 22 &#8211; LAGUNA PAIVA; 24 &#8211; SAN CARLOS CENTRO; 25 &#8211; SAN GENARO; 26 -SAN JAVIER; 28 -SANTO TOM\u00c9 y 30 \u2013 SASTRE:<\/u><\/span><\/span><\/span><\/p>\n<p align=\"JUSTIFY\"><span style=\"color: #000000\"><span style=\"font-family: Times New Roman, serif\"><span style=\"font-size: medium\"><u>JUEZ:<\/u> Dr. Di Chiazza, Iv\u00e1n Gustavo (01 al 15.01.2026); Dra. Naveda Marc\u00f3, Viviana Elisabeth (16 al 31.01.2026).<\/span><\/span><\/span><\/p>\n<p align=\"JUSTIFY\"><span style=\"color: #000000\"><span style=\"font-family: Times New Roman, serif\"><span style=\"font-size: medium\"><u>PERSONAL DE CORONDA, SAN GENARO, GALVEZ Y SASTRE:<\/u> <\/span><\/span><\/span><\/p>\n<p align=\"JUSTIFY\"><span style=\"color: #000000\"><span style=\"font-family: Times New Roman, serif\"><span style=\"font-size: medium\"><u>Personal de Galvez:<\/u> Correa Bilibio, Mar\u00eda Luz (01 al 31.01.2026). <\/span><\/span><\/span><\/p>\n<p align=\"JUSTIFY\"><span style=\"color: #000000\"><span style=\"font-family: Times New Roman, serif\"><span style=\"font-size: medium\"><u>Personal de Sastre:<\/u> Chiarlo, Melisa (01 al 31.01.2026).<\/span><\/span><\/span><\/p>\n<p align=\"JUSTIFY\"><span style=\"color: #000000\"><span style=\"font-family: Times New Roman, serif\"><span style=\"font-size: medium\"><u>Personal de Coronda:<\/u> Zacar\u00edas, Carolina (01 al 31.01.2026).<\/span><\/span><\/span><\/p>\n<p align=\"JUSTIFY\"><span style=\"color: #000000\"><span style=\"font-family: Times New Roman, serif\"><span style=\"font-size: medium\"><u>PERSONAL DE LAGUNA PAIVA:<\/u> Bertini Bossio, Mar\u00eda Florencia (01 al 15.01.2026); Vadino, Rosana Noem\u00ed (16 al 31.01.2026).<\/span><\/span><\/span><\/p>\n<p align=\"JUSTIFY\"><span style=\"color: #000000\"><span style=\"font-family: Times New Roman, serif\"><span style=\"font-size: medium\"><u>PERSONAL DE HELVECIA:<\/u> Alberto, Yamila Fiorela (01 al 31.01.2026).<\/span><\/span><\/span><\/p>\n<p align=\"JUSTIFY\"><span style=\"color: #000000\"><span style=\"font-family: Times New Roman, serif\"><span style=\"font-size: medium\"><u>PERSONAL DE SAN CARLOS CENTRO:<\/u> Verdugo, Luciana Dolores (01 al 31.01.2026).<\/span><\/span><\/span><\/p>\n<p align=\"JUSTIFY\"><span style=\"color: #000000\"><span style=\"font-family: Times New Roman, serif\"><span style=\"font-size: medium\"><u>PERSONAL DE SANTO TOM\u00c9:<\/u> Ciccazzo, Mat\u00edas Nicol\u00e1s (01 al 31.01.2026).<\/span><\/span><\/span><\/p>\n<p align=\"JUSTIFY\"><span style=\"color: #000000\"><span style=\"font-family: Times New Roman, serif\"><span style=\"font-size: medium\"><u><b>TRIBUNALES DE SAN JORGE<\/b><\/u><\/span><\/span><\/span><\/p>\n<p align=\"JUSTIFY\"><span style=\"color: #000000\"><span style=\"font-family: Times New Roman, serif\"><span style=\"font-size: medium\"><u>OFICIAL DE JUSTICIA:<\/u> Chemes, Juan Manuel (01 al 15.01.2026); Zimmermann, Eliana (16 al 31.01.2026).<\/span><\/span><\/span><\/p>\n<p align=\"JUSTIFY\"><span style=\"color: #000000\"><span style=\"font-family: Times New Roman, serif\"><span style=\"font-size: medium\"><u><b>TRIBUNALES DE SAN JUSTO<\/b><\/u><\/span><\/span><\/span><\/p>\n<p align=\"JUSTIFY\"><span style=\"color: #000000\"><span style=\"font-family: Times New Roman, serif\"><span style=\"font-size: medium\"><u>PERSONAL:<\/u> Lo Presti, Cintia Daniela (01 al 15.01.2026); Germ\u00e1n, Juan Carlos (16 al 31.01.2026).<\/span><\/span><\/span><\/p>\n<p align=\"JUSTIFY\"><span style=\"color: #000000\"><span style=\"font-family: Times New Roman, serif\"><span style=\"font-size: medium\"><u><b>TRIBUNALES DE ESPERANZA<\/b><\/u><\/span><\/span><\/span><\/p>\n<p align=\"JUSTIFY\"><span style=\"color: #000000\"><span style=\"font-family: Times New Roman, serif\"><span style=\"font-size: medium\"><u>PERSONAL:<\/u> Alani, Mirna Mabel (01 al 15.01.2026); Tabernig, Facundo Mart\u00edn (16 al 31.01.2026); Mathurin, Federico (01 al 31.01.2026); Tramontin, Luciana (01 al 31.01.2026); Zacar\u00edas, Juan Sebasti\u00e1n (01 al 31.01.2026).<\/span><\/span><\/span><\/p>\n<p align=\"JUSTIFY\"><span style=\"color: #000000\"><span style=\"font-family: Times New Roman, serif\"><span style=\"font-size: medium\"><u><b>TRIBUNALES DE SAN JAVIER<\/b><\/u><b>:<\/b><\/span><\/span><\/span><\/p>\n<p align=\"JUSTIFY\"><span style=\"color: #000000\"><span style=\"font-family: Times New Roman, serif\"><span style=\"font-size: medium\"><u>PERSONAL:<\/u> Alessio, Mar\u00eda Eugenia (01 al 15.01.2026); Gerominez, Mariana Micaela (16 al 31.01.2026). <\/span><\/span><\/span><\/p>\n<p align=\"JUSTIFY\"><span style=\"color: #000000\"><span style=\"font-family: Times New Roman, serif\"><span style=\"font-size: medium\"><u><b>TRIBUNALES DE EL TR\u00c9BOL:<\/b><\/u> <\/span><\/span><\/span><\/p>\n<p align=\"JUSTIFY\"><span style=\"color: #000000\"><span style=\"font-family: Times New Roman, serif\"><span style=\"font-size: medium\"><u>PERSONAL:<\/u> Tschanz, Daiana Solange (01 al 31.01.2026).<\/span><\/span><\/span><\/p>\n<p align=\"JUSTIFY\">\n<p align=\"JUSTIFY\">\n<p align=\"CENTER\"><span style=\"color: #000000\"><span style=\"font-family: Times New Roman, serif\"><span style=\"font-size: medium\"><u><b>CIRCUNSCRIPCI\u00d3N NRO. 2 &#8211; ROSARIO<\/b><\/u><\/span><\/span><\/span><\/p>\n<p align=\"JUSTIFY\"><span style=\"color: #000000\"><span style=\"font-family: Times New Roman, serif\"><span style=\"font-size: medium\"><u><b>TRIBUNALES DE ROSARIO<\/b><\/u><\/span><\/span><\/span><\/p>\n<p align=\"JUSTIFY\"><span style=\"color: #000000\"><span style=\"font-family: Times New Roman, serif\"><span style=\"font-size: medium\"><u>C\u00c1MARA DE APELACI\u00d3N (CON COMPETENCIA EN LAS CIRCUNSCRIPCIONES ROSARIO Y VENADO TUERTO):<\/u> Dr. Ariza, Ariel Carlos (01 al 31.01.2026); Dr. Kvasina, Ivan Daniel (01 al 15.01.2026); Dr. Cifre, Juan Pablo (16 al 31.01.2026); Dr. Marchionatti, Fernando Raul (01 al 15.01.2026); Dra. Netri, Andrea Susana (16 al 31.01.2026).<\/span><\/span><\/span><\/p>\n<p align=\"JUSTIFY\"><span style=\"color: #000000\"><span style=\"font-family: Times New Roman, serif\"><span style=\"font-size: medium\"><u>PROCURADOR<\/u><u> DE SEGUNDA INSTANCIA (<\/u><u>PARA LAS CIRCUNSCRIPCIONES ROSARIO Y VENADO TUERTO):<\/u> Dra. Mart\u00ednez, Mar\u00eda Laura (01 al 15.01.2026); Dra. Sarrias, Mariela (16 al 31.01.2026).<\/span><\/span><\/span><\/p>\n<p align=\"JUSTIFY\"><span style=\"color: #000000\"><span style=\"font-family: Times New Roman, serif\"><span style=\"font-size: medium\"><u>SECRETARIA DE LA C\u00c1MARA DE APELACI\u00d3N, DEL REGISTRO DE PROCESOS UNIVERSALES Y DEL REGISTRO DE DEUDORES ALIMENTARIOS MOROSOS:<\/u> Dra. Cescato, Silvina Alicia (01 al 15.01.2026); Dra. Olazarri, Mariana (16 al 31.01.2026).<\/span><\/span><\/span><\/p>\n<p align=\"JUSTIFY\"><span style=\"color: #000000\"><span style=\"font-family: Times New Roman, serif\"><span style=\"font-size: medium\"><u>PERSONAL DE LA C\u00c1MARA DE APELACI\u00d3N, DEL REGISTRO DE PROCESOS UNIVERSALES Y DEL REGISTRO DE DEUDORES ALIMENTARIOS MOROSOS: <\/u>Terre, Maria Paz (01 al 15.01.2026); Bonetto, Maximiliano (16 al 31.01.2026); Bistoletti, Federico Javier (01 al 15.01.2026); Belotti, Melina (16 al 31.01.2026), Mascaro, Maria Marta (01 al 15.01.2026); Kvasina, Facundo (16 al 31.01.2026). <\/span><\/span><\/span><\/p>\n<p align=\"JUSTIFY\"><span style=\"color: #000000\"><span style=\"font-family: Times New Roman, serif\"><span style=\"font-size: medium\"><u>JUZGADOS EN LO CIVIL Y COMERCIAL, DE RESPONSABILIDAD EXTRACONTRACTUAL Y ex REGISTRO PUBLICO (CON COMPETENCIA EN EL DISTRITO ROSARIO):<\/u><\/span><\/span><\/span><\/p>\n<p align=\"JUSTIFY\"><span style=\"color: #000000\"><span style=\"font-family: Times New Roman, serif\"><span style=\"font-size: medium\"><u>JUEZ:<\/u> Dr. Quiroga, Marcelo Nolberto (01 al 15.01.2026); Dr. Juarez, Luciano Daniel (16 al 31.01.2026).<\/span><\/span><\/span><\/p>\n<p align=\"JUSTIFY\"><span style=\"color: #000000\"><span style=\"font-family: Times New Roman, serif\"><span style=\"font-size: medium\"> <u>SECRETARIO<\/u>: Dr. Audano, Arturo (01 al 15.01.2026); Dra. Casas, Maria Jose (16 al 31.01.2026); Dr. Coronel, Guillermo Rogelio (01 al 15.01.2026); CPN Sarrias, Marisol (16 al 31.01.2026).<\/span><\/span><\/span><\/p>\n<p align=\"JUSTIFY\"><span style=\"color: #000000\"><span style=\"font-family: Times New Roman, serif\"><span style=\"font-size: medium\"><u>PERSONAL<\/u>: Da Silva, Soledad Anabella (01 al 15.01.2026); Nallino, Mariana Lidia (01 al 15.01.2026); Pla Sasmut, Paula Sofia (01 al 15.01.2026); Gutierrez, Maria Victoria (01 al 15.01.2026); Avalis, Hector German (01 al 15.01.2026); Serra, Rafael Alberto (16 al 31.01.2026); Kaffman, Melisa Laura (16 al 31.01.2026); Bitetti, Fernando Adrian (16 al 31.01.2026); Sferlazzo, Lucia Maria (16 al 31.01.2026); Ortiz, Gladis Rosana (16 al 31.01.2026).<\/span><\/span><\/span><\/p>\n<p align=\"JUSTIFY\"><span style=\"color: #000000\"><span style=\"font-family: Times New Roman, serif\"><span style=\"font-size: medium\"><u>JUZGADOS EN LO LABORAL (CON COMPETENCIA EN LOS DISTRITOS ROSARIO, CA\u00d1ADA DE G\u00d3MEZ, CASILDA, SAN LORENZO Y VILLA CONSTITUCI\u00d3N)<\/u>:<\/span><\/span><\/span><\/p>\n<p align=\"JUSTIFY\"><span style=\"color: #000000\"><span style=\"font-family: Times New Roman, serif\"><span style=\"font-size: medium\"><u>JUEZ:<\/u> Dra. Brisighelli, Rina Graciela (01 al 15.01.2026); Dra. Albertti, Maria Silvia (16 al 31.01.2026)<\/span><\/span><\/span><\/p>\n<p align=\"JUSTIFY\"><span style=\"color: #000000\"><span style=\"font-family: Times New Roman, serif\"><span style=\"font-size: medium\"><u>SECRETARIO:<\/u> Dra. Barone, Valeria Soledad (01 al 15.01.2026); Dra. Pagan Serra, Natalia (01 al 15.01.2026); Dra. Caviglia, Magdalena (16 al 31.01.2026); Dra. Viele, Aldana Lucrecia (16 al 31.01.2026). <\/span><\/span><\/span><\/p>\n<p align=\"JUSTIFY\"><span style=\"color: #000000\"><span style=\"font-family: Times New Roman, serif\"><span style=\"font-size: medium\"><u>PERSONAL:<\/u> Bonamin, Tomas (01 al 15.01.2026); Bruzzese, Marina (01 al 15.01.2026); Aguzzi, Hernan Dario (01 al 15.01.2026); Postiglione, Marina Alejandra (16 al 31.01.2026); Migliorisi, Maria Eugenia (16 al 31.01.2026); Bruchmann, Maria Florencia (16 al 31.01.2026).<\/span><\/span><\/span><\/p>\n<p align=\"JUSTIFY\"><span style=\"color: #000000\"><span style=\"font-family: Times New Roman, serif\"><span style=\"font-size: medium\"><u>JUZGADO UNIPERSONAL DE FAMILIA (CON COMPETENCIA EN EL DISTRITO ROSARIO):<\/u><\/span><\/span><\/span><\/p>\n<p align=\"JUSTIFY\"><span style=\"color: #000000\"><span style=\"font-family: Times New Roman, serif\"><span style=\"font-size: medium\"><u>JUEZ:<\/u> Dra. Mangani, Maria Paula (01 al 15.01.2026); Dra. Brunetti, Andrea Mariel (16 al 31.01.2026)<\/span><\/span><\/span><\/p>\n<p align=\"JUSTIFY\"><span style=\"color: #000000\"><span style=\"font-family: Times New Roman, serif\"><span style=\"font-size: medium\"><u>SECRETARIO:<\/u> Dra. Rebola, Ana Clara (01 al 15.01.2026); Dra. Bottini, Lorena Beatriz (01 al 15.01.2026); Dra. Lanfranco, Sibila (01 al 15.01.2026); Dra. Ferroni, Carolina Soledad (16 al 31.01.2026); Dra. Velasco, Mariana (16 al 31.01.2026); Dra. Zamanillo, Maria Silvia (16 al 31.01.2026).<\/span><\/span><\/span><\/p>\n<p align=\"JUSTIFY\"><span style=\"color: #000000\"><span style=\"font-family: Times New Roman, serif\"><span style=\"font-size: medium\"><u>AUXILIAR SOCIAL:<\/u> Martino, Silvana (01 al 15.01.2026); Pascual, Viviana Elisa (01 al 15.01.2026); Zolezzi, Silvina Marcela (01 al 15.01.2026); Sole Hernandez, Albana (16 al 31.01.2026); Barrios, Marisa Alejandra (16 al 31.01.2026); Jordan, Alejandra Andrea (16 al 31.01.2026).<\/span><\/span><\/span><\/p>\n<p align=\"JUSTIFY\"><span style=\"color: #000000\"><span style=\"font-family: Times New Roman, serif\"><span style=\"font-size: medium\"><u>PERSONAL:<\/u> Oldani, Victoria (01 al 15.01.2026); Sapeta Gullo, Nicolas Jorge (01 al 15.01.2026); Luna, Ligia Analia (01 al 15.01.2026); De La Torre Grenon, Ignacio Matias (01 al 15.01.2026); Pita, Francisco Nicolas (16 al 31.01.2026); Carullo, Noelia Soledad (16 al 31.01.2026); Briccola, Julieta Belen (16 al 31.01.2026); Lencina, Maria Victoria (16 al 31.01.2026).<\/span><\/span><\/span><\/p>\n<p align=\"JUSTIFY\"><span style=\"color: #000000\"><span style=\"font-family: Times New Roman, serif\"><span style=\"font-size: medium\"><u>OFICINA DE CERTIFICACIONES<\/u>:<\/span><\/span><\/span><\/p>\n<p align=\"JUSTIFY\"><span style=\"color: #000000\"><span style=\"font-family: Times New Roman, serif\"><span style=\"font-size: medium\"><u>SECRETARIO:<\/u> Dra. Boggino, Mariana Alicia (01 al 15.01.2026); Sanchez, Ivan Guillermo (16 al 31.01.2026). <\/span><\/span><\/span><\/p>\n<p align=\"JUSTIFY\"><span style=\"color: #000000\"><span style=\"font-family: Times New Roman, serif\"><span style=\"font-size: medium\"><u>PERSONAL:<\/u> Martinez, Marina Monica (01 al 15.01.2026); Tilatti, Fabian Carlos (01 al 15.01.2026); Ca\u00f1adas Cepeda, Andres (16 al 31.01.2026); Bejarano, Mario Ariel (16 al 31.01.2026).<\/span><\/span><\/span><\/p>\n<p align=\"JUSTIFY\"><span style=\"color: #000000\"><span style=\"font-family: Times New Roman, serif\"><span style=\"font-size: medium\"><u>OFICINA DE PODERES:<\/u><\/span><\/span><\/span><\/p>\n<p align=\"JUSTIFY\"><span style=\"color: #000000\"><span style=\"font-family: Times New Roman, serif\"><span style=\"font-size: medium\"><u>SECRETARIO:<\/u> Miguez, Gustavo Luis (01 al 15.01.2026); Altube, Julieta Jazmin (16 al 31.01.2026).<\/span><\/span><\/span><\/p>\n<p align=\"JUSTIFY\"><span style=\"color: #000000\"><span style=\"font-family: Times New Roman, serif\"><span style=\"font-size: medium\"><u>DIRECCI\u00d3N DE INTERVENCIONES INTERDISCIPLINARIAS (PARA LOS DISTRITOS ROSARIO, CA\u00d1ADA DE G\u00d3MEZ, CASILDA; SAN LORENZO Y VILLA CONSTITUCI\u00d3N) :<\/u><\/span><\/span><\/span><\/p>\n<p align=\"JUSTIFY\"><span style=\"color: #000000\"><span style=\"font-family: Times New Roman, serif\"><span style=\"font-size: medium\"><u>AUXILIAR SOCIAL:<\/u> Restuccio, Paola Daniela (01 al 15.01.2026); De Bella, Karina (01 al 15.01.2026); Masferrer, Ester Tatiana (16 al 31.01.2026); Ojeda, Isabel Fernanda (16 al 31.01.2026).<\/span><\/span><\/span><\/p>\n<p><span style=\"color: #000000\"><span style=\"font-family: Times New Roman, serif\"><span style=\"font-size: medium\"><u>MINISTERIOS P\u00daBLICOS (PARA LOS DISTRITOS ROSARIO, CA\u00d1ADA DE G\u00d3MEZ, CASILDA; SAN LORENZO Y VILLA CONSTITUCI\u00d3N):<\/u><\/span><\/span><\/span><\/p>\n<p align=\"JUSTIFY\"><span style=\"color: #000000\"><span style=\"font-family: Times New Roman, serif\"><span style=\"font-size: medium\"><u>PROCURADOR <\/u><u>(tiene a su cargo adem\u00e1s, la Unidad de Atenci\u00f3n a la V\u00edctima):<\/u> Dra. Martinez, Maria Laura (01 al 15.01.2026); Dr. Payro, Andres Sebastian (16 al 31.01.2026).<\/span><\/span><\/span><\/p>\n<p align=\"JUSTIFY\"><span style=\"color: #000000\"><span style=\"font-family: Times New Roman, serif\"><span style=\"font-size: medium\"><u>PERSONAL:<\/u> Faure, Agustina (01 al 15.01.2026); Di Lucca, Guido Guillermo (01 al 15.01.2026); Weiskoff, Nahara (01 al 15.01.2026); Correani, Stefania Soledad (01 al 15.01.2026); Sacchini, Maria Celeste (16 al 31.01.2026); Bistoletti, Maria Paula (16 al 31.01.2026); Barcelo, Maria Florencia (16 al 31.01.2026); Romero Buttazzoni, Blanca Catalina (16 al 31.01.2026).<\/span><\/span><\/span><\/p>\n<p><span style=\"color: #000000\"><span style=\"font-family: Times New Roman, serif\"><span style=\"font-size: medium\"><u>DEFENSORIA GENERAL DE C\u00c1MARA<\/u>:<\/span><\/span><\/span><\/p>\n<p align=\"JUSTIFY\"><span style=\"color: #000000\"><span style=\"font-family: Times New Roman, serif\"><span style=\"font-size: medium\"><u>PERSONA<\/u><u>L<\/u>: Giral, Ramiro Eduardo (01 al 15.01.2026); Pascual, Santiago (16 al 31.01.2026).<\/span><\/span><\/span><\/p>\n<p align=\"JUSTIFY\"><span style=\"color: #000000\"><span style=\"font-family: Times New Roman, serif\"><span style=\"font-size: medium\"><u>DEFENSOR CIVIL:<\/u> Dra. Paoletti, Maria Gracia (01 al 15.01.2026); Dra. Barbiero, Maria Fernanda (01 al 15.01.2026); Dr. Lopez, Santiago Nicolas (16 al 31.01.2026); Dr. Ferreyra, Horacio Fabio (16 al 31.01.2026).<\/span><\/span><\/span><\/p>\n<p align=\"JUSTIFY\"><span style=\"color: #000000\"><span style=\"font-family: Times New Roman, serif\"><span style=\"font-size: medium\"><u>PERSONAL: 4 empleados:<\/u> Feijoo, Silvana Graciela (01 al 15.01.2026); Barcelo, Maria Florencia (01 al 15.01.2026); Torriggino, Maria Laura (01 al 15.01.2026); Zarco Perez, Lucia Victoria (01 al 15.01.2026); Guardianelli, Brenda (16 al 31.01.2026); Cechi, Vanesa Elena (16 al 31.01.2026); Mattia, Mariana Gabriela (16 al 31.01.2026); Mu\u00f1oz, Paola Andrea (16 al 31.01.2026).<\/span><\/span><\/span><\/p>\n<p><span style=\"color: #000000\"><span style=\"font-family: Times New Roman, serif\"><span style=\"font-size: medium\"><u>ARCHIVO GENERAL:<\/u> <\/span><\/span><\/span><\/p>\n<p align=\"JUSTIFY\"><span style=\"color: #000000\"><span style=\"font-family: Times New Roman, serif\"><span style=\"font-size: medium\"><u>DIRECCION:<\/u> Dra. Cescato, Silvina Alicia (01 al 15.01.2026); Dra. Olazarri, Mariana (16 al 31.01.2026).<\/span><\/span><\/span><\/p>\n<p align=\"JUSTIFY\"><span style=\"color: #000000\"><span style=\"font-family: Times New Roman, serif\"><span style=\"font-size: medium\"><u>PERSONAL:<\/u> Anania, Joel Ramiro (01 al 15.01.2026); Gasparini, Carina Andrea (16 al 31.01.2026).<\/span><\/span><\/span><\/p>\n<p align=\"JUSTIFY\"><span style=\"color: #000000\"><span style=\"font-family: Times New Roman, serif\"><span style=\"font-size: medium\"><u>SUBDIRECCION DE ADMINISTRACI\u00d3N DELEGADA:<\/u> Godoy, Maria Laura (01 al 15.01.2026); Baiocchi, Hernan Andres (01 al 15.01.2026); Aguilar, Anibal (01 al 15.01.2026); Bollero, Izus Carolina (01 al 15.01.2026); Favre, Melina (16 al 31.01.2026); Maggi Riba, Cecilia Ines (16 al 31.01.2026); Cardella, Gisela Vanesa (16 al 31.01.2026); Tucciariello, Mariela Alejandra (16 al 31.01.2026); Casas, Ariel Alberto (16 al 31.01.2026).<\/span><\/span><\/span><\/p>\n<p align=\"JUSTIFY\"><span style=\"color: #000000\"><span style=\"font-family: Times New Roman, serif\"><span style=\"font-size: medium\"><u>SECRETAR\u00cdA DE INFORM\u00c1TICA:<\/u> Franza, Daniel Osvaldo (01 al 15.01.2026); Flores, Maria Candela (01 al 15.01.2026); De Iriondo, Maria Josefina (01 al 15.01.2026); Bedini, Maria Luz (01 al 15.01.2026); Escudero, Juan Pablo (01 al 15.01.2026); Galarraga, Maximiliano Rafael (16 al 31.01.2026); Ubaldi, Andres Alejandro (16 al 31.01.2026); Alvarez, Javier Eugenio (16 al 31.01.2026); Abdo, Julieta (16 al 31.01.2026).<\/span><\/span><\/span><\/p>\n<p><span style=\"color: #000000\"><span style=\"font-family: Times New Roman, serif\"><span style=\"font-size: medium\"><u>INSTITUTO M\u00c9DICO LEGAL, CONSULTORIOS M\u00c9DICOS FORENSES Y OFICINAS DE RECONOCIMIENTO M\u00c9DICO JUDICIAL:<\/u> <\/span><\/span><\/span><\/p>\n<p align=\"JUSTIFY\"><span style=\"color: #000000\"><span style=\"font-family: Times New Roman, serif\"><span style=\"font-size: medium\"><u>M\u00c9DICOS FORENSES<\/u>: Dr. Cabrejas, Nestor Joaquin (01 al 15.01.2026); Dr. Benatti Marilungo, Alexis Demian (01 al 15.01.2026); Dr. Kuverling, Lucas Matias (01 al 31.01.2026); Dr. Nagel, Carolina Alejandra (01 al 15.01.2026); Dr. Sanchez Caranicolis, German Cristian (16 al 31.01.2026); Dr. Herrera, Argentino Manuel (16 al 31.01.2026); Dra. Keller, Paula Estefania (16 al 31.01.2026).<\/span><\/span><\/span><\/p>\n<p align=\"JUSTIFY\"><span style=\"color: #000000\"><span style=\"font-family: Times New Roman, serif\"><span style=\"font-size: medium\"><u>M\u00c9DICO VISITADOR<\/u>: Dr. Bilbao, Fernando Santos (01 al 15.01.2026); Dr. Alarcon, Gustavo Hernan (16 al 31.01.2026). <\/span><\/span><\/span><\/p>\n<p><span style=\"color: #000000\"><span style=\"font-family: Times New Roman, serif\"><span style=\"font-size: medium\"><u>M\u00c9DICO PSIQUIATRA<\/u>: Dra. Felibert, Maria Gisela (01 al 31.01.2026)<u>.<\/u><\/span><\/span><\/span><\/p>\n<p align=\"JUSTIFY\"><span style=\"color: #000000\"><span style=\"font-family: Times New Roman, serif\"><span style=\"font-size: medium\"><u>PERSONAL:<\/u> Ravicule, Diego (01 al 31.01.2026); Porfilio, Dardo Luis (01 al 31.01.2026); Nu\u00f1ez, Patricio David (01 al 31.01.2026); Galvano, Emiliano Nahuel (01 al 15.01.2026); Lucarelli, Leonel Antonio (16 al 31.01.2026); Ronco, Gonzalo (01 al 31.01.2026); Russo, Melisa Lorena (01 al 17.01.2026); Steola, Flavio Oscar (01 al 15.01.2026); Cortinez, Maria Dolores (16 al 31.01.2026); Sconfienza Manavella, Jose Cristian (16 al 31.01.2026); Boyle, Francisco Jose (01 al 31.01.2026); Espina, Sandra Viviana (01 al 31.01.2026), Ag\u00fcero, Mariana Paola (01 al 31.01.2026).<\/span><\/span><\/span><\/p>\n<p align=\"JUSTIFY\"><span style=\"color: #000000\"><span style=\"font-family: Times New Roman, serif\"><span style=\"font-size: medium\"><u>LABORATORIO DE ANATOM\u00cdA PATOL\u00d3GICA<\/u>: Berutto, Maria Valeria (01 al 15.01.2026); Roccati, Sabrina (16 al 31.01.2026).<\/span><\/span><\/span><\/p>\n<p align=\"JUSTIFY\"><span style=\"color: #000000\"><span style=\"font-family: Times New Roman, serif\"><span style=\"font-size: medium\"><u>LABORATORIO DE TOXICOLOG\u00cdA<\/u>: Salas, Betina Leonela (01 al 15.01.2026).<\/span><\/span><\/span><\/p>\n<p align=\"JUSTIFY\"><span style=\"color: #000000\"><span style=\"font-family: Times New Roman, serif\"><span style=\"font-size: medium\"><u>LABORATORIO DE GEN\u00c9TICA FORENSE<\/u>: Gallina Nizzo, Gabriel Andres (01 al 15.01.2026); Grappiolo, Irene Raquel (16 al 31.01.2026).<\/span><\/span><\/span><\/p>\n<p align=\"JUSTIFY\"><span style=\"color: #000000\"><span style=\"font-family: Times New Roman, serif\"><span style=\"font-size: medium\"><u>OFICIAL DE JUSTICIA:<\/u> Bof, Guillermo Eduardo (01 al 15.01.2026); Gerger, Antonio Ramon (01 al 15.01.2026); Espinosa, Juan Manuel (16 al 31.01.2026); Marrone, Marcelo Gabriel (16 al 31.01.2026).<\/span><\/span><\/span><\/p>\n<p align=\"JUSTIFY\"><span style=\"color: #000000\"><span style=\"font-family: Times New Roman, serif\"><span style=\"font-size: medium\"><u>OFICINA DE ARQUITECTURA:<\/u> Rozas, Eduardo Pedro (01 al 31.01.2026); Viglianco, Arnaldo Jose (16 al 31.01.2026); Grossi, Luciana Silvia (16 al 31.01.2026); Acciarri, Marcelo Gabriel (16 al 31.01.2026).<\/span><\/span><\/span><\/p>\n<p align=\"JUSTIFY\"><span style=\"color: #000000\"><span style=\"font-family: Times New Roman, serif\"><span style=\"font-size: medium\"><u>PERITO CALIGRAFO:<\/u> Seisas, Gustavo Adolfo Ruperto (01 al 15.01.2026); Ritondale, Natalia Fernanda (16 al 31.01.2026).<\/span><\/span><\/span><\/p>\n<p align=\"JUSTIFY\"><span style=\"color: #000000\"><span style=\"font-family: Times New Roman, serif\"><span style=\"font-size: medium\"><u>PERITO CONTADOR OFICIAL:<\/u> Pinto, Federico Damian (01 al 15.01.2026); Rondina, Florencia (16 al 31.01.2026).<\/span><\/span><\/span><\/p>\n<p><span style=\"color: #000000\"><span style=\"font-family: Times New Roman, serif\"><span style=\"font-size: medium\"><u>BIBLIOTECA:<\/u> Fernandez, Javier Alberto (01 al 31.01.2026).<\/span><\/span><\/span><\/p>\n<p align=\"JUSTIFY\"><span style=\"color: #000000\"><span style=\"font-family: Times New Roman, serif\"><span style=\"font-size: medium\"><u>OFICINA DE INFORMACI\u00d3N:<\/u> Corona, Osvaldo Marcelo (01 al 15.01.2026); Abud, Jose Alberto (16 al 31.01.2026); Lagos, Ricardo Marcelo (16 al 31.01.2026).<\/span><\/span><\/span><\/p>\n<p><span style=\"color: #000000\"><span style=\"font-family: Times New Roman, serif\"><span style=\"font-size: medium\"><u>PERSONAL DE SERVICIO:<\/u><\/span><\/span><\/span><\/p>\n<p align=\"JUSTIFY\"><span style=\"color: #000000\"><span style=\"font-family: Times New Roman, serif\"><span style=\"font-size: medium\"><u>MAYORDOMIA:<\/u> Pensato, Franco (01 al 31.01.2026); Cardelli, Cristian Alberto (01 al 15.01.2026); Elisavetsky Juarez, Leonardo German (01 al 31.01.2026); Ponce, Maria Raquel (01 al 31.01.2026); De La Fuente, Ariel (01 al 15.01.2026); Paez, Daniel (01 al 15.01.2026); Bossio, Eduardo Alberto (01 al 31.01.2026); Vivas, Diego Alejandro (01 al 15.01.2026); Kantor, Luciano Andres (01 al 15.01.2026); Butelo Abramor, Alicia Antonia (01 al 15.01.2026); Vanrell, Federico Andres (01 al 15.01.2026); Siri, Maria Sol (01 al 15.01.2026); Penna, Maricel (01 al 15.01.2026); Mostajo Leoni, Nadia Roxana (01 al 15.01.2026); Carroba, Maria Jose (01 al 15.01.2026); Tejedor, Diego Enrique (01 al 15.01.2026); Vinciguerra, Dario Ariel (01 al 15.01.2026); Folch, Sebastian Alejandro (01 al 15.01.2026); Navarro, Pablo Andres (01 al 15.01.2026); Rodriguez, Enzo Nahuel (01 al 15.01.2026); Carazay, Manuel (16 al 31.01.2026); Pulizzi, Pablo Gerardo (16 al 31.01.2026); Maradei, Lisandro Martin (16 al 31.01.2026); Fernandez, Javier Pedro (16 al 31.01.2026); Murina Cadierno, Renzo Nahuel (16 al 31.01.2026); Ferrando, Victoria (16 al 31.01.2026); Bonifasi, Mariano Andres (16 al 31.01.2026); Kabichian, Jorge Sergio (16 al 31.01.2026); Vera, Daniel Hector (16 al 31.01.2026); Fiori, Luciano Ivan (16 al 31.01.2026); Rodriguez, Pedro David (16 al 31.01.2026); Perez, Martin Sebastian (16 al 31.01.2026); Ivanoff, Natalia Alejandra (01 al 31.01.2026); Fiori, Gaston Mart\u00edn (01 al 31.01.2026); Bravo, Melisa Del Valle (01 al 17.01.2026); Galvan, Luis Fernando (15 al 31.01.2026); Restovich, Mat\u00edas Nicol\u00e1s (15 al 31.01.2026). <u>CJP<\/u>: Ferrando, Cintia Marisa (01 al 31.01.2026); Plaza, Mario Federico (01 al 31.01.2026); Oar Spitteler, Alvaro Nahuel (01 al 31.01.2026); Casanovas, Cecilia Velia (01 al 15.01.2026); Astrada, Maria Sol (01 al 15.01.2026); Ballari, Cristian Guillermo (01 al 15.01.2026); Alonso, Andres Alfredo (01 al 15.01.2026); Castro, Gala (01 al 15.01.2026); Carrillo, Natalia Ines (01 al 15.01.2026); Graglia, Mario Alberto (01 al 15.01.2026); Luna, Dario Maximiliano (01 al 15.01.2026); Guerra, Mariano Leandro (16 al 31.01.2026); Manachino, Rocio Sabrina (16 al 31.01.2026); Marino, Nicolas (16 al 31.01.2026); Crespo, Fernando Miguel (16 al 31.01.2026); Loureiro, Natalia Mariana (16 al 31.01.2026); Sorrentino, Diego Alejandro (16 al 31.01.2026); Barranco, Diego Omar (16 al 31.01.2026). <\/span><\/span><\/span><\/p>\n<p align=\"JUSTIFY\"><span style=\"color: #000000\"><span style=\"font-family: Times New Roman, serif\"><span style=\"font-size: medium\"><u>CHOFER:<\/u> Penna, Gustavo Adolfo (01 al 15.01.2026); Ferrando, Hugo (01 al 15.01.2026); Manachino, Brian Daniel (16 al 31.01.2026).<\/span><\/span><\/span><\/p>\n<p><span style=\"color: #000000\"><span style=\"font-family: Times New Roman, serif\"><span style=\"font-size: medium\"><u>ELECTRICISTA:<\/u> Meli, Matias Leonel (01 al 31.01.2026).<\/span><\/span><\/span><\/p>\n<p align=\"JUSTIFY\"><span style=\"color: #000000\"><span style=\"font-family: Times New Roman, serif\"><span style=\"font-size: medium\"><u>CABINA TELEF\u00d3NICA:<\/u> Guerrero, Juan Carlos (01 al 15.01.2026); Hirigoyen, Romina Soledad (16 al 31.01.2026).<\/span><\/span><\/span><\/p>\n<p align=\"JUSTIFY\"><span style=\"color: #000000\"><span style=\"font-family: Times New Roman, serif\"><span style=\"font-size: medium\"><u><b>TRIBUNALES <\/b><\/u><u><b>DE CA\u00d1ADA DE GOMEZ, CASILDA, SAN LORENZO Y VILLA CONSTITUCI\u00d3N<\/b><\/u><\/span><\/span><\/span><\/p>\n<p align=\"JUSTIFY\"><span style=\"color: #000000\"><span style=\"font-family: Times New Roman, serif\"><span style=\"font-size: medium\"><u>JUZGADOS EN LO CIVIL, COMERCIAL,<\/u><u> EXTRACONTRACTUAL Y F<\/u><u>AMILIA PARA LAS LOCALIDADES DE CA\u00d1ADA DE GOMEZ, CASILDA, SAN LORENZO Y VILLA CONSTITUCI\u00d3N:<\/u><\/span><\/span><\/span><\/p>\n<p><span style=\"color: #000000\"><span style=\"font-family: Times New Roman, serif\"><span style=\"font-size: medium\"><u>Sede Casilda:<\/u><\/span><\/span><\/span><\/p>\n<p><span style=\"color: #000000\"><span style=\"font-family: Times New Roman, serif\"><span style=\"font-size: medium\"><u>JUEZ<\/u>:Dra. Gomez, Clelia Carina (01 al 15.01.2026).<\/span><\/span><\/span><\/p>\n<p><span style=\"color: #000000\"><span style=\"font-family: Times New Roman, serif\"><span style=\"font-size: medium\"><u>SECRETARIO:<\/u> Dra. Rosenburt, Aracelis (01 al 15.01.2026).<\/span><\/span><\/span><\/p>\n<p align=\"JUSTIFY\"><span style=\"color: #000000\"><span style=\"font-family: Times New Roman, serif\"><span style=\"font-size: medium\"><u>EMPLEADOS:<\/u> Galassi, Silvina Judith (01 al 15.01.2026); Saraceni, Marcelo Raul (01 al 15.01.2026); Basso, Maria Eugenia (01 al 15.01.2026); Tutau, Angelica Carolina (01 al 15.01.2026).<\/span><\/span><\/span><\/p>\n<p><span style=\"color: #000000\"><span style=\"font-family: Times New Roman, serif\"><span style=\"font-size: medium\"><u>Sede Villa Constituci\u00f3n:<\/u><\/span><\/span><\/span><\/p>\n<p><span style=\"color: #000000\"><span style=\"font-family: Times New Roman, serif\"><span style=\"font-size: medium\"><u>JUEZ:<\/u> Dr. Davini, Oscar Alberto (16 al 31.01.2026)<\/span><\/span><\/span><\/p>\n<p><span style=\"color: #000000\"><span style=\"font-family: Times New Roman, serif\"><span style=\"font-size: medium\"><u>SECRETARIO:<\/u> Dra. Puigrredon, Mariela (16 al 31.01.2026)<\/span><\/span><\/span><\/p>\n<p align=\"JUSTIFY\"><span style=\"color: #000000\"><span style=\"font-family: Times New Roman, serif\"><span style=\"font-size: medium\"><u>EMPLEADOS:<\/u> Carullo, Daniela Ines (16 al 31.01.2026); Lopez Thomas, Ivana Alejandra (16 al 31.01.2026); Tiracorda, Ana Laura (16 al 31.01.2026); Artino Zapulla, Victoria (16 al 31.01.2026). <\/span><\/span><\/span><\/p>\n<p align=\"JUSTIFY\"><span style=\"color: #000000\"><span style=\"font-family: Times New Roman, serif\"><span style=\"font-size: medium\"><u>Sede Ca\u00f1ada de G\u00f3mez:<\/u><\/span><\/span><\/span><\/p>\n<p align=\"JUSTIFY\"><span style=\"color: #000000\"><span style=\"font-family: Times New Roman, serif\"><span style=\"font-size: medium\"><u>PERSONAL DE SERVICIO:<\/u> Suarez Monaco, Rodrigo (01 al 31.01.2026).<\/span><\/span><\/span><\/p>\n<p align=\"JUSTIFY\">\n<p align=\"CENTER\"><span style=\"color: #000000\"><span style=\"font-family: Times New Roman, serif\"><span style=\"font-size: medium\"><u><b>CIRCUNSCRIPCI\u00d3N NRO. 3 &#8211; VENADO TUERTO<\/b><\/u><\/span><\/span><\/span><\/p>\n<p align=\"JUSTIFY\"><span style=\"color: #000000\"><span style=\"font-family: Times New Roman, serif\"><span style=\"font-size: medium\"><u><b>TRIBUNALES DE VENADO TUERTO<\/b><\/u><\/span><\/span><\/span><\/p>\n<p align=\"JUSTIFY\"><span style=\"color: #000000\"><span style=\"font-family: Times New Roman, serif\"><span style=\"font-size: medium\"><u>JUZGADO CIVIL Y COMERCIAL, LABORAL, FAMILIA, ex REGISTRO P\u00daBLICO Y CERTIFICACIONES (CON COMPETENCIA EN LOS DISTRITOS VENADO TUERTO, MELINCU\u00c9, FIRMAT Y RUFINO):<\/u><\/span><\/span><\/span><\/p>\n<p align=\"JUSTIFY\"><span style=\"color: #000000\"><span style=\"font-family: Times New Roman, serif\"><span style=\"font-size: medium\"><u>JUEZ:<\/u> Dr. Borselli, Martin Esteban (01 al 15.01.2026); Dr. Carlini, Gabriel Alberto (16 al 31.01.2026).<\/span><\/span><\/span><\/p>\n<p align=\"JUSTIFY\"><span style=\"color: #000000\"><span style=\"font-family: Times New Roman, serif\"><span style=\"font-size: medium\"><u>SECRETARIO:<\/u> Dra. Burlini, Daniela (01 al 15.01.2026); Dr. Bournot, Alejandro Walter (16 al 31.01.2026).<\/span><\/span><\/span><\/p>\n<p align=\"JUSTIFY\"><span style=\"color: #000000\"><span style=\"font-family: Times New Roman, serif\"><span style=\"font-size: medium\"><u>PERSONAL:<\/u> Accastelli, Nicol\u00e1s (01 al 31.01.2026); Blanco, Maria Laura (01 al 31.01.2026); Cervio, Juan Ignacio (01 al 15.01.2026); Lagna, Guido (01 al 15.01.2026); Roman, Leandro (01 al 15.01.2026); Bauducco, Evelyn (16 al 31.01.2026); Pighin Gasparroni, Florencia Ornella (16 al 31.01.2026); Quinteros, Luciana Soledad (16 al 31.01.2026).<\/span><\/span><\/span><\/p>\n<p align=\"JUSTIFY\"><span style=\"color: #000000\"><span style=\"font-family: Times New Roman, serif\"><span style=\"font-size: medium\"><u>MINISTERIOS PUBLICOS:<\/u><\/span><\/span><\/span><\/p>\n<p align=\"JUSTIFY\"><span style=\"color: #000000\"><span style=\"font-family: Times New Roman, serif\"><span style=\"font-size: medium\"><u>PROCURADOR:<\/u> Dra. Casas, Silvina Susana (01 al 15.01.2026); Dr. Palmolelli, Fernando Ivan (16 al 31.01.2026).<\/span><\/span><\/span><\/p>\n<p align=\"JUSTIFY\"><span style=\"color: #000000\"><span style=\"font-family: Times New Roman, serif\"><span style=\"font-size: medium\"><u>DEFENSOR GENERAL:<\/u> Dra. Parenti, Luciana Paola (01 al 15.01.2026); Dra. Del Castillo, Gabriela Alicia (16 al 31.01.2026)<\/span><\/span><\/span><\/p>\n<p align=\"JUSTIFY\"><span style=\"color: #000000\"><span style=\"font-family: Times New Roman, serif\"><span style=\"font-size: medium\"><u>DIRECCI\u00d3N DE INTERVENCIONES INTERDISCIPLINARIAS (CON COMPETENCIA EN LOS DISTRITOS VENADO TUERTO, MELINCU\u00c9, FIRMAT Y RUFINO):<\/u><\/span><\/span><\/span><\/p>\n<p align=\"JUSTIFY\"><span style=\"color: #000000\"><span style=\"font-family: Times New Roman, serif\"><span style=\"font-size: medium\"><u>AUXILIAR SOCIAL:<\/u> Baliani, Sandra Noemi (01 al 15.01.2026); Avila, Miguel Angel (16 al 31.01.2026).<\/span><\/span><\/span><\/p>\n<p align=\"JUSTIFY\"><span style=\"color: #000000\"><span style=\"font-family: Times New Roman, serif\"><span style=\"font-size: medium\"><u>M\u00c9DICO FORENSE:<\/u> Gonzalez, Alicia Olga (01 al 15.01.2026); Reljich Carafa, Martin (16 al 31.01.2026).<\/span><\/span><\/span><\/p>\n<p align=\"JUSTIFY\"><span style=\"color: #000000\"><span style=\"font-family: Times New Roman, serif\"><span style=\"font-size: medium\"><u>OFICIAL DE JUSTICIA:<\/u> Leale, Maria Evangelina (01 al 15.01.2026); Vallati, Marysol (16 al 31.01.2026).<\/span><\/span><\/span><\/p>\n<p align=\"JUSTIFY\"><span style=\"color: #000000\"><span style=\"font-family: Times New Roman, serif\"><span style=\"font-size: medium\"><u>PERSONAL DE SERVICIO:<\/u> Pettinari, Bruno Ezequiel (01 al 15.01.2026); Villarreal, Guillermo (16 al 31.01.2026).<\/span><\/span><\/span><\/p>\n<p align=\"JUSTIFY\"><span style=\"color: #000000\"><span style=\"font-family: Times New Roman, serif\"><span style=\"font-size: medium\"><u>Sede Melincu\u00e9:<\/u><\/span><\/span><\/span><\/p>\n<p align=\"JUSTIFY\"><span style=\"color: #000000\"><span style=\"font-family: Times New Roman, serif\"><span style=\"font-size: medium\"><u>PERSONAL DE SERVICIO:<\/u> Ostoich, Jorge Nazareno Santiago (01 al 31.01.2026).<\/span><\/span><\/span><\/p>\n<p align=\"JUSTIFY\"><span style=\"color: #000000\"><span style=\"font-family: Times New Roman, serif\"><span style=\"font-size: medium\"><u>Sede Rufino:<\/u><\/span><\/span><\/span><\/p>\n<p align=\"JUSTIFY\"><span style=\"color: #000000\"><span style=\"font-family: Times New Roman, serif\"><span style=\"font-size: medium\"><u>PERSONAL DE SERVICIO:<\/u> Fantino, Daniel Oscar (01 al 15.01.2026).<\/span><\/span><\/span><\/p>\n<p align=\"JUSTIFY\"><span style=\"color: #000000\"><span style=\"font-family: Times New Roman, serif\"><span style=\"font-size: medium\"><u><b>INGRESANTES Y SUBROGANTES SIN ANTIG\u00dcEDAD CIRCUNSCRIPCIONES 2 Y 3:<\/b><\/u><b> <\/b><u>Feria completa:<\/u> Accastelli, Nicol\u00e1s; Alcain, Agust\u00edn; Aldao, Eugenia Mar\u00eda; Almada, Martina; Batres, Mar\u00eda Virginia; Berlanga, Roc\u00edo; Boyeras, Morena; Caboret, Antonella Alejandra; Chiarrello, Antonella; Garc\u00eda Verdondoni, Guadalupe Isabel; Gritti, Tomas Daniel, Gusparo, Mart\u00edn Alejandro; Horner, Ana Clara; Larripa, Gabriela Fabiana; Martinez, Daniela Bel\u00e9n; Mendiaz, Ramiro; Palaia, Alexis Nicol\u00e1s; Pinela, Noelia Julieta; Pintos, Diego Daniel; Rodriguez, Mar\u00eda Eugenia Maite; Roman, Lenadro; Ronco, Gonzalo; Rubio Bonnet, Mar\u00eda Antonela; Saita, Victoria Aldana, Suarez Monaco, Rodrigo; Schvindt, Sabrina Ayelen; Viola, Agustina Nahir Aylen; Romero, Nicol\u00e1s Ezequiel; Olive, Lucas; Rodenas, Josefina. <u>Media Feria<\/u>: Ameriso, Rodrigo Mario; Aragon, Virginia Pilar; Bravo, Melisa Del Valle; Cabrera, Tamara Soledad; Fiori, Gaston Mart\u00edn; Galvan, Luis Fernando; Garcia, Carlos Gonzalo; Ivanoff, Natalia Alejandra; Lezcano Bournissent, Nicolas Guillermo; Marozzini Zgaga, Mar\u00eda Eugenia; Michati Dobberthin, Ricardo; Picotti Cubilla, Nala De Los Angeles; Pietracini, Agostina; Quiroga, Ayelen Roc\u00edo; Restovich, Matias Nicolas; Russo, Melisa Lorena; Toia, Maria Ines; Vegas, Florencia Soledad; Venini, Julia. <\/span><\/span><\/span><\/p>\n<p align=\"JUSTIFY\">\n<p align=\"JUSTIFY\">\n<p align=\"CENTER\"><span style=\"color: #000000\"><span style=\"font-family: Times New Roman, serif\"><span style=\"font-size: medium\"><u><b>CIRCUNSCRIPCI\u00d3N NRO. 4 &#8211; RECONQUISTA<\/b><\/u><\/span><\/span><\/span><\/p>\n<p align=\"JUSTIFY\"><span style=\"color: #000000\"><span style=\"font-family: Times New Roman, serif\"><span style=\"font-size: medium\"><u><b>TRIBUNALES DE RECONQUISTA<\/b><\/u><\/span><\/span><\/span><\/p>\n<p align=\"JUSTIFY\"><span style=\"color: #000000\"><span style=\"font-family: Times New Roman, serif\"><span style=\"font-size: medium\"><u>JUZGADOS CIVIL Y COMERCIAL, CIRCUITO, LABORAL, FAMILIA, ex REGISTRO P\u00daBLICO Y CERTIFICACIONES (CON COMPETENCIA EN LOS DISTRITOS RECONQUISTA, VERA Y VILLA OCAMPO\/ LAS TOSCAS):<\/u><\/span><\/span><\/span><\/p>\n<p align=\"JUSTIFY\"><span style=\"color: #000000\"><span style=\"font-family: Times New Roman, serif\"><span style=\"font-size: medium\"><u>JUEZ:<\/u> Dr. Raschetti, Franco (01 al 15.01.2026); Dra. Della Rosa, Mar\u00eda del Mar (16 al 31.01.2026).<\/span><\/span><\/span><\/p>\n<p align=\"JUSTIFY\"><span style=\"color: #000000\"><span style=\"font-family: Times New Roman, serif\"><span style=\"font-size: medium\"><u>SECRETARIO:<\/u> Dr. Angaramo, Guillermo Dami\u00e1n (01 al 15.01.2026); Dra. Cantero, Laura Carolina (16 al 31.01.2026).<\/span><\/span><\/span><\/p>\n<p align=\"JUSTIFY\"><span style=\"color: #000000\"><span style=\"font-family: Times New Roman, serif\"><span style=\"font-size: medium\"><u>PERSONAL:<\/u> Ram\u00faa, Mart\u00edn Andr\u00e9s (01 al 15.01.2026); Palavecino, Ileana Soledad (01 al 15.01.2026); Bacca, Lucila Laura (01 al 15.01.2026); Zilli, Rodrigo Luis (01 al 15.01.2026); D\u00edaz, Alberto Daniel (01 al 15.01.2026); Buyatti, Paola Vanesa (16 al 31.01.2026); Echevarria Block, Luis Tom\u00e1s (16 al 31.01.2026); Zacar\u00edas, Carlos Andr\u00e9s (16 al 31.01.2026); Paruzzo, Anah\u00ed (16 al 31.01.2026); Rodriguez, Nadia Guadalupe (16 al 31.01.2026).<\/span><\/span><\/span><\/p>\n<p align=\"JUSTIFY\"><span style=\"color: #000000\"><span style=\"font-family: Times New Roman, serif\"><span style=\"font-size: medium\"><u>DIRECCI\u00d3N DE INTERVENCIONES INTERDISCIPLINARIAS (CON COMPETENCIA EN LOS DISTRITOS DE RECONQUISTA, VERA, VILLA OCAMPO\/ LAS TOSCAS):<\/u><\/span><\/span><\/span><\/p>\n<p align=\"JUSTIFY\"><span style=\"color: #000000\"><span style=\"font-family: Times New Roman, serif\"><span style=\"font-size: medium\"><u>AUXILIAR SOCIAL:<\/u> Alvarez, Mar\u00eda Eugenia (01 al 15.01.2026); Esquivel, Silvina Mabel (16 al 31.01.2026).<\/span><\/span><\/span><\/p>\n<p align=\"JUSTIFY\"><span style=\"color: #000000\"><span style=\"font-family: Times New Roman, serif\"><span style=\"font-size: medium\"><u>MINISTERIOS P\u00daBLICOS (PARA LOS DISTRITOS RECONQUISTA Y VILLA OCAMPO\/ LAS TOSCAS):<\/u><\/span><\/span><\/span><\/p>\n<p align=\"JUSTIFY\"><span style=\"color: #000000\"><span style=\"font-family: Times New Roman, serif\"><span style=\"font-size: medium\"><u>PROCURADOR:<\/u> Dr. Garc\u00eda Calvo, Jos\u00e9 Ricardo (01 al 15.01.2026); Dr. Celli, Marino Gabriel (16 al 31.01.2026).<\/span><\/span><\/span><\/p>\n<p align=\"JUSTIFY\"><span style=\"color: #000000\"><span style=\"font-family: Times New Roman, serif\"><span style=\"font-size: medium\"><u>DEFENSOR GENERAL:<\/u> Dra. Silvestri, Paola Noem\u00ed (01 al 15.01.2026); Dra. Ballario, Mar\u00eda Martina (16 al 31.01.2026).<\/span><\/span><\/span><\/p>\n<p align=\"JUSTIFY\"><span style=\"color: #000000\"><span style=\"font-family: Times New Roman, serif\"><span style=\"font-size: medium\"><u>PERSONAL:<\/u> Lorenz\u00f3n, Evelyn Noem\u00ed (01 al 31.01.2026). <\/span><\/span><\/span><\/p>\n<p align=\"JUSTIFY\"><span style=\"color: #000000\"><span style=\"font-family: Times New Roman, serif\"><span style=\"font-size: medium\"><u>M\u00c9DICO FORENSE:<\/u> Dr. Goldaraz, Horacio Emilio (01 al 15.01.2026); Dr. Henares, Eduardo Andr\u00e9s (16 al 31.01.2026).<\/span><\/span><\/span><\/p>\n<p align=\"JUSTIFY\"><span style=\"color: #000000\"><span style=\"font-family: Times New Roman, serif\"><span style=\"font-size: medium\"><u>AYUDANTE M\u00c9DICO FORENSE:<\/u> L\u00f3pez, Mar\u00eda Victoria (01 al 15.01.2026); Mendoza, Mar\u00eda Emilia (16 al 31.01.2026).<\/span><\/span><\/span><\/p>\n<p align=\"JUSTIFY\"><span style=\"color: #000000\"><span style=\"font-family: Times New Roman, serif\"><span style=\"font-size: medium\"><u>OFICIAL DE JUSTICIA:<\/u> Liendo, Emiliano Mat\u00edas (01 al 15.01.2026); Iba\u00f1ez, Fernando David (16 al 31.01.2026).<\/span><\/span><\/span><\/p>\n<p align=\"JUSTIFY\"><span style=\"color: #000000\"><span style=\"font-family: Times New Roman, serif\"><span style=\"font-size: medium\"><u>PERSONAL DE SERVICIO:<\/u> Fern\u00e1ndez, Paola Graciela (01 al 15.01.2026); Ulrich, Mar\u00eda Silvina (16 al 31.01.2026); M\u00e1rquez, Mar\u00eda Jos\u00e9 (01 al 15.01.2026); Cantero, Mat\u00edas Ren\u00e9 (16 al 31.01.2026).<\/span><\/span><\/span><\/p>\n<p align=\"JUSTIFY\"><span style=\"color: #000000\"><span style=\"font-family: Times New Roman, serif\"><span style=\"font-size: medium\"><u>MAYORDOMO:<\/u> Nardelli, Eduardo Pedro (01 al 31.01.2026).<\/span><\/span><\/span><\/p>\n<p align=\"JUSTIFY\"><span style=\"color: #000000\"><span style=\"font-family: Times New Roman, serif\"><span style=\"font-size: medium\"><u>CHOFER:<\/u> Ittig, Nelson Horacio (01 al 15.01.2026); Friggeri, Iv\u00e1n Gustavo (16 al 31.01.2026). <\/span><\/span><\/span><\/p>\n<p align=\"JUSTIFY\"><span style=\"color: #000000\"><span style=\"font-family: Times New Roman, serif\"><span style=\"font-size: medium\"><u><b>TRIBUNALES DE VILLA OCAMPO:<\/b><\/u><b> <\/b><\/span><\/span><\/span><\/p>\n<p align=\"JUSTIFY\"><span style=\"color: #000000\"><span style=\"font-family: Times New Roman, serif\"><span style=\"font-size: medium\"><u>PERSONAL:<\/u> Catalani, Paula Noel (01 al 15.01.2026); Feresin, Victoria (16 al 31.01.2026).<\/span><\/span><\/span><\/p>\n<p align=\"JUSTIFY\"><span style=\"color: #000000\"><span style=\"font-family: Times New Roman, serif\"><span style=\"font-size: medium\"><u>CHOFER:<\/u> Ittig, Nelson Horacio (01 al 15.01.2026); Friggeri, Iv\u00e1n Gustavo (16 al 31.01.2026). <\/span><\/span><\/span><\/p>\n<p align=\"JUSTIFY\"><span style=\"color: #000000\"><span style=\"font-family: Times New Roman, serif\"><span style=\"font-size: medium\"><u><b>TRIBUNALES DE VERA<\/b><\/u><\/span><\/span><\/span><\/p>\n<p align=\"JUSTIFY\"><span style=\"color: #000000\"><span style=\"font-family: Times New Roman, serif\"><span style=\"font-size: medium\"><u>PERSONAL:<\/u> Mehauod, Mar\u00eda Victoria (01 al 15.01.2026); Bola\u00f1o Celestino, Mar\u00eda Luisina (01 al 15.01.2026); Perez, Mari\u00e1ngeles Elisabet (16 al 31.01.2026); Burella, Iv\u00e1n Ezequiel (16 al 31.01.2026).<\/span><\/span><\/span><\/p>\n<p align=\"JUSTIFY\"><span style=\"color: #000000\"><span style=\"font-family: Times New Roman, serif\"><span style=\"font-size: medium\"><u>MINISTERIOS P\u00daBLICOS (PARA EL DISTRITO VERA):<\/u><\/span><\/span><\/span><\/p>\n<p align=\"JUSTIFY\"><span style=\"color: #000000\"><span style=\"font-family: Times New Roman, serif\"><span style=\"font-size: medium\"><u>PROCURADOR:<\/u> Dr. Garc\u00eda Calvo, Jos\u00e9 Ricardo (01 al 15.01.2026); Dr. Celli, Marino Gabriel (16 al 31.01.2026).<\/span><\/span><\/span><\/p>\n<p align=\"JUSTIFY\"><span style=\"color: #000000\"><span style=\"font-family: Times New Roman, serif\"><span style=\"font-size: medium\"><u>DEFENSOR GENERAL:<\/u> Dra. Silvestri, Paola Noem\u00ed (01 al 15.01.2026); Dra. Ballario, Mar\u00eda Martina (16 al 31.01.2026).<\/span><\/span><\/span><\/p>\n<p align=\"JUSTIFY\"><span style=\"color: #000000\"><span style=\"font-family: Times New Roman, serif\"><span style=\"font-size: medium\"><u>PERSONAL<\/u>: Rodriguez, Luciana Magal\u00ed (01 al 15.01.2026); Oehrli, Facundo Germ\u00e1n (15 al 31.01.2026).<\/span><\/span><\/span><\/p>\n<p align=\"JUSTIFY\"><span style=\"color: #000000\"><span style=\"font-family: Times New Roman, serif\"><span style=\"font-size: medium\"><u>M\u00c9DICO FORENSE:<\/u> Dr. Goldaraz, Horacio Emilio (01 al 15.01.2026); Dr. Henares, Eduardo Andr\u00e9s (16 al 31.01.2026).<\/span><\/span><\/span><\/p>\n<p align=\"JUSTIFY\"><span style=\"color: #000000\"><span style=\"font-family: Times New Roman, serif\"><span style=\"font-size: medium\"><u>AYUDANTE M\u00c9DICO FORENSE:<\/u> L\u00f3pez, Mar\u00eda Victoria (01 al 15.01.2026); Mendoza, Mar\u00eda Emilia (16 al 31.01.2026).<\/span><\/span><\/span><\/p>\n<p align=\"JUSTIFY\"><span style=\"color: #000000\"><span style=\"font-family: Times New Roman, serif\"><span style=\"font-size: medium\"><u>OFICIAL DE JUSTICIA:<\/u> Rojas, Ra\u00fal Marcelo (01 al 15.01.2026); Chantiri, Gerardo Fabi\u00e1n (16 al 31.01.2026).<\/span><\/span><\/span><\/p>\n<p align=\"JUSTIFY\"><span style=\"color: #000000\"><span style=\"font-family: Times New Roman, serif\"><span style=\"font-size: medium\"><u>PERSONAL DE SERVICIO:<\/u> Cabrera, Ezequiel David (01 al 15.01.2026); Fern\u00e1ndez Garc\u00eda, Ezequiel (16 al 31.01.2026).<\/span><\/span><\/span><\/p>\n<p align=\"JUSTIFY\"><span style=\"color: #000000\"><span style=\"font-family: Times New Roman, serif\"><span style=\"font-size: medium\"><u>CHOFER:<\/u> Ittig, Nelson Horacio (01 al 15.01.2026); Friggeri, Iv\u00e1n Gustavo (16 al 31.01.2026).<\/span><\/span><\/span><\/p>\n<p align=\"JUSTIFY\">\n<p align=\"JUSTIFY\">\n<p align=\"CENTER\"><span style=\"color: #000000\"><span style=\"font-family: Times New Roman, serif\"><span style=\"font-size: medium\"><u><b>CIRCUNSCRIPCI\u00d3N NRO. 5 &#8211; RAFAELA<\/b><\/u><\/span><\/span><\/span><\/p>\n<p align=\"JUSTIFY\"><span style=\"color: #000000\"><span style=\"font-family: Times New Roman, serif\"><span style=\"font-size: medium\"><u><b>TRIBUNALES DE RAFAELA<\/b><\/u><\/span><\/span><\/span><\/p>\n<p align=\"JUSTIFY\"><span style=\"color: #000000\"><span style=\"font-family: Times New Roman, serif\"><span style=\"font-size: medium\"><u>JUZGADOS CIVIL Y COMERCIAL, CIRCUITO, LABORAL, FAMILIA, ex REGISTRO P\u00daBLICO Y CERTIFICACIONES (CON COMPETENCIA EN LOS DISTRITOS RAFAELA, TOSTADO Y SAN CRIST\u00d3BAL -incluye CERES):<\/u><\/span><\/span><\/span><\/p>\n<p align=\"JUSTIFY\"><span style=\"color: #000000\"><span style=\"font-family: Times New Roman, serif\"><span style=\"font-size: medium\"><u>JUEZ:<\/u> Dra. B\u00e1scolo Ocampo, Liza (01 al 15.01.2026); Dr. Mar\u00edn, Lucas (16 al 31.01.2026).<\/span><\/span><\/span><\/p>\n<p align=\"JUSTIFY\"><span style=\"color: #000000\"><span style=\"font-family: Times New Roman, serif\"><span style=\"font-size: medium\"><u>SECRETARIO:<\/u> Dra. Carinelli, Natalia (01 al 15.01.2026); Dra. Trossero, Mar\u00eda Victoria (16 al 31.01.2026).<\/span><\/span><\/span><\/p>\n<p align=\"JUSTIFY\"><span style=\"color: #000000\"><span style=\"font-family: Times New Roman, serif\"><span style=\"font-size: medium\"><u>PERSONAL:<\/u> Ercole, Mar\u00eda Ver\u00f3nica (01 al 15.01.2026); Galizzi, Adriana Mar\u00eda (01 al 17.01.2026); Bruno, Jerem\u00edas Roberto (01 al 15.01.2026); Alesio, M\u00f3nica Beatriz (01 al 15.01.2026); Dalla Fontana, Antonio Nicol\u00e1s (01 al 15.01.2026); Sanchez, Gimena (01 al 15.01.2026); Franzosi, Eduardo Silvio (01 al 15.01.2026); Bonfanti, Ludmila Agostina (16 al 31.01.2026); Ferreyra, Andrea Natalia (16 al 31.01.2026); Kaufmann, Guillermo Andr\u00e9s(16 al 31.01.2026); Guntern, Gisela (16 al 31.01.2026); Febre, Jos\u00e9 Manuel (16 al 31.01.2026); Schneider, Mar\u00eda Josefina (16 al 31.01.2026); Valor, Antonela Magal\u00ed (16 al 31.01.2026); Jossen, Catalina (01 al 17.01.2026); Schachtel, Mauricio Agust\u00edn (01 al 31.01.2026); Ojeda, Melina Bel\u00e9n (01 al 31.01.2026); Franconi, Brenda (01 al 31.01.2026); Merlini, Facundo (01 al 31.01.2026).<\/span><\/span><\/span><\/p>\n<p align=\"JUSTIFY\"><span style=\"color: #000000\"><span style=\"font-family: Times New Roman, serif\"><span style=\"font-size: medium\"><u>DIRECCI\u00d3N DE INTERVENCIONES INTERDISCIPLINARIAS (CON COMPETENCIA EN LOS DISTRITOS DE RAFAELA, SAN CRIST\u00d3BAL Y TOSTADO):<\/u><\/span><\/span><\/span><\/p>\n<p align=\"JUSTIFY\"><span style=\"color: #000000\"><span style=\"font-family: Times New Roman, serif\"><span style=\"font-size: medium\"><u>AUXILIAR SOCIAL:<\/u> Allasia, Mariana Laura (01 al 15.01.2026); Perren, Gabriela Noem\u00ed (16 al 31.01.2026).<\/span><\/span><\/span><\/p>\n<p align=\"JUSTIFY\"><span style=\"color: #000000\"><span style=\"font-family: Times New Roman, serif\"><span style=\"font-size: medium\"><u>MINISTERIOS P\u00daBLICOS:<\/u><\/span><\/span><\/span><\/p>\n<p align=\"JUSTIFY\"><span style=\"color: #000000\"><span style=\"font-family: Times New Roman, serif\"><span style=\"font-size: medium\"><u>PROCURADOR:<\/u> Dra. Castellano, Carolina Andrea (01 al 31.01.2026).<\/span><\/span><\/span><\/p>\n<p align=\"JUSTIFY\"><span style=\"color: #000000\"><span style=\"font-family: Times New Roman, serif\"><span style=\"font-size: medium\"><u>DEFENSOR GENERAL<\/u>: Dra. De Caminos, M\u00f3nica Beatriz (01 al 31.01.2026).<\/span><\/span><\/span><\/p>\n<p align=\"JUSTIFY\"><span style=\"color: #000000\"><span style=\"font-family: Times New Roman, serif\"><span style=\"font-size: medium\"><u>PERSONAL<\/u>: Beltramo, Alexis Ezequiel (01 al 15.01.2026); Cicutti, Giuliana Mar\u00eda (16 al 31.01.2026); Elfenbein, Celina (01 al 15.01.2026); Porco, Laura Mar\u00eda (16 al 31.01.2026).<\/span><\/span><\/span><\/p>\n<p align=\"JUSTIFY\"><span style=\"color: #000000\"><span style=\"font-family: Times New Roman, serif\"><span style=\"font-size: medium\"><u>OFICIAL DE JUSTICIA<\/u>: Piccioni, Anabela (01 al 15.01.2026); Olivera, Marcela Raquel (16 al 31.01.2026).<\/span><\/span><\/span><\/p>\n<p align=\"JUSTIFY\"><span style=\"color: #000000\"><span style=\"font-family: Times New Roman, serif\"><span style=\"font-size: medium\"><u>HABILITACI\u00d3N DELEGADA<\/u>: Meneghetti, Carolina Andrea (01 al 15.01.2026); Riveros, Roc\u00edo Bel\u00e9n (16 al 31.01.2026).<\/span><\/span><\/span><\/p>\n<p align=\"JUSTIFY\"><span style=\"color: #000000\"><span style=\"font-family: Times New Roman, serif\"><span style=\"font-size: medium\"><u>PERSONAL DE SERVICIO:<\/u> Perren, Mar\u00eda del Valle (01 al 15.01.2026); Domenicone, Lucas Emanuel (01 al 17.01.2026); Devar, Romina (16 al 31.01.2026); Duarte, Maximiliano (16 al 31.01.2026).<\/span><\/span><\/span><\/p>\n<p align=\"JUSTIFY\"><span style=\"color: #000000\"><span style=\"font-family: Times New Roman, serif\"><span style=\"font-size: medium\"><u>CHOFER:<\/u> Ciocan, Alan Gabriel (01 al 15.01.2026); Galarza, Cristian (16 al 31.01.2026).<\/span><\/span><\/span><\/p>\n<p align=\"JUSTIFY\"><span style=\"color: #000000\"><span style=\"font-family: Times New Roman, serif\"><span style=\"font-size: medium\"><u><b>TRIBUNALES DE SAN CRIST\u00d3BAL<\/b><\/u><\/span><\/span><\/span><\/p>\n<p align=\"JUSTIFY\"><span style=\"color: #000000\"><span style=\"font-family: Times New Roman, serif\"><span style=\"font-size: medium\"><u>MINISTERIOS P\u00daBLICOS:<\/u><\/span><\/span><\/span><\/p>\n<p align=\"JUSTIFY\"><span style=\"color: #000000\"><span style=\"font-family: Times New Roman, serif\"><span style=\"font-size: medium\"><u>PROCURADOR:<\/u> Dra. Castellano, Carolina Andrea (01 al 31.01.2026).<\/span><\/span><\/span><\/p>\n<p align=\"JUSTIFY\"><span style=\"color: #000000\"><span style=\"font-family: Times New Roman, serif\"><span style=\"font-size: medium\"><u>DEFENSOR GENERAL:<\/u> Dra. De Caminos, M\u00f3nica Beatriz (01 al 31.01.2026).<\/span><\/span><\/span><\/p>\n<p align=\"JUSTIFY\"><span style=\"color: #000000\"><span style=\"font-family: Times New Roman, serif\"><span style=\"font-size: medium\"><u>PERSONAL:<\/u> Bessonart, Ver\u00f3nica Soledad (01 al 31.01.2026); Blanche, Augusto Federico (01 al 31.01.2026). <\/span><\/span><\/span><\/p>\n<p align=\"JUSTIFY\"><span style=\"color: #000000\"><span style=\"font-family: Times New Roman, serif\"><span style=\"font-size: medium\"><u>PERSONAL DE SERVICIO:<\/u> Traversi, Carolina (01 al 15.01.2026); Poggio, Germ\u00e1n Andr\u00e9s (16 al 31.01.2026).<\/span><\/span><\/span><\/p>\n<p align=\"JUSTIFY\"><span style=\"color: #000000\"><span style=\"font-family: Times New Roman, serif\"><span style=\"font-size: medium\"><u>CHOFER:<\/u> Ciocan, Alan Gabriel (01 al 15.01.2026); Galarza, Cristian (16 al 31.01.2026).<\/span><\/span><\/span><\/p>\n<p align=\"JUSTIFY\"><span style=\"color: #000000\"><span style=\"font-family: Times New Roman, serif\"><span style=\"font-size: medium\"><u><b>TRIBUNALES DE TOSTADO<\/b><\/u><\/span><\/span><\/span><\/p>\n<p align=\"JUSTIFY\"><span style=\"color: #000000\"><span style=\"font-family: Times New Roman, serif\"><span style=\"font-size: medium\"><u>MINISTERIOS P\u00daBLICOS:<\/u><\/span><\/span><\/span><\/p>\n<p align=\"JUSTIFY\"><span style=\"color: #000000\"><span style=\"font-family: Times New Roman, serif\"><span style=\"font-size: medium\"><u>PROCURADOR:<\/u> Dra. Castellano, Carolina Andrea (01 al 31.01.2026).<\/span><\/span><\/span><\/p>\n<p align=\"JUSTIFY\"><span style=\"color: #000000\"><span style=\"font-family: Times New Roman, serif\"><span style=\"font-size: medium\"><u>DEFENSOR GENERAL:<\/u> Dra. De Caminos, M\u00f3nica Beatriz (01 al 31.01.2026).<\/span><\/span><\/span><\/p>\n<p align=\"JUSTIFY\"><span style=\"color: #000000\"><span style=\"font-family: Times New Roman, serif\"><span style=\"font-size: medium\"><u>PERSONAL:<\/u> Palermo, Victoria Mariel (01 al 15.01.2026); Rold\u00e1n, Claudia Beatriz (16 al 31.01.2026).<\/span><\/span><\/span><\/p>\n<p align=\"JUSTIFY\"><span style=\"color: #000000\"><span style=\"font-family: Times New Roman, serif\"><span style=\"font-size: medium\"><span lang=\"es-MX\"><u>CHOFER:<\/u><\/span><span lang=\"es-MX\"> Ciocan, Alan Gabriel (01 al 15.01.2026); Galarza, Cristian (16 al 31.01.2026).<\/span><\/span><\/span><\/span><\/p>\n<p lang=\"es-MX\" align=\"JUSTIFY\"><span style=\"color: #000000\"><span style=\"font-family: Times New Roman, serif\"><span style=\"font-size: medium\"><u><b>TRIBUNALES DE CERES: <\/b><\/u><\/span><\/span><\/span><\/p>\n<p align=\"JUSTIFY\"><span style=\"color: #000000\"><span style=\"font-family: Times New Roman, serif\"><span style=\"font-size: medium\"><span lang=\"es-MX\"><u>PERSONAL:<\/u><\/span><span lang=\"es-MX\"> Elia, Jorge Daniel Fortunato (01 al 15.01.2026); Agustini, Rub\u00e9n Andr\u00e9s (01 al 31.01.2026); Gutierrez, Emiliano Luis (01 al 31.01.2026). <\/span><\/span><\/span><\/span><\/p>\n<p align=\"JUSTIFY\"><span style=\"color: #000000\"><span style=\"font-family: Times New Roman, serif\"><span style=\"font-size: medium\"><span lang=\"es-MX\"><u>CHOFER:<\/u><\/span><span lang=\"es-MX\"> Ciocan, Alan Gabriel (01 al 15.01.2026); Galarza, Cristian (16 al 31.01.2026).<\/span><\/span><\/span><\/span><\/p>\n<p align=\"LEFT\">\n<div class=\"gsp_post_data\" data-post_type=\"circulares\" data-cat=\"\" data-modified=\"120\" data-title=\"Circular nro. 131. Personal de feria Enero 2026.\" data-home=\"https:\/\/www.justiciasantafe.gov.ar\"><\/div>","protected":false},"excerpt":{"rendered":"<p>Circular Nro. 131\/25 Santa Fe, 17 de diciembre de 2025. Se\u00f1or Titular del \u00d3rgano Jurisdiccional S \/ D Me dirijo a Ud. a fin de comunicarle, para su conocimiento y notificaci\u00f3n a todos los integrantes de ese \u00f3rgano jurisdiccional, que en el Acuerdo celebrado el d\u00eda 16.12.2025, Acta N\u00b051, pto. 31, la Corte Suprema de [&#8230;]\n","protected":false},"author":72,"featured_media":0,"menu_order":0,"template":"","format":"standard","meta":{"_acf_changed":false,"footnotes":""},"categories":[],"tags":[],"class_list":["post-59968","circulares","type-circulares","status-publish","format-standard","hentry"],"acf":{"i2t_anio":2025,"i2t_id_historico":"","i2t_autor_historico":""},"_links":{"self":[{"href":"https:\/\/www.justiciasantafe.gov.ar\/index.php\/wp-json\/wp\/v2\/circulares\/59968","targetHints":{"allow":["GET"]}}],"collection":[{"href":"https:\/\/www.justiciasantafe.gov.ar\/index.php\/wp-json\/wp\/v2\/circulares"}],"about":[{"href":"https:\/\/www.justiciasantafe.gov.ar\/index.php\/wp-json\/wp\/v2\/types\/circulares"}],"author":[{"embeddable":true,"href":"https:\/\/www.justiciasantafe.gov.ar\/index.php\/wp-json\/wp\/v2\/users\/72"}],"version-history":[{"count":4,"href":"https:\/\/www.justiciasantafe.gov.ar\/index.php\/wp-json\/wp\/v2\/circulares\/59968\/revisions"}],"predecessor-version":[{"id":60184,"href":"https:\/\/www.justiciasantafe.gov.ar\/index.php\/wp-json\/wp\/v2\/circulares\/59968\/revisions\/60184"}],"wp:attachment":[{"href":"https:\/\/www.justiciasantafe.gov.ar\/index.php\/wp-json\/wp\/v2\/media?parent=59968"}],"wp:term":[{"taxonomy":"category","embeddable":true,"href":"https:\/\/www.justiciasantafe.gov.ar\/index.php\/wp-json\/wp\/v2\/categories?post=59968"},{"taxonomy":"post_tag","embeddable":true,"href":"https:\/\/www.justiciasantafe.gov.ar\/index.php\/wp-json\/wp\/v2\/tags?post=59968"}],"curies":[{"name":"wp","href":"https:\/\/api.w.org\/{rel}","templated":true}]}}