 {"id":66028,"date":"2026-04-23T13:47:14","date_gmt":"2026-04-23T16:47:14","guid":{"rendered":"https:\/\/www.justiciasantafe.gov.ar\/?post_type=circulares&#038;p=66028"},"modified":"2026-04-23T13:47:14","modified_gmt":"2026-04-23T16:47:14","slug":"circular-nro-38-concurso-secretarios-de-primera-instancia-de-distrito-para-los-fueros-civil-y-comercial-laboral-y-secretarias-de-primera-instancia-de-circuito-pertenecientes-a-las-circunscripciones","status":"publish","type":"circulares","link":"https:\/\/www.justiciasantafe.gov.ar\/index.php\/circulares\/circular-nro-38-concurso-secretarios-de-primera-instancia-de-distrito-para-los-fueros-civil-y-comercial-laboral-y-secretarias-de-primera-instancia-de-circuito-pertenecientes-a-las-circunscripciones\/","title":{"rendered":"Circular nro. 38. Concurso Secretarios de Primera Instancia de Distrito para los Fueros Civil y Comercial, Laboral y Secretar\u00edas de Primera Instancia de Circuito pertenecientes a las Circunscripciones Judiciales N\u00ba 2 y 3"},"content":{"rendered":"<div class=\"pdfprnt-buttons pdfprnt-buttons-circulares pdfprnt-top-right\"><a href=\"https:\/\/www.justiciasantafe.gov.ar\/index.php\/wp-json\/wp\/v2\/circulares\/66028?print=pdf\" class=\"pdfprnt-button pdfprnt-button-pdf\" target=\"_blank\"><img decoding=\"async\" src=\"https:\/\/www.justiciasantafe.gov.ar\/wp-content\/plugins\/pdf-print-pro\/images\/pdf.png?357112440\" alt=\"image_pdf\" title=\"Ver PDF\" \/><\/a><a href=\"https:\/\/www.justiciasantafe.gov.ar\/index.php\/wp-json\/wp\/v2\/circulares\/66028?print=print\" class=\"pdfprnt-button pdfprnt-button-print\" target=\"_blank\"><img decoding=\"async\" src=\"https:\/\/www.justiciasantafe.gov.ar\/wp-content\/plugins\/pdf-print-pro\/images\/print.png?1674575983\" alt=\"image_print\" title=\"Imprimir contenido\" \/><\/a><\/div><p align=\"RIGHT\"><span style=\"color: #000000\"><u><b>Circular Nro. 38\/26.-<\/b><\/u><\/span><\/p>\n<p align=\"RIGHT\"><span style=\"color: #000000\">Santa Fe, 23 de abril de 2026.-<\/span><\/p>\n<p align=\"JUSTIFY\"><span style=\"color: #000000\">Se\u00f1or<\/span><\/p>\n<p align=\"JUSTIFY\"><span style=\"color: #000000\">Titular del \u00d3rgano Jurisdiccional<\/span><\/p>\n<p align=\"JUSTIFY\"><span style=\"color: #000000\"><u>S \/ D<\/u><\/span><\/p>\n<p align=\"JUSTIFY\"><span style=\"color: #000000\"><span style=\"font-family: Times New Roman, serif\">Para su conocimiento y notificaci\u00f3n a los dem\u00e1s integrantes de esa dependencia, me dirijo a Ud. a fin de comunicarle que por resoluci\u00f3n de la Secretar\u00eda de Gobierno de la Corte Suprema de Justicia de la Provincia de fecha 15.04.2026, ratificada por Acuerdo del Alto Tribunal celebrado el d\u00eda 21 de abril de 2026, Acta N\u00b0 12 punto 3, se ha dispuesto llamar a Concurso para la provisi\u00f3n de los siguientes cargos:<\/span><\/span><\/p>\n<p align=\"JUSTIFY\"><span style=\"color: #000000\"><u><b><span style=\"font-family: Times New Roman, serif\">SE<\/span><span style=\"font-family: Times New Roman, serif\">CRETA<\/span><span style=\"font-family: Times New Roman, serif\">RIOS DE PRIMERA INSTANCIA DE DISTRITO PARA LOS FUEROS CIVIL Y COMERCIAL, LABORAL Y SECRETAR\u00cdAS DE PRIMERA INSTANCIA DE CIRCUITO PERTENECIENTES A LAS CIRCUNSCRIPCIONES JUDICIALES N\u00b0 2 Y 3<\/span><span style=\"font-family: Times New Roman, serif\"><span style=\"font-size: medium\">. <\/span><\/span><\/b><\/u><\/span><\/p>\n<p align=\"JUSTIFY\"><span style=\"color: #000000\"><span style=\"font-family: Times New Roman, serif\"><u><b>Car\u00e1cter del concurso<\/b><\/u><\/span><\/span><span style=\"color: #000000\"><span style=\"font-family: Times New Roman, serif\"><b>:<\/b><\/span><\/span><span style=\"color: #000000\"><span style=\"font-family: Times New Roman, serif\"> Abierto, de antecedentes y oposici\u00f3n.<\/span><\/span><\/p>\n<p align=\"JUSTIFY\"><span style=\"color: #000000\"><span style=\"font-family: Times New Roman, serif\"><u><b>Requisitos:<\/b><\/u><\/span><\/span><\/p>\n<p align=\"JUSTIFY\"><span style=\"color: #000000\"><span style=\"font-family: Times New Roman, serif\"><b> a)<\/b><\/span><\/span><span style=\"color: #000000\"><span style=\"font-family: Times New Roman, serif\"> Poseer ciudadan\u00eda argentina; <\/span><\/span><\/p>\n<p align=\"JUSTIFY\"><span style=\"color: #000000\"><span style=\"font-family: Times New Roman, serif\"><b>b)<\/b><\/span><\/span><span style=\"color: #000000\"><span style=\"font-family: Times New Roman, serif\"> Mayor\u00eda de edad;<\/span><\/span><\/p>\n<p align=\"JUSTIFY\"><span style=\"color: #000000\"><span style=\"font-family: Times New Roman, serif\"><b>c)<\/b><\/span><\/span><span style=\"color: #000000\"><span style=\"font-family: Times New Roman, serif\"> T\u00edtulo de abogado o escribano con d<\/span><\/span><span style=\"color: #000000\"><span style=\"font-family: Times New Roman, serif\"><span style=\"font-size: medium\">os a\u00f1os de antig\u00fcedad en el mismo a la fecha del llamado a concurso<\/span><\/span><\/span><span style=\"color: #000000\"><span style=\"font-family: Times New Roman, serif\"><span style=\"font-size: medium\">;<\/span><\/span><\/span><\/p>\n<p align=\"JUSTIFY\"><span style=\"color: #000000\"><span style=\"font-family: Times New Roman, serif\"><b>d)<\/b><\/span><\/span><span style=\"color: #000000\"><span style=\"font-family: Times New Roman, serif\"> D<\/span><\/span><span style=\"color: #000000\"><span style=\"font-family: Times New Roman, serif\"><span style=\"font-size: medium\"><span lang=\"es-AR\">os a\u00f1os de residencia inmediata en la provincia si no hubieren nacido en ella debidamente acreditados<\/span><\/span><\/span><\/span><span style=\"color: #000000\"><span style=\"font-family: Times New Roman, serif\">;<\/span><\/span><\/p>\n<p align=\"JUSTIFY\"><span style=\"color: #000000\"><span style=\"font-family: Times New Roman, serif\"><b>e)<\/b><\/span><\/span><span style=\"color: #000000\"><span style=\"font-family: Times New Roman, serif\"> Certificaci\u00f3n de la Oficina Judicial correspondiente de no hallarse incluido en el Registro de Deudores Alimentarios <\/span><\/span><span style=\"color: #000000\"><span style=\"font-family: Times New Roman, serif\">Morosos;<\/span><\/span><\/p>\n<p align=\"JUSTIFY\"><span style=\"color: #000000\"><span style=\"font-family: Times New Roman, serif\"><b>f)<\/b><\/span><\/span><span style=\"color: #000000\"><span style=\"font-family: Times New Roman, serif\"> Buenos antecedentes de conducta, acreditados con el Certificado respectivo otorgado por la Polic\u00eda de la Provincia;<\/span><\/span><\/p>\n<p align=\"JUSTIFY\"><span style=\"color: #000000\"><span style=\"font-family: Times New Roman, serif\"><b>g) <\/b><\/span><\/span><span style=\"color: #000000\"><span style=\"font-family: Times New Roman, serif\"><span style=\"font-size: medium\"><span lang=\"es-AR\">Constancia del Colegio profesional correspondiente de no poseer sanciones en los \u00faltimos diez a\u00f1os para quienes no pertenezcan al Poder Judicial <\/span><\/span><\/span><\/span><span style=\"color: #000000\"><span style=\"font-family: Times New Roman, serif\"><span style=\"font-size: medium\"><span lang=\"es-MX\">(con emisi\u00f3n actualizada a la fecha de inscripci\u00f3n al llamado a concurso).<\/span><\/span><\/span><\/span><\/p>\n<p align=\"JUSTIFY\"><span style=\"color: #000000\"><span style=\"font-family: Times New Roman, serif\"><u><b>Per\u00edodo de inscripci\u00f3n:<\/b><\/u><\/span><\/span><span style=\"color: #000000\"><span style=\"font-family: Times New Roman, serif\"> Del 18 al 29 de mayo de 2026, ambas fechas inclusive, debiendo los interesados presentar las respectivas solicitudes -en el formulario confeccionado al efecto-, ante la Secretar\u00eda Letrada de la Corte Suprema de Justicia en Rosario, mencionando y acompa\u00f1ando, en su caso, todos los antecedentes que estimen convenientes, los que deber\u00e1n ser retirados dentro del plazo de dos meses una vez resuelto el concurso.<\/span><\/span><\/p>\n<p align=\"JUSTIFY\"><span style=\"color: #000000\"><span style=\"font-family: Times New Roman, serif\"><u><b>Ex\u00e1menes de oposici\u00f3n<\/b><\/u><\/span><\/span><span style=\"color: #000000\"><span style=\"font-family: Times New Roman, serif\"><b>:<\/b><\/span><\/span> <span style=\"color: #000000\"><span style=\"font-family: Times New Roman, serif\"><span style=\"font-size: medium\">Disponer que se efectuar\u00e1n oposiciones escritas a los postulantes correspondiendo a los fueros Civil y Comercial; Laboral y de Circuito, con evaluaciones para cubrir las vacantes mencionadas; estableciendo que, a los fines de los requerimientos por especializaciones dispuestas para los concursos mencionados, los contenidos de las evaluaciones versar\u00e1n sobre doctrina, jurisprudencia y legislaci\u00f3n vigente y\/o definitiva (de fondo y de forma); como as\u00ed tambi\u00e9n todo lo concerniente a la competencia de las funciones de los Secretarios<\/span><\/span><\/span><span style=\"color: #000000\"><span style=\"font-family: Times New Roman, serif\">.<\/span><\/span><\/p>\n<p align=\"JUSTIFY\"><span style=\"color: #000000\"><span style=\"font-family: Times New Roman, serif\"><span style=\"font-size: medium\">Los ex\u00e1menes escritos de oposici\u00f3n ser\u00e1n tres, uno por cada fuero (uno por Civil y Comercial y de Circuito; uno por Laboral y uno por fuero pleno), con la modalidad de multiple choice, descont\u00e1ndose un punto por cada pregunta contestada en forma incorrecta sobre el total de las preguntas respondidas. La evaluaci\u00f3n contar\u00e1 con cien preguntas, estableciendo que pasar\u00e1n a la instancia de la entrevista personal dispuesta en el art\u00edculo 2\u00b0, apartado b) del Reglamento para la Provisi\u00f3n de Cargos de Funcionarios en el Poder Judicial quienes hayan obtenido hasta una calificaci\u00f3n m\u00ednima de cincuenta y cinco (55) puntos sobre un m\u00e1ximo de cien (100) puntos del examen.<\/span><\/span><\/span><\/p>\n<p align=\"JUSTIFY\"><span style=\"color: #000000\"><span style=\"font-family: Times New Roman, serif\"><span style=\"font-size: medium\"> Disponer que a partir<\/span><\/span><\/span><b> <\/b><span style=\"color: #000000\"><span style=\"font-family: Times New Roman, serif\"><span style=\"font-size: medium\">del d\u00eda 23 de junio de 2026 se comenzar\u00e1 con los ex\u00e1menes de oposici\u00f3n. <\/span><\/span><\/span><\/p>\n<p align=\"JUSTIFY\"><span style=\"color: #000000\"><span style=\"font-family: Times New Roman, serif\"><span style=\"font-size: medium\"> A los fines de determinar las fechas y horas de la recepci\u00f3n de los ex\u00e1menes de menci\u00f3n cada postulante deber\u00e1 efectuar la confirmaci\u00f3n de asistencia desde el d\u00eda 16 al 18 de junio de 2026 inclusive, de forma indefectible, en la Mesa de Entradas de la Secretar\u00eda de la Corte de Rosario, o al e-mail <\/span><\/span><\/span><span style=\"color: #000080\"><span lang=\"zxx\"><u><a href=\"mailto:movimros1@justiciasantafe.gov.ar\"><span style=\"color: #000000\"><span style=\"font-family: Times New Roman, serif\"><span style=\"font-size: small\">movimros1@justiciasantafe.gov.ar<\/span><\/span><\/span><\/a><\/u><\/span><\/span><span style=\"color: #000000\"><span style=\"font-family: Times New Roman, serif\"><span style=\"font-size: medium\">, notific\u00e1ndose de esta manera de la fecha y hora de su presentaci\u00f3n al examen.<\/span><\/span><\/span><\/p>\n<p align=\"JUSTIFY\"><span style=\"color: #000000\"><span style=\"font-family: Times New Roman, serif\"><span style=\"font-size: medium\"> Finalizado el concurso, la Corte se expedir\u00e1 sobre el puntaje de cada concursante y establecer\u00e1 la lista de orden de m\u00e9rito. Los cargos llamados a concursar se cubrir\u00e1n conforme dicho listado. El concurso tendr\u00e1 vigencia para la cobertura de los cargos vacantes a partir del d\u00eda 25 de febrero de 2027 y durante el per\u00edodo que corresponda al cumplimiento de dos a\u00f1os a contar desde dicha fecha o desde que el resultado del mismo derive en definitivo, si fuere posterior al d\u00eda mencionado, en consecuencia, deber\u00e1n cubrirse y titularizarse de acuerdo al orden de m\u00e9rito del mencionado listado, considerando \u00fanicamente a aquellos aspirantes que hubieran obtenido un puntaje superior a sesenta puntos (60). En caso de que no queden aspirantes que re\u00fanan est\u00e9 \u00faltimo requisito se llamar\u00e1 a nuevo concurso.<\/span><\/span><\/span><\/p>\n<p align=\"JUSTIFY\"><span style=\"color: #000000\"><u><b>Entrevistas Personales<\/b><\/u><\/span><span style=\"color: #000000\"><b>:<\/b><\/span><span style=\"color: #000000\"> Asimismo, en su oportunidad se designar\u00e1 la fecha para la recepci\u00f3n de entrevistas personales a los postulantes inscriptos que re\u00fanan las exigencias legales y reglamentarias.<\/span><\/p>\n<p align=\"JUSTIFY\"><span style=\"color: #000000\">El concurso precedente se realizar\u00e1 de acuerdo a las prescripciones contenidas en el Reglamento vigente para la provisi\u00f3n de Cargos de Funcionarios en el Poder Judicial.<\/span><\/p>\n<p lang=\"es-ES\" align=\"JUSTIFY\"><span style=\"color: #000000\"><span style=\"font-size: medium\">Saludo a Ud. atentamente.<\/span><\/span><\/p>\n<p lang=\"es-ES\" align=\"JUSTIFY\">\n<p lang=\"es-ES\" align=\"JUSTIFY\">Dr. Eduardo Bordas<\/p>\n<p lang=\"es-ES\" align=\"JUSTIFY\">Secretario de Gobierno<\/p>\n<p lang=\"es-ES\" align=\"JUSTIFY\">\n<p lang=\"es-ES\" align=\"JUSTIFY\">Formulario de inscripci\u00f3n:\u00a0 <a href=\"https:\/\/www.justiciasantafe.gov.ar\/wp-content\/uploads\/2026\/04\/CIRC-38-26-ANEXO.pdf\" target=\"\" rel=\"attachment wp-att-66039\">CIRC-38-26 ANEXO<\/a><\/p>\n<div class=\"gsp_post_data\" data-post_type=\"circulares\" data-cat=\"\" data-modified=\"120\" data-title=\"Circular nro. 38. Concurso Secretarios de Primera Instancia de Distrito para los Fueros Civil y Comercial, Laboral y Secretar\u00edas de Primera Instancia de Circuito pertenecientes a las Circunscripciones Judiciales N\u00ba 2 y 3\" data-home=\"https:\/\/www.justiciasantafe.gov.ar\"><\/div>","protected":false},"excerpt":{"rendered":"<p>Circular Nro. 38\/26.- Santa Fe, 23 de abril de 2026.- Se\u00f1or Titular del \u00d3rgano Jurisdiccional S \/ D Para su conocimiento y notificaci\u00f3n a los dem\u00e1s integrantes de esa dependencia, me dirijo a Ud. a fin de comunicarle que por resoluci\u00f3n de la Secretar\u00eda de Gobierno de la Corte Suprema de Justicia de la Provincia [&#8230;]\n","protected":false},"author":72,"featured_media":0,"menu_order":0,"template":"","format":"standard","meta":{"_acf_changed":false,"footnotes":""},"categories":[],"tags":[],"class_list":["post-66028","circulares","type-circulares","status-publish","format-standard","hentry"],"acf":{"i2t_anio":2026,"i2t_id_historico":"","i2t_autor_historico":""},"_links":{"self":[{"href":"https:\/\/www.justiciasantafe.gov.ar\/index.php\/wp-json\/wp\/v2\/circulares\/66028","targetHints":{"allow":["GET"]}}],"collection":[{"href":"https:\/\/www.justiciasantafe.gov.ar\/index.php\/wp-json\/wp\/v2\/circulares"}],"about":[{"href":"https:\/\/www.justiciasantafe.gov.ar\/index.php\/wp-json\/wp\/v2\/types\/circulares"}],"author":[{"embeddable":true,"href":"https:\/\/www.justiciasantafe.gov.ar\/index.php\/wp-json\/wp\/v2\/users\/72"}],"version-history":[{"count":1,"href":"https:\/\/www.justiciasantafe.gov.ar\/index.php\/wp-json\/wp\/v2\/circulares\/66028\/revisions"}],"predecessor-version":[{"id":66040,"href":"https:\/\/www.justiciasantafe.gov.ar\/index.php\/wp-json\/wp\/v2\/circulares\/66028\/revisions\/66040"}],"wp:attachment":[{"href":"https:\/\/www.justiciasantafe.gov.ar\/index.php\/wp-json\/wp\/v2\/media?parent=66028"}],"wp:term":[{"taxonomy":"category","embeddable":true,"href":"https:\/\/www.justiciasantafe.gov.ar\/index.php\/wp-json\/wp\/v2\/categories?post=66028"},{"taxonomy":"post_tag","embeddable":true,"href":"https:\/\/www.justiciasantafe.gov.ar\/index.php\/wp-json\/wp\/v2\/tags?post=66028"}],"curies":[{"name":"wp","href":"https:\/\/api.w.org\/{rel}","templated":true}]}}