 {"id":66639,"date":"2026-04-30T11:56:36","date_gmt":"2026-04-30T14:56:36","guid":{"rendered":"https:\/\/www.justiciasantafe.gov.ar\/?post_type=circulares&#038;p=66639"},"modified":"2026-04-30T11:56:36","modified_gmt":"2026-04-30T14:56:36","slug":"circular-nro-46-llamado-a-concurso-para-cubrir-un-cargo-de-abogado-referencista-para-la-secretaria-de-informatica-de-los-tribunales-de-santa-fe","status":"publish","type":"circulares","link":"https:\/\/www.justiciasantafe.gov.ar\/index.php\/circulares\/circular-nro-46-llamado-a-concurso-para-cubrir-un-cargo-de-abogado-referencista-para-la-secretaria-de-informatica-de-los-tribunales-de-santa-fe\/","title":{"rendered":"Circular nro. 46. Llamado a concurso para cubrir un cargo de Abogado Referencista para la Secretar\u00eda de Inform\u00e1tica de los Tribunales de Santa Fe"},"content":{"rendered":"<div class=\"pdfprnt-buttons pdfprnt-buttons-circulares pdfprnt-top-right\"><a href=\"https:\/\/www.justiciasantafe.gov.ar\/index.php\/wp-json\/wp\/v2\/circulares\/66639?print=pdf\" class=\"pdfprnt-button pdfprnt-button-pdf\" target=\"_blank\"><img decoding=\"async\" src=\"https:\/\/www.justiciasantafe.gov.ar\/wp-content\/plugins\/pdf-print-pro\/images\/pdf.png?357112440\" alt=\"image_pdf\" title=\"Ver PDF\" \/><\/a><a href=\"https:\/\/www.justiciasantafe.gov.ar\/index.php\/wp-json\/wp\/v2\/circulares\/66639?print=print\" class=\"pdfprnt-button pdfprnt-button-print\" target=\"_blank\"><img decoding=\"async\" src=\"https:\/\/www.justiciasantafe.gov.ar\/wp-content\/plugins\/pdf-print-pro\/images\/print.png?1674575983\" alt=\"image_print\" title=\"Imprimir contenido\" \/><\/a><\/div><p align=\"RIGHT\"><span style=\"color: #000000\"><u><b>Circular N\u00b0 46\/26.<\/b><\/u><\/span><\/p>\n<p align=\"CENTER\">\n<p align=\"RIGHT\"><span style=\"color: #000000\">Santa Fe, 30 de abril de 2026.<\/span><\/p>\n<p align=\"JUSTIFY\"><span style=\"color: #000000\">Se\u00f1or<\/span><\/p>\n<p align=\"JUSTIFY\"><span style=\"color: #000000\">Titular del \u00d3rgano Jurisdiccional<\/span><\/p>\n<p align=\"JUSTIFY\"><span style=\"color: #000000\"><u>S \/ D<\/u><\/span><\/p>\n<p align=\"JUSTIFY\"><span style=\"color: #000000\">Para su conocimiento y notificaci\u00f3n a los dem\u00e1s integrantes de esa dependencia, me dirijo a Ud. a fin de comunicarle que por resoluci\u00f3n de la Secretar\u00eda de Gobierno de fecha 28.4.2026, ratificada por Acuerdo de la Corte Suprema de Justicia de la Provincia celebrado el d\u00eda 28.4.2026, Acta N\u00b0 13, punto 3, se ha dispuesto llamar a Concurso para la provisi\u00f3n del siguiente cargo:<\/span><\/p>\n<p align=\"JUSTIFY\"><span style=\"color: #000000\"><u><b>UN CARGO DE ABOGADO REFERENCISTA (CATEGOR\u00cdA PRESUPUESTARIA DE JEFE DE DEPARTAMENTO) EN LA SECRETAR\u00cdA DE INFORM\u00c1TICA DE LOS TRIBUNALES DE SANTA FE , Y TODA OTRA TAREA QUE LE ASIGNE LA CORTE SUPREMA DE JUSTICIA, CON UNA DEDICACI\u00d3N SEMANAL M\u00cdNIMA DE 45 HORAS,<\/b><\/u><\/span><\/p>\n<p align=\"JUSTIFY\"><span style=\"color: #000000\"><u><b>Car\u00e1cter del concurso<\/b><\/u><\/span><span style=\"color: #000000\"><b>:<\/b><\/span><span style=\"color: #000000\"> Abierto, de antecedentes y en su caso de oposici\u00f3n.<\/span><\/p>\n<p align=\"JUSTIFY\"><span style=\"color: #000000\"><u><b>Requisitos:<\/b><\/u><\/span> <span style=\"color: #000000\"><b> a)<\/b><\/span><span style=\"color: #000000\"> Poseer ciudadan\u00eda argentina; <\/span><\/p>\n<p align=\"JUSTIFY\"><span style=\"color: #000000\"><b>b)<\/b><\/span><span style=\"color: #000000\"> Mayor\u00eda de edad;<\/span><\/p>\n<p align=\"JUSTIFY\"><span style=\"color: #000000\"><b>c)<\/b><\/span><span style=\"color: #000000\"> T\u00edtulo de Abogado; <\/span><\/p>\n<p align=\"JUSTIFY\"><span style=\"color: #000000\"><b>d) <\/b><\/span><span style=\"color: #000000\">Residencia no menor de dos a\u00f1os en la Provincia si no hubieren nacido en ella;<\/span><\/p>\n<p align=\"JUSTIFY\"><span style=\"color: #000000\"><b>e) <\/b><\/span><span style=\"color: #000000\">Buenos antecedentes de conducta; <\/span><\/p>\n<p align=\"JUSTIFY\"><span style=\"color: #000000\"><b>f)<\/b><\/span><span style=\"color: #000000\"> Certificaci\u00f3n de la Oficina Judicial correspondiente de no hallarse incluido en el Registro de Deudores Alimentarios Morosos;<\/span><\/p>\n<p align=\"JUSTIFY\"><span style=\"color: #000000\"><b>g)<\/b><\/span><span style=\"color: #000000\"> Poseer capacitaci\u00f3n relacionada con el objeto del llamado a concurso, a cuyo efecto deber\u00e1n acompa\u00f1ar a su solicitud de inscripci\u00f3n, todo antecedente \u2013debidamente certificado- que considere pertinente;<\/span><\/p>\n<p align=\"JUSTIFY\"><span style=\"color: #000000\"><b>h)<\/b><\/span><span style=\"color: #000000\"> Acreditar haberse desempe\u00f1ado en actividades documental\u00edsticas, especialmente en la b\u00fasqueda selecci\u00f3n y tratamiento de informaci\u00f3n jur\u00eddica;<\/span><\/p>\n<p align=\"JUSTIFY\"><span style=\"color: #000000\"><b>i) <\/b><\/span><span style=\"color: #000000\">Experiencia en organizaci\u00f3n y publicaci\u00f3n de informaci\u00f3n en bases documentales jur\u00eddicas. Nociones referidas a la sumarizaci\u00f3n de fallos de distintos fueros e instancias;<\/span><\/p>\n<p align=\"JUSTIFY\"><span style=\"color: #000000\"><b>j) <\/b><\/span><span style=\"color: #000000\">Conocimiento de los diversos sistemas de gesti\u00f3n judicial utilizados en el Poder Judicial de Santa Fe, y experiencia en atenci\u00f3n a usuarios de sistemas inform\u00e1ticos y bases documentales;<\/span><\/p>\n<p lang=\"es-ES\" align=\"JUSTIFY\"><span style=\"font-family: Arial Unicode MS, sans-serif\"><span style=\"color: #000000\"><span style=\"font-family: Times New Roman, serif\"><b>k) <\/b><\/span><\/span><span style=\"color: #000000\"><span style=\"font-family: Times New Roman, serif\"><span lang=\"es-MX\">Conocimiento de los reglamentos y pautas vigentes sobre presentaciones electr\u00f3nicas, expediente digital, protocolizaci\u00f3n, y firma digital<\/span><\/span><\/span><span style=\"color: #010101\"><span style=\"font-family: Times New Roman, serif\"><span lang=\"es-MX\">;<\/span><\/span><\/span><\/span><\/p>\n<p lang=\"es-ES\" align=\"JUSTIFY\"><span style=\"color: #010101\"> <span style=\"font-family: Arial Unicode MS, sans-serif\"><span style=\"font-family: Times New Roman, serif\"><span lang=\"es-MX\"><b>l<\/b><\/span><\/span><\/span><\/span><span style=\"color: #000000\"><span style=\"font-family: Times New Roman, serif\"><span lang=\"es-MX\"><b>)<\/b><\/span><\/span><\/span><span style=\"color: #000000\"><span style=\"font-family: Times New Roman, serif\"><span lang=\"es-MX\"> Se tendr\u00e1<\/span><\/span><\/span><span style=\"color: #010101\"><span style=\"font-family: Times New Roman, serif\"><span lang=\"es-MX\">n especialmente en cuenta: i) Otros t\u00edtulos; ii) Haberse desempe\u00f1ado como docente<\/span><\/span><\/span><span style=\"color: #010101\"><span style=\"font-family: Times New Roman, serif\"><span lang=\"es-MX\">, o colaborador en cursos de capacitaci\u00f3n en el \u00e1rea inform\u00e1tica. iii) Concurrencia a cur<\/span><\/span><\/span><span style=\"color: #010101\"><span style=\"font-family: Times New Roman, serif\"><span lang=\"es-MX\">sos, congresos, reuniones cient\u00edficas, trabajos, etc. relacionados al derecho inform\u00e1tico e inform\u00e1tica jur\u00eddica. iv) Otros antecedentes; <\/span><\/span><\/span><\/p>\n<p lang=\"es-ES\" align=\"JUSTIFY\"><span style=\"font-family: Arial Unicode MS, sans-serif\"><span style=\"color: #010101\"><span style=\"font-family: Times New Roman, serif\"><span lang=\"es-MX\"><b>m)<\/b><\/span><\/span><\/span><span style=\"color: #010101\"><span style=\"font-family: Times New Roman, serif\"><span lang=\"es-MX\"> S<\/span><\/span><\/span><span style=\"color: #010101\"><span style=\"font-family: Times New Roman, serif\"><span lang=\"es-AR\">i el postulante pertenece al Poder Judicial, deber\u00e1 contar como empleado titular con una antig\u00fcedad de dos a\u00f1os calendarios anteriores al de la fecha del llamado a concurso, y dos a\u00f1os calendarios anteriores en el t\u00edtulo de Abogado, previos al de la fecha del llamado a concurso; y si el postulante al cargo referido no pertenece al Poder Judicial, deber\u00e1 acreditar por lo menos dos a\u00f1os calendarios anteriores de antig\u00fcedad en el t\u00edtulo, previos al de la fecha del llamado a concurso.<\/span><\/span><\/span><\/span><\/p>\n<p align=\"JUSTIFY\"><span style=\"color: #000000\"><u><b>Per\u00edodo de inscripci\u00f3n:<\/b><\/u><\/span><span style=\"color: #000000\"> Del 4 al 15 de mayo del corriente a\u00f1o, ambas fechas inclusive, en horario de atenci\u00f3n al p\u00fablico de 7:15 a 12:45 horas, debiendo los interesados presentar las respectivas solicitudes -en el formulario confeccionado al efecto-, ante la Secretar\u00eda de Gobierno de la Corte Suprema de Justicia en Santa Fe, mencionando y acompa\u00f1ando, en su caso, todos los antecedentes que estimen convenientes, los que deber\u00e1n ser retirados dentro del plazo de dos meses una vez resuelto el concurso.<\/span><\/p>\n<p align=\"JUSTIFY\"><span style=\"color: #000000\"><u><b>Ex\u00e1menes de oposici\u00f3n<\/b><\/u><\/span><span style=\"color: #000000\"><b>:<\/b><\/span><span style=\"color: #000000\"> En caso de as\u00ed disponerse, oportunamente se designar\u00e1n las fechas para los ex\u00e1menes de oposici\u00f3n.<\/span><\/p>\n<p align=\"JUSTIFY\"><span style=\"color: #000000\"><u><b>Entrevistas Personales<\/b><\/u><\/span><span style=\"color: #000000\"><b>:<\/b><\/span><span style=\"color: #000000\"> Igualmente, en su oportunidad se designar\u00e1 la fecha para la recepci\u00f3n de entrevistas personales a los postulantes inscriptos que re\u00fanan las exigencias legales y reglamentarias.<\/span><\/p>\n<p align=\"JUSTIFY\"><span style=\"color: #000000\">El concurso precedente se realizar\u00e1 de acuerdo a las prescripciones contenidas en el Reglamento vigente para la provisi\u00f3n de Cargos de Funcionarios en el Poder Judicial.<\/span><\/p>\n<p align=\"JUSTIFY\"><span style=\"color: #000000\">Saludo a Ud. atentamente.<\/span><\/p>\n<p align=\"JUSTIFY\">\n<p align=\"JUSTIFY\">Dr. Eduardo Bordas<\/p>\n<p align=\"JUSTIFY\">Secretario de Gobierno<\/p>\n<p align=\"JUSTIFY\">\n<p align=\"JUSTIFY\">Formulario de inscripci\u00f3n:\u00a0 <a href=\"https:\/\/www.justiciasantafe.gov.ar\/wp-content\/uploads\/2026\/04\/CIRC-46-26-ANEXO.pdf\" target=\"\" rel=\"attachment wp-att-66640\">CIRC-46-26 ANEXO<\/a><\/p>\n<div class=\"gsp_post_data\" data-post_type=\"circulares\" data-cat=\"\" data-modified=\"120\" data-title=\"Circular nro. 46. Llamado a concurso para cubrir un cargo de Abogado Referencista para la Secretar\u00eda de Inform\u00e1tica de los Tribunales de Santa Fe\" data-home=\"https:\/\/www.justiciasantafe.gov.ar\"><\/div>","protected":false},"excerpt":{"rendered":"<p>Circular N\u00b0 46\/26. Santa Fe, 30 de abril de 2026. Se\u00f1or Titular del \u00d3rgano Jurisdiccional S \/ D Para su conocimiento y notificaci\u00f3n a los dem\u00e1s integrantes de esa dependencia, me dirijo a Ud. a fin de comunicarle que por resoluci\u00f3n de la Secretar\u00eda de Gobierno de fecha 28.4.2026, ratificada por Acuerdo de la Corte [&#8230;]\n","protected":false},"author":72,"featured_media":0,"menu_order":0,"template":"","format":"standard","meta":{"_acf_changed":false,"footnotes":""},"categories":[],"tags":[],"class_list":["post-66639","circulares","type-circulares","status-publish","format-standard","hentry"],"acf":{"i2t_anio":2026,"i2t_id_historico":"","i2t_autor_historico":""},"_links":{"self":[{"href":"https:\/\/www.justiciasantafe.gov.ar\/index.php\/wp-json\/wp\/v2\/circulares\/66639","targetHints":{"allow":["GET"]}}],"collection":[{"href":"https:\/\/www.justiciasantafe.gov.ar\/index.php\/wp-json\/wp\/v2\/circulares"}],"about":[{"href":"https:\/\/www.justiciasantafe.gov.ar\/index.php\/wp-json\/wp\/v2\/types\/circulares"}],"author":[{"embeddable":true,"href":"https:\/\/www.justiciasantafe.gov.ar\/index.php\/wp-json\/wp\/v2\/users\/72"}],"version-history":[{"count":1,"href":"https:\/\/www.justiciasantafe.gov.ar\/index.php\/wp-json\/wp\/v2\/circulares\/66639\/revisions"}],"predecessor-version":[{"id":66641,"href":"https:\/\/www.justiciasantafe.gov.ar\/index.php\/wp-json\/wp\/v2\/circulares\/66639\/revisions\/66641"}],"wp:attachment":[{"href":"https:\/\/www.justiciasantafe.gov.ar\/index.php\/wp-json\/wp\/v2\/media?parent=66639"}],"wp:term":[{"taxonomy":"category","embeddable":true,"href":"https:\/\/www.justiciasantafe.gov.ar\/index.php\/wp-json\/wp\/v2\/categories?post=66639"},{"taxonomy":"post_tag","embeddable":true,"href":"https:\/\/www.justiciasantafe.gov.ar\/index.php\/wp-json\/wp\/v2\/tags?post=66639"}],"curies":[{"name":"wp","href":"https:\/\/api.w.org\/{rel}","templated":true}]}}