 {"id":31930,"date":"2023-02-08T09:43:13","date_gmt":"2023-02-08T12:43:13","guid":{"rendered":"https:\/\/www.justiciasantafe.gov.ar\/?post_type=compras&#038;p=31930"},"modified":"2023-02-08T09:43:13","modified_gmt":"2023-02-08T12:43:13","slug":"licitacion-publica-n-05-20","status":"publish","type":"compras","link":"https:\/\/www.justiciasantafe.gov.ar\/index.php\/compras\/licitacion-publica-n-05-20\/","title":{"rendered":"Licitaci\u00f3n P\u00fablica N\u00b0 05\/20"},"content":{"rendered":"<p>&#8220;Adquisici\u00f3n de equipamiento inform\u00e1tico y reemplazo de obsoletos para el Poder Judicial de Santa Fe&#8221;<\/p>\n<p>&nbsp;<\/p>\n<p>ACLARATORIA<\/p>\n<p><a href=\"https:\/\/www.justiciasantafe.gov.ar\/wp-content\/uploads\/2023\/02\/3926.pdf\" target=\"_blank\" rel=\"noopener\">Aclaraci\u00f3n p\u00fablica 5-20<\/a><\/p>\n<p><a href=\"https:\/\/www.justiciasantafe.gov.ar\/wp-content\/uploads\/2023\/02\/3918.pdf\" target=\"_blank\" rel=\"noopener\">ANEXO_V<\/a><\/p>\n<p><a href=\"https:\/\/www.justiciasantafe.gov.ar\/wp-content\/uploads\/2023\/02\/3917.pdf\" target=\"_blank\" rel=\"noopener\">ANEXO_IV_UPS_ZONA NORTE<\/a><\/p>\n<p><a href=\"https:\/\/www.justiciasantafe.gov.ar\/wp-content\/uploads\/2023\/02\/3916.pdf\" target=\"_blank\" rel=\"noopener\">anexo IV_UPS_zonaSur<\/a><\/p>\n<p><a href=\"https:\/\/www.justiciasantafe.gov.ar\/wp-content\/uploads\/2023\/02\/3915.pdf\" target=\"_blank\" rel=\"noopener\">ANEXO_III_IMP_ZONA NORTE<\/a><\/p>\n<p><a href=\"https:\/\/www.justiciasantafe.gov.ar\/wp-content\/uploads\/2023\/02\/3914.pdf\" target=\"_blank\" rel=\"noopener\">anexo III_impresoras_zonaSur<\/a><\/p>\n<p><a href=\"https:\/\/www.justiciasantafe.gov.ar\/wp-content\/uploads\/2023\/02\/3913.pdf\" target=\"_blank\" rel=\"noopener\">ANEXO_II_PCS_ZONA NORTE<\/a><\/p>\n<p><a href=\"https:\/\/www.justiciasantafe.gov.ar\/wp-content\/uploads\/2023\/02\/3912.pdf\" target=\"_blank\" rel=\"noopener\">anexo II_PCS_zonaSur<\/a><\/p>\n<p><a href=\"https:\/\/www.justiciasantafe.gov.ar\/wp-content\/uploads\/2023\/02\/3911.pdf\" target=\"_blank\" rel=\"noopener\">ANEXO_I_POR LOTE_ZONA NORTE<\/a><\/p>\n<p><a href=\"https:\/\/www.justiciasantafe.gov.ar\/wp-content\/uploads\/2023\/02\/3910.pdf\" target=\"_blank\" rel=\"noopener\">anexo I_totales_por_lote_zonaSur<\/a><\/p>\n<div class=\"gsp_post_data\" data-post_type=\"compras\" data-cat=\"licitacion-publica\" data-modified=\"120\" data-title=\"Licitaci\u00f3n P\u00fablica N\u00b0 05\/20\" data-home=\"https:\/\/www.justiciasantafe.gov.ar\"><\/div>","protected":false},"excerpt":{"rendered":"<p>&#8220;Adquisici\u00f3n de equipamiento inform\u00e1tico y reemplazo de obsoletos para el Poder Judicial de Santa Fe&#8221; &nbsp; ACLARATORIA Aclaraci\u00f3n p\u00fablica 5-20 ANEXO_V ANEXO_IV_UPS_ZONA NORTE anexo IV_UPS_zonaSur ANEXO_III_IMP_ZONA NORTE anexo III_impresoras_zonaSur ANEXO_II_PCS_ZONA NORTE anexo II_PCS_zonaSur ANEXO_I_POR LOTE_ZONA NORTE anexo I_totales_por_lote_zonaSur<\/p>\n","protected":false},"author":105,"featured_media":0,"template":"","format":"standard","meta":{"_acf_changed":false,"footnotes":""},"categories":[27],"tags":[],"class_list":["post-31930","compras","type-compras","status-publish","format-standard","hentry","category-licitacion-publica"],"acf":{"i2t_fecha_apertura":"20200702","i2t_estado_compra":"3","i2t_pliego":31940,"i2t_acta_de_apertura":31943,"i2t_resolucion_compra":31942,"i2t_anio":2020,"i2t_id_historico":"","i2t_autor_historico":""},"_links":{"self":[{"href":"https:\/\/www.justiciasantafe.gov.ar\/index.php\/wp-json\/wp\/v2\/compras\/31930","targetHints":{"allow":["GET"]}}],"collection":[{"href":"https:\/\/www.justiciasantafe.gov.ar\/index.php\/wp-json\/wp\/v2\/compras"}],"about":[{"href":"https:\/\/www.justiciasantafe.gov.ar\/index.php\/wp-json\/wp\/v2\/types\/compras"}],"author":[{"embeddable":true,"href":"https:\/\/www.justiciasantafe.gov.ar\/index.php\/wp-json\/wp\/v2\/users\/105"}],"version-history":[{"count":0,"href":"https:\/\/www.justiciasantafe.gov.ar\/index.php\/wp-json\/wp\/v2\/compras\/31930\/revisions"}],"wp:attachment":[{"href":"https:\/\/www.justiciasantafe.gov.ar\/index.php\/wp-json\/wp\/v2\/media?parent=31930"}],"wp:term":[{"taxonomy":"category","embeddable":true,"href":"https:\/\/www.justiciasantafe.gov.ar\/index.php\/wp-json\/wp\/v2\/categories?post=31930"},{"taxonomy":"post_tag","embeddable":true,"href":"https:\/\/www.justiciasantafe.gov.ar\/index.php\/wp-json\/wp\/v2\/tags?post=31930"}],"curies":[{"name":"wp","href":"https:\/\/api.w.org\/{rel}","templated":true}]}}