 {"id":33120,"date":"2023-02-10T12:16:07","date_gmt":"2023-02-10T15:16:07","guid":{"rendered":"https:\/\/www.justiciasantafe.gov.ar\/?post_type=compras&#038;p=33120"},"modified":"2023-02-10T12:16:07","modified_gmt":"2023-02-10T15:16:07","slug":"licitacion-privada-n-28-19","status":"publish","type":"compras","link":"https:\/\/www.justiciasantafe.gov.ar\/index.php\/compras\/licitacion-privada-n-28-19\/","title":{"rendered":"Licitaci\u00f3n Privada N\u00b0 28\/19"},"content":{"rendered":"<p>Mantenimiento Anual de equipos acondicionadores de aire: Procuraci\u00f3n y Juzgados de Menores 1 y 2; C\u00e1mara y Juzgados de Circuito, todos de Santa Fe<\/p>\n<p>&nbsp;<\/p>\n<p><a href=\"https:\/\/www.justiciasantafe.gov.ar\/wp-content\/uploads\/2023\/02\/3776.pdf\" target=\"_blank\" rel=\"noopener\">Circuito 2<\/a><\/p>\n<p><a href=\"https:\/\/www.justiciasantafe.gov.ar\/wp-content\/uploads\/2023\/02\/3775.pdf\" target=\"_blank\" rel=\"noopener\">Circuito 1<\/a><\/p>\n<p><a href=\"https:\/\/www.justiciasantafe.gov.ar\/wp-content\/uploads\/2023\/02\/3774.pdf\" target=\"_blank\" rel=\"noopener\">Menores 1 2<\/a><\/p>\n<p><a href=\"https:\/\/www.justiciasantafe.gov.ar\/wp-content\/uploads\/2023\/02\/3773.pdf\" target=\"_blank\" rel=\"noopener\">Procuraci\u00f3n<\/a><\/p>\n<p><a href=\"https:\/\/www.justiciasantafe.gov.ar\/wp-content\/uploads\/2023\/02\/3772.pdf\" target=\"_blank\" rel=\"noopener\">08<\/a><\/p>\n<p><a href=\"https:\/\/www.justiciasantafe.gov.ar\/wp-content\/uploads\/2023\/02\/3771.pdf\" target=\"_blank\" rel=\"noopener\">07<\/a><\/p>\n<p><a href=\"https:\/\/www.justiciasantafe.gov.ar\/wp-content\/uploads\/2023\/02\/3770.pdf\" target=\"_blank\" rel=\"noopener\">06<\/a><\/p>\n<p><a href=\"https:\/\/www.justiciasantafe.gov.ar\/wp-content\/uploads\/2023\/02\/3769.pdf\" target=\"_blank\" rel=\"noopener\">05<\/a><\/p>\n<p><a href=\"https:\/\/www.justiciasantafe.gov.ar\/wp-content\/uploads\/2023\/02\/3768.pdf\" target=\"_blank\" rel=\"noopener\">04<\/a><\/p>\n<p><a href=\"https:\/\/www.justiciasantafe.gov.ar\/wp-content\/uploads\/2023\/02\/3767.pdf\" target=\"_blank\" rel=\"noopener\">03<\/a><\/p>\n<p><a href=\"https:\/\/www.justiciasantafe.gov.ar\/wp-content\/uploads\/2023\/02\/3766.pdf\" target=\"_blank\" rel=\"noopener\">02<\/a><\/p>\n<div class=\"gsp_post_data\" data-post_type=\"compras\" data-cat=\"licitacion-privada\" data-modified=\"120\" data-title=\"Licitaci\u00f3n Privada N\u00b0 28\/19\" data-home=\"https:\/\/www.justiciasantafe.gov.ar\"><\/div>","protected":false},"excerpt":{"rendered":"<p>Mantenimiento Anual de equipos acondicionadores de aire: Procuraci\u00f3n y Juzgados de Menores 1 y 2; C\u00e1mara y Juzgados de Circuito, todos de Santa Fe &nbsp; Circuito 2 Circuito 1 Menores 1 2 Procuraci\u00f3n 08 07 06 05 04 03 02<\/p>\n","protected":false},"author":105,"featured_media":0,"template":"","format":"standard","meta":{"_acf_changed":false,"footnotes":""},"categories":[26],"tags":[],"class_list":["post-33120","compras","type-compras","status-publish","format-standard","hentry","category-licitacion-privada"],"acf":{"i2t_fecha_apertura":"20191216","i2t_estado_compra":"3","i2t_pliego":33121,"i2t_acta_de_apertura":"","i2t_resolucion_compra":33133,"i2t_anio":2019,"i2t_id_historico":"","i2t_autor_historico":""},"_links":{"self":[{"href":"https:\/\/www.justiciasantafe.gov.ar\/index.php\/wp-json\/wp\/v2\/compras\/33120","targetHints":{"allow":["GET"]}}],"collection":[{"href":"https:\/\/www.justiciasantafe.gov.ar\/index.php\/wp-json\/wp\/v2\/compras"}],"about":[{"href":"https:\/\/www.justiciasantafe.gov.ar\/index.php\/wp-json\/wp\/v2\/types\/compras"}],"author":[{"embeddable":true,"href":"https:\/\/www.justiciasantafe.gov.ar\/index.php\/wp-json\/wp\/v2\/users\/105"}],"version-history":[{"count":0,"href":"https:\/\/www.justiciasantafe.gov.ar\/index.php\/wp-json\/wp\/v2\/compras\/33120\/revisions"}],"wp:attachment":[{"href":"https:\/\/www.justiciasantafe.gov.ar\/index.php\/wp-json\/wp\/v2\/media?parent=33120"}],"wp:term":[{"taxonomy":"category","embeddable":true,"href":"https:\/\/www.justiciasantafe.gov.ar\/index.php\/wp-json\/wp\/v2\/categories?post=33120"},{"taxonomy":"post_tag","embeddable":true,"href":"https:\/\/www.justiciasantafe.gov.ar\/index.php\/wp-json\/wp\/v2\/tags?post=33120"}],"curies":[{"name":"wp","href":"https:\/\/api.w.org\/{rel}","templated":true}]}}