 {"id":12995,"date":"2022-05-10T12:12:32","date_gmt":"2022-05-10T15:12:32","guid":{"rendered":"https:\/\/www.justiciasantafe.gov.ar\/?post_type=convenios&#038;p=12995"},"modified":"2022-05-10T12:13:58","modified_gmt":"2022-05-10T15:13:58","slug":"consejo-profesional-de-ciencias-economicas-camara-segunda","status":"publish","type":"convenios","link":"https:\/\/www.justiciasantafe.gov.ar\/index.php\/convenios\/consejo-profesional-de-ciencias-economicas-camara-segunda\/","title":{"rendered":"Consejo Profesional de Ciencias Econ\u00f3micas &#8211; C\u00e1mara Segunda"},"content":{"rendered":"<div class=\"pdfprnt-buttons pdfprnt-buttons-convenios pdfprnt-top-right\"><a href=\"https:\/\/www.justiciasantafe.gov.ar\/index.php\/wp-json\/wp\/v2\/convenios\/12995?print=pdf\" class=\"pdfprnt-button pdfprnt-button-pdf\" target=\"_blank\"><img decoding=\"async\" src=\"https:\/\/www.justiciasantafe.gov.ar\/wp-content\/plugins\/pdf-print-pro\/images\/pdf.png?357112440\" alt=\"image_pdf\" title=\"Ver PDF\" \/><\/a><a href=\"https:\/\/www.justiciasantafe.gov.ar\/index.php\/wp-json\/wp\/v2\/convenios\/12995?print=print\" class=\"pdfprnt-button pdfprnt-button-print\" target=\"_blank\"><img decoding=\"async\" src=\"https:\/\/www.justiciasantafe.gov.ar\/wp-content\/plugins\/pdf-print-pro\/images\/print.png?1674575983\" alt=\"image_print\" title=\"Imprimir contenido\" \/><\/a><\/div><p><b><i>Ratificado por Acuerdo de la CSJ de fecha 10.5.2011, Acta 20.-<\/i><\/b><\/p>\n<div>\n<div>\n<div>\n<div>\n<div>\n<div>CONVENIO ANEXO ENTRE L A CORTE SUPREMA<br \/>\n<a id=\"eztoc27140_0_0_1\" name=\"eztoc27140_0_0_1\"><\/a><br \/>\nDE JUSTICIA Y EL CONSEJO PROFESIONAL<br \/>\n<a id=\"eztoc27140_0_0_1\" name=\"eztoc27140_0_0_1\"><\/a><br \/>\nDE CIENCIAS ECON\u00d3MICAS \u2013 C\u00c1MARA SEGUNDA<br \/>\nEntre la\u00a0<strong>Corte Suprema de Justicia de la Provincia de Santa Fe<\/strong>, representada en este acto por su Presidente,\u00a0<strong>Dr. RAFAEL FRANCISCO GUTI\u00c9RREZ<\/strong>, por una parte; y el\u00a0<strong>Consejo Profesional de Ciencias Econ\u00f3micas de la Provincia de Santa Fe, C\u00e1mara Segunda<\/strong>, con la representaci\u00f3n de su Presidenta,\u00a0<strong>C.P.N. ANA MAR\u00cdA FIOL<\/strong>, por la otra parte, se acuerda celebrar el presente Convenio Anexo, en el marco del Convenio Marco de Colaboraci\u00f3n suscripto en la fecha, y sujeto a las cl\u00e1usulas siguientes:<br \/>\nPrimera: El Poder Judicial de la Provincia de Santa Fe se compromete a poner a disposici\u00f3n de los Profesionales en Ciencias Econ\u00f3micas que intervengan en expedientes de tramitaci\u00f3n en los Tribunales Provinciales, una nueva modalidad de acceso al Sistema de Autoconsulta de expedientes habilitado en los distintos Fueros del Poder Judicial de Santa Fe.<br \/>\nSegunda: Los Profesionales de Ciencias Econ\u00f3micas habilitados ingresar\u00e1n al Sistema con un C\u00f3digo de Seguridad \u00danico y podr\u00e1n consultar la totalidad de los expedientes en los que intervienen.<br \/>\nTercera: El Consejo de Profesionales de Ciencias Econ\u00f3micas de Santa Fe, C\u00e1mara Segunda, se compromete a entregar dicho C\u00f3digo de Seguridad a cada uno de los matriculados que as\u00ed lo soliciten, siempre que se encontraren debidamente habilitados para el ejercicio de dichas tareas.<br \/>\nCuarta: El Consejo de Profesionales de Ciencias Econ\u00f3micas de Santa Fe, C\u00e1mara Segunda, se compromete a entregar al Poder Judicial, los datos de sus matriculados habilitados y sus actualizaciones, conforme los requerimientos que a tal fin disponga la Secretar\u00eda de Inform\u00e1tica de este Poder Judicial.<br \/>\nQuinta: Cualquier controversia emergente de la aplicaci\u00f3n e interpretaci\u00f3n de las convenciones del presente ser\u00e1 resuelta por acuerdo de partes.<br \/>\nEn prueba de conformidad, se firman dos (2) ejemplares de un mismo tenor y a un solo fin, en la ciudad de Santa Fe, a los nueve d\u00edas del mes de mayo del a\u00f1o dos mil once.<br \/>\n<a id=\"eztoc27140_0_0_1\" name=\"eztoc27140_0_0_1\"><\/a><br \/>\nFirmado: C.P.N. ANA M. FIOL &#8211; Dr. RAFAEL F. GUTI\u00c9RREZ.-<\/div>\n<\/div>\n<\/div>\n<\/div>\n<\/div>\n<\/div>\n<div class=\"gsp_post_data\" data-post_type=\"convenios\" data-cat=\"consejo-profesional-de-ciencias-economicas\" data-modified=\"120\" data-title=\"Consejo Profesional de Ciencias Econ\u00f3micas &#8211; C\u00e1mara Segunda\" data-home=\"https:\/\/www.justiciasantafe.gov.ar\"><\/div>","protected":false},"author":12,"template":"","categories":[3167],"tags":[],"class_list":["post-12995","convenios","type-convenios","status-publish","hentry","category-consejo-profesional-de-ciencias-economicas"],"acf":[],"_links":{"self":[{"href":"https:\/\/www.justiciasantafe.gov.ar\/index.php\/wp-json\/wp\/v2\/convenios\/12995","targetHints":{"allow":["GET"]}}],"collection":[{"href":"https:\/\/www.justiciasantafe.gov.ar\/index.php\/wp-json\/wp\/v2\/convenios"}],"about":[{"href":"https:\/\/www.justiciasantafe.gov.ar\/index.php\/wp-json\/wp\/v2\/types\/convenios"}],"author":[{"embeddable":true,"href":"https:\/\/www.justiciasantafe.gov.ar\/index.php\/wp-json\/wp\/v2\/users\/12"}],"wp:attachment":[{"href":"https:\/\/www.justiciasantafe.gov.ar\/index.php\/wp-json\/wp\/v2\/media?parent=12995"}],"wp:term":[{"taxonomy":"category","embeddable":true,"href":"https:\/\/www.justiciasantafe.gov.ar\/index.php\/wp-json\/wp\/v2\/categories?post=12995"},{"taxonomy":"post_tag","embeddable":true,"href":"https:\/\/www.justiciasantafe.gov.ar\/index.php\/wp-json\/wp\/v2\/tags?post=12995"}],"curies":[{"name":"wp","href":"https:\/\/api.w.org\/{rel}","templated":true}]}}