 {"id":3863,"date":"2021-12-16T09:51:48","date_gmt":"2021-12-16T12:51:48","guid":{"rendered":"https:\/\/www.justiciasantafe.gov.ar\/?page_id=3863"},"modified":"2023-11-02T09:02:17","modified_gmt":"2023-11-02T12:02:17","slug":"poderes-judiciales-adheridos","status":"publish","type":"page","link":"https:\/\/www.justiciasantafe.gov.ar\/index.php\/poder-judicial\/inicio\/servicios-y-comunicaciones\/comunicacion-electronica-interjurisdiccional\/poderes-judiciales-adheridos\/","title":{"rendered":"Poderes Judiciales Adheridos"},"content":{"rendered":"<p>&nbsp;<\/p>\n<table border=\"10\" cellspacing=\"1\" cellpadding=\"1\">\n<thead>\n<tr>\n<th scope=\"col\">Poder Judicial<\/th>\n<th scope=\"col\">Acordada<\/th>\n<th scope=\"col\">Correo Oficial<\/th>\n<th scope=\"col\">Vigencia<br \/>\ndesde<\/th>\n<th scope=\"col\">Reglamentaci\u00f3n<\/th>\n<\/tr>\n<\/thead>\n<tbody>\n<tr>\n<th>CHACO<\/th>\n<th>Acuerdo 3395 punto 6 del 29.02.2016<\/th>\n<th>oficioley@justiciachaco.gov.ar<\/th>\n<th>Desde el 01.04.2016.<\/th>\n<th><a href=\"https:\/\/www.justiciasantafe.gov.ar\/wp-content\/uploads\/2021\/12\/CHACO.pdf\">Ver<br \/>\nReglamentaci\u00f3n<\/a><\/th>\n<\/tr>\n<tr>\n<th>C\u00d3RDOBA<\/th>\n<th>Acuerdo N\u00b0 114, Serie \u201cA\u201d del 10.03.2016<\/th>\n<th>oficioley@justiciacordoba.gob.ar<\/th>\n<th>Desde el 19.04.2016<\/th>\n<th><a href=\"https:\/\/www.justiciasantafe.gov.ar\/wp-content\/uploads\/2021\/12\/CC3B3rdoba.pdf\" target=\"_blank\" rel=\"noopener\">Ver<br \/>\nReglamentaci\u00f3n<\/a><\/th>\n<\/tr>\n<tr>\n<th>FORMOSA<\/th>\n<th>\u00a0Acuerdo 2866 pto. 2 del 04.11.2015, y Acuerdo 2873 pto. 9 del 03.02.2016<\/th>\n<th>oficioley@jusformosa.gob.ar<\/th>\n<th>Desde el 01.04.2016<\/th>\n<th><a href=\"https:\/\/www.justiciasantafe.gov.ar\/wp-content\/uploads\/2021\/12\/FORMOSA.pdf\" target=\"_blank\" rel=\"noopener\">Ver<br \/>\nReglamentaci\u00f3n<\/a><\/th>\n<\/tr>\n<tr>\n<th>ENTRE R\u00cdOS<\/th>\n<th>Acuerdo Especial del 11.12.2015<\/th>\n<th>oficioley@jusentrerios.gov.ar<\/th>\n<th><\/th>\n<th><a href=\"https:\/\/www.justiciasantafe.gov.ar\/wp-content\/uploads\/2021\/12\/ENTRE20RIOS.pdf\">Ver<br \/>\nReglamentaci\u00f3n<\/a><\/th>\n<\/tr>\n<tr>\n<th>CHUBUT<\/th>\n<th>Acuerdo plenario N\u00b0 4449\/16 del 21.11.2016 y Anexo I.<\/th>\n<th><a href=\"mailto:oficioley@juschubut.gob.ar\">oficioley@juschubut.gob.ar<\/a><\/th>\n<th><\/th>\n<th><a href=\"https:\/\/www.justiciasantafe.gov.ar\/wp-content\/uploads\/2021\/12\/4336.pdf\">Ver<br \/>\nReglamentaci\u00f3n<\/a><\/th>\n<\/tr>\n<tr>\n<th>SALTA<\/th>\n<th>Adhiere por Acuerdo 11972 del 25.11.2015.<\/th>\n<th><a href=\"mailto:oficioley@justiciasalta.gov.ar\">oficioley@justiciasalta.gov.ar<\/a><\/th>\n<th>Desde el 17.10.2017<\/th>\n<th><a href=\"https:\/\/www.justiciasantafe.gov.ar\/wp-content\/uploads\/2021\/12\/4713.pdf\">Ver Reglamentaci\u00f3n<\/a><\/th>\n<\/tr>\n<tr>\n<th>SAN LUIS<\/th>\n<th>Adhiere por Acuerdo 465 del 13.11.2015<\/th>\n<th>oficioley@justiciasanluis.gov.ar<\/th>\n<th><\/th>\n<th><a href=\"https:\/\/www.justiciasantafe.gov.ar\/wp-content\/uploads\/2021\/12\/5785.pdf\">Ver Reglamentaci\u00f3n<\/a><\/th>\n<\/tr>\n<tr>\n<th>MENDOZA<\/th>\n<th>Adhiere por Acuerdo 288909 del 31.07.2018<\/th>\n<th><a href=\"mailto:oficioley@jus.mendoza.gov.ar\">oficioley@jus.mendoza.gov.ar<\/a><\/th>\n<th><\/th>\n<th><a href=\"https:\/\/www.justiciasantafe.gov.ar\/wp-content\/uploads\/2021\/12\/5790.pdf\">Ver Reglamentaci\u00f3n<\/a><\/th>\n<\/tr>\n<tr>\n<th>TIERRA DEL FUEGO<\/th>\n<th>Adhiere por Acuerdo 627<\/th>\n<th>oficioley@justierradelfuego.gov.ar<\/th>\n<th><\/th>\n<th><a href=\"https:\/\/www.justiciasantafe.gov.ar\/wp-content\/uploads\/2021\/12\/7366.pdf\">Ver Reglamentaci\u00f3n<\/a><\/th>\n<\/tr>\n<\/tbody>\n<\/table>\n<p>&nbsp;<\/p>\n<h4 class=\"post-title\">Archivos<\/h4>\n<table class=\"twelve\">\n<tbody>\n<tr>\n<td>\n<ul class=\"link-list\">\n<li><a href=\"https:\/\/www.justiciasantafe.gov.ar\/wp-content\/uploads\/2021\/12\/4336.pdf\" target=\"_blank\" rel=\"noopener\">Chubut Acuerdo Plenario 4449-16<\/a><\/li>\n<\/ul>\n<\/td>\n<\/tr>\n<tr>\n<td>\n<ul class=\"link-list\">\n<li><a href=\"https:\/\/www.justiciasantafe.gov.ar\/wp-content\/uploads\/2021\/12\/4713.pdf\" target=\"_blank\" rel=\"noopener\">Poder Judicial de Salta Instructivo<\/a><\/li>\n<\/ul>\n<\/td>\n<\/tr>\n<tr>\n<td>\n<ul class=\"link-list\">\n<li><a href=\"https:\/\/www.justiciasantafe.gov.ar\/wp-content\/uploads\/2021\/12\/5785.pdf\" target=\"_blank\" rel=\"noopener\">San Luis Reglamentaci\u00f3n Acuerdo-111<\/a><\/li>\n<\/ul>\n<\/td>\n<\/tr>\n<tr>\n<td>\n<ul class=\"link-list\">\n<li><a href=\"https:\/\/www.justiciasantafe.gov.ar\/wp-content\/uploads\/2021\/12\/5790.pdf\" target=\"_blank\" rel=\"noopener\">ACD 28890 31-07-2018 Oficios Ley MENDOZA<\/a><\/li>\n<\/ul>\n<\/td>\n<\/tr>\n<tr>\n<td>\n<ul class=\"link-list\">\n<li><a href=\"https:\/\/www.justiciasantafe.gov.ar\/wp-content\/uploads\/2021\/12\/7366.pdf\" target=\"_blank\" rel=\"noopener\">Tierra del Fuego<\/a><\/li>\n<\/ul>\n<\/td>\n<\/tr>\n<\/tbody>\n<\/table>\n<div class=\"gsp_post_data\" data-post_type=\"page\" data-cat=\"\" data-modified=\"120\" data-title=\"Poderes Judiciales Adheridos\" data-home=\"https:\/\/www.justiciasantafe.gov.ar\"><\/div>","protected":false},"excerpt":{"rendered":"<p>&nbsp; Poder Judicial Acordada Correo Oficial Vigencia desde Reglamentaci\u00f3n CHACO Acuerdo 3395 punto 6 del 29.02.2016 oficioley@justiciachaco.gov.ar Desde el 01.04.2016. Ver Reglamentaci\u00f3n C\u00d3RDOBA Acuerdo N\u00b0 114, Serie \u201cA\u201d del 10.03.2016 oficioley@justiciacordoba.gob.ar Desde el 19.04.2016 Ver Reglamentaci\u00f3n FORMOSA \u00a0Acuerdo 2866 pto. 2 del 04.11.2015, y Acuerdo 2873 pto. 9 del 03.02.2016 oficioley@jusformosa.gob.ar Desde el 01.04.2016 Ver [&#8230;]\n","protected":false},"author":12,"featured_media":0,"parent":1009,"menu_order":0,"comment_status":"closed","ping_status":"closed","template":"","meta":{"_acf_changed":false,"footnotes":""},"class_list":["post-3863","page","type-page","status-publish","hentry"],"acf":[],"_links":{"self":[{"href":"https:\/\/www.justiciasantafe.gov.ar\/index.php\/wp-json\/wp\/v2\/pages\/3863","targetHints":{"allow":["GET"]}}],"collection":[{"href":"https:\/\/www.justiciasantafe.gov.ar\/index.php\/wp-json\/wp\/v2\/pages"}],"about":[{"href":"https:\/\/www.justiciasantafe.gov.ar\/index.php\/wp-json\/wp\/v2\/types\/page"}],"author":[{"embeddable":true,"href":"https:\/\/www.justiciasantafe.gov.ar\/index.php\/wp-json\/wp\/v2\/users\/12"}],"replies":[{"embeddable":true,"href":"https:\/\/www.justiciasantafe.gov.ar\/index.php\/wp-json\/wp\/v2\/comments?post=3863"}],"version-history":[{"count":0,"href":"https:\/\/www.justiciasantafe.gov.ar\/index.php\/wp-json\/wp\/v2\/pages\/3863\/revisions"}],"up":[{"embeddable":true,"href":"https:\/\/www.justiciasantafe.gov.ar\/index.php\/wp-json\/wp\/v2\/pages\/1009"}],"wp:attachment":[{"href":"https:\/\/www.justiciasantafe.gov.ar\/index.php\/wp-json\/wp\/v2\/media?parent=3863"}],"curies":[{"name":"wp","href":"https:\/\/api.w.org\/{rel}","templated":true}]}}