 {"id":3970,"date":"2021-12-16T12:11:36","date_gmt":"2021-12-16T15:11:36","guid":{"rendered":"https:\/\/www.justiciasantafe.gov.ar\/?page_id=3970"},"modified":"2023-11-02T09:02:15","modified_gmt":"2023-11-02T12:02:15","slug":"estructura","status":"publish","type":"page","link":"https:\/\/www.justiciasantafe.gov.ar\/index.php\/poder-judicial\/inicio\/defensoria-general-de-camaras\/estructura\/","title":{"rendered":"Estructura"},"content":{"rendered":"<div class=\"row\"  id=\"row-287917943\">\n\n\t<div id=\"col-832724105\" class=\"col medium-2 small-12 large-2\"  >\n\t\t\t\t<div class=\"col-inner\"  >\n\t\t\t\n\t\t\t\n\t<div class=\"img has-hover x md-x lg-x y md-y lg-y\" id=\"image_46523031\">\n\t\t<a class=\"\" href=\"https:\/\/www.justiciasantafe.gov.ar\/index.php\/poder-judicial\/inicio\/defensoria-general-de-camaras\/\" >\t\t\t\t\t\t<div class=\"img-inner dark\" style=\"margin:- 0px 0px 0px;\">\n\t\t\t<img loading=\"lazy\" decoding=\"async\" width=\"512\" height=\"512\" src=\"https:\/\/www.justiciasantafe.gov.ar\/wp-content\/uploads\/2022\/09\/icone-fleche-gauche-grise.png\" class=\"attachment-large size-large\" alt=\"\" srcset=\"https:\/\/www.justiciasantafe.gov.ar\/wp-content\/uploads\/2022\/09\/icone-fleche-gauche-grise.png 512w, https:\/\/www.justiciasantafe.gov.ar\/wp-content\/uploads\/2022\/09\/icone-fleche-gauche-grise-300x300.png 300w, https:\/\/www.justiciasantafe.gov.ar\/wp-content\/uploads\/2022\/09\/icone-fleche-gauche-grise-150x150.png 150w\" sizes=\"auto, (max-width: 512px) 100vw, 512px\" \/>\t\t\t\t\t\t\n\t\t\t\t\t<\/div>\n\t\t\t\t\t\t<\/a>\t\t\n<style>\n#image_46523031 {\n  width: 35%;\n}\n<\/style>\n\t<\/div>\n\t\n\t\t<\/div>\n\t\t\t\t\n<style>\n#col-832724105 > .col-inner {\n  margin: -50px 0px 0px 0px;\n}\n<\/style>\n\t<\/div>\n\n\t\n\n\t<div id=\"col-1444408626\" class=\"col medium-5 small-12 large-5\"  >\n\t\t\t\t<div class=\"col-inner\"  >\n\t\t\t\n\t\t\t\n\t\t<\/div>\n\t\t\t\t\t<\/div>\n\n\t\n\n\t<div id=\"col-588835633\" class=\"col medium-5 small-12 large-5\"  >\n\t\t\t\t<div class=\"col-inner\"  >\n\t\t\t\n\t\t\t\n\t\t<\/div>\n\t\t\t\t\t<\/div>\n\n\t\n<\/div>\n<p>En Rosario, los Defensores nos dividimos seg\u00fan la materia que cada uno atiende en Defensores Generales (civiles) y Asesores de Menores (penales, para hechos protagonizados por menores de edad). Todos ellos trabajamos en la Sede de los Tribunales Provinciales. Para aquellos que tengan dificultades de trasladarse hasta all\u00ed, en Rosario hay seis Defensor\u00edas Zonales distribuidas en diferentes puntos de la ciudad y una en Villa Gobernador G\u00e1lvez (cada una de ellas a cargo de un Defensor Zonal).<\/p>\n<p>En Rosario integramos el Ministerio Pupilar, que es un organismo que garantiza el resguardo del patrimonio de las personas vulnerables controlando la actuaci\u00f3n de los curadores y tutores.<\/p>\n<p>En el resto del territorio, cada cabecera de distrito judicial cuenta con un Defensor: Ca\u00f1ada de G\u00f3mez, Casilda, San Lorenzo, Villa Constituci\u00f3n, Venado Tuerto, Melincu\u00e9, Rufino y Firmat.<\/p>\n<div class=\"gsp_post_data\" data-post_type=\"page\" data-cat=\"\" data-modified=\"120\" data-title=\"Estructura\" data-home=\"https:\/\/www.justiciasantafe.gov.ar\"><\/div>","protected":false},"excerpt":{"rendered":"<p>En Rosario, los Defensores nos dividimos seg\u00fan la materia que cada uno atiende en Defensores Generales (civiles) y Asesores de Menores (penales, para hechos protagonizados por menores de edad). Todos ellos trabajamos en la Sede de los Tribunales Provinciales. Para aquellos que tengan dificultades de trasladarse hasta all\u00ed, en Rosario hay seis Defensor\u00edas Zonales distribuidas [&#8230;]\n","protected":false},"author":12,"featured_media":0,"parent":3936,"menu_order":0,"comment_status":"closed","ping_status":"closed","template":"","meta":{"_acf_changed":false,"footnotes":""},"class_list":["post-3970","page","type-page","status-publish","hentry"],"acf":[],"_links":{"self":[{"href":"https:\/\/www.justiciasantafe.gov.ar\/index.php\/wp-json\/wp\/v2\/pages\/3970","targetHints":{"allow":["GET"]}}],"collection":[{"href":"https:\/\/www.justiciasantafe.gov.ar\/index.php\/wp-json\/wp\/v2\/pages"}],"about":[{"href":"https:\/\/www.justiciasantafe.gov.ar\/index.php\/wp-json\/wp\/v2\/types\/page"}],"author":[{"embeddable":true,"href":"https:\/\/www.justiciasantafe.gov.ar\/index.php\/wp-json\/wp\/v2\/users\/12"}],"replies":[{"embeddable":true,"href":"https:\/\/www.justiciasantafe.gov.ar\/index.php\/wp-json\/wp\/v2\/comments?post=3970"}],"version-history":[{"count":0,"href":"https:\/\/www.justiciasantafe.gov.ar\/index.php\/wp-json\/wp\/v2\/pages\/3970\/revisions"}],"up":[{"embeddable":true,"href":"https:\/\/www.justiciasantafe.gov.ar\/index.php\/wp-json\/wp\/v2\/pages\/3936"}],"wp:attachment":[{"href":"https:\/\/www.justiciasantafe.gov.ar\/index.php\/wp-json\/wp\/v2\/media?parent=3970"}],"curies":[{"name":"wp","href":"https:\/\/api.w.org\/{rel}","templated":true}]}}