 {"id":44875,"date":"2025-02-27T11:30:46","date_gmt":"2025-02-27T14:30:46","guid":{"rendered":"https:\/\/www.justiciasantafe.gov.ar\/?page_id=44875"},"modified":"2026-05-28T15:24:57","modified_gmt":"2026-05-28T18:24:57","slug":"edictos-y-cedulas","status":"publish","type":"page","link":"https:\/\/www.justiciasantafe.gov.ar\/index.php\/poder-judicial\/informacion-general\/edictos-y-cedulas\/","title":{"rendered":"Edictos Digitales"},"content":{"rendered":"\n\t<section class=\"section no_print_pdf\" id=\"section_2109792502\">\n\t\t<div class=\"section-bg fill\" >\n\t\t\t\t\t\t\t\t\t\n\t\t\t\n\t<div class=\"is-border\"\n\t\tstyle=\"border-width:0px 0px 0px 0px;margin:0px 0px 0px 0;\">\n\t<\/div>\n\n\t\t<\/div>\n\n\t\t\n\n\t\t<div class=\"section-content relative\">\n\t\t\t\n<div class=\"row\"  id=\"row-1418758688\">\n\n\t<div id=\"col-2103705362\" class=\"col edictos_y_cedulas_colgral small-12 large-12\"  >\n\t\t\t\t<div class=\"col-inner\"  >\n\t\t\t\n\t\t\t\n<div class=\"row\"  id=\"row-550162113\">\n\n\t<div id=\"col-575977725\" class=\"col edictos_y_cedulas medium-3 small-6 large-3\"  >\n\t\t\t\t<div class=\"col-inner\"  >\n\t\t\t\n\t\t\t\n<p style=\"text-align: right;\"><span style=\"color: #ffffff; font-size: 120%;\">Circunscripci\u00f3n<\/span><\/p>\n\t\t<\/div>\n\t\t\t\t\t<\/div>\n\n\t\n\n\t<div id=\"col-1320993558\" class=\"col edictos_y_cedulas medium-3 small-6 large-3\"  >\n\t\t\t\t<div class=\"col-inner\"  >\n\t\t\t\n\t\t\t\n\t<div id=\"text-1848644593\" class=\"text\">\n\t\t\n<p style=\"text-align: right;\"><div class=\"facetwp-facet facetwp-facet-circunscripcion_c facetwp-type-dropdown\" data-name=\"circunscripcion_c\" data-type=\"dropdown\"><\/div>\n\t\t\n<style>\n#text-1848644593 {\n  line-height: 1.2;\n  text-align: right;\n}\n<\/style>\n\t<\/div>\n\t\n\t\t<\/div>\n\t\t\t\t\t<\/div>\n\n\t\n\n\t<div id=\"col-13971252\" class=\"col edictos_y_cedulas medium-3 small-6 large-3\"  >\n\t\t\t\t<div class=\"col-inner\"  >\n\t\t\t\n\t\t\t\n\t<div id=\"text-1707872244\" class=\"text hidden\">\n\t\t\n<p style=\"text-align: right;\"><span style=\"color: #ffffff; font-size: 120%;\">Fuero \/ Materia<\/span><\/p>\n\t\t\t<\/div>\n\t\n\t\t<\/div>\n\t\t\t\t\t<\/div>\n\n\t\n\n\t<div id=\"col-2133678342\" class=\"col edictos_y_cedulas medium-3 small-6 large-3\"  >\n\t\t\t\t<div class=\"col-inner\"  >\n\t\t\t\n\t\t\t\n\t<div id=\"text-1345478698\" class=\"text hidden\">\n\t\t\n<p style=\"text-align: right;\"><div class=\"facetwp-facet facetwp-facet-fueromateria facetwp-type-dropdown\" data-name=\"fueromateria\" data-type=\"dropdown\"><\/div>\n\t\t\n<style>\n#text-1345478698 {\n  line-height: 1.2;\n  text-align: right;\n}\n<\/style>\n\t<\/div>\n\t\n\t\t<\/div>\n\t\t\t\t\t<\/div>\n\n\t\n<\/div>\n\t\t<\/div>\n\t\t\t\t\n<style>\n#col-2103705362 > .col-inner {\n  padding: 0px 0px 0px 0px;\n  margin: -6px 0px -74px 0px;\n}\n<\/style>\n\t<\/div>\n\n\t\n\n<style>\n#row-1418758688 > .col > .col-inner {\n  padding: 0px 0px 0px 0px;\n}\n<\/style>\n<\/div>\n\t\t<\/div>\n\n\t\t\n<style>\n#section_2109792502 {\n  padding-top: 11px;\n  padding-bottom: 11px;\n  background-color: rgb(16, 75, 69);\n}\n<\/style>\n\t<\/section>\n\t\n\t<div id=\"gap-136451364\" class=\"gap-element clearfix no_print_pdf\" style=\"display:block; height:auto;\">\n\t\t\n<style>\n#gap-136451364 {\n  padding-top: 30px;\n}\n<\/style>\n\t<\/div>\n\t\n\n\t<section class=\"section no_print_pdf\" id=\"section_195366498\">\n\t\t<div class=\"section-bg fill\" >\n\t\t\t\t\t\t\t\t\t\n\t\t\t\n\t<div class=\"is-border\"\n\t\tstyle=\"border-width:0px 0px 0px 0px;margin:0px 0px 0px 0;\">\n\t<\/div>\n\n\t\t<\/div>\n\n\t\t\n\n\t\t<div class=\"section-content relative\">\n\t\t\t\n<div class=\"row\"  id=\"row-6426531\">\n\n\t<div id=\"col-1532497019\" class=\"col edictos_y_cedulas_colgral small-12 large-12\"  >\n\t\t\t\t<div class=\"col-inner\"  >\n\t\t\t\n\t\t\t\n<div class=\"row\"  id=\"row-1743299785\">\n\n\t<div id=\"col-699491316\" class=\"col edictos_y_cedulas medium-3 small-6 large-3\"  >\n\t\t\t\t<div class=\"col-inner\"  >\n\t\t\t\n\t\t\t\n<p style=\"text-align: right;\"><span style=\"color: #ffffff; font-size: 120%;\">Fuero \/ Materia<\/span><\/p>\n\t\t<\/div>\n\t\t\t\t\t<\/div>\n\n\t\n\n\t<div id=\"col-943828263\" class=\"col edictos_y_cedulas_cuij medium-3 small-6 large-3\"  >\n\t\t\t\t<div class=\"col-inner\"  >\n\t\t\t\n\t\t\t\n\t<div id=\"text-3168960966\" class=\"text\">\n\t\t\n<p style=\"text-align: right;\"><div class=\"facetwp-facet facetwp-facet-fueromateria facetwp-type-dropdown\" data-name=\"fueromateria\" data-type=\"dropdown\"><\/div>\n\t\t\n<style>\n#text-3168960966 {\n  line-height: 1.2;\n  text-align: right;\n}\n<\/style>\n\t<\/div>\n\t\n\t\t<\/div>\n\t\t\t\t\n<style>\n#col-943828263 > .col-inner {\n  margin: 0px 0px 0px 0px;\n}\n<\/style>\n\t<\/div>\n\n\t\n\n\t<div id=\"col-1325325572\" class=\"col edictos_y_cedulas medium-3 small-6 large-3\"  >\n\t\t\t\t<div class=\"col-inner\"  >\n\t\t\t\n\t\t\t\n<p style=\"text-align: right;\"><span style=\"color: #ffffff; font-size: 120%;\">Tipo de documento<\/span><\/p>\n\t\t<\/div>\n\t\t\t\t\t<\/div>\n\n\t\n\n\t<div id=\"col-1006263814\" class=\"col edictos_y_cedulas_caratula medium-3 small-6 large-3\"  >\n\t\t\t\t<div class=\"col-inner\"  >\n\t\t\t\n\t\t\t\n\t<div id=\"text-1435136159\" class=\"text\">\n\t\t\n<p style=\"text-align: right;\"><div class=\"facetwp-facet facetwp-facet-tipos_de_documentos_c facetwp-type-dropdown\" data-name=\"tipos_de_documentos_c\" data-type=\"dropdown\"><\/div>\n\t\t\n<style>\n#text-1435136159 {\n  line-height: 1.2;\n  text-align: right;\n}\n<\/style>\n\t<\/div>\n\t\n\t\t<\/div>\n\t\t\t\t\n<style>\n#col-1006263814 > .col-inner {\n  margin: 0px 0px 0px 0px;\n}\n<\/style>\n\t<\/div>\n\n\t\n<\/div>\n\t\t<\/div>\n\t\t\t\t\n<style>\n#col-1532497019 > .col-inner {\n  padding: 0px 0px 0px 0px;\n  margin: -6px 0px -74px 0px;\n}\n<\/style>\n\t<\/div>\n\n\t\n\n<style>\n#row-6426531 > .col > .col-inner {\n  padding: 0px 0px 0px 0px;\n}\n<\/style>\n<\/div>\n\t\t<\/div>\n\n\t\t\n<style>\n#section_195366498 {\n  padding-top: 11px;\n  padding-bottom: 11px;\n  margin-bottom: -1px;\n  background-color: rgb(16, 75, 69);\n}\n<\/style>\n\t<\/section>\n\t\n\n\t<section class=\"section no_print_pdf show-for-medium\" id=\"section_1966735955\">\n\t\t<div class=\"section-bg fill\" >\n\t\t\t\t\t\t\t\t\t\n\t\t\t\n\t<div class=\"is-border\"\n\t\tstyle=\"border-width:0px 0px 0px 0px;margin:0px 0px 0px 0;\">\n\t<\/div>\n\n\t\t<\/div>\n\n\t\t\n\n\t\t<div class=\"section-content relative\">\n\t\t\t\n<div class=\"row\"  id=\"row-1911957114\">\n\n\t<div id=\"col-424242041\" class=\"col edictos_y_cedulas_colgral small-12 large-12\"  >\n\t\t\t\t<div class=\"col-inner\"  >\n\t\t\t\n\t\t\t\n<div class=\"row\"  id=\"row-1757410585\">\n\n\t<div id=\"col-612995751\" class=\"col edictos_y_cedulas medium-3 small-4 large-3\"  >\n\t\t\t\t<div class=\"col-inner\"  >\n\t\t\t\n\t\t\t\n<p style=\"text-align: right;\"><span style=\"color: #ffffff; font-size: 120%;\">CUIJ<\/span><\/p>\n\t\t<\/div>\n\t\t\t\t\t<\/div>\n\n\t\n\n\t<div id=\"col-93651985\" class=\"col edictos_y_cedulas_cuij medium-3 small-8 large-3\"  >\n\t\t\t\t<div class=\"col-inner\"  >\n\t\t\t\n\t\t\t\n\t<div id=\"text-3383363310\" class=\"text\">\n\t\t\n<p style=\"text-align: right;\">\n\t\t\n<style>\n#text-3383363310 {\n  line-height: 1.2;\n  text-align: right;\n}\n<\/style>\n\t<\/div>\n\t\n\t\t<\/div>\n\t\t\t\t\n<style>\n#col-93651985 > .col-inner {\n  padding: 0px 0px 0px 0px;\n  margin: 0px 0px 0px 0px;\n}\n@media (min-width:550px) {\n  #col-93651985 > .col-inner {\n    margin: 0px 0px 0px 0px;\n  }\n}\n<\/style>\n\t<\/div>\n\n\t\n\n\t<div id=\"col-1604358583\" class=\"col edictos_y_cedulas medium-3 small-4 large-3\"  >\n\t\t\t\t<div class=\"col-inner\"  >\n\t\t\t\n\t\t\t\n<p style=\"text-align: right;\"><span style=\"color: #ffffff; font-size: 120%;\">CAR\u00c1TULA<\/span><\/p>\n\t\t<\/div>\n\t\t\t\t\t<\/div>\n\n\t\n\n\t<div id=\"col-590593724\" class=\"col edictos_y_cedulas_caratula medium-3 small-8 large-3\"  >\n\t\t\t\t<div class=\"col-inner\"  >\n\t\t\t\n\t\t\t\n\t<div id=\"text-1870888470\" class=\"text\">\n\t\t\n<p style=\"text-align: right;\">\n\t\t\n<style>\n#text-1870888470 {\n  line-height: 1.2;\n  text-align: right;\n}\n<\/style>\n\t<\/div>\n\t\n\t\t<\/div>\n\t\t\t\t\n<style>\n#col-590593724 > .col-inner {\n  padding: 0px 0px 0px 0px;\n  margin: 0px 0px 0px 0px;\n}\n@media (min-width:550px) {\n  #col-590593724 > .col-inner {\n    margin: 0px 0px 0px 0px;\n  }\n}\n<\/style>\n\t<\/div>\n\n\t\n<\/div>\n\t\t<\/div>\n\t\t\t\t\n<style>\n#col-424242041 > .col-inner {\n  padding: 0px 0px 0px 0px;\n  margin: -4px 0px -66px 13px;\n}\n@media (min-width:550px) {\n  #col-424242041 > .col-inner {\n    margin: -6px 0px -74px 0px;\n  }\n}\n<\/style>\n\t<\/div>\n\n\t\n\n<style>\n#row-1911957114 > .col > .col-inner {\n  padding: 0px 0px 0px 0px;\n}\n<\/style>\n<\/div>\n\t\t<\/div>\n\n\t\t\n<style>\n#section_1966735955 {\n  padding-top: 11px;\n  padding-bottom: 11px;\n  margin-bottom: -1px;\n  background-color: rgb(16, 75, 69);\n}\n<\/style>\n\t<\/section>\n\t\n\t<div id=\"gap-983573309\" class=\"gap-element clearfix no_print_pdf hidden\" style=\"display:block; height:auto;\">\n\t\t\n<style>\n#gap-983573309 {\n  padding-top: 30px;\n}\n<\/style>\n\t<\/div>\n\t\n\n\t<section class=\"section no_print_pdf\" id=\"section_1888059223\">\n\t\t<div class=\"section-bg fill\" >\n\t\t\t\t\t\t\t\t\t\n\t\t\t\n\n\t\t<\/div>\n\n\t\t\n\n\t\t<div class=\"section-content relative\">\n\t\t\t\n<div class=\"row no_print_pdf\"  id=\"row-756853707\">\n\n\t<div id=\"col-2044703544\" class=\"col medium-11 small-12 large-11\"  >\n\t\t\t\t<div class=\"col-inner\"  >\n\t\t\t\n\t\t\t\n<h1 align=\"center\"><span style=\"font-size: 120%;\">Edictos del Bolet\u00edn Oficial<\/span><\/h1>\n<h2 align=\"center\"><i>Esta publicaci\u00f3n no suple la notificaci\u00f3n por edictos del Bolet\u00edn Oficial<\/i><\/h2>\n\t\t<\/div>\n\t\t\t\t\n<style>\n#col-2044703544 > .col-inner {\n  margin: 0px 0px 36px 0px;\n}\n<\/style>\n\t<\/div>\n\n\t\n\n\t<div id=\"col-2085186586\" class=\"col medium-1 small-12 large-1\"  >\n\t\t\t\t<div class=\"col-inner\"  >\n\t\t\t\n\t\t\t\n<h5 style=\"text-align: left;\" align=\"center\"><span style=\"font-size: 75%;\"><div class=\"pdfprnt-buttons\"><a href=\"https:\/\/www.justiciasantafe.gov.ar\/index.php\/wp-json\/wp\/v2\/pages\/44875?print=pdf\" class=\"pdfprnt-button pdfprnt-button-pdf\" target=\"_blank\"><img decoding=\"async\" src=\"https:\/\/www.justiciasantafe.gov.ar\/wp-content\/plugins\/pdf-print-pro\/images\/pdf.png\" alt=\"image_pdf\" title=\"Ver PDF\" \/><\/a><\/div><\/span><\/h5>\n\t\t<\/div>\n\t\t\t\t\t<\/div>\n\n\t\n<\/div>\n<div class=\"row no_print_pdf\"  id=\"row-1479459593\">\n\n\t<div id=\"col-957102280\" class=\"col no_print_pdf small-12 large-12\"  >\n\t\t\t\t<div class=\"col-inner\"  >\n\t\t\t\n\t\t\t\n\t<div id=\"text-1628126224\" class=\"text no_print_pdf\">\n\t\t\n<div class=\"facetwp-template\" data-name=\"edictos_y_cedulas_copy\"><div class=\"fwpl-layout el-009p9\"><div class=\"fwpl-result r1\"><div class=\"fwpl-row el-mdy06i\"><div class=\"fwpl-col fwpl-col el-mcvq2k\"><\/div><div class=\"fwpl-col fwpl-col el-to028b\"><\/div><\/div><div class=\"fwpl-row el-a575\"><div class=\"fwpl-col fwpl-col el-2r0fq9\"><div class=\"fwpl-item el-rjmi6\"><strong>Circunscripci\u00f3n:<\/strong> <span class=\"fwpl-term fwpl-term-circunscripcion-nro-2 fwpl-tax-circunscripcion\">Circunscripci\u00f3n Nro. 2<\/span><br>\n<strong>Fueros\/Materias:<\/strong> <span class=\"fwpl-term fwpl-term-circuito fwpl-tax-fuero\">Circuito<\/span><br>\n<strong>Organismo:<\/strong> JUZGADO DE PRIMERA INSTANCIA DE CIRCUITO N\u00b0: 4 DE ROSARIO <br>\n&nbsp;&nbsp;<br>\n&nbsp;&nbsp;<br>\n<strong>Car\u00e1tula<\/strong>: PRIA ALEJANDRA VIVIANA C\/ RACHID MIGUEL Y OTROS S\/ PRESCRIPCION ADQUISITIVA&nbsp;&nbsp;&nbsp;&nbsp;&nbsp;&nbsp;&nbsp;&nbsp;&nbsp;&nbsp;&nbsp;&nbsp;<strong>Cuij<\/strong> 21-02978326-5<br>\n<strong>Publicaci\u00f3n:<\/strong> 31\/08\/2026 <\/div><\/div><\/div><div class=\"fwpl-row el-tn472f\"><div class=\"fwpl-col fwpl-col el-8n3thv\"><\/div><div class=\"fwpl-col fwpl-col el-zmhp4\"><\/div><div class=\"fwpl-col fwpl-col el-yxe3ih\"><\/div><div class=\"fwpl-col fwpl-col el-we7sj4\"><\/div><\/div><div class=\"fwpl-row el-q8y73is\"><div class=\"fwpl-col fwpl-col el-5ibxx\"><\/div><div class=\"fwpl-col fwpl-col el-zejj02\"><div class=\"fwpl-item el-niqrnm\"><br><a href=\"https:\/\/www.justiciasantafe.gov.ar\/wp-content\/uploads\/2026\/08\/PRIA-ALEJANDRA.pdf\" target=\"_blank\">\nDocumento para descargar\n<\/a><\/div><\/div><\/div><div class=\"fwpl-row el-mxzuqw\"><div class=\"fwpl-col fwpl-col el-74r028\"><div class=\"fwpl-item el-75jp0l\"><br>\n<div class=\"divider edictos_y_cedulas_divider clearfix\" style=\"height:5px;\"><\/div>\n<\/div><\/div><\/div><\/div><div class=\"fwpl-result r2\"><div class=\"fwpl-row el-mdy06i\"><div class=\"fwpl-col fwpl-col el-mcvq2k\"><\/div><div class=\"fwpl-col fwpl-col el-to028b\"><\/div><\/div><div class=\"fwpl-row el-a575\"><div class=\"fwpl-col fwpl-col el-2r0fq9\"><div class=\"fwpl-item el-rjmi6\"><strong>Circunscripci\u00f3n:<\/strong> <span class=\"fwpl-term fwpl-term-circunscripcion-nro-2 fwpl-tax-circunscripcion\">Circunscripci\u00f3n Nro. 2<\/span><br>\n<strong>Fueros\/Materias:<\/strong> <span class=\"fwpl-term fwpl-term-responsabilidad-extracontractual fwpl-tax-fuero\">Responsabilidad Extracontractual<\/span><br>\n<strong>Organismo:<\/strong> JUZGADO UNIPERSONAL DE RESPONSABILIDAD EXTRACONTRACTUAL DE LA PRIMERA NOMINACION DE ROSARIO <br>\n&nbsp;&nbsp;<br>\n&nbsp;&nbsp;<br>\n<strong>Car\u00e1tula<\/strong>: DEL PONTE FLORENCIA AYELEN Y OTROS C\/ GONZALEZ NILBA PEDRO ANTONIO Y OTROS S\/ DA\u00d1OS Y PERJUICIOS&nbsp;&nbsp;&nbsp;&nbsp;&nbsp;&nbsp;&nbsp;&nbsp;&nbsp;&nbsp;&nbsp;&nbsp;<strong>Cuij<\/strong> 21-11904033-4<br>\n<strong>Publicaci\u00f3n:<\/strong> 31\/08\/2026 <\/div><\/div><\/div><div class=\"fwpl-row el-tn472f\"><div class=\"fwpl-col fwpl-col el-8n3thv\"><\/div><div class=\"fwpl-col fwpl-col el-zmhp4\"><\/div><div class=\"fwpl-col fwpl-col el-yxe3ih\"><\/div><div class=\"fwpl-col fwpl-col el-we7sj4\"><\/div><\/div><div class=\"fwpl-row el-q8y73is\"><div class=\"fwpl-col fwpl-col el-5ibxx\"><\/div><div class=\"fwpl-col fwpl-col el-zejj02\"><div class=\"fwpl-item el-niqrnm\"><br><a href=\"https:\/\/www.justiciasantafe.gov.ar\/wp-content\/uploads\/2026\/08\/DEL-PONTE-FLORENCIA.pdf\" target=\"_blank\">\nDocumento para descargar\n<\/a><\/div><\/div><\/div><div class=\"fwpl-row el-mxzuqw\"><div class=\"fwpl-col fwpl-col el-74r028\"><div class=\"fwpl-item el-75jp0l\"><br>\n<div class=\"divider edictos_y_cedulas_divider clearfix\" style=\"height:5px;\"><\/div>\n<\/div><\/div><\/div><\/div><div class=\"fwpl-result r3\"><div class=\"fwpl-row el-mdy06i\"><div class=\"fwpl-col fwpl-col el-mcvq2k\"><\/div><div class=\"fwpl-col fwpl-col el-to028b\"><\/div><\/div><div class=\"fwpl-row el-a575\"><div class=\"fwpl-col fwpl-col el-2r0fq9\"><div class=\"fwpl-item el-rjmi6\"><strong>Circunscripci\u00f3n:<\/strong> <span class=\"fwpl-term fwpl-term-circunscripcion-nro-4 fwpl-tax-circunscripcion\">Circunscripci\u00f3n Nro. 4<\/span><br>\n<strong>Fueros\/Materias:<\/strong> <span class=\"fwpl-term fwpl-term-civil-comercial-y-laboral fwpl-tax-fuero\">Civil Comercial y Laboral<\/span><br>\n<strong>Organismo:<\/strong> JUZGADO DE PRIMERA INSTANCIA DE DISTRITO N\u00b0 17 EN LO CIVIL, COMERCIAL Y LABORAL DE LA SEGUNDA NOMINACI\u00d3N DE VILLA OCAMPO (SF)<br>\n&nbsp;&nbsp;<br>\n&nbsp;&nbsp;<br>\n<strong>Car\u00e1tula<\/strong>: BERNARDIS TOMAS ALVA S\/ SUCESORIO&nbsp;&nbsp;&nbsp;&nbsp;&nbsp;&nbsp;&nbsp;&nbsp;&nbsp;&nbsp;&nbsp;&nbsp;<strong>Cuij<\/strong> 21-28676388-7<br>\n<strong>Publicaci\u00f3n:<\/strong> 31\/08\/2026 <\/div><\/div><\/div><div class=\"fwpl-row el-tn472f\"><div class=\"fwpl-col fwpl-col el-8n3thv\"><\/div><div class=\"fwpl-col fwpl-col el-zmhp4\"><\/div><div class=\"fwpl-col fwpl-col el-yxe3ih\"><\/div><div class=\"fwpl-col fwpl-col el-we7sj4\"><\/div><\/div><div class=\"fwpl-row el-q8y73is\"><div class=\"fwpl-col fwpl-col el-5ibxx\"><\/div><div class=\"fwpl-col fwpl-col el-zejj02\"><div class=\"fwpl-item el-niqrnm\"><br><a href=\"https:\/\/www.justiciasantafe.gov.ar\/wp-content\/uploads\/2026\/08\/Camara.-Edicto.-BERNARDIS_firmado-2.pdf\" target=\"_blank\">\nDocumento para descargar\n<\/a><\/div><\/div><\/div><div class=\"fwpl-row el-mxzuqw\"><div class=\"fwpl-col fwpl-col el-74r028\"><div class=\"fwpl-item el-75jp0l\"><br>\n<div class=\"divider edictos_y_cedulas_divider clearfix\" style=\"height:5px;\"><\/div>\n<\/div><\/div><\/div><\/div><div class=\"fwpl-result r4\"><div class=\"fwpl-row el-mdy06i\"><div class=\"fwpl-col fwpl-col el-mcvq2k\"><\/div><div class=\"fwpl-col fwpl-col el-to028b\"><\/div><\/div><div class=\"fwpl-row el-a575\"><div class=\"fwpl-col fwpl-col el-2r0fq9\"><div class=\"fwpl-item el-rjmi6\"><strong>Circunscripci\u00f3n:<\/strong> <span class=\"fwpl-term fwpl-term-circunscripcion-nro-4 fwpl-tax-circunscripcion\">Circunscripci\u00f3n Nro. 4<\/span><br>\n<strong>Fueros\/Materias:<\/strong> <span class=\"fwpl-term fwpl-term-civil-comercial-y-laboral fwpl-tax-fuero\">Civil Comercial y Laboral<\/span><br>\n<strong>Organismo:<\/strong> JUZGADO DE PRIMERA INSTANCIA DE DISTRITO N\u00b0 17 EN LO CIVIL, COMERCIAL Y LABORAL DE LA SEGUNDA NOMINACI\u00d3N DE VILLA OCAMPO (SF)<br>\n&nbsp;&nbsp;<br>\n&nbsp;&nbsp;<br>\n<strong>Car\u00e1tula<\/strong>: BERNARDIS TOMAS ALVA S\/ SUCESORIO&nbsp;&nbsp;&nbsp;&nbsp;&nbsp;&nbsp;&nbsp;&nbsp;&nbsp;&nbsp;&nbsp;&nbsp;<strong>Cuij<\/strong> 21-28676388-7<br>\n<strong>Publicaci\u00f3n:<\/strong> 31\/08\/2026 <\/div><\/div><\/div><div class=\"fwpl-row el-tn472f\"><div class=\"fwpl-col fwpl-col el-8n3thv\"><\/div><div class=\"fwpl-col fwpl-col el-zmhp4\"><\/div><div class=\"fwpl-col fwpl-col el-yxe3ih\"><\/div><div class=\"fwpl-col fwpl-col el-we7sj4\"><\/div><\/div><div class=\"fwpl-row el-q8y73is\"><div class=\"fwpl-col fwpl-col el-5ibxx\"><\/div><div class=\"fwpl-col fwpl-col el-zejj02\"><div class=\"fwpl-item el-niqrnm\"><br><a href=\"https:\/\/www.justiciasantafe.gov.ar\/wp-content\/uploads\/2026\/08\/Camara.-Edicto.-BERNARDIS_firmado.pdf\" target=\"_blank\">\nDocumento para descargar\n<\/a><\/div><\/div><\/div><div class=\"fwpl-row el-mxzuqw\"><div class=\"fwpl-col fwpl-col el-74r028\"><div class=\"fwpl-item el-75jp0l\"><br>\n<div class=\"divider edictos_y_cedulas_divider clearfix\" style=\"height:5px;\"><\/div>\n<\/div><\/div><\/div><\/div><div class=\"fwpl-result r5\"><div class=\"fwpl-row el-mdy06i\"><div class=\"fwpl-col fwpl-col el-mcvq2k\"><\/div><div class=\"fwpl-col fwpl-col el-to028b\"><\/div><\/div><div class=\"fwpl-row el-a575\"><div class=\"fwpl-col fwpl-col el-2r0fq9\"><div class=\"fwpl-item el-rjmi6\"><strong>Circunscripci\u00f3n:<\/strong> <span class=\"fwpl-term fwpl-term-circunscripcion-nro-1 fwpl-tax-circunscripcion\">Circunscripci\u00f3n Nro. 1<\/span><br>\n<strong>Fueros\/Materias:<\/strong> <span class=\"fwpl-term fwpl-term-civil-y-comercial fwpl-tax-fuero\">Civil y Comercial<\/span><br>\n<strong>Organismo:<\/strong> JUZGADO DE PRIMERA INSTANCIA DE DISTRITO CIVIL Y COMERCIAL DE LA DECIMOCUARTA NOMINACION<br>\n&nbsp;&nbsp;<br>\n&nbsp;&nbsp;<br>\n<strong>Car\u00e1tula<\/strong>: AGUIRRE EUGENIA C\/ TRONCOSO ISABEL S\/ PRESCRIPCION ADQUISITIVA&nbsp;&nbsp;&nbsp;&nbsp;&nbsp;&nbsp;&nbsp;&nbsp;&nbsp;&nbsp;&nbsp;&nbsp;<strong>Cuij<\/strong>  21-15798340-4<br>\n<strong>Publicaci\u00f3n:<\/strong> 31\/08\/2026 <\/div><\/div><\/div><div class=\"fwpl-row el-tn472f\"><div class=\"fwpl-col fwpl-col el-8n3thv\"><\/div><div class=\"fwpl-col fwpl-col el-zmhp4\"><\/div><div class=\"fwpl-col fwpl-col el-yxe3ih\"><\/div><div class=\"fwpl-col fwpl-col el-we7sj4\"><\/div><\/div><div class=\"fwpl-row el-q8y73is\"><div class=\"fwpl-col fwpl-col el-5ibxx\"><\/div><div class=\"fwpl-col fwpl-col el-zejj02\"><div class=\"fwpl-item el-niqrnm\"><br><a href=\"https:\/\/www.justiciasantafe.gov.ar\/wp-content\/uploads\/2026\/08\/AGUIRRE-EUGENIA.pdf\" target=\"_blank\">\nDocumento para descargar\n<\/a><\/div><\/div><\/div><div class=\"fwpl-row el-mxzuqw\"><div class=\"fwpl-col fwpl-col el-74r028\"><div class=\"fwpl-item el-75jp0l\"><br>\n<div class=\"divider edictos_y_cedulas_divider clearfix\" style=\"height:5px;\"><\/div>\n<\/div><\/div><\/div><\/div><div class=\"fwpl-result r6\"><div class=\"fwpl-row el-mdy06i\"><div class=\"fwpl-col fwpl-col el-mcvq2k\"><\/div><div class=\"fwpl-col fwpl-col el-to028b\"><\/div><\/div><div class=\"fwpl-row el-a575\"><div class=\"fwpl-col fwpl-col el-2r0fq9\"><div class=\"fwpl-item el-rjmi6\"><strong>Circunscripci\u00f3n:<\/strong> <span class=\"fwpl-term fwpl-term-circunscripcion-nro-1 fwpl-tax-circunscripcion\">Circunscripci\u00f3n Nro. 1<\/span><br>\n<strong>Fueros\/Materias:<\/strong> <span class=\"fwpl-term fwpl-term-civil-y-comercial fwpl-tax-fuero\">Civil y Comercial<\/span><br>\n<strong>Organismo:<\/strong> JUZGADO DE PRIMERA INSTANCIA DE DISTRITO EN LO CIVIL Y COMERCIAL DE LA SEGUNDA NOMINACI\u00d3N DE SANTA FE<br>\n&nbsp;&nbsp;<br>\n&nbsp;&nbsp;<br>\n<strong>Car\u00e1tula<\/strong>: PINO, JOSE ANTONIO ARGENTINO S\/ QUIEBRA&nbsp;&nbsp;&nbsp;&nbsp;&nbsp;&nbsp;&nbsp;&nbsp;&nbsp;&nbsp;&nbsp;&nbsp;<strong>Cuij<\/strong> 21-02040242-0<br>\n<strong>Publicaci\u00f3n:<\/strong> 31\/08\/2026 <\/div><\/div><\/div><div class=\"fwpl-row el-tn472f\"><div class=\"fwpl-col fwpl-col el-8n3thv\"><\/div><div class=\"fwpl-col fwpl-col el-zmhp4\"><\/div><div class=\"fwpl-col fwpl-col el-yxe3ih\"><\/div><div class=\"fwpl-col fwpl-col el-we7sj4\"><\/div><\/div><div class=\"fwpl-row el-q8y73is\"><div class=\"fwpl-col fwpl-col el-5ibxx\"><\/div><div class=\"fwpl-col fwpl-col el-zejj02\"><div class=\"fwpl-item el-niqrnm\"><br><a href=\"https:\/\/www.justiciasantafe.gov.ar\/wp-content\/uploads\/2026\/08\/PINO-JOSE.pdf\" target=\"_blank\">\nDocumento para descargar\n<\/a><\/div><\/div><\/div><div class=\"fwpl-row el-mxzuqw\"><div class=\"fwpl-col fwpl-col el-74r028\"><div class=\"fwpl-item el-75jp0l\"><br>\n<div class=\"divider edictos_y_cedulas_divider clearfix\" style=\"height:5px;\"><\/div>\n<\/div><\/div><\/div><\/div><div class=\"fwpl-result r7\"><div class=\"fwpl-row el-mdy06i\"><div class=\"fwpl-col fwpl-col el-mcvq2k\"><\/div><div class=\"fwpl-col fwpl-col el-to028b\"><\/div><\/div><div class=\"fwpl-row el-a575\"><div class=\"fwpl-col fwpl-col el-2r0fq9\"><div class=\"fwpl-item el-rjmi6\"><strong>Circunscripci\u00f3n:<\/strong> <span class=\"fwpl-term fwpl-term-circunscripcion-nro-1 fwpl-tax-circunscripcion\">Circunscripci\u00f3n Nro. 1<\/span><br>\n<strong>Fueros\/Materias:<\/strong> <span class=\"fwpl-term fwpl-term-civil-y-comercial fwpl-tax-fuero\">Civil y Comercial<\/span><br>\n<strong>Organismo:<\/strong> Juzg. 1ra. Inst. Civil y Comercial 10ma. Nom.<br>\n&nbsp;&nbsp;<br>\n&nbsp;&nbsp;<br>\n<strong>Car\u00e1tula<\/strong>: ARCE, ALICIA S\/ QUIEBRA&nbsp;&nbsp;&nbsp;&nbsp;&nbsp;&nbsp;&nbsp;&nbsp;&nbsp;&nbsp;&nbsp;&nbsp;<strong>Cuij<\/strong> 21-02062077-0<br>\n<strong>Publicaci\u00f3n:<\/strong> 31\/08\/2026 <\/div><\/div><\/div><div class=\"fwpl-row el-tn472f\"><div class=\"fwpl-col fwpl-col el-8n3thv\"><\/div><div class=\"fwpl-col fwpl-col el-zmhp4\"><\/div><div class=\"fwpl-col fwpl-col el-yxe3ih\"><\/div><div class=\"fwpl-col fwpl-col el-we7sj4\"><\/div><\/div><div class=\"fwpl-row el-q8y73is\"><div class=\"fwpl-col fwpl-col el-5ibxx\"><\/div><div class=\"fwpl-col fwpl-col el-zejj02\"><div class=\"fwpl-item el-niqrnm\"><br><a href=\"https:\/\/www.justiciasantafe.gov.ar\/wp-content\/uploads\/2026\/08\/ARCE-ALICIA.pdf\" target=\"_blank\">\nDocumento para descargar\n<\/a><\/div><\/div><\/div><div class=\"fwpl-row el-mxzuqw\"><div class=\"fwpl-col fwpl-col el-74r028\"><div class=\"fwpl-item el-75jp0l\"><br>\n<div class=\"divider edictos_y_cedulas_divider clearfix\" style=\"height:5px;\"><\/div>\n<\/div><\/div><\/div><\/div><div class=\"fwpl-result r8\"><div class=\"fwpl-row el-mdy06i\"><div class=\"fwpl-col fwpl-col el-mcvq2k\"><\/div><div class=\"fwpl-col fwpl-col el-to028b\"><\/div><\/div><div class=\"fwpl-row el-a575\"><div class=\"fwpl-col fwpl-col el-2r0fq9\"><div class=\"fwpl-item el-rjmi6\"><strong>Circunscripci\u00f3n:<\/strong> <span class=\"fwpl-term fwpl-term-circunscripcion-nro-1 fwpl-tax-circunscripcion\">Circunscripci\u00f3n Nro. 1<\/span><br>\n<strong>Fueros\/Materias:<\/strong> <span class=\"fwpl-term fwpl-term-civil-y-comercial fwpl-tax-fuero\">Civil y Comercial<\/span><br>\n<strong>Organismo:<\/strong> Juzg. 1ra. Inst. Civil y Comercial 10ma. Nom.<br>\n&nbsp;&nbsp;<br>\n&nbsp;&nbsp;<br>\n<strong>Car\u00e1tula<\/strong>:  VINO, MARINA CELESTE S\/ PEDIDO DE QUIEBRA&nbsp;&nbsp;&nbsp;&nbsp;&nbsp;&nbsp;&nbsp;&nbsp;&nbsp;&nbsp;&nbsp;&nbsp;<strong>Cuij<\/strong> 21-02063240-9<br>\n<strong>Publicaci\u00f3n:<\/strong> 31\/08\/2026 <\/div><\/div><\/div><div class=\"fwpl-row el-tn472f\"><div class=\"fwpl-col fwpl-col el-8n3thv\"><\/div><div class=\"fwpl-col fwpl-col el-zmhp4\"><\/div><div class=\"fwpl-col fwpl-col el-yxe3ih\"><\/div><div class=\"fwpl-col fwpl-col el-we7sj4\"><\/div><\/div><div class=\"fwpl-row el-q8y73is\"><div class=\"fwpl-col fwpl-col el-5ibxx\"><\/div><div class=\"fwpl-col fwpl-col el-zejj02\"><div class=\"fwpl-item el-niqrnm\"><br><a href=\"https:\/\/www.justiciasantafe.gov.ar\/wp-content\/uploads\/2026\/08\/VINO-MARINA-CELESTE.pdf\" target=\"_blank\">\nDocumento para descargar\n<\/a><\/div><\/div><\/div><div class=\"fwpl-row el-mxzuqw\"><div class=\"fwpl-col fwpl-col el-74r028\"><div class=\"fwpl-item el-75jp0l\"><br>\n<div class=\"divider edictos_y_cedulas_divider clearfix\" style=\"height:5px;\"><\/div>\n<\/div><\/div><\/div><\/div><div class=\"fwpl-result r9\"><div class=\"fwpl-row el-mdy06i\"><div class=\"fwpl-col fwpl-col el-mcvq2k\"><\/div><div class=\"fwpl-col fwpl-col el-to028b\"><\/div><\/div><div class=\"fwpl-row el-a575\"><div class=\"fwpl-col fwpl-col el-2r0fq9\"><div class=\"fwpl-item el-rjmi6\"><strong>Circunscripci\u00f3n:<\/strong> <span class=\"fwpl-term fwpl-term-circunscripcion-nro-4 fwpl-tax-circunscripcion\">Circunscripci\u00f3n Nro. 4<\/span><br>\n<strong>Fueros\/Materias:<\/strong> <span class=\"fwpl-term fwpl-term-civil-y-comercial fwpl-tax-fuero\">Civil y Comercial<\/span><br>\n<strong>Organismo:<\/strong> JUZGADO DE PRIMERA INSTANCIA DE DISTRITO N\u00b0 4 EN LO CIVIL Y COMERCIAL DE LA SEGUNDA NOMINACI\u00d3N DE RECONQUISTA (SF)<br>\n&nbsp;&nbsp;<br>\n&nbsp;&nbsp;<br>\n<strong>Car\u00e1tula<\/strong>: GONZALEZ LUCIANO LEONEL S\/ SOLICITUD PROPIA QUIEBRA&nbsp;&nbsp;&nbsp;&nbsp;&nbsp;&nbsp;&nbsp;&nbsp;&nbsp;&nbsp;&nbsp;&nbsp;<strong>Cuij<\/strong> 21-25034773-9<br>\n<strong>Publicaci\u00f3n:<\/strong> 31\/08\/2026 <\/div><\/div><\/div><div class=\"fwpl-row el-tn472f\"><div class=\"fwpl-col fwpl-col el-8n3thv\"><\/div><div class=\"fwpl-col fwpl-col el-zmhp4\"><\/div><div class=\"fwpl-col fwpl-col el-yxe3ih\"><\/div><div class=\"fwpl-col fwpl-col el-we7sj4\"><\/div><\/div><div class=\"fwpl-row el-q8y73is\"><div class=\"fwpl-col fwpl-col el-5ibxx\"><\/div><div class=\"fwpl-col fwpl-col el-zejj02\"><div class=\"fwpl-item el-niqrnm\"><br><a href=\"https:\/\/www.justiciasantafe.gov.ar\/wp-content\/uploads\/2026\/08\/GONZALEZ-LUCIANO.pdf\" target=\"_blank\">\nDocumento para descargar\n<\/a><\/div><\/div><\/div><div class=\"fwpl-row el-mxzuqw\"><div class=\"fwpl-col fwpl-col el-74r028\"><div class=\"fwpl-item el-75jp0l\"><br>\n<div class=\"divider edictos_y_cedulas_divider clearfix\" style=\"height:5px;\"><\/div>\n<\/div><\/div><\/div><\/div><div class=\"fwpl-result r10\"><div class=\"fwpl-row el-mdy06i\"><div class=\"fwpl-col fwpl-col el-mcvq2k\"><\/div><div class=\"fwpl-col fwpl-col el-to028b\"><\/div><\/div><div class=\"fwpl-row el-a575\"><div class=\"fwpl-col fwpl-col el-2r0fq9\"><div class=\"fwpl-item el-rjmi6\"><strong>Circunscripci\u00f3n:<\/strong> <span class=\"fwpl-term fwpl-term-circunscripcion-nro-1 fwpl-tax-circunscripcion\">Circunscripci\u00f3n Nro. 1<\/span><br>\n<strong>Fueros\/Materias:<\/strong> <span class=\"fwpl-term fwpl-term-civil-y-comercial fwpl-tax-fuero\">Civil y Comercial<\/span><br>\n<strong>Organismo:<\/strong> JUZGADO DE PRIMERA INSTANCIA DE DISTRITO EN LO CIVIL Y COMERCIAL DE LA SEXTA NOMINACI\u00d3N DE SANTA FE<br>\n&nbsp;&nbsp;<br>\n&nbsp;&nbsp;<br>\n<strong>Car\u00e1tula<\/strong>: MILL, MONICA MARCELA S\/ SOLICITUD PROPIA QUIEBRA&nbsp;&nbsp;&nbsp;&nbsp;&nbsp;&nbsp;&nbsp;&nbsp;&nbsp;&nbsp;&nbsp;&nbsp;<strong>Cuij<\/strong> 21-02059354-4<br>\n<strong>Publicaci\u00f3n:<\/strong> 31\/08\/2026 <\/div><\/div><\/div><div class=\"fwpl-row el-tn472f\"><div class=\"fwpl-col fwpl-col el-8n3thv\"><\/div><div class=\"fwpl-col fwpl-col el-zmhp4\"><\/div><div class=\"fwpl-col fwpl-col el-yxe3ih\"><\/div><div class=\"fwpl-col fwpl-col el-we7sj4\"><\/div><\/div><div class=\"fwpl-row el-q8y73is\"><div class=\"fwpl-col fwpl-col el-5ibxx\"><\/div><div class=\"fwpl-col fwpl-col el-zejj02\"><div class=\"fwpl-item el-niqrnm\"><br><a href=\"https:\/\/www.justiciasantafe.gov.ar\/wp-content\/uploads\/2026\/08\/EDICTO-WEB-QUIEBRA-MILL-MONICA-MARCELA.pdf\" target=\"_blank\">\nDocumento para descargar\n<\/a><\/div><\/div><\/div><div class=\"fwpl-row el-mxzuqw\"><div class=\"fwpl-col fwpl-col el-74r028\"><div class=\"fwpl-item el-75jp0l\"><br>\n<div class=\"divider edictos_y_cedulas_divider clearfix\" style=\"height:5px;\"><\/div>\n<\/div><\/div><\/div><\/div><\/div>\n<style>\n.fwpl-layout, .fwpl-row {\n    display: grid;\n}\n.fwpl-layout.el-009p9 {\n    grid-template-columns: repeat(1, 1fr);\n    grid-gap: 10px;\n}\n.fwpl-btn {\n    text-decoration: none;\n}\n.fwpl-row.el-mdy06i {\n    grid-template-columns: 11.7% 1fr;\n}\n.fwpl-row.el-a575 {\n    grid-template-columns: 1fr;\n}\n.fwpl-row.el-tn472f {\n    grid-template-columns: 11.6% 39.0% 14.4% 1fr;\n}\n.fwpl-col.el-zmhp4 {\n    text-align: left;\n}\n.fwpl-item.el-nyga6i {\n    text-align: left;\n}\n.fwpl-col.el-yxe3ih {\n    text-align: left;\n}\n.fwpl-item.el-c37mwi {\n    text-align: right;\n}\n.fwpl-item.el-g6ydzw {\n    text-align: left;\n}\n.fwpl-row.el-q8y73is {\n    grid-template-columns: 11.6% 1fr;\n}\n.fwpl-row.el-mxzuqw {\n    grid-template-columns: 1fr;\n}\n@media (max-width: 480px) { \n    body .facetwp-template .fwpl-layout,  \n    body .facetwp-template-static .fwpl-layout { grid-template-columns: 1fr; } \n} \n\n<\/style>\n<\/div>\n\t\t\t<\/div>\n\t\n\t\t<\/div>\n\t\t\t\t\n<style>\n#col-957102280 > .col-inner {\n  margin: -52px 0px 0px 0px;\n}\n<\/style>\n\t<\/div>\n\n\t\n<\/div>\n\t\t<\/div>\n\n\t\t\n<style>\n#section_1888059223 {\n  padding-top: 30px;\n  padding-bottom: 30px;\n}\n<\/style>\n\t<\/section>\n\t\n\n\t<section class=\"section seccion_pdf\" id=\"section_1854857957\">\n\t\t<div class=\"section-bg fill\" >\n\t\t\t\t\t\t\t\t\t\n\t\t\t\n\n\t\t<\/div>\n\n\t\t\n\n\t\t<div class=\"section-content relative\">\n\t\t\t\n<div class=\"row hide-for-medium\"  id=\"row-2019312799\">\n\n\t<div id=\"col-1334929615\" class=\"col columna_texto medium-11 small-12 large-11\"  >\n\t\t\t\t<div class=\"col-inner\"  >\n\t\t\t\n\t\t\t\n\t<div id=\"text-3104695518\" class=\"text titulo_texto\">\n\t\t\n<h1 class=\"titulo_edicto\" align=\"center\"><span style=\"font-size: 120%;\">Edictos del Bolet\u00edn Oficial<\/span><\/h1>\n<h2 class=\"nota_no_suple\" align=\"center\"><i>Esta publicaci\u00f3n no suple la notificaci\u00f3n por edictos del Bolet\u00edn Oficial<\/i><\/h2>\n\t\t\t<\/div>\n\t\n\t\t<\/div>\n\t\t\t\t\n<style>\n#col-1334929615 > .col-inner {\n  margin: 0px 0px 0px 0px;\n}\n<\/style>\n\t<\/div>\n\n\t\n\n\t<div id=\"col-258908162\" class=\"col medium-1 small-12 large-1\"  >\n\t\t\t\t<div class=\"col-inner text-center\"  >\n\t\t\t\n\t\t\t\n<h5 style=\"text-align: left;\" align=\"center\"><span style=\"font-size: 75%;\"><div class=\"pdfprnt-buttons\"><a href=\"https:\/\/www.justiciasantafe.gov.ar\/index.php\/wp-json\/wp\/v2\/pages\/44875?print=pdf\" class=\"pdfprnt-button pdfprnt-button-pdf\" target=\"_blank\"><img decoding=\"async\" src=\"https:\/\/www.justiciasantafe.gov.ar\/wp-content\/plugins\/pdf-print-pro\/images\/pdf.png\" alt=\"image_pdf\" title=\"Ver PDF\" \/><\/a><\/div><\/span><\/h5>\n\t\t<\/div>\n\t\t\t\t\t<\/div>\n\n\t\n<\/div>\n<div class=\"row fila_pdf hide-for-medium\"  id=\"row-392211845\">\n\n\t<div id=\"col-1050386885\" class=\"col fila_pdf small-12 large-12\"  >\n\t\t\t\t<div class=\"col-inner\"  >\n\t\t\t\n\t\t\t\n\t<div id=\"text-2333468596\" class=\"text titulo_texto\">\n\t\t\n<div class=\"facetwp-template\" data-name=\"edictos_y_cedulas_copy_copy\"><div class=\"fwpl-layout el-009p9\"><div class=\"fwpl-result r1\"><div class=\"fwpl-row el-mdy06i\"><div class=\"fwpl-col fwpl-col el-mcvq2k\"><\/div><div class=\"fwpl-col fwpl-col el-to028b\"><\/div><\/div><div class=\"fwpl-row el-a575\"><div class=\"fwpl-col fwpl-col el-2r0fq9\"><div class=\"fwpl-item el-rjmi6\"><strong>Circunscripci\u00f3n:<\/strong> <span class=\"fwpl-term fwpl-term-circunscripcion-nro-2 fwpl-tax-circunscripcion\">Circunscripci\u00f3n Nro. 2<\/span><br>\n<strong>Fueros\/Materias:<\/strong> <span class=\"fwpl-term fwpl-term-circuito fwpl-tax-fuero\">Circuito<\/span><br>\n<strong>Organismo:<\/strong> JUZGADO DE PRIMERA INSTANCIA DE CIRCUITO N\u00b0: 4 DE ROSARIO <br>\n&nbsp;&nbsp;<br>\n&nbsp;&nbsp;<br>\n<strong>Car\u00e1tula<\/strong>: PRIA ALEJANDRA VIVIANA C\/ RACHID MIGUEL Y OTROS S\/ PRESCRIPCION ADQUISITIVA<br>\n<strong>Cuij<\/strong> 21-02978326-5<br>\n<strong>Publicaci\u00f3n:<\/strong> 31\/08\/2026 <\/div><\/div><\/div><div class=\"fwpl-row el-tn472f\"><div class=\"fwpl-col fwpl-col el-8n3thv\"><\/div><div class=\"fwpl-col fwpl-col el-zmhp4\"><\/div><div class=\"fwpl-col fwpl-col el-yxe3ih\"><\/div><div class=\"fwpl-col fwpl-col el-we7sj4\"><\/div><\/div><div class=\"fwpl-row el-q8y73is\"><div class=\"fwpl-col fwpl-col el-5ibxx\"><\/div><div class=\"fwpl-col fwpl-col el-zejj02\"><div class=\"fwpl-item el-niqrnm\"><br><a href=\"https:\/\/www.justiciasantafe.gov.ar\/wp-content\/uploads\/2026\/08\/PRIA-ALEJANDRA.pdf\" target=\"_blank\">\nDocumento para descargar\n<\/a><\/div><\/div><\/div><div class=\"fwpl-row el-mxzuqw\"><div class=\"fwpl-col fwpl-col el-74r028\"><div class=\"fwpl-item el-75jp0l\"><br>\n<div class=\"divider edictos_y_cedulas_divider clearfix\" style=\"height:5px;\"><\/div>\n<\/div><\/div><\/div><\/div><div class=\"fwpl-result r2\"><div class=\"fwpl-row el-mdy06i\"><div class=\"fwpl-col fwpl-col el-mcvq2k\"><\/div><div class=\"fwpl-col fwpl-col el-to028b\"><\/div><\/div><div class=\"fwpl-row el-a575\"><div class=\"fwpl-col fwpl-col el-2r0fq9\"><div class=\"fwpl-item el-rjmi6\"><strong>Circunscripci\u00f3n:<\/strong> <span class=\"fwpl-term fwpl-term-circunscripcion-nro-2 fwpl-tax-circunscripcion\">Circunscripci\u00f3n Nro. 2<\/span><br>\n<strong>Fueros\/Materias:<\/strong> <span class=\"fwpl-term fwpl-term-responsabilidad-extracontractual fwpl-tax-fuero\">Responsabilidad Extracontractual<\/span><br>\n<strong>Organismo:<\/strong> JUZGADO UNIPERSONAL DE RESPONSABILIDAD EXTRACONTRACTUAL DE LA PRIMERA NOMINACION DE ROSARIO <br>\n&nbsp;&nbsp;<br>\n&nbsp;&nbsp;<br>\n<strong>Car\u00e1tula<\/strong>: DEL PONTE FLORENCIA AYELEN Y OTROS C\/ GONZALEZ NILBA PEDRO ANTONIO Y OTROS S\/ DA\u00d1OS Y PERJUICIOS<br>\n<strong>Cuij<\/strong> 21-11904033-4<br>\n<strong>Publicaci\u00f3n:<\/strong> 31\/08\/2026 <\/div><\/div><\/div><div class=\"fwpl-row el-tn472f\"><div class=\"fwpl-col fwpl-col el-8n3thv\"><\/div><div class=\"fwpl-col fwpl-col el-zmhp4\"><\/div><div class=\"fwpl-col fwpl-col el-yxe3ih\"><\/div><div class=\"fwpl-col fwpl-col el-we7sj4\"><\/div><\/div><div class=\"fwpl-row el-q8y73is\"><div class=\"fwpl-col fwpl-col el-5ibxx\"><\/div><div class=\"fwpl-col fwpl-col el-zejj02\"><div class=\"fwpl-item el-niqrnm\"><br><a href=\"https:\/\/www.justiciasantafe.gov.ar\/wp-content\/uploads\/2026\/08\/DEL-PONTE-FLORENCIA.pdf\" target=\"_blank\">\nDocumento para descargar\n<\/a><\/div><\/div><\/div><div class=\"fwpl-row el-mxzuqw\"><div class=\"fwpl-col fwpl-col el-74r028\"><div class=\"fwpl-item el-75jp0l\"><br>\n<div class=\"divider edictos_y_cedulas_divider clearfix\" style=\"height:5px;\"><\/div>\n<\/div><\/div><\/div><\/div><div class=\"fwpl-result r3\"><div class=\"fwpl-row el-mdy06i\"><div class=\"fwpl-col fwpl-col el-mcvq2k\"><\/div><div class=\"fwpl-col fwpl-col el-to028b\"><\/div><\/div><div class=\"fwpl-row el-a575\"><div class=\"fwpl-col fwpl-col el-2r0fq9\"><div class=\"fwpl-item el-rjmi6\"><strong>Circunscripci\u00f3n:<\/strong> <span class=\"fwpl-term fwpl-term-circunscripcion-nro-4 fwpl-tax-circunscripcion\">Circunscripci\u00f3n Nro. 4<\/span><br>\n<strong>Fueros\/Materias:<\/strong> <span class=\"fwpl-term fwpl-term-civil-comercial-y-laboral fwpl-tax-fuero\">Civil Comercial y Laboral<\/span><br>\n<strong>Organismo:<\/strong> JUZGADO DE PRIMERA INSTANCIA DE DISTRITO N\u00b0 17 EN LO CIVIL, COMERCIAL Y LABORAL DE LA SEGUNDA NOMINACI\u00d3N DE VILLA OCAMPO (SF)<br>\n&nbsp;&nbsp;<br>\n&nbsp;&nbsp;<br>\n<strong>Car\u00e1tula<\/strong>: BERNARDIS TOMAS ALVA S\/ SUCESORIO<br>\n<strong>Cuij<\/strong> 21-28676388-7<br>\n<strong>Publicaci\u00f3n:<\/strong> 31\/08\/2026 <\/div><\/div><\/div><div class=\"fwpl-row el-tn472f\"><div class=\"fwpl-col fwpl-col el-8n3thv\"><\/div><div class=\"fwpl-col fwpl-col el-zmhp4\"><\/div><div class=\"fwpl-col fwpl-col el-yxe3ih\"><\/div><div class=\"fwpl-col fwpl-col el-we7sj4\"><\/div><\/div><div class=\"fwpl-row el-q8y73is\"><div class=\"fwpl-col fwpl-col el-5ibxx\"><\/div><div class=\"fwpl-col fwpl-col el-zejj02\"><div class=\"fwpl-item el-niqrnm\"><br><a href=\"https:\/\/www.justiciasantafe.gov.ar\/wp-content\/uploads\/2026\/08\/Camara.-Edicto.-BERNARDIS_firmado-2.pdf\" target=\"_blank\">\nDocumento para descargar\n<\/a><\/div><\/div><\/div><div class=\"fwpl-row el-mxzuqw\"><div class=\"fwpl-col fwpl-col el-74r028\"><div class=\"fwpl-item el-75jp0l\"><br>\n<div class=\"divider edictos_y_cedulas_divider clearfix\" style=\"height:5px;\"><\/div>\n<\/div><\/div><\/div><\/div><div class=\"fwpl-result r4\"><div class=\"fwpl-row el-mdy06i\"><div class=\"fwpl-col fwpl-col el-mcvq2k\"><\/div><div class=\"fwpl-col fwpl-col el-to028b\"><\/div><\/div><div class=\"fwpl-row el-a575\"><div class=\"fwpl-col fwpl-col el-2r0fq9\"><div class=\"fwpl-item el-rjmi6\"><strong>Circunscripci\u00f3n:<\/strong> <span class=\"fwpl-term fwpl-term-circunscripcion-nro-4 fwpl-tax-circunscripcion\">Circunscripci\u00f3n Nro. 4<\/span><br>\n<strong>Fueros\/Materias:<\/strong> <span class=\"fwpl-term fwpl-term-civil-comercial-y-laboral fwpl-tax-fuero\">Civil Comercial y Laboral<\/span><br>\n<strong>Organismo:<\/strong> JUZGADO DE PRIMERA INSTANCIA DE DISTRITO N\u00b0 17 EN LO CIVIL, COMERCIAL Y LABORAL DE LA SEGUNDA NOMINACI\u00d3N DE VILLA OCAMPO (SF)<br>\n&nbsp;&nbsp;<br>\n&nbsp;&nbsp;<br>\n<strong>Car\u00e1tula<\/strong>: BERNARDIS TOMAS ALVA S\/ SUCESORIO<br>\n<strong>Cuij<\/strong> 21-28676388-7<br>\n<strong>Publicaci\u00f3n:<\/strong> 31\/08\/2026 <\/div><\/div><\/div><div class=\"fwpl-row el-tn472f\"><div class=\"fwpl-col fwpl-col el-8n3thv\"><\/div><div class=\"fwpl-col fwpl-col el-zmhp4\"><\/div><div class=\"fwpl-col fwpl-col el-yxe3ih\"><\/div><div class=\"fwpl-col fwpl-col el-we7sj4\"><\/div><\/div><div class=\"fwpl-row el-q8y73is\"><div class=\"fwpl-col fwpl-col el-5ibxx\"><\/div><div class=\"fwpl-col fwpl-col el-zejj02\"><div class=\"fwpl-item el-niqrnm\"><br><a href=\"https:\/\/www.justiciasantafe.gov.ar\/wp-content\/uploads\/2026\/08\/Camara.-Edicto.-BERNARDIS_firmado.pdf\" target=\"_blank\">\nDocumento para descargar\n<\/a><\/div><\/div><\/div><div class=\"fwpl-row el-mxzuqw\"><div class=\"fwpl-col fwpl-col el-74r028\"><div class=\"fwpl-item el-75jp0l\"><br>\n<div class=\"divider edictos_y_cedulas_divider clearfix\" style=\"height:5px;\"><\/div>\n<\/div><\/div><\/div><\/div><div class=\"fwpl-result r5\"><div class=\"fwpl-row el-mdy06i\"><div class=\"fwpl-col fwpl-col el-mcvq2k\"><\/div><div class=\"fwpl-col fwpl-col el-to028b\"><\/div><\/div><div class=\"fwpl-row el-a575\"><div class=\"fwpl-col fwpl-col el-2r0fq9\"><div class=\"fwpl-item el-rjmi6\"><strong>Circunscripci\u00f3n:<\/strong> <span class=\"fwpl-term fwpl-term-circunscripcion-nro-1 fwpl-tax-circunscripcion\">Circunscripci\u00f3n Nro. 1<\/span><br>\n<strong>Fueros\/Materias:<\/strong> <span class=\"fwpl-term fwpl-term-civil-y-comercial fwpl-tax-fuero\">Civil y Comercial<\/span><br>\n<strong>Organismo:<\/strong> JUZGADO DE PRIMERA INSTANCIA DE DISTRITO CIVIL Y COMERCIAL DE LA DECIMOCUARTA NOMINACION<br>\n&nbsp;&nbsp;<br>\n&nbsp;&nbsp;<br>\n<strong>Car\u00e1tula<\/strong>: AGUIRRE EUGENIA C\/ TRONCOSO ISABEL S\/ PRESCRIPCION ADQUISITIVA<br>\n<strong>Cuij<\/strong>  21-15798340-4<br>\n<strong>Publicaci\u00f3n:<\/strong> 31\/08\/2026 <\/div><\/div><\/div><div class=\"fwpl-row el-tn472f\"><div class=\"fwpl-col fwpl-col el-8n3thv\"><\/div><div class=\"fwpl-col fwpl-col el-zmhp4\"><\/div><div class=\"fwpl-col fwpl-col el-yxe3ih\"><\/div><div class=\"fwpl-col fwpl-col el-we7sj4\"><\/div><\/div><div class=\"fwpl-row el-q8y73is\"><div class=\"fwpl-col fwpl-col el-5ibxx\"><\/div><div class=\"fwpl-col fwpl-col el-zejj02\"><div class=\"fwpl-item el-niqrnm\"><br><a href=\"https:\/\/www.justiciasantafe.gov.ar\/wp-content\/uploads\/2026\/08\/AGUIRRE-EUGENIA.pdf\" target=\"_blank\">\nDocumento para descargar\n<\/a><\/div><\/div><\/div><div class=\"fwpl-row el-mxzuqw\"><div class=\"fwpl-col fwpl-col el-74r028\"><div class=\"fwpl-item el-75jp0l\"><br>\n<div class=\"divider edictos_y_cedulas_divider clearfix\" style=\"height:5px;\"><\/div>\n<\/div><\/div><\/div><\/div><div class=\"fwpl-result r6\"><div class=\"fwpl-row el-mdy06i\"><div class=\"fwpl-col fwpl-col el-mcvq2k\"><\/div><div class=\"fwpl-col fwpl-col el-to028b\"><\/div><\/div><div class=\"fwpl-row el-a575\"><div class=\"fwpl-col fwpl-col el-2r0fq9\"><div class=\"fwpl-item el-rjmi6\"><strong>Circunscripci\u00f3n:<\/strong> <span class=\"fwpl-term fwpl-term-circunscripcion-nro-1 fwpl-tax-circunscripcion\">Circunscripci\u00f3n Nro. 1<\/span><br>\n<strong>Fueros\/Materias:<\/strong> <span class=\"fwpl-term fwpl-term-civil-y-comercial fwpl-tax-fuero\">Civil y Comercial<\/span><br>\n<strong>Organismo:<\/strong> JUZGADO DE PRIMERA INSTANCIA DE DISTRITO EN LO CIVIL Y COMERCIAL DE LA SEGUNDA NOMINACI\u00d3N DE SANTA FE<br>\n&nbsp;&nbsp;<br>\n&nbsp;&nbsp;<br>\n<strong>Car\u00e1tula<\/strong>: PINO, JOSE ANTONIO ARGENTINO S\/ QUIEBRA<br>\n<strong>Cuij<\/strong> 21-02040242-0<br>\n<strong>Publicaci\u00f3n:<\/strong> 31\/08\/2026 <\/div><\/div><\/div><div class=\"fwpl-row el-tn472f\"><div class=\"fwpl-col fwpl-col el-8n3thv\"><\/div><div class=\"fwpl-col fwpl-col el-zmhp4\"><\/div><div class=\"fwpl-col fwpl-col el-yxe3ih\"><\/div><div class=\"fwpl-col fwpl-col el-we7sj4\"><\/div><\/div><div class=\"fwpl-row el-q8y73is\"><div class=\"fwpl-col fwpl-col el-5ibxx\"><\/div><div class=\"fwpl-col fwpl-col el-zejj02\"><div class=\"fwpl-item el-niqrnm\"><br><a href=\"https:\/\/www.justiciasantafe.gov.ar\/wp-content\/uploads\/2026\/08\/PINO-JOSE.pdf\" target=\"_blank\">\nDocumento para descargar\n<\/a><\/div><\/div><\/div><div class=\"fwpl-row el-mxzuqw\"><div class=\"fwpl-col fwpl-col el-74r028\"><div class=\"fwpl-item el-75jp0l\"><br>\n<div class=\"divider edictos_y_cedulas_divider clearfix\" style=\"height:5px;\"><\/div>\n<\/div><\/div><\/div><\/div><div class=\"fwpl-result r7\"><div class=\"fwpl-row el-mdy06i\"><div class=\"fwpl-col fwpl-col el-mcvq2k\"><\/div><div class=\"fwpl-col fwpl-col el-to028b\"><\/div><\/div><div class=\"fwpl-row el-a575\"><div class=\"fwpl-col fwpl-col el-2r0fq9\"><div class=\"fwpl-item el-rjmi6\"><strong>Circunscripci\u00f3n:<\/strong> <span class=\"fwpl-term fwpl-term-circunscripcion-nro-1 fwpl-tax-circunscripcion\">Circunscripci\u00f3n Nro. 1<\/span><br>\n<strong>Fueros\/Materias:<\/strong> <span class=\"fwpl-term fwpl-term-civil-y-comercial fwpl-tax-fuero\">Civil y Comercial<\/span><br>\n<strong>Organismo:<\/strong> Juzg. 1ra. Inst. Civil y Comercial 10ma. Nom.<br>\n&nbsp;&nbsp;<br>\n&nbsp;&nbsp;<br>\n<strong>Car\u00e1tula<\/strong>: ARCE, ALICIA S\/ QUIEBRA<br>\n<strong>Cuij<\/strong> 21-02062077-0<br>\n<strong>Publicaci\u00f3n:<\/strong> 31\/08\/2026 <\/div><\/div><\/div><div class=\"fwpl-row el-tn472f\"><div class=\"fwpl-col fwpl-col el-8n3thv\"><\/div><div class=\"fwpl-col fwpl-col el-zmhp4\"><\/div><div class=\"fwpl-col fwpl-col el-yxe3ih\"><\/div><div class=\"fwpl-col fwpl-col el-we7sj4\"><\/div><\/div><div class=\"fwpl-row el-q8y73is\"><div class=\"fwpl-col fwpl-col el-5ibxx\"><\/div><div class=\"fwpl-col fwpl-col el-zejj02\"><div class=\"fwpl-item el-niqrnm\"><br><a href=\"https:\/\/www.justiciasantafe.gov.ar\/wp-content\/uploads\/2026\/08\/ARCE-ALICIA.pdf\" target=\"_blank\">\nDocumento para descargar\n<\/a><\/div><\/div><\/div><div class=\"fwpl-row el-mxzuqw\"><div class=\"fwpl-col fwpl-col el-74r028\"><div class=\"fwpl-item el-75jp0l\"><br>\n<div class=\"divider edictos_y_cedulas_divider clearfix\" style=\"height:5px;\"><\/div>\n<\/div><\/div><\/div><\/div><div class=\"fwpl-result r8\"><div class=\"fwpl-row el-mdy06i\"><div class=\"fwpl-col fwpl-col el-mcvq2k\"><\/div><div class=\"fwpl-col fwpl-col el-to028b\"><\/div><\/div><div class=\"fwpl-row el-a575\"><div class=\"fwpl-col fwpl-col el-2r0fq9\"><div class=\"fwpl-item el-rjmi6\"><strong>Circunscripci\u00f3n:<\/strong> <span class=\"fwpl-term fwpl-term-circunscripcion-nro-1 fwpl-tax-circunscripcion\">Circunscripci\u00f3n Nro. 1<\/span><br>\n<strong>Fueros\/Materias:<\/strong> <span class=\"fwpl-term fwpl-term-civil-y-comercial fwpl-tax-fuero\">Civil y Comercial<\/span><br>\n<strong>Organismo:<\/strong> Juzg. 1ra. Inst. Civil y Comercial 10ma. Nom.<br>\n&nbsp;&nbsp;<br>\n&nbsp;&nbsp;<br>\n<strong>Car\u00e1tula<\/strong>:  VINO, MARINA CELESTE S\/ PEDIDO DE QUIEBRA<br>\n<strong>Cuij<\/strong> 21-02063240-9<br>\n<strong>Publicaci\u00f3n:<\/strong> 31\/08\/2026 <\/div><\/div><\/div><div class=\"fwpl-row el-tn472f\"><div class=\"fwpl-col fwpl-col el-8n3thv\"><\/div><div class=\"fwpl-col fwpl-col el-zmhp4\"><\/div><div class=\"fwpl-col fwpl-col el-yxe3ih\"><\/div><div class=\"fwpl-col fwpl-col el-we7sj4\"><\/div><\/div><div class=\"fwpl-row el-q8y73is\"><div class=\"fwpl-col fwpl-col el-5ibxx\"><\/div><div class=\"fwpl-col fwpl-col el-zejj02\"><div class=\"fwpl-item el-niqrnm\"><br><a href=\"https:\/\/www.justiciasantafe.gov.ar\/wp-content\/uploads\/2026\/08\/VINO-MARINA-CELESTE.pdf\" target=\"_blank\">\nDocumento para descargar\n<\/a><\/div><\/div><\/div><div class=\"fwpl-row el-mxzuqw\"><div class=\"fwpl-col fwpl-col el-74r028\"><div class=\"fwpl-item el-75jp0l\"><br>\n<div class=\"divider edictos_y_cedulas_divider clearfix\" style=\"height:5px;\"><\/div>\n<\/div><\/div><\/div><\/div><div class=\"fwpl-result r9\"><div class=\"fwpl-row el-mdy06i\"><div class=\"fwpl-col fwpl-col el-mcvq2k\"><\/div><div class=\"fwpl-col fwpl-col el-to028b\"><\/div><\/div><div class=\"fwpl-row el-a575\"><div class=\"fwpl-col fwpl-col el-2r0fq9\"><div class=\"fwpl-item el-rjmi6\"><strong>Circunscripci\u00f3n:<\/strong> <span class=\"fwpl-term fwpl-term-circunscripcion-nro-4 fwpl-tax-circunscripcion\">Circunscripci\u00f3n Nro. 4<\/span><br>\n<strong>Fueros\/Materias:<\/strong> <span class=\"fwpl-term fwpl-term-civil-y-comercial fwpl-tax-fuero\">Civil y Comercial<\/span><br>\n<strong>Organismo:<\/strong> JUZGADO DE PRIMERA INSTANCIA DE DISTRITO N\u00b0 4 EN LO CIVIL Y COMERCIAL DE LA SEGUNDA NOMINACI\u00d3N DE RECONQUISTA (SF)<br>\n&nbsp;&nbsp;<br>\n&nbsp;&nbsp;<br>\n<strong>Car\u00e1tula<\/strong>: GONZALEZ LUCIANO LEONEL S\/ SOLICITUD PROPIA QUIEBRA<br>\n<strong>Cuij<\/strong> 21-25034773-9<br>\n<strong>Publicaci\u00f3n:<\/strong> 31\/08\/2026 <\/div><\/div><\/div><div class=\"fwpl-row el-tn472f\"><div class=\"fwpl-col fwpl-col el-8n3thv\"><\/div><div class=\"fwpl-col fwpl-col el-zmhp4\"><\/div><div class=\"fwpl-col fwpl-col el-yxe3ih\"><\/div><div class=\"fwpl-col fwpl-col el-we7sj4\"><\/div><\/div><div class=\"fwpl-row el-q8y73is\"><div class=\"fwpl-col fwpl-col el-5ibxx\"><\/div><div class=\"fwpl-col fwpl-col el-zejj02\"><div class=\"fwpl-item el-niqrnm\"><br><a href=\"https:\/\/www.justiciasantafe.gov.ar\/wp-content\/uploads\/2026\/08\/GONZALEZ-LUCIANO.pdf\" target=\"_blank\">\nDocumento para descargar\n<\/a><\/div><\/div><\/div><div class=\"fwpl-row el-mxzuqw\"><div class=\"fwpl-col fwpl-col el-74r028\"><div class=\"fwpl-item el-75jp0l\"><br>\n<div class=\"divider edictos_y_cedulas_divider clearfix\" style=\"height:5px;\"><\/div>\n<\/div><\/div><\/div><\/div><div class=\"fwpl-result r10\"><div class=\"fwpl-row el-mdy06i\"><div class=\"fwpl-col fwpl-col el-mcvq2k\"><\/div><div class=\"fwpl-col fwpl-col el-to028b\"><\/div><\/div><div class=\"fwpl-row el-a575\"><div class=\"fwpl-col fwpl-col el-2r0fq9\"><div class=\"fwpl-item el-rjmi6\"><strong>Circunscripci\u00f3n:<\/strong> <span class=\"fwpl-term fwpl-term-circunscripcion-nro-1 fwpl-tax-circunscripcion\">Circunscripci\u00f3n Nro. 1<\/span><br>\n<strong>Fueros\/Materias:<\/strong> <span class=\"fwpl-term fwpl-term-civil-y-comercial fwpl-tax-fuero\">Civil y Comercial<\/span><br>\n<strong>Organismo:<\/strong> JUZGADO DE PRIMERA INSTANCIA DE DISTRITO EN LO CIVIL Y COMERCIAL DE LA SEXTA NOMINACI\u00d3N DE SANTA FE<br>\n&nbsp;&nbsp;<br>\n&nbsp;&nbsp;<br>\n<strong>Car\u00e1tula<\/strong>: MILL, MONICA MARCELA S\/ SOLICITUD PROPIA QUIEBRA<br>\n<strong>Cuij<\/strong> 21-02059354-4<br>\n<strong>Publicaci\u00f3n:<\/strong> 31\/08\/2026 <\/div><\/div><\/div><div class=\"fwpl-row el-tn472f\"><div class=\"fwpl-col fwpl-col el-8n3thv\"><\/div><div class=\"fwpl-col fwpl-col el-zmhp4\"><\/div><div class=\"fwpl-col fwpl-col el-yxe3ih\"><\/div><div class=\"fwpl-col fwpl-col el-we7sj4\"><\/div><\/div><div class=\"fwpl-row el-q8y73is\"><div class=\"fwpl-col fwpl-col el-5ibxx\"><\/div><div class=\"fwpl-col fwpl-col el-zejj02\"><div class=\"fwpl-item el-niqrnm\"><br><a href=\"https:\/\/www.justiciasantafe.gov.ar\/wp-content\/uploads\/2026\/08\/EDICTO-WEB-QUIEBRA-MILL-MONICA-MARCELA.pdf\" target=\"_blank\">\nDocumento para descargar\n<\/a><\/div><\/div><\/div><div class=\"fwpl-row el-mxzuqw\"><div class=\"fwpl-col fwpl-col el-74r028\"><div class=\"fwpl-item el-75jp0l\"><br>\n<div class=\"divider edictos_y_cedulas_divider clearfix\" style=\"height:5px;\"><\/div>\n<\/div><\/div><\/div><\/div><\/div>\n<style>\n.fwpl-layout, .fwpl-row {\n    display: grid;\n}\n.fwpl-layout.el-009p9 {\n    grid-template-columns: repeat(1, 1fr);\n    grid-gap: 10px;\n}\n.fwpl-btn {\n    text-decoration: none;\n}\n.fwpl-row.el-mdy06i {\n    grid-template-columns: 11.7% 1fr;\n}\n.fwpl-row.el-a575 {\n    grid-template-columns: 1fr;\n}\n.fwpl-row.el-tn472f {\n    grid-template-columns: 11.6% 39.0% 14.4% 1fr;\n}\n.fwpl-col.el-zmhp4 {\n    text-align: left;\n}\n.fwpl-item.el-nyga6i {\n    text-align: left;\n}\n.fwpl-col.el-yxe3ih {\n    text-align: left;\n}\n.fwpl-item.el-c37mwi {\n    text-align: right;\n}\n.fwpl-item.el-g6ydzw {\n    text-align: left;\n}\n.fwpl-row.el-q8y73is {\n    grid-template-columns: 11.6% 1fr;\n}\n.fwpl-row.el-mxzuqw {\n    grid-template-columns: 1fr;\n}\n@media (max-width: 480px) { \n    body .facetwp-template .fwpl-layout,  \n    body .facetwp-template-static .fwpl-layout { grid-template-columns: 1fr; } \n} \n\n<\/style>\n<\/div>\n\t\t\t<\/div>\n\t\n\t\t<\/div>\n\t\t\t\t\n<style>\n#col-1050386885 > .col-inner {\n  margin: -48px 0px 0px 0px;\n}\n<\/style>\n\t<\/div>\n\n\t\n<\/div>\n\t\t<\/div>\n\n\t\t\n<style>\n#section_1854857957 {\n  padding-top: 30px;\n  padding-bottom: 30px;\n}\n<\/style>\n\t<\/section>\n\t\n\n\t<section class=\"section no_print_pdf show-for-medium\" id=\"section_1264527802\">\n\t\t<div class=\"section-bg fill\" >\n\t\t\t\t\t\t\t\t\t\n\t\t\t\n\n\t\t<\/div>\n\n\t\t\n\n\t\t<div class=\"section-content relative\">\n\t\t\t\n<div class=\"row show-for-medium\"  id=\"row-483389338\">\n\n\t<div id=\"col-1425939843\" class=\"col small-12 large-12\"  >\n\t\t\t\t<div class=\"col-inner\"  >\n\t\t\t\n\t\t\t\n<h2 align=\"center\"><i>Esta publicaci\u00f3n no suple la notificaci\u00f3n por edictos del Bolet\u00edn Oficial<\/i><\/h2>\n<div class=\"facetwp-template\" data-name=\"edictos_y_cedulas_mobile\"><div class=\"fwpl-layout el-embsr\"><div class=\"fwpl-result r1\"><div class=\"fwpl-row el-w73988\"><div class=\"fwpl-col fwpl-col el-g85xj\"><div class=\"fwpl-item el-5h5bfg\"><b><span class=\"fwpl-term fwpl-term-edicto fwpl-tax-tipo_documento_c\">Edicto<\/span>:<\/b><\/div><div class=\"fwpl-item el-7h0jzs\"><b>Circunscripci\u00f3n: <\/b><\/div><div class=\"fwpl-item el-dbdr3\"><b>Fueros \/ Materias: <\/b><\/div><div class=\"fwpl-item el-b13a7k\"><b>Organismo: <\/b><\/div><\/div><div class=\"fwpl-col fwpl-col el-qk2h0l\"><div class=\"fwpl-item el-vlc1xr\">EDICTO<\/div><div class=\"fwpl-item el-syleu6\"><span class=\"fwpl-term fwpl-term-circunscripcion-nro-2 fwpl-tax-circunscripcion\">Circunscripci\u00f3n Nro. 2<\/span><\/div><div class=\"fwpl-item el-113kwd\"><span class=\"fwpl-term fwpl-term-circuito fwpl-tax-fuero\">Circuito<\/span><\/div><div class=\"fwpl-item el-3slyy\">JUZGADO DE PRIMERA INSTANCIA DE CIRCUITO N\u00b0: 4 DE ROSARIO <\/div><\/div><\/div><div class=\"fwpl-row el-ijw1a\"><div class=\"fwpl-col fwpl-col el-8oz4xi\"><div class=\"fwpl-item el-pg6eg8\"><br><\/div><\/div><\/div><div class=\"fwpl-row el-0uuhtc\"><div class=\"fwpl-col fwpl-col el-uofrb6\"><div class=\"fwpl-item el-wsh4uv\"><b>Car\u00e1tula:<\/b><\/div><div class=\"fwpl-item el-hi3mai\"><b>CUIJ:<\/b><\/div><\/div><div class=\"fwpl-col fwpl-col el-k951dg\"><div class=\"fwpl-item el-p93rbg\">PRIA ALEJANDRA VIVIANA C\/ RACHID MIGUEL Y OTROS S\/ PRESCRIPCION ADQUISITIVA<\/div><div class=\"fwpl-item el-81iqic\">21-02978326-5<\/div><\/div><\/div><div class=\"fwpl-row el-vzmsmm\"><div class=\"fwpl-col fwpl-col el-bkunvv\"><div class=\"fwpl-item el-cd7na\"><b>Publicaci\u00f3n: <\/b><\/div><\/div><div class=\"fwpl-col fwpl-col el-x5rrvo\"><div class=\"fwpl-item el-lmthbt\">31\/08\/2026<\/div><div class=\"fwpl-item el-d3g109\"><br><a href=\"\" target=\"_blank\">\nDocumento para descargar\n<\/a><\/div><\/div><\/div><div class=\"fwpl-row el-et0nfq\"><div class=\"fwpl-col fwpl-col el-e054ru\"><div class=\"fwpl-item el-f3meji\"><br>\n<div class=\"divider edictos_y_cedulas_divider clearfix\" style=\"height:5px;\"><\/div>\n<\/div><\/div><\/div><\/div><div class=\"fwpl-result r2\"><div class=\"fwpl-row el-w73988\"><div class=\"fwpl-col fwpl-col el-g85xj\"><div class=\"fwpl-item el-5h5bfg\"><b><span class=\"fwpl-term fwpl-term-edicto fwpl-tax-tipo_documento_c\">Edicto<\/span>:<\/b><\/div><div class=\"fwpl-item el-7h0jzs\"><b>Circunscripci\u00f3n: <\/b><\/div><div class=\"fwpl-item el-dbdr3\"><b>Fueros \/ Materias: <\/b><\/div><div class=\"fwpl-item el-b13a7k\"><b>Organismo: <\/b><\/div><\/div><div class=\"fwpl-col fwpl-col el-qk2h0l\"><div class=\"fwpl-item el-vlc1xr\">EDICTO<\/div><div class=\"fwpl-item el-syleu6\"><span class=\"fwpl-term fwpl-term-circunscripcion-nro-2 fwpl-tax-circunscripcion\">Circunscripci\u00f3n Nro. 2<\/span><\/div><div class=\"fwpl-item el-113kwd\"><span class=\"fwpl-term fwpl-term-responsabilidad-extracontractual fwpl-tax-fuero\">Responsabilidad Extracontractual<\/span><\/div><div class=\"fwpl-item el-3slyy\">JUZGADO UNIPERSONAL DE RESPONSABILIDAD EXTRACONTRACTUAL DE LA PRIMERA NOMINACION DE ROSARIO <\/div><\/div><\/div><div class=\"fwpl-row el-ijw1a\"><div class=\"fwpl-col fwpl-col el-8oz4xi\"><div class=\"fwpl-item el-pg6eg8\"><br><\/div><\/div><\/div><div class=\"fwpl-row el-0uuhtc\"><div class=\"fwpl-col fwpl-col el-uofrb6\"><div class=\"fwpl-item el-wsh4uv\"><b>Car\u00e1tula:<\/b><\/div><div class=\"fwpl-item el-hi3mai\"><b>CUIJ:<\/b><\/div><\/div><div class=\"fwpl-col fwpl-col el-k951dg\"><div class=\"fwpl-item el-p93rbg\">DEL PONTE FLORENCIA AYELEN Y OTROS C\/ GONZALEZ NILBA PEDRO ANTONIO Y OTROS S\/ DA\u00d1OS Y PERJUICIOS<\/div><div class=\"fwpl-item el-81iqic\">21-11904033-4<\/div><\/div><\/div><div class=\"fwpl-row el-vzmsmm\"><div class=\"fwpl-col fwpl-col el-bkunvv\"><div class=\"fwpl-item el-cd7na\"><b>Publicaci\u00f3n: <\/b><\/div><\/div><div class=\"fwpl-col fwpl-col el-x5rrvo\"><div class=\"fwpl-item el-lmthbt\">31\/08\/2026<\/div><div class=\"fwpl-item el-d3g109\"><br><a href=\"\" target=\"_blank\">\nDocumento para descargar\n<\/a><\/div><\/div><\/div><div class=\"fwpl-row el-et0nfq\"><div class=\"fwpl-col fwpl-col el-e054ru\"><div class=\"fwpl-item el-f3meji\"><br>\n<div class=\"divider edictos_y_cedulas_divider clearfix\" style=\"height:5px;\"><\/div>\n<\/div><\/div><\/div><\/div><div class=\"fwpl-result r3\"><div class=\"fwpl-row el-w73988\"><div class=\"fwpl-col fwpl-col el-g85xj\"><div class=\"fwpl-item el-5h5bfg\"><b><span class=\"fwpl-term fwpl-term-edicto fwpl-tax-tipo_documento_c\">Edicto<\/span>:<\/b><\/div><div class=\"fwpl-item el-7h0jzs\"><b>Circunscripci\u00f3n: <\/b><\/div><div class=\"fwpl-item el-dbdr3\"><b>Fueros \/ Materias: <\/b><\/div><div class=\"fwpl-item el-b13a7k\"><b>Organismo: <\/b><\/div><\/div><div class=\"fwpl-col fwpl-col el-qk2h0l\"><div class=\"fwpl-item el-vlc1xr\">Edicto<\/div><div class=\"fwpl-item el-syleu6\"><span class=\"fwpl-term fwpl-term-circunscripcion-nro-4 fwpl-tax-circunscripcion\">Circunscripci\u00f3n Nro. 4<\/span><\/div><div class=\"fwpl-item el-113kwd\"><span class=\"fwpl-term fwpl-term-civil-comercial-y-laboral fwpl-tax-fuero\">Civil Comercial y Laboral<\/span><\/div><div class=\"fwpl-item el-3slyy\">JUZGADO DE PRIMERA INSTANCIA DE DISTRITO N\u00b0 17 EN LO CIVIL, COMERCIAL Y LABORAL DE LA SEGUNDA NOMINACI\u00d3N DE VILLA OCAMPO (SF)<\/div><\/div><\/div><div class=\"fwpl-row el-ijw1a\"><div class=\"fwpl-col fwpl-col el-8oz4xi\"><div class=\"fwpl-item el-pg6eg8\"><br><\/div><\/div><\/div><div class=\"fwpl-row el-0uuhtc\"><div class=\"fwpl-col fwpl-col el-uofrb6\"><div class=\"fwpl-item el-wsh4uv\"><b>Car\u00e1tula:<\/b><\/div><div class=\"fwpl-item el-hi3mai\"><b>CUIJ:<\/b><\/div><\/div><div class=\"fwpl-col fwpl-col el-k951dg\"><div class=\"fwpl-item el-p93rbg\">BERNARDIS TOMAS ALVA S\/ SUCESORIO<\/div><div class=\"fwpl-item el-81iqic\">21-28676388-7<\/div><\/div><\/div><div class=\"fwpl-row el-vzmsmm\"><div class=\"fwpl-col fwpl-col el-bkunvv\"><div class=\"fwpl-item el-cd7na\"><b>Publicaci\u00f3n: <\/b><\/div><\/div><div class=\"fwpl-col fwpl-col el-x5rrvo\"><div class=\"fwpl-item el-lmthbt\">31\/08\/2026<\/div><div class=\"fwpl-item el-d3g109\"><br><a href=\"\" target=\"_blank\">\nDocumento para descargar\n<\/a><\/div><\/div><\/div><div class=\"fwpl-row el-et0nfq\"><div class=\"fwpl-col fwpl-col el-e054ru\"><div class=\"fwpl-item el-f3meji\"><br>\n<div class=\"divider edictos_y_cedulas_divider clearfix\" style=\"height:5px;\"><\/div>\n<\/div><\/div><\/div><\/div><div class=\"fwpl-result r4\"><div class=\"fwpl-row el-w73988\"><div class=\"fwpl-col fwpl-col el-g85xj\"><div class=\"fwpl-item el-5h5bfg\"><b><span class=\"fwpl-term fwpl-term-edicto fwpl-tax-tipo_documento_c\">Edicto<\/span>:<\/b><\/div><div class=\"fwpl-item el-7h0jzs\"><b>Circunscripci\u00f3n: <\/b><\/div><div class=\"fwpl-item el-dbdr3\"><b>Fueros \/ Materias: <\/b><\/div><div class=\"fwpl-item el-b13a7k\"><b>Organismo: <\/b><\/div><\/div><div class=\"fwpl-col fwpl-col el-qk2h0l\"><div class=\"fwpl-item el-vlc1xr\">Edicto<\/div><div class=\"fwpl-item el-syleu6\"><span class=\"fwpl-term fwpl-term-circunscripcion-nro-4 fwpl-tax-circunscripcion\">Circunscripci\u00f3n Nro. 4<\/span><\/div><div class=\"fwpl-item el-113kwd\"><span class=\"fwpl-term fwpl-term-civil-comercial-y-laboral fwpl-tax-fuero\">Civil Comercial y Laboral<\/span><\/div><div class=\"fwpl-item el-3slyy\">JUZGADO DE PRIMERA INSTANCIA DE DISTRITO N\u00b0 17 EN LO CIVIL, COMERCIAL Y LABORAL DE LA SEGUNDA NOMINACI\u00d3N DE VILLA OCAMPO (SF)<\/div><\/div><\/div><div class=\"fwpl-row el-ijw1a\"><div class=\"fwpl-col fwpl-col el-8oz4xi\"><div class=\"fwpl-item el-pg6eg8\"><br><\/div><\/div><\/div><div class=\"fwpl-row el-0uuhtc\"><div class=\"fwpl-col fwpl-col el-uofrb6\"><div class=\"fwpl-item el-wsh4uv\"><b>Car\u00e1tula:<\/b><\/div><div class=\"fwpl-item el-hi3mai\"><b>CUIJ:<\/b><\/div><\/div><div class=\"fwpl-col fwpl-col el-k951dg\"><div class=\"fwpl-item el-p93rbg\">BERNARDIS TOMAS ALVA S\/ SUCESORIO<\/div><div class=\"fwpl-item el-81iqic\">21-28676388-7<\/div><\/div><\/div><div class=\"fwpl-row el-vzmsmm\"><div class=\"fwpl-col fwpl-col el-bkunvv\"><div class=\"fwpl-item el-cd7na\"><b>Publicaci\u00f3n: <\/b><\/div><\/div><div class=\"fwpl-col fwpl-col el-x5rrvo\"><div class=\"fwpl-item el-lmthbt\">31\/08\/2026<\/div><div class=\"fwpl-item el-d3g109\"><br><a href=\"\" target=\"_blank\">\nDocumento para descargar\n<\/a><\/div><\/div><\/div><div class=\"fwpl-row el-et0nfq\"><div class=\"fwpl-col fwpl-col el-e054ru\"><div class=\"fwpl-item el-f3meji\"><br>\n<div class=\"divider edictos_y_cedulas_divider clearfix\" style=\"height:5px;\"><\/div>\n<\/div><\/div><\/div><\/div><div class=\"fwpl-result r5\"><div class=\"fwpl-row el-w73988\"><div class=\"fwpl-col fwpl-col el-g85xj\"><div class=\"fwpl-item el-5h5bfg\"><b><span class=\"fwpl-term fwpl-term-edicto fwpl-tax-tipo_documento_c\">Edicto<\/span>:<\/b><\/div><div class=\"fwpl-item el-7h0jzs\"><b>Circunscripci\u00f3n: <\/b><\/div><div class=\"fwpl-item el-dbdr3\"><b>Fueros \/ Materias: <\/b><\/div><div class=\"fwpl-item el-b13a7k\"><b>Organismo: <\/b><\/div><\/div><div class=\"fwpl-col fwpl-col el-qk2h0l\"><div class=\"fwpl-item el-vlc1xr\">EDICTO<\/div><div class=\"fwpl-item el-syleu6\"><span class=\"fwpl-term fwpl-term-circunscripcion-nro-1 fwpl-tax-circunscripcion\">Circunscripci\u00f3n Nro. 1<\/span><\/div><div class=\"fwpl-item el-113kwd\"><span class=\"fwpl-term fwpl-term-civil-y-comercial fwpl-tax-fuero\">Civil y Comercial<\/span><\/div><div class=\"fwpl-item el-3slyy\">JUZGADO DE PRIMERA INSTANCIA DE DISTRITO CIVIL Y COMERCIAL DE LA DECIMOCUARTA NOMINACION<\/div><\/div><\/div><div class=\"fwpl-row el-ijw1a\"><div class=\"fwpl-col fwpl-col el-8oz4xi\"><div class=\"fwpl-item el-pg6eg8\"><br><\/div><\/div><\/div><div class=\"fwpl-row el-0uuhtc\"><div class=\"fwpl-col fwpl-col el-uofrb6\"><div class=\"fwpl-item el-wsh4uv\"><b>Car\u00e1tula:<\/b><\/div><div class=\"fwpl-item el-hi3mai\"><b>CUIJ:<\/b><\/div><\/div><div class=\"fwpl-col fwpl-col el-k951dg\"><div class=\"fwpl-item el-p93rbg\">AGUIRRE EUGENIA C\/ TRONCOSO ISABEL S\/ PRESCRIPCION ADQUISITIVA<\/div><div class=\"fwpl-item el-81iqic\"> 21-15798340-4<\/div><\/div><\/div><div class=\"fwpl-row el-vzmsmm\"><div class=\"fwpl-col fwpl-col el-bkunvv\"><div class=\"fwpl-item el-cd7na\"><b>Publicaci\u00f3n: <\/b><\/div><\/div><div class=\"fwpl-col fwpl-col el-x5rrvo\"><div class=\"fwpl-item el-lmthbt\">31\/08\/2026<\/div><div class=\"fwpl-item el-d3g109\"><br><a href=\"\" target=\"_blank\">\nDocumento para descargar\n<\/a><\/div><\/div><\/div><div class=\"fwpl-row el-et0nfq\"><div class=\"fwpl-col fwpl-col el-e054ru\"><div class=\"fwpl-item el-f3meji\"><br>\n<div class=\"divider edictos_y_cedulas_divider clearfix\" style=\"height:5px;\"><\/div>\n<\/div><\/div><\/div><\/div><div class=\"fwpl-result r6\"><div class=\"fwpl-row el-w73988\"><div class=\"fwpl-col fwpl-col el-g85xj\"><div class=\"fwpl-item el-5h5bfg\"><b><span class=\"fwpl-term fwpl-term-edicto fwpl-tax-tipo_documento_c\">Edicto<\/span>:<\/b><\/div><div class=\"fwpl-item el-7h0jzs\"><b>Circunscripci\u00f3n: <\/b><\/div><div class=\"fwpl-item el-dbdr3\"><b>Fueros \/ Materias: <\/b><\/div><div class=\"fwpl-item el-b13a7k\"><b>Organismo: <\/b><\/div><\/div><div class=\"fwpl-col fwpl-col el-qk2h0l\"><div class=\"fwpl-item el-vlc1xr\">EDICTO<\/div><div class=\"fwpl-item el-syleu6\"><span class=\"fwpl-term fwpl-term-circunscripcion-nro-1 fwpl-tax-circunscripcion\">Circunscripci\u00f3n Nro. 1<\/span><\/div><div class=\"fwpl-item el-113kwd\"><span class=\"fwpl-term fwpl-term-civil-y-comercial fwpl-tax-fuero\">Civil y Comercial<\/span><\/div><div class=\"fwpl-item el-3slyy\">JUZGADO DE PRIMERA INSTANCIA DE DISTRITO EN LO CIVIL Y COMERCIAL DE LA SEGUNDA NOMINACI\u00d3N DE SANTA FE<\/div><\/div><\/div><div class=\"fwpl-row el-ijw1a\"><div class=\"fwpl-col fwpl-col el-8oz4xi\"><div class=\"fwpl-item el-pg6eg8\"><br><\/div><\/div><\/div><div class=\"fwpl-row el-0uuhtc\"><div class=\"fwpl-col fwpl-col el-uofrb6\"><div class=\"fwpl-item el-wsh4uv\"><b>Car\u00e1tula:<\/b><\/div><div class=\"fwpl-item el-hi3mai\"><b>CUIJ:<\/b><\/div><\/div><div class=\"fwpl-col fwpl-col el-k951dg\"><div class=\"fwpl-item el-p93rbg\">PINO, JOSE ANTONIO ARGENTINO S\/ QUIEBRA<\/div><div class=\"fwpl-item el-81iqic\">21-02040242-0<\/div><\/div><\/div><div class=\"fwpl-row el-vzmsmm\"><div class=\"fwpl-col fwpl-col el-bkunvv\"><div class=\"fwpl-item el-cd7na\"><b>Publicaci\u00f3n: <\/b><\/div><\/div><div class=\"fwpl-col fwpl-col el-x5rrvo\"><div class=\"fwpl-item el-lmthbt\">31\/08\/2026<\/div><div class=\"fwpl-item el-d3g109\"><br><a href=\"\" target=\"_blank\">\nDocumento para descargar\n<\/a><\/div><\/div><\/div><div class=\"fwpl-row el-et0nfq\"><div class=\"fwpl-col fwpl-col el-e054ru\"><div class=\"fwpl-item el-f3meji\"><br>\n<div class=\"divider edictos_y_cedulas_divider clearfix\" style=\"height:5px;\"><\/div>\n<\/div><\/div><\/div><\/div><div class=\"fwpl-result r7\"><div class=\"fwpl-row el-w73988\"><div class=\"fwpl-col fwpl-col el-g85xj\"><div class=\"fwpl-item el-5h5bfg\"><b><span class=\"fwpl-term fwpl-term-edicto fwpl-tax-tipo_documento_c\">Edicto<\/span>:<\/b><\/div><div class=\"fwpl-item el-7h0jzs\"><b>Circunscripci\u00f3n: <\/b><\/div><div class=\"fwpl-item el-dbdr3\"><b>Fueros \/ Materias: <\/b><\/div><div class=\"fwpl-item el-b13a7k\"><b>Organismo: <\/b><\/div><\/div><div class=\"fwpl-col fwpl-col el-qk2h0l\"><div class=\"fwpl-item el-vlc1xr\">EDICTO<\/div><div class=\"fwpl-item el-syleu6\"><span class=\"fwpl-term fwpl-term-circunscripcion-nro-1 fwpl-tax-circunscripcion\">Circunscripci\u00f3n Nro. 1<\/span><\/div><div class=\"fwpl-item el-113kwd\"><span class=\"fwpl-term fwpl-term-civil-y-comercial fwpl-tax-fuero\">Civil y Comercial<\/span><\/div><div class=\"fwpl-item el-3slyy\">Juzg. 1ra. Inst. Civil y Comercial 10ma. Nom.<\/div><\/div><\/div><div class=\"fwpl-row el-ijw1a\"><div class=\"fwpl-col fwpl-col el-8oz4xi\"><div class=\"fwpl-item el-pg6eg8\"><br><\/div><\/div><\/div><div class=\"fwpl-row el-0uuhtc\"><div class=\"fwpl-col fwpl-col el-uofrb6\"><div class=\"fwpl-item el-wsh4uv\"><b>Car\u00e1tula:<\/b><\/div><div class=\"fwpl-item el-hi3mai\"><b>CUIJ:<\/b><\/div><\/div><div class=\"fwpl-col fwpl-col el-k951dg\"><div class=\"fwpl-item el-p93rbg\">ARCE, ALICIA S\/ QUIEBRA<\/div><div class=\"fwpl-item el-81iqic\">21-02062077-0<\/div><\/div><\/div><div class=\"fwpl-row el-vzmsmm\"><div class=\"fwpl-col fwpl-col el-bkunvv\"><div class=\"fwpl-item el-cd7na\"><b>Publicaci\u00f3n: <\/b><\/div><\/div><div class=\"fwpl-col fwpl-col el-x5rrvo\"><div class=\"fwpl-item el-lmthbt\">31\/08\/2026<\/div><div class=\"fwpl-item el-d3g109\"><br><a href=\"\" target=\"_blank\">\nDocumento para descargar\n<\/a><\/div><\/div><\/div><div class=\"fwpl-row el-et0nfq\"><div class=\"fwpl-col fwpl-col el-e054ru\"><div class=\"fwpl-item el-f3meji\"><br>\n<div class=\"divider edictos_y_cedulas_divider clearfix\" style=\"height:5px;\"><\/div>\n<\/div><\/div><\/div><\/div><div class=\"fwpl-result r8\"><div class=\"fwpl-row el-w73988\"><div class=\"fwpl-col fwpl-col el-g85xj\"><div class=\"fwpl-item el-5h5bfg\"><b><span class=\"fwpl-term fwpl-term-edicto fwpl-tax-tipo_documento_c\">Edicto<\/span>:<\/b><\/div><div class=\"fwpl-item el-7h0jzs\"><b>Circunscripci\u00f3n: <\/b><\/div><div class=\"fwpl-item el-dbdr3\"><b>Fueros \/ Materias: <\/b><\/div><div class=\"fwpl-item el-b13a7k\"><b>Organismo: <\/b><\/div><\/div><div class=\"fwpl-col fwpl-col el-qk2h0l\"><div class=\"fwpl-item el-vlc1xr\">EDICTO<\/div><div class=\"fwpl-item el-syleu6\"><span class=\"fwpl-term fwpl-term-circunscripcion-nro-1 fwpl-tax-circunscripcion\">Circunscripci\u00f3n Nro. 1<\/span><\/div><div class=\"fwpl-item el-113kwd\"><span class=\"fwpl-term fwpl-term-civil-y-comercial fwpl-tax-fuero\">Civil y Comercial<\/span><\/div><div class=\"fwpl-item el-3slyy\">Juzg. 1ra. Inst. Civil y Comercial 10ma. Nom.<\/div><\/div><\/div><div class=\"fwpl-row el-ijw1a\"><div class=\"fwpl-col fwpl-col el-8oz4xi\"><div class=\"fwpl-item el-pg6eg8\"><br><\/div><\/div><\/div><div class=\"fwpl-row el-0uuhtc\"><div class=\"fwpl-col fwpl-col el-uofrb6\"><div class=\"fwpl-item el-wsh4uv\"><b>Car\u00e1tula:<\/b><\/div><div class=\"fwpl-item el-hi3mai\"><b>CUIJ:<\/b><\/div><\/div><div class=\"fwpl-col fwpl-col el-k951dg\"><div class=\"fwpl-item el-p93rbg\"> VINO, MARINA CELESTE S\/ PEDIDO DE QUIEBRA<\/div><div class=\"fwpl-item el-81iqic\">21-02063240-9<\/div><\/div><\/div><div class=\"fwpl-row el-vzmsmm\"><div class=\"fwpl-col fwpl-col el-bkunvv\"><div class=\"fwpl-item el-cd7na\"><b>Publicaci\u00f3n: <\/b><\/div><\/div><div class=\"fwpl-col fwpl-col el-x5rrvo\"><div class=\"fwpl-item el-lmthbt\">31\/08\/2026<\/div><div class=\"fwpl-item el-d3g109\"><br><a href=\"\" target=\"_blank\">\nDocumento para descargar\n<\/a><\/div><\/div><\/div><div class=\"fwpl-row el-et0nfq\"><div class=\"fwpl-col fwpl-col el-e054ru\"><div class=\"fwpl-item el-f3meji\"><br>\n<div class=\"divider edictos_y_cedulas_divider clearfix\" style=\"height:5px;\"><\/div>\n<\/div><\/div><\/div><\/div><div class=\"fwpl-result r9\"><div class=\"fwpl-row el-w73988\"><div class=\"fwpl-col fwpl-col el-g85xj\"><div class=\"fwpl-item el-5h5bfg\"><b><span class=\"fwpl-term fwpl-term-edicto fwpl-tax-tipo_documento_c\">Edicto<\/span>:<\/b><\/div><div class=\"fwpl-item el-7h0jzs\"><b>Circunscripci\u00f3n: <\/b><\/div><div class=\"fwpl-item el-dbdr3\"><b>Fueros \/ Materias: <\/b><\/div><div class=\"fwpl-item el-b13a7k\"><b>Organismo: <\/b><\/div><\/div><div class=\"fwpl-col fwpl-col el-qk2h0l\"><div class=\"fwpl-item el-vlc1xr\">Edicto<\/div><div class=\"fwpl-item el-syleu6\"><span class=\"fwpl-term fwpl-term-circunscripcion-nro-4 fwpl-tax-circunscripcion\">Circunscripci\u00f3n Nro. 4<\/span><\/div><div class=\"fwpl-item el-113kwd\"><span class=\"fwpl-term fwpl-term-civil-y-comercial fwpl-tax-fuero\">Civil y Comercial<\/span><\/div><div class=\"fwpl-item el-3slyy\">JUZGADO DE PRIMERA INSTANCIA DE DISTRITO N\u00b0 4 EN LO CIVIL Y COMERCIAL DE LA SEGUNDA NOMINACI\u00d3N DE RECONQUISTA (SF)<\/div><\/div><\/div><div class=\"fwpl-row el-ijw1a\"><div class=\"fwpl-col fwpl-col el-8oz4xi\"><div class=\"fwpl-item el-pg6eg8\"><br><\/div><\/div><\/div><div class=\"fwpl-row el-0uuhtc\"><div class=\"fwpl-col fwpl-col el-uofrb6\"><div class=\"fwpl-item el-wsh4uv\"><b>Car\u00e1tula:<\/b><\/div><div class=\"fwpl-item el-hi3mai\"><b>CUIJ:<\/b><\/div><\/div><div class=\"fwpl-col fwpl-col el-k951dg\"><div class=\"fwpl-item el-p93rbg\">GONZALEZ LUCIANO LEONEL S\/ SOLICITUD PROPIA QUIEBRA<\/div><div class=\"fwpl-item el-81iqic\">21-25034773-9<\/div><\/div><\/div><div class=\"fwpl-row el-vzmsmm\"><div class=\"fwpl-col fwpl-col el-bkunvv\"><div class=\"fwpl-item el-cd7na\"><b>Publicaci\u00f3n: <\/b><\/div><\/div><div class=\"fwpl-col fwpl-col el-x5rrvo\"><div class=\"fwpl-item el-lmthbt\">31\/08\/2026<\/div><div class=\"fwpl-item el-d3g109\"><br><a href=\"\" target=\"_blank\">\nDocumento para descargar\n<\/a><\/div><\/div><\/div><div class=\"fwpl-row el-et0nfq\"><div class=\"fwpl-col fwpl-col el-e054ru\"><div class=\"fwpl-item el-f3meji\"><br>\n<div class=\"divider edictos_y_cedulas_divider clearfix\" style=\"height:5px;\"><\/div>\n<\/div><\/div><\/div><\/div><div class=\"fwpl-result r10\"><div class=\"fwpl-row el-w73988\"><div class=\"fwpl-col fwpl-col el-g85xj\"><div class=\"fwpl-item el-5h5bfg\"><b><span class=\"fwpl-term fwpl-term-edicto fwpl-tax-tipo_documento_c\">Edicto<\/span>:<\/b><\/div><div class=\"fwpl-item el-7h0jzs\"><b>Circunscripci\u00f3n: <\/b><\/div><div class=\"fwpl-item el-dbdr3\"><b>Fueros \/ Materias: <\/b><\/div><div class=\"fwpl-item el-b13a7k\"><b>Organismo: <\/b><\/div><\/div><div class=\"fwpl-col fwpl-col el-qk2h0l\"><div class=\"fwpl-item el-vlc1xr\">EDICTO<\/div><div class=\"fwpl-item el-syleu6\"><span class=\"fwpl-term fwpl-term-circunscripcion-nro-1 fwpl-tax-circunscripcion\">Circunscripci\u00f3n Nro. 1<\/span><\/div><div class=\"fwpl-item el-113kwd\"><span class=\"fwpl-term fwpl-term-civil-y-comercial fwpl-tax-fuero\">Civil y Comercial<\/span><\/div><div class=\"fwpl-item el-3slyy\">JUZGADO DE PRIMERA INSTANCIA DE DISTRITO EN LO CIVIL Y COMERCIAL DE LA SEXTA NOMINACI\u00d3N DE SANTA FE<\/div><\/div><\/div><div class=\"fwpl-row el-ijw1a\"><div class=\"fwpl-col fwpl-col el-8oz4xi\"><div class=\"fwpl-item el-pg6eg8\"><br><\/div><\/div><\/div><div class=\"fwpl-row el-0uuhtc\"><div class=\"fwpl-col fwpl-col el-uofrb6\"><div class=\"fwpl-item el-wsh4uv\"><b>Car\u00e1tula:<\/b><\/div><div class=\"fwpl-item el-hi3mai\"><b>CUIJ:<\/b><\/div><\/div><div class=\"fwpl-col fwpl-col el-k951dg\"><div class=\"fwpl-item el-p93rbg\">MILL, MONICA MARCELA S\/ SOLICITUD PROPIA QUIEBRA<\/div><div class=\"fwpl-item el-81iqic\">21-02059354-4<\/div><\/div><\/div><div class=\"fwpl-row el-vzmsmm\"><div class=\"fwpl-col fwpl-col el-bkunvv\"><div class=\"fwpl-item el-cd7na\"><b>Publicaci\u00f3n: <\/b><\/div><\/div><div class=\"fwpl-col fwpl-col el-x5rrvo\"><div class=\"fwpl-item el-lmthbt\">31\/08\/2026<\/div><div class=\"fwpl-item el-d3g109\"><br><a href=\"\" target=\"_blank\">\nDocumento para descargar\n<\/a><\/div><\/div><\/div><div class=\"fwpl-row el-et0nfq\"><div class=\"fwpl-col fwpl-col el-e054ru\"><div class=\"fwpl-item el-f3meji\"><br>\n<div class=\"divider edictos_y_cedulas_divider clearfix\" style=\"height:5px;\"><\/div>\n<\/div><\/div><\/div><\/div><\/div>\n<style>\n.fwpl-layout, .fwpl-row {\n    display: grid;\n}\n.fwpl-layout.el-embsr {\n    grid-template-columns: repeat(1, 1fr);\n    grid-gap: 10px;\n}\n.fwpl-btn {\n    text-decoration: none;\n}\n.fwpl-row.el-w73988 {\n    grid-template-columns: 28.0% 1fr;\n}\n.fwpl-row.el-ijw1a {\n    grid-template-columns: 1fr;\n}\n.fwpl-row.el-0uuhtc {\n    grid-template-columns: 27.5% 1fr;\n}\n.fwpl-row.el-vzmsmm {\n    grid-template-columns: 27.5% 1fr;\n}\n.fwpl-row.el-et0nfq {\n    grid-template-columns: 1fr;\n}\n@media (max-width: 480px) { \n    body .facetwp-template .fwpl-layout,  \n    body .facetwp-template-static .fwpl-layout { grid-template-columns: 1fr; } \n} \n\n<\/style>\n<\/div>\n\t\t<\/div>\n\t\t\t\t\t<\/div>\n\n\t\n<\/div>\n\t\t<\/div>\n\n\t\t\n<style>\n#section_1264527802 {\n  padding-top: 30px;\n  padding-bottom: 30px;\n}\n<\/style>\n\t<\/section>\n\t\n\n\t<section class=\"section no_print_pdf secion_paginador\" id=\"section_396981603\">\n\t\t<div class=\"section-bg fill\" >\n\t\t\t\t\t\t\t\t\t\n\t\t\t\n\t<div class=\"is-border\"\n\t\tstyle=\"border-width:0px 0px 0px 0px;margin:0px 0px 0px 0px;\">\n\t<\/div>\n\n\t\t<\/div>\n\n\t\t\n\n\t\t<div class=\"section-content relative\">\n\t\t\t\n<div class=\"row row-collapse row-full-width align-middle align-center\"  id=\"row-11805852\">\n\n\t<div id=\"col-1623079197\" class=\"col hide-for-medium medium-2 large-2\"  >\n\t\t\t\t<div class=\"col-inner text-right\"  >\n\t\t\t\n\t\t\t\n\t<div id=\"text-1672167649\" class=\"text\">\n\t\t\n<p><span style=\"color: #ffffff;\">Resultados por p\u00e1ginas<\/span><br \/>\n\t\t\n<style>\n#text-1672167649 {\n  text-align: right;\n}\n<\/style>\n\t<\/div>\n\t\n\t\t<\/div>\n\t\t\t\t\n<style>\n#col-1623079197 > .col-inner {\n  padding: 20px 4px 0px 0px;\n}\n<\/style>\n\t<\/div>\n\n\t\n\n\t<div id=\"col-950600646\" class=\"col medium-8 large-8\"  >\n\t\t\t\t<div class=\"col-inner\"  >\n\t\t\t\n\t\t\t\n<div class=\"row row-collapse align-middle align-center\"  id=\"row-875636251\">\n\n\t<div id=\"col-1891639013\" class=\"col hide-for-medium medium-3 small-12 large-3\"  >\n\t\t\t\t<div class=\"col-inner text-right\"  >\n\t\t\t\n\t\t\t\n\t<div id=\"text-2452084493\" class=\"text\">\n\t\t\n<div class=\"facetwp-facet facetwp-facet-filas_por_pagina facetwp-type-pager\" data-name=\"filas_por_pagina\" data-type=\"pager\"><\/div>\n\t\t\n<style>\n#text-2452084493 {\n  text-align: right;\n}\n<\/style>\n\t<\/div>\n\t\n\t\t<\/div>\n\t\t\t\t\n<style>\n#col-1891639013 > .col-inner {\n  padding: 12px 0px 0px 0px;\n}\n<\/style>\n\t<\/div>\n\n\t\n\n\t<div id=\"col-76746601\" class=\"col medium-6 small-12 large-6\"  >\n\t\t\t\t<div class=\"col-inner text-center\"  >\n\t\t\t\n\t\t\t\n\t<div id=\"text-2807321144\" class=\"text hide-for-medium\">\n\t\t\n<div class=\"facetwp-facet facetwp-facet-paginador facetwp-type-pager\" data-name=\"paginador\" data-type=\"pager\"><\/div>\n\t\t\n<style>\n#text-2807321144 {\n  text-align: center;\n}\n<\/style>\n\t<\/div>\n\t\n\t<div id=\"text-389948146\" class=\"text show-for-medium\">\n\t\t\n<div class=\"facetwp-facet facetwp-facet-paginador_movil facetwp-type-pager\" data-name=\"paginador_movil\" data-type=\"pager\"><\/div>\n\t\t\n<style>\n#text-389948146 {\n  text-align: center;\n}\n<\/style>\n\t<\/div>\n\t\n\t\t<\/div>\n\t\t\t\t\t<\/div>\n\n\t\n\n\t<div id=\"col-216735816\" class=\"col hide-for-medium medium-3 small-12 large-3\"  >\n\t\t\t\t<div class=\"col-inner text-right\"  >\n\t\t\t\n\t\t\t\n\t\t<\/div>\n\t\t\t\t\t<\/div>\n\n\t\n<\/div>\n\t\t<\/div>\n\t\t\t\t\t<\/div>\n\n\t\n\n\t<div id=\"col-979812096\" class=\"col hide-for-medium medium-2 large-2\"  >\n\t\t\t\t<div class=\"col-inner text-left\"  >\n\t\t\t\n\t\t\t\n\t<div id=\"text-1932190746\" class=\"text\">\n\t\t\n<div class=\"facetwp-facet facetwp-facet-total_resultados facetwp-type-pager\" data-name=\"total_resultados\" data-type=\"pager\"><\/div>\n\t\t\n<style>\n#text-1932190746 {\n  text-align: left;\n}\n<\/style>\n\t<\/div>\n\t\n\t\t<\/div>\n\t\t\t\t\t<\/div>\n\n\t\n<\/div>\n\t\t<\/div>\n\n\t\t\n<style>\n#section_396981603 {\n  padding-top: 0px;\n  padding-bottom: 0px;\n  margin-bottom: 0px;\n  background-color: rgb(16, 75, 69);\n}\n<\/style>\n\t<\/section>\n\t\n<div class=\"gsp_post_data\" data-post_type=\"page\" data-cat=\"\" data-modified=\"120\" data-title=\"Edictos Digitales\" data-home=\"https:\/\/www.justiciasantafe.gov.ar\"><\/div>","protected":false},"excerpt":{"rendered":"","protected":false},"author":105,"featured_media":0,"parent":83,"menu_order":0,"comment_status":"closed","ping_status":"closed","template":"","meta":{"_acf_changed":false,"footnotes":""},"class_list":["post-44875","page","type-page","status-publish","hentry"],"acf":[],"_links":{"self":[{"href":"https:\/\/www.justiciasantafe.gov.ar\/index.php\/wp-json\/wp\/v2\/pages\/44875","targetHints":{"allow":["GET"]}}],"collection":[{"href":"https:\/\/www.justiciasantafe.gov.ar\/index.php\/wp-json\/wp\/v2\/pages"}],"about":[{"href":"https:\/\/www.justiciasantafe.gov.ar\/index.php\/wp-json\/wp\/v2\/types\/page"}],"author":[{"embeddable":true,"href":"https:\/\/www.justiciasantafe.gov.ar\/index.php\/wp-json\/wp\/v2\/users\/105"}],"replies":[{"embeddable":true,"href":"https:\/\/www.justiciasantafe.gov.ar\/index.php\/wp-json\/wp\/v2\/comments?post=44875"}],"version-history":[{"count":1,"href":"https:\/\/www.justiciasantafe.gov.ar\/index.php\/wp-json\/wp\/v2\/pages\/44875\/revisions"}],"predecessor-version":[{"id":68408,"href":"https:\/\/www.justiciasantafe.gov.ar\/index.php\/wp-json\/wp\/v2\/pages\/44875\/revisions\/68408"}],"up":[{"embeddable":true,"href":"https:\/\/www.justiciasantafe.gov.ar\/index.php\/wp-json\/wp\/v2\/pages\/83"}],"wp:attachment":[{"href":"https:\/\/www.justiciasantafe.gov.ar\/index.php\/wp-json\/wp\/v2\/media?parent=44875"}],"curies":[{"name":"wp","href":"https:\/\/api.w.org\/{rel}","templated":true}]}}