 {"id":59883,"date":"2025-12-17T09:59:46","date_gmt":"2025-12-17T12:59:46","guid":{"rendered":"https:\/\/www.justiciasantafe.gov.ar\/?page_id=59883"},"modified":"2025-12-30T06:28:53","modified_gmt":"2025-12-30T09:28:53","slug":"mesas-de-entradas-unicas-electronicas","status":"publish","type":"page","link":"https:\/\/www.justiciasantafe.gov.ar\/index.php\/mesas-de-entradas-unicas-electronicas\/","title":{"rendered":"<center>Mesas de Entradas \u00danicas Electr\u00f3nicas (M.E.U.E.)<br>Formularios de Foja Cero<center\/>"},"content":{"rendered":"<table border=\"0\" frame=\"VOID\" rules=\"NONE\" cellspacing=\"0\">\n<colgroup>\n<col width=\"486\" \/>\n<col width=\"199\" \/>\n<col width=\"146\" \/><\/colgroup>\n<tbody>\n<tr>\n<td style=\"text-align: center;\" colspan=\"3\" align=\"CENTER\" valign=\"MIDDLE\" width=\"831\" height=\"92\"><b><span style=\"color: #000000; font-family: Calibri; font-size: large;\">PODER JUDICIAL DE LA PROVINCIA DE SANTA FE<br \/>\nMesas de Entradas \u00danicas Electr\u00f3nicas (M.E.U.E.)<br \/>\nFormularios de Foja Cero<\/span><\/b><\/td>\n<\/tr>\n<tr>\n<td align=\"CENTER\" valign=\"MIDDLE\" height=\"27\"><span style=\"font-size: large;\"><b><span style=\"color: #000000; font-family: Calibri;\">FUERO<\/span><\/b><\/span><\/td>\n<td align=\"CENTER\" valign=\"MIDDLE\"><span style=\"font-size: large;\"><b><span style=\"color: #000000; font-family: Calibri;\">LOCALIDAD<\/span><\/b><\/span><\/td>\n<td align=\"CENTER\" valign=\"MIDDLE\"><span style=\"font-size: large;\"><b><span style=\"color: #000000; font-family: Calibri;\">DESCARGA<\/span><\/b><\/span><\/td>\n<\/tr>\n<tr>\n<td style=\"text-align: center;\" colspan=\"3\" align=\"CENTER\" valign=\"MIDDLE\" bgcolor=\"#D9D9D9\" height=\"30\"><b><span style=\"color: #000000; font-family: Calibri; font-size: medium;\">CIRCUNSCRIPCI\u00d3N JUDICIAL NRO. 1 &#8211; SANTA FE<\/span><\/b><\/td>\n<\/tr>\n<tr>\n<td style=\"text-align: center;\" colspan=\"3\" align=\"CENTER\" valign=\"MIDDLE\" height=\"31\"><b><span style=\"color: #000000; font-family: Calibri; font-size: medium;\">Distrito N\u00b0 1 &#8211; Santa Fe<\/span><\/b><\/td>\n<\/tr>\n<tr>\n<td align=\"LEFT\" valign=\"MIDDLE\" height=\"27\"><span style=\"color: #000000; font-family: Calibri; font-size: medium;\">MEU Civil y Comercial de 2\u00b0 Instancia<\/span><\/td>\n<td align=\"LEFT\" valign=\"MIDDLE\"><span style=\"color: #000000; font-family: Calibri; font-size: medium;\">SANTA FE<\/span><\/td>\n<td align=\"CENTER\" valign=\"MIDDLE\"><a href=\"https:\/\/www.justiciasantafe.gov.ar\/wp-content\/uploads\/2025\/12\/F0_SANTA-FE_CyC_2da-Inst-sn.doc\"><span style=\"color: #000000; font-family: Calibri;\"><strong><span style=\"font-size: medium; color: #0000ff; margin-left: 15%;\">\u21d3<\/span><\/strong><\/span><\/a><\/td>\n<\/tr>\n<tr>\n<td align=\"LEFT\" valign=\"MIDDLE\" bgcolor=\"#FFFFFF\" height=\"27\"><span style=\"color: #000000; font-family: Calibri; font-size: medium;\">MEU Civil y Comercial de 1\u00b0 Instancia<\/span><\/td>\n<td align=\"LEFT\" valign=\"MIDDLE\"><span style=\"color: #000000; font-family: Calibri; font-size: medium;\">SANTA FE<\/span><\/td>\n<td align=\"CENTER\" valign=\"MIDDLE\"><a href=\"https:\/\/www.justiciasantafe.gov.ar\/wp-content\/uploads\/2025\/12\/F0_SANTA-FE_CyC-1.doc\"><strong><span style=\"color: #0000ff; font-family: Calibri; font-size: medium; margin-left: 15%;\">\u21d3<\/span><\/strong><\/a><\/td>\n<\/tr>\n<tr>\n<td align=\"LEFT\" valign=\"MIDDLE\" height=\"27\"><span style=\"color: #000000; font-family: Calibri; font-size: medium;\">MEU Laboral de 2\u00b0 Instancia<\/span><\/td>\n<td align=\"LEFT\" valign=\"MIDDLE\"><span style=\"color: #000000; font-family: Calibri; font-size: medium;\">SANTA FE<\/span><\/td>\n<td align=\"CENTER\" valign=\"MIDDLE\"><a href=\"https:\/\/www.justiciasantafe.gov.ar\/wp-content\/uploads\/2025\/12\/F0_SANTA-FE_Lab_2da-Inst-sn.doc\"><strong><span style=\"color: #0000ff; font-family: Calibri; font-size: medium; margin-left: 15%;\">\u21d3<\/span><\/strong><\/a><\/td>\n<\/tr>\n<tr>\n<td align=\"LEFT\" valign=\"MIDDLE\" height=\"27\"><span style=\"color: #000000; font-family: Calibri; font-size: medium;\">MEU Laboral de 1\u00b0 Instancia<\/span><\/td>\n<td align=\"LEFT\" valign=\"MIDDLE\"><span style=\"color: #000000; font-family: Calibri; font-size: medium;\">SANTA FE<\/span><\/td>\n<td align=\"CENTER\" valign=\"MIDDLE\"><a href=\"https:\/\/www.justiciasantafe.gov.ar\/wp-content\/uploads\/2025\/12\/F0_SANTA-FE_Lab.doc\"><span style=\"font-size: medium;\"><strong><span style=\"color: #0000ff; font-family: Calibri; margin-left: 15%;\">\u21d3<\/span><\/strong><\/span><\/a><\/td>\n<\/tr>\n<tr>\n<td align=\"JUSTIFY\" valign=\"MIDDLE\" height=\"27\"><span style=\"color: #000000; font-family: Calibri; font-size: medium;\">MEU &#8211; Juzgados Unipersonales de Familia<\/span><\/td>\n<td align=\"LEFT\" valign=\"MIDDLE\"><span style=\"color: #000000; font-family: Calibri; font-size: medium;\">SANTA FE<\/span><\/td>\n<td align=\"CENTER\" valign=\"MIDDLE\"><a href=\"https:\/\/www.justiciasantafe.gov.ar\/wp-content\/uploads\/2025\/12\/F0_SANTA-FE_Fam.doc\"><strong><span style=\"color: #0000ff; font-family: Calibri; font-size: medium; margin-left: 15%;\">\u21d3<\/span><\/strong><\/a><\/td>\n<\/tr>\n<tr>\n<td align=\"JUSTIFY\" valign=\"MIDDLE\" height=\"27\"><span style=\"color: #000000; font-family: Calibri; font-size: medium;\">MEU &#8211; Juzgados Unipersonales de Responsabilidad Extracontractual<\/span><\/td>\n<td align=\"LEFT\" valign=\"MIDDLE\"><span style=\"color: #000000; font-family: Calibri; font-size: medium;\">SANTA FE<\/span><\/td>\n<td align=\"CENTER\" valign=\"MIDDLE\"><a href=\"https:\/\/www.justiciasantafe.gov.ar\/wp-content\/uploads\/2025\/12\/F0_SANTA-FE_Resp.doc\"><span style=\"font-size: medium;\"><strong><span style=\"color: #0000ff; font-family: Calibri; margin-left: 15%;\">\u21d3<\/span><\/strong><\/span><\/a><\/td>\n<\/tr>\n<tr>\n<td style=\"text-align: center;\" colspan=\"3\" align=\"CENTER\" valign=\"MIDDLE\" height=\"23\"><b><span style=\"color: #000000; font-family: Calibri; font-size: medium;\">Distrito N\u00b0 18 &#8211; San Justo<\/span><\/b><\/td>\n<\/tr>\n<tr>\n<td align=\"LEFT\" valign=\"MIDDLE\" height=\"27\"><span style=\"color: #000000; font-family: Calibri; font-size: medium;\">MEU Civil, Comercial y Laboral <\/span><\/td>\n<td align=\"LEFT\" valign=\"MIDDLE\" bgcolor=\"#FFFFFF\"><span style=\"color: #000000; font-family: Calibri; font-size: medium;\">SAN JUSTO<\/span><\/td>\n<td align=\"CENTER\" valign=\"MIDDLE\"><a href=\"https:\/\/www.justiciasantafe.gov.ar\/wp-content\/uploads\/2025\/12\/F0_SAN-JUSTO_Multifuero.doc\"><span style=\"font-size: medium;\"><strong><span style=\"color: #0000ff; font-family: Calibri; margin-left: 15%;\">\u21d3<\/span><\/strong><\/span><\/a><\/td>\n<\/tr>\n<tr>\n<td style=\"text-align: center;\" colspan=\"3\" align=\"CENTER\" valign=\"MIDDLE\" height=\"23\"><b><span style=\"color: #000000; font-family: Calibri; font-size: medium;\">Distrito N\u00b0 19 &#8211; Esperanza<\/span><\/b><\/td>\n<\/tr>\n<tr>\n<td align=\"LEFT\" valign=\"MIDDLE\" height=\"27\"><span style=\"color: #000000; font-family: Calibri; font-size: medium;\">MEU Civil y Comercial<\/span><\/td>\n<td align=\"LEFT\" valign=\"MIDDLE\" bgcolor=\"#FFFFFF\"><span style=\"color: #000000; font-family: Calibri; font-size: medium;\">ESPERANZA<\/span><\/td>\n<td align=\"CENTER\" valign=\"MIDDLE\"><a href=\"https:\/\/www.justiciasantafe.gov.ar\/wp-content\/uploads\/2025\/12\/Foja0_ESPERANZA.doc\"><span style=\"font-size: medium;\"><strong><span style=\"color: #0000ff; font-family: Calibri; margin-left: 15%;\">\u21d3<\/span><\/strong><\/span><\/a><\/td>\n<\/tr>\n<tr>\n<td align=\"CENTER\" valign=\"MIDDLE\" height=\"23\"><b><span style=\"color: #ff0000; font-family: Calibri; font-size: large;\">\u00a0<\/span><\/b><\/td>\n<td align=\"CENTER\" valign=\"MIDDLE\"><b><span style=\"color: #ff0000; font-family: Calibri; font-size: large;\">\u00a0<\/span><\/b><\/td>\n<td align=\"CENTER\" valign=\"MIDDLE\"><b><span style=\"color: #ff0000; font-family: Calibri; font-size: large;\">\u00a0<\/span><\/b><\/td>\n<\/tr>\n<tr>\n<td style=\"text-align: center;\" colspan=\"3\" align=\"CENTER\" valign=\"MIDDLE\" bgcolor=\"#D9D9D9\" height=\"31\"><b><span style=\"color: #000000; font-family: Calibri; font-size: medium;\">CIRCUNSCRIPCI\u00d3N JUDICIAL NRO. 2 &#8211; ROSARIO<\/span><\/b><\/td>\n<\/tr>\n<tr>\n<td style=\"text-align: center;\" colspan=\"3\" align=\"CENTER\" valign=\"MIDDLE\" height=\"31\"><b><span style=\"color: #000000; font-family: Calibri; font-size: medium;\">Distrito N\u00b0 2 &#8211; Rosario<\/span><\/b><\/td>\n<\/tr>\n<tr>\n<td align=\"LEFT\" valign=\"MIDDLE\" height=\"27\"><span style=\"color: #000000; font-family: Calibri; font-size: medium;\">MEU Civil y Comercial de 2\u00b0 Instancia<\/span><\/td>\n<td align=\"LEFT\" valign=\"MIDDLE\"><span style=\"color: #000000; font-family: Calibri; font-size: medium;\">ROSARIO<\/span><\/td>\n<td align=\"CENTER\" valign=\"MIDDLE\"><a href=\"https:\/\/www.justiciasantafe.gov.ar\/wp-content\/uploads\/2025\/12\/F0_ROSARIO_CyC_2da-Inst-sn.doc\"><span style=\"font-size: medium;\"><strong><span style=\"color: #0000ff; font-family: Calibri; margin-left: 15%;\">\u21d3<\/span><\/strong><\/span><\/a><\/td>\n<\/tr>\n<tr>\n<td align=\"LEFT\" valign=\"MIDDLE\" height=\"27\"><span style=\"color: #000000; font-family: Calibri; font-size: medium;\">MEU Civil y Comercial de 1\u00b0 Instancia<\/span><\/td>\n<td align=\"LEFT\" valign=\"MIDDLE\"><span style=\"color: #000000; font-family: Calibri; font-size: medium;\">ROSARIO<\/span><\/td>\n<td align=\"CENTER\" valign=\"MIDDLE\"><a href=\"https:\/\/www.justiciasantafe.gov.ar\/wp-content\/uploads\/2025\/12\/F0_ROSARIO_CyC.doc\"><span style=\"color: #0000ff; font-size: medium;\"><strong><span style=\"font-family: Calibri; margin-left: 15%;\">\u21d3<\/span><\/strong><\/span><\/a><\/td>\n<\/tr>\n<tr>\n<td align=\"LEFT\" valign=\"MIDDLE\" height=\"27\"><span style=\"color: #000000; font-family: Calibri; font-size: medium;\">MEU Laboral de 2\u00b0 Instancia<\/span><\/td>\n<td align=\"LEFT\" valign=\"MIDDLE\"><span style=\"color: #000000; font-family: Calibri; font-size: medium;\">ROSARIO<\/span><\/td>\n<td align=\"CENTER\" valign=\"MIDDLE\"><a href=\"https:\/\/www.justiciasantafe.gov.ar\/wp-content\/uploads\/2025\/12\/F0_ROSARIO_Lab_2da-Inst-sn.doc\"><span style=\"color: #0000ff; font-size: medium;\"><strong><span style=\"font-family: Calibri; margin-left: 15%;\">\u21d3<\/span><\/strong><\/span><\/a><\/td>\n<\/tr>\n<tr>\n<td align=\"LEFT\" valign=\"MIDDLE\" height=\"27\"><span style=\"color: #000000; font-family: Calibri; font-size: medium;\">MEU Laboral de 1\u00b0 Instancia<\/span><\/td>\n<td align=\"LEFT\" valign=\"MIDDLE\"><span style=\"color: #000000; font-family: Calibri; font-size: medium;\">ROSARIO<\/span><\/td>\n<td align=\"CENTER\" valign=\"MIDDLE\"><a href=\"https:\/\/www.justiciasantafe.gov.ar\/wp-content\/uploads\/2025\/12\/F0_ROSARIO_Lab.doc\"><span style=\"color: #0000ff; font-size: medium;\"><strong><span style=\"font-family: Calibri; margin-left: 15%;\">\u21d3<\/span><\/strong><\/span><\/a><\/td>\n<\/tr>\n<tr>\n<td align=\"JUSTIFY\" valign=\"MIDDLE\" height=\"27\"><span style=\"color: #000000; font-family: Calibri; font-size: medium;\">MEU &#8211; Juzgados Unipersonales de Familia<\/span><\/td>\n<td align=\"LEFT\" valign=\"MIDDLE\"><span style=\"color: #000000; font-family: Calibri; font-size: medium;\">ROSARIO<\/span><\/td>\n<td align=\"CENTER\" valign=\"MIDDLE\"><a href=\"https:\/\/www.justiciasantafe.gov.ar\/wp-content\/uploads\/2025\/12\/F0_ROSARIO_Fam.doc\"><span style=\"color: #0000ff; font-size: medium;\"><strong><span style=\"font-family: Calibri; margin-left: 15%;\">\u21d3<\/span><\/strong><\/span><\/a><\/td>\n<\/tr>\n<tr>\n<td align=\"JUSTIFY\" valign=\"MIDDLE\" height=\"27\"><span style=\"color: #000000; font-family: Calibri; font-size: medium;\">MEU &#8211; Juzgados Unipersonales de Responsabilidad Extracontractual<\/span><\/td>\n<td align=\"LEFT\" valign=\"MIDDLE\"><span style=\"color: #000000; font-family: Calibri; font-size: medium;\">ROSARIO<\/span><\/td>\n<td align=\"CENTER\" valign=\"MIDDLE\"><a href=\"https:\/\/www.justiciasantafe.gov.ar\/wp-content\/uploads\/2025\/12\/F0_ROSARIO_Respo.doc\"><span style=\"color: #0000ff; font-size: medium;\"><strong><span style=\"font-family: Calibri; margin-left: 15%;\">\u21d3<\/span><\/strong><\/span><\/a><\/td>\n<\/tr>\n<tr>\n<td align=\"JUSTIFY\" valign=\"MIDDLE\" height=\"27\"><span style=\"color: #000000; font-family: Calibri; font-size: medium;\">MEU de Ejecuci\u00f3n de Distrito de 1\u00b0 Instancia<\/span><\/td>\n<td align=\"LEFT\" valign=\"MIDDLE\"><span style=\"color: #000000; font-family: Calibri; font-size: medium;\">ROSARIO<\/span><\/td>\n<td align=\"CENTER\" valign=\"MIDDLE\"><a href=\"https:\/\/www.justiciasantafe.gov.ar\/wp-content\/uploads\/2025\/12\/F0_ROSARIO_EjecDist.doc\"><span style=\"color: #0000ff; font-size: medium;\"><strong><span style=\"font-family: Calibri; margin-left: 15%;\">\u21d3<\/span><\/strong><\/span><\/a><\/td>\n<\/tr>\n<tr>\n<td style=\"text-align: center;\" colspan=\"3\" align=\"CENTER\" valign=\"MIDDLE\" height=\"31\"><b><span style=\"color: #000000; font-family: Calibri; font-size: medium;\">Distrito N\u00b0 6 &#8211; Ca\u00f1ada de G\u00f3mez<\/span><\/b><\/td>\n<\/tr>\n<tr>\n<td align=\"LEFT\" valign=\"MIDDLE\" height=\"27\"><span style=\"color: #000000; font-family: Calibri; font-size: medium;\">MEU Civil, Comercial y Laboral <\/span><\/td>\n<td align=\"LEFT\" valign=\"MIDDLE\"><span style=\"color: #000000; font-family: Calibri; font-size: medium;\">CA\u00d1ADA DE G\u00d3MEZ<\/span><\/td>\n<td align=\"CENTER\" valign=\"MIDDLE\"><a href=\"https:\/\/www.justiciasantafe.gov.ar\/wp-content\/uploads\/2025\/12\/F0_CANADA_Multifuero.doc\"><span style=\"color: #0000ff; font-size: medium;\"><strong><span style=\"font-family: Calibri; margin-left: 15%;\">\u21d3<\/span><\/strong><\/span><\/a><\/td>\n<\/tr>\n<tr>\n<td style=\"text-align: center;\" colspan=\"3\" align=\"CENTER\" valign=\"MIDDLE\" height=\"31\"><b><span style=\"color: #000000; font-family: Calibri; font-size: medium;\">Distrito N\u00b0 7 &#8211; Casilda<\/span><\/b><\/td>\n<\/tr>\n<tr>\n<td align=\"LEFT\" valign=\"MIDDLE\" height=\"27\"><span style=\"color: #000000; font-family: Calibri; font-size: medium;\">MEU Civil, Comercial y Laboral <\/span><\/td>\n<td align=\"LEFT\" valign=\"MIDDLE\"><span style=\"color: #000000; font-family: Calibri; font-size: medium;\">CASILDA<\/span><\/td>\n<td align=\"CENTER\" valign=\"MIDDLE\"><a href=\"https:\/\/www.justiciasantafe.gov.ar\/wp-content\/uploads\/2025\/12\/F0_CASILDA_Multifuero-.doc\"><span style=\"color: #0000ff; font-size: medium;\"><strong><span style=\"font-family: Calibri; margin-left: 15%;\">\u21d3<\/span><\/strong><\/span><\/a><\/td>\n<\/tr>\n<tr>\n<td style=\"text-align: center;\" colspan=\"3\" align=\"CENTER\" valign=\"MIDDLE\" height=\"31\"><b><span style=\"color: #000000; font-family: Calibri; font-size: medium;\">Distrito N\u00b0 12 &#8211; San Lorenzo<\/span><\/b><\/td>\n<\/tr>\n<tr>\n<td align=\"LEFT\" valign=\"MIDDLE\" height=\"27\"><span style=\"color: #000000; font-family: Calibri; font-size: medium;\">MEU Civil y Comercial <\/span><\/td>\n<td align=\"LEFT\" valign=\"MIDDLE\"><span style=\"color: #000000; font-family: Calibri; font-size: medium;\">SAN LORENZO<\/span><\/td>\n<td align=\"CENTER\" valign=\"MIDDLE\"><span style=\"color: #0000ff; font-size: medium;\"><strong><a style=\"color: #0000ff;\" href=\"https:\/\/www.justiciasantafe.gov.ar\/wp-content\/uploads\/2025\/12\/F0_SAN-LORENZO_CyC_Resp.doc\"><span style=\"font-family: Calibri; margin-left: 15%;\">\u21d3<\/span><\/a><\/strong><\/span><\/td>\n<\/tr>\n<tr>\n<td style=\"text-align: center;\" colspan=\"3\" align=\"CENTER\" valign=\"MIDDLE\" height=\"31\"><b><span style=\"color: #000000; font-family: Calibri; font-size: medium;\">Distrito N\u00b0 14 &#8211; Villa Constituci\u00f3n<\/span><\/b><\/td>\n<\/tr>\n<tr>\n<td align=\"LEFT\" valign=\"MIDDLE\" height=\"27\"><span style=\"color: #000000; font-family: Calibri; font-size: medium;\">MEU Civil, Comercial y Laboral<\/span><\/td>\n<td align=\"LEFT\" valign=\"MIDDLE\"><span style=\"color: #000000; font-family: Calibri; font-size: medium;\">VILLA CONSTITUCI\u00d3N<\/span><\/td>\n<td align=\"CENTER\" valign=\"MIDDLE\"><a href=\"https:\/\/www.justiciasantafe.gov.ar\/wp-content\/uploads\/2025\/12\/F0_VillaConst_Multifuero.doc\"><span style=\"color: #0000ff; font-size: medium;\"><strong><span style=\"font-family: Calibri; margin-left: 15%;\">\u21d3<\/span><\/strong><\/span><\/a><\/td>\n<\/tr>\n<tr>\n<td align=\"CENTER\" valign=\"MIDDLE\" height=\"23\"><b><span style=\"color: #ff0000; font-family: Calibri; font-size: large;\">\u00a0<\/span><\/b><\/td>\n<td align=\"CENTER\" valign=\"MIDDLE\"><b><span style=\"color: #ff0000; font-family: Calibri; font-size: large;\">\u00a0<\/span><\/b><\/td>\n<td align=\"CENTER\" valign=\"MIDDLE\"><b><span style=\"color: #ff0000; font-family: Calibri; font-size: large;\">\u00a0<\/span><\/b><\/td>\n<\/tr>\n<tr>\n<td style=\"text-align: center;\" colspan=\"3\" align=\"CENTER\" valign=\"MIDDLE\" bgcolor=\"#D9D9D9\" height=\"31\"><b><span style=\"color: #000000; font-family: Calibri; font-size: medium;\">CIRCUNSCRIPCI\u00d3N JUDICIAL NRO. 3 &#8211; VENADO TUERTO<\/span><\/b><\/td>\n<\/tr>\n<tr>\n<td style=\"text-align: center;\" colspan=\"3\" align=\"CENTER\" valign=\"MIDDLE\" height=\"31\"><b><span style=\"color: #000000; font-family: Calibri; font-size: medium;\">Distrito N\u00b0 3 &#8211; Venado Tuerto<\/span><\/b><\/td>\n<\/tr>\n<tr>\n<td align=\"LEFT\" valign=\"MIDDLE\" height=\"27\"><span style=\"color: #000000; font-family: Calibri; font-size: medium;\">MEU Civil y Comercial <\/span><\/td>\n<td align=\"LEFT\" valign=\"MIDDLE\"><span style=\"color: #000000; font-family: Calibri; font-size: medium;\">VENADO TUERTO<\/span><\/td>\n<td align=\"CENTER\" valign=\"MIDDLE\"><a href=\"https:\/\/www.justiciasantafe.gov.ar\/wp-content\/uploads\/2025\/12\/F0_VENADO-TUERTO_CyC_Resp.doc\"><span style=\"color: #0000ff; font-size: medium;\"><strong><span style=\"font-family: Calibri; margin-left: 15%;\">\u21d3<\/span><\/strong><\/span><\/a><\/td>\n<\/tr>\n<tr>\n<td align=\"LEFT\" valign=\"MIDDLE\" bgcolor=\"#FFFFFF\" height=\"27\"><span style=\"color: #000000; font-family: Calibri; font-size: medium;\">MEU Laboral <\/span><\/td>\n<td align=\"LEFT\" valign=\"MIDDLE\"><span style=\"color: #000000; font-family: Calibri; font-size: medium;\">VENADO TUERTO<\/span><\/td>\n<td align=\"CENTER\" valign=\"MIDDLE\"><a href=\"https:\/\/www.justiciasantafe.gov.ar\/wp-content\/uploads\/2025\/12\/F0_VENADO-TUERTO_Lab.doc\"><span style=\"font-size: medium;\"><strong><span style=\"color: #0000ff; font-family: Calibri; margin-left: 15%;\">\u21d3<\/span><\/strong><\/span><\/a><\/td>\n<\/tr>\n<tr>\n<td align=\"LEFT\" valign=\"MIDDLE\" bgcolor=\"#FFFFFF\" height=\"27\"><span style=\"color: #000000; font-family: Calibri; font-size: medium;\">MEU de Familia<\/span><\/td>\n<td align=\"LEFT\" valign=\"MIDDLE\"><span style=\"color: #000000; font-family: Calibri; font-size: medium;\">VENADO TUERTO<\/span><\/td>\n<td align=\"CENTER\" valign=\"MIDDLE\"><a href=\"https:\/\/www.justiciasantafe.gov.ar\/wp-content\/uploads\/2025\/12\/F0_VENADO-TUERTO_Fam.doc\"><span style=\"color: #0000ff; font-size: medium;\"><strong><span style=\"font-family: Calibri; margin-left: 15%;\">\u21d3<\/span><\/strong><\/span><\/a><\/td>\n<\/tr>\n<tr>\n<td align=\"CENTER\" valign=\"MIDDLE\" height=\"23\"><b><span style=\"color: #ff0000; font-family: Calibri; font-size: large;\">\u00a0<\/span><\/b><\/td>\n<td align=\"CENTER\" valign=\"MIDDLE\"><b><span style=\"color: #ff0000; font-family: Calibri; font-size: large;\">\u00a0<\/span><\/b><\/td>\n<td align=\"CENTER\" valign=\"MIDDLE\"><b><span style=\"color: #ff0000; font-family: Calibri; font-size: large;\">\u00a0<\/span><\/b><\/td>\n<\/tr>\n<tr>\n<td style=\"text-align: center;\" colspan=\"3\" align=\"CENTER\" valign=\"MIDDLE\" bgcolor=\"#D9D9D9\" height=\"31\"><b><span style=\"color: #000000; font-family: Calibri; font-size: medium;\">CIRCUNSCRIPCI\u00d3N JUDICIAL NRO. 4 &#8211; RECONQUISTA<\/span><\/b><\/td>\n<\/tr>\n<tr>\n<td style=\"text-align: center;\" colspan=\"3\" align=\"CENTER\" valign=\"MIDDLE\" height=\"31\"><b><span style=\"color: #000000; font-family: Calibri; font-size: medium;\">Distrito N\u00b0 4 &#8211; Reconquista<\/span><\/b><\/td>\n<\/tr>\n<tr>\n<td align=\"LEFT\" valign=\"MIDDLE\" height=\"27\"><span style=\"color: #000000; font-family: Calibri; font-size: medium;\">MEU Civil y Comercial <\/span><\/td>\n<td align=\"LEFT\" valign=\"MIDDLE\"><span style=\"color: #000000; font-family: Calibri; font-size: medium;\">RECONQUISTA<\/span><\/td>\n<td align=\"CENTER\" valign=\"MIDDLE\"><a href=\"https:\/\/www.justiciasantafe.gov.ar\/wp-content\/uploads\/2025\/12\/F0_RECONQUISTA_CyC_Resp.doc\"><span style=\"color: #0000ff; font-size: medium;\"><strong><span style=\"font-family: Calibri; margin-left: 15%;\">\u21d3<\/span><\/strong><\/span><\/a><\/td>\n<\/tr>\n<tr>\n<td style=\"text-align: center;\" colspan=\"3\" align=\"CENTER\" valign=\"MIDDLE\" height=\"26\"><b><span style=\"color: #000000; font-family: Calibri; font-size: medium;\">Distrito N\u00b0 13 &#8211; Vera<\/span><\/b><\/td>\n<\/tr>\n<tr>\n<td align=\"LEFT\" valign=\"MIDDLE\" height=\"27\"><span style=\"color: #000000; font-family: Calibri; font-size: medium;\">MEU Civil, Comercial y Laboral <\/span><\/td>\n<td align=\"LEFT\" valign=\"MIDDLE\"><span style=\"color: #000000; font-family: Calibri; font-size: medium;\">VERA<\/span><\/td>\n<td align=\"CENTER\" valign=\"MIDDLE\"><a href=\"https:\/\/www.justiciasantafe.gov.ar\/wp-content\/uploads\/2025\/12\/F0_VERA_Multifuero.doc\"><span style=\"color: #0000ff; font-size: medium;\"><strong><span style=\"font-family: Calibri; margin-left: 15%;\">\u21d3<\/span><\/strong><\/span><\/a><\/td>\n<\/tr>\n<tr>\n<td style=\"text-align: center;\" colspan=\"3\" align=\"CENTER\" valign=\"MIDDLE\" height=\"26\"><b><span style=\"color: #000000; font-family: Calibri; font-size: medium;\">Distrito N\u00b0 17 &#8211; Villa Ocampo y Las Toscas<\/span><\/b><\/td>\n<\/tr>\n<tr>\n<td align=\"LEFT\" valign=\"MIDDLE\" bgcolor=\"#FFFFFF\" height=\"27\"><span style=\"color: #000000; font-family: Calibri; font-size: medium;\">MEU Civil, Comercial y Laboral<\/span><\/td>\n<td align=\"LEFT\" valign=\"MIDDLE\" bgcolor=\"#FFFFFF\"><span style=\"color: #000000; font-family: Calibri; font-size: medium;\">VILLA OCAMPO<\/span><\/td>\n<td align=\"CENTER\" valign=\"MIDDLE\"><a href=\"https:\/\/www.justiciasantafe.gov.ar\/wp-content\/uploads\/2025\/12\/F0_VILLA-OCAMPO_Multifuero.doc\"><span style=\"font-size: medium;\"><strong><span style=\"color: #0000ff; font-family: Calibri; margin-left: 15%;\">\u21d3<\/span><\/strong><\/span><\/a><\/td>\n<\/tr>\n<tr>\n<td align=\"CENTER\" valign=\"MIDDLE\" height=\"23\"><b><span style=\"color: #ff0000; font-family: Calibri; font-size: large;\">\u00a0<\/span><\/b><\/td>\n<td align=\"CENTER\" valign=\"MIDDLE\"><b><span style=\"color: #ff0000; font-family: Calibri; font-size: large;\">\u00a0<\/span><\/b><\/td>\n<td align=\"CENTER\" valign=\"MIDDLE\"><b><span style=\"color: #ff0000; font-family: Calibri; font-size: large;\">\u00a0<\/span><\/b><\/td>\n<\/tr>\n<tr>\n<td style=\"text-align: center;\" colspan=\"3\" align=\"CENTER\" valign=\"MIDDLE\" bgcolor=\"#D9D9D9\" height=\"31\"><b><span style=\"color: #000000; font-family: Calibri; font-size: medium;\">CIRCUNSCRIPCI\u00d3N JUDICIAL NRO. 5 &#8211; RAFAELA<\/span><\/b><\/td>\n<\/tr>\n<tr>\n<td style=\"text-align: center;\" colspan=\"3\" align=\"CENTER\" valign=\"MIDDLE\" height=\"31\"><b><span style=\"color: #000000; font-family: Calibri; font-size: medium;\">Distrito N\u00b0 5 &#8211; Rafaela<\/span><\/b><\/td>\n<\/tr>\n<tr>\n<td align=\"LEFT\" valign=\"MIDDLE\" height=\"27\"><span style=\"color: #000000; font-family: Calibri; font-size: medium;\">MEU Civil, Comercial y Laboral de 2\u00b0 Instancia<\/span><\/td>\n<td align=\"LEFT\" valign=\"MIDDLE\"><span style=\"color: #000000; font-family: Calibri; font-size: medium;\">RAFAELA<\/span><\/td>\n<td align=\"CENTER\" valign=\"MIDDLE\"><a href=\"https:\/\/www.justiciasantafe.gov.ar\/wp-content\/uploads\/2025\/12\/F0_RAFAELA_-2da-Inst-CCL-sn-1.doc\"><span style=\"color: #0000ff; font-size: medium;\"><strong><span style=\"font-family: Calibri; margin-left: 15%;\">\u21d3<\/span><\/strong><\/span><\/a><\/td>\n<\/tr>\n<tr>\n<td align=\"LEFT\" valign=\"MIDDLE\" height=\"27\"><span style=\"color: #000000; font-family: Calibri; font-size: medium;\">MEU Civil y Comercial de 1\u00b0 Instancia<\/span><\/td>\n<td align=\"LEFT\" valign=\"MIDDLE\"><span style=\"color: #000000; font-family: Calibri; font-size: medium;\">RAFAELA<\/span><\/td>\n<td align=\"CENTER\" valign=\"MIDDLE\"><a href=\"https:\/\/www.justiciasantafe.gov.ar\/wp-content\/uploads\/2025\/12\/F0_RAFAELA_CyC_Resp.doc\"><span style=\"color: #0000ff; font-size: medium;\"><strong><span style=\"font-family: Calibri; margin-left: 15%;\">\u21d3<\/span><\/strong><\/span><\/a><\/td>\n<\/tr>\n<tr>\n<td align=\"LEFT\" valign=\"MIDDLE\" height=\"27\"><span style=\"color: #000000; font-family: Calibri; font-size: medium;\">MEU Laboral<\/span><\/td>\n<td align=\"LEFT\" valign=\"MIDDLE\"><span style=\"color: #000000; font-family: Calibri; font-size: medium;\">RAFAELA<\/span><\/td>\n<td align=\"CENTER\" valign=\"MIDDLE\"><a href=\"https:\/\/www.justiciasantafe.gov.ar\/wp-content\/uploads\/2025\/12\/F0_RAFAELA_Lab.doc\"><span style=\"color: #0000ff; font-size: medium;\"><strong><span style=\"font-family: Calibri; margin-left: 15%;\">\u21d3<\/span><\/strong><\/span><\/a><\/td>\n<\/tr>\n<tr>\n<td style=\"text-align: center;\" colspan=\"3\" align=\"CENTER\" valign=\"MIDDLE\" height=\"26\"><b><span style=\"color: #000000; font-family: Calibri; font-size: medium;\">Distrito N\u00b0 10 &#8211; San Crist\u00f3bal<\/span><\/b><\/td>\n<\/tr>\n<tr>\n<td align=\"LEFT\" valign=\"MIDDLE\" bgcolor=\"#FFFFFF\" height=\"27\"><span style=\"color: #000000; font-family: Calibri; font-size: medium;\">MEU Civil, Comercial y Laboral<\/span><\/td>\n<td align=\"LEFT\" valign=\"MIDDLE\" bgcolor=\"#FFFFFF\"><span style=\"color: #000000; font-family: Calibri; font-size: medium;\">SAN CRIST\u00d3BAL<\/span><\/td>\n<td align=\"CENTER\" valign=\"MIDDLE\"><a href=\"https:\/\/www.justiciasantafe.gov.ar\/wp-content\/uploads\/2025\/12\/F0_SAN-CRISTOBAL_Multifuero.doc\"><span style=\"color: #0000ff; font-size: medium;\"><strong><span style=\"font-family: Calibri; margin-left: 15%;\">\u21d3<\/span><\/strong><\/span><\/a><\/td>\n<\/tr>\n<tr>\n<td style=\"text-align: center;\" colspan=\"3\" align=\"CENTER\" valign=\"MIDDLE\" height=\"26\"><b><span style=\"color: #000000; font-family: Calibri; font-size: medium;\">Distrito N\u00b0 10 &#8211; Ceres<\/span><\/b><\/td>\n<\/tr>\n<tr>\n<td align=\"LEFT\" valign=\"MIDDLE\" bgcolor=\"#FFFFFF\" height=\"27\"><span style=\"color: #000000; font-family: Calibri; font-size: medium;\">MEU Civil, Comercial y Laboral<\/span><\/td>\n<td align=\"LEFT\" valign=\"MIDDLE\" bgcolor=\"#FFFFFF\"><span style=\"color: #000000; font-family: Calibri; font-size: medium;\">CERES<\/span><\/td>\n<td align=\"CENTER\" valign=\"MIDDLE\"><a href=\"https:\/\/www.justiciasantafe.gov.ar\/wp-content\/uploads\/2025\/12\/F0_CERES_Multifuero.doc\"><span style=\"color: #0000ff; font-size: medium;\"><strong><span style=\"font-family: Calibri; margin-left: 15%;\">\u21d3<\/span><\/strong><\/span><\/a><\/td>\n<\/tr>\n<\/tbody>\n<\/table>\n<div class=\"gsp_post_data\" data-post_type=\"page\" data-cat=\"\" data-modified=\"120\" data-title=\"&lt;center&gt;Mesas de Entradas \u00danicas Electr\u00f3nicas (M.E.U.E.)&lt;br&gt;Formularios de Foja Cero&lt;center\/&gt;\" data-home=\"https:\/\/www.justiciasantafe.gov.ar\"><\/div>","protected":false},"excerpt":{"rendered":"<p>PODER JUDICIAL DE LA PROVINCIA DE SANTA FE Mesas de Entradas \u00danicas Electr\u00f3nicas (M.E.U.E.) Formularios de Foja Cero FUERO LOCALIDAD DESCARGA CIRCUNSCRIPCI\u00d3N JUDICIAL NRO. 1 &#8211; SANTA FE Distrito N\u00b0 1 &#8211; Santa Fe MEU Civil y Comercial de 2\u00b0 Instancia SANTA FE \u21d3 MEU Civil y Comercial de 1\u00b0 Instancia SANTA FE \u21d3 MEU [&#8230;]\n","protected":false},"author":31,"featured_media":0,"parent":0,"menu_order":0,"comment_status":"closed","ping_status":"closed","template":"","meta":{"_acf_changed":false,"footnotes":""},"class_list":["post-59883","page","type-page","status-publish","hentry"],"acf":[],"_links":{"self":[{"href":"https:\/\/www.justiciasantafe.gov.ar\/index.php\/wp-json\/wp\/v2\/pages\/59883","targetHints":{"allow":["GET"]}}],"collection":[{"href":"https:\/\/www.justiciasantafe.gov.ar\/index.php\/wp-json\/wp\/v2\/pages"}],"about":[{"href":"https:\/\/www.justiciasantafe.gov.ar\/index.php\/wp-json\/wp\/v2\/types\/page"}],"author":[{"embeddable":true,"href":"https:\/\/www.justiciasantafe.gov.ar\/index.php\/wp-json\/wp\/v2\/users\/31"}],"replies":[{"embeddable":true,"href":"https:\/\/www.justiciasantafe.gov.ar\/index.php\/wp-json\/wp\/v2\/comments?post=59883"}],"version-history":[{"count":44,"href":"https:\/\/www.justiciasantafe.gov.ar\/index.php\/wp-json\/wp\/v2\/pages\/59883\/revisions"}],"predecessor-version":[{"id":60895,"href":"https:\/\/www.justiciasantafe.gov.ar\/index.php\/wp-json\/wp\/v2\/pages\/59883\/revisions\/60895"}],"wp:attachment":[{"href":"https:\/\/www.justiciasantafe.gov.ar\/index.php\/wp-json\/wp\/v2\/media?parent=59883"}],"curies":[{"name":"wp","href":"https:\/\/api.w.org\/{rel}","templated":true}]}}