 {"id":79,"date":"2021-11-19T11:30:36","date_gmt":"2021-11-19T14:30:36","guid":{"rendered":"https:\/\/www.justiciasantafe.gov.ar\/?page_id=79"},"modified":"2023-11-02T09:02:18","modified_gmt":"2023-11-02T12:02:18","slug":"circulares","status":"publish","type":"page","link":"https:\/\/www.justiciasantafe.gov.ar\/index.php\/poder-judicial\/legislacion-y-jurisprudencia\/circulares\/","title":{"rendered":"Circulares"},"content":{"rendered":"\n\t<section class=\"section\" id=\"section_149445844\">\n\t\t<div class=\"section-bg fill\" >\n\t\t\t\t\t\t\t\t\t\n\t\t\t\n\t<div class=\"is-border\"\n\t\tstyle=\"border-width:0px 0px 0px 0px;margin:0px 0px 0px 0;\">\n\t<\/div>\n\n\t\t<\/div>\n\n\t\t\n\n\t\t<div class=\"section-content relative\">\n\t\t\t\n<div class=\"row\"  id=\"row-348895215\">\n\n\t<div id=\"col-32951303\" class=\"col small-12 large-12\"  >\n\t\t\t\t<div class=\"col-inner\"  >\n\t\t\t\n\t\t\t\n<div class=\"row\"  id=\"row-2034133970\">\n\n\t<div id=\"col-1171899256\" class=\"col medium-3 small-6 large-3\"  >\n\t\t\t\t<div class=\"col-inner\"  >\n\t\t\t\n\t\t\t\n\t<div id=\"text-815772144\" class=\"text hidden\">\n\t\t\n<p style=\"text-align: right;\"><span style=\"color: #ffffff; font-size: 120%;\"><strong>Estado<\/strong><\/span><\/p>\n\t\t\t<\/div>\n\t\n\t\t<\/div>\n\t\t\t\t\t<\/div>\n\n\t\n\n\t<div id=\"col-1436711072\" class=\"col medium-3 small-6 large-3\"  >\n\t\t\t\t<div class=\"col-inner\"  >\n\t\t\t\n\t\t\t\n\t<div id=\"text-4281731124\" class=\"text hidden\">\n\t\t\n<p style=\"text-align: right;\"><span style=\"color: #ffffff; font-size: 120%;\"><strong>Estado<\/strong><\/span><\/p>\n\t\t\t<\/div>\n\t\n\t\t<\/div>\n\t\t\t\t\t<\/div>\n\n\t\n\n\t<div id=\"col-1864885150\" class=\"col medium-3 small-6 large-3\"  >\n\t\t\t\t<div class=\"col-inner\"  >\n\t\t\t\n\t\t\t\n<p style=\"text-align: right;\"><span style=\"color: #ffffff; font-size: 120%;\">A\u00f1o<\/span><\/p>\n\t\t<\/div>\n\t\t\t\t\n<style>\n#col-1864885150 > .col-inner {\n  margin: 15px 0px 0px 0px;\n}\n<\/style>\n\t<\/div>\n\n\t\n\n\t<div id=\"col-1330269778\" class=\"col medium-3 small-6 large-3\"  >\n\t\t\t\t<div class=\"col-inner\"  >\n\t\t\t\n\t\t\t\n\t<div id=\"text-384980741\" class=\"text\">\n\t\t\n<p style=\"text-align: right;\"><div class=\"facetwp-facet facetwp-facet-ao facetwp-type-dropdown\" data-name=\"ao\" data-type=\"dropdown\"><\/div>\n\t\t\n<style>\n#text-384980741 {\n  line-height: 1.2;\n  text-align: right;\n}\n<\/style>\n\t<\/div>\n\t\n\t\t<\/div>\n\t\t\t\t\n<style>\n#col-1330269778 > .col-inner {\n  padding: 3px 0px 0px 0px;\n  margin: 7px 0px 0px -10px;\n}\n<\/style>\n\t<\/div>\n\n\t\n<\/div>\n\t\t<\/div>\n\t\t\t\t\n<style>\n#col-32951303 > .col-inner {\n  padding: 0px 0px 0px 0px;\n  margin: -15px 0px -88px 0px;\n}\n<\/style>\n\t<\/div>\n\n\t\n<\/div>\n\t\t<\/div>\n\n\t\t\n<style>\n#section_149445844 {\n  padding-top: 11px;\n  padding-bottom: 11px;\n  margin-bottom: -1px;\n  background-color: rgb(16, 75, 69);\n}\n<\/style>\n\t<\/section>\n\t\n\t<div id=\"gap-274259750\" class=\"gap-element clearfix\" style=\"display:block; height:auto;\">\n\t\t\n<style>\n#gap-274259750 {\n  padding-top: 30px;\n}\n<\/style>\n\t<\/div>\n\t\n<div class=\"row\"  id=\"row-157945918\">\n\n\t<div id=\"col-877660544\" class=\"col small-12 large-12\"  >\n\t\t\t\t<div class=\"col-inner\"  >\n\t\t\t\n\t\t\t\n<div class=\"facetwp-template\" data-name=\"circulares\"><div class=\"fwpl-layout el-kfpiy\"><div class=\"fwpl-result r1\"><div class=\"fwpl-row el-mqjhuo\"><div class=\"fwpl-col fwpl-col el-q6zt2e\"><div class=\"fwpl-item el-wqz41b\"><h3><a href=\"https:\/\/www.justiciasantafe.gov.ar\/index.php\/circulares\/circular-nro-41\/\">Circular nro. 41. Nuevos desarrollos en el aplicativo Santa Fe Judiciales del Nuevo Banco de Santa Fe<\/a><\/h3><\/div><\/div><\/div><\/div><div class=\"fwpl-result r2\"><div class=\"fwpl-row el-mqjhuo\"><div class=\"fwpl-col fwpl-col el-q6zt2e\"><div class=\"fwpl-item el-wqz41b\"><h3><a href=\"https:\/\/www.justiciasantafe.gov.ar\/index.php\/circulares\/circular-nro-44-llamado-a-concurso-para-cubrir-un-cargo-de-jefe-de-la-oficina-de-mediacion-judicial-de-la-csj-de-los-tribunales-de-santa-fe\/\">Circular nro. 44. Llamado a concurso para cubrir un cargo de Jefe de la Oficina de Mediaci\u00f3n Judicial de la CSJ de los Tribunales de Santa Fe.<\/a><\/h3><\/div><\/div><\/div><\/div><div class=\"fwpl-result r3\"><div class=\"fwpl-row el-mqjhuo\"><div class=\"fwpl-col fwpl-col el-q6zt2e\"><div class=\"fwpl-item el-wqz41b\"><h3><a href=\"https:\/\/www.justiciasantafe.gov.ar\/index.php\/circulares\/circular-nro-42-llamado-a-concurso-para-cubrir-3-cargos-de-secretario-de-primera-instancia-para-los-tribunales-de-santa-fe-y-1-de-secretario-de-primera-instancia-para-los-tribunales-de-esperanza\/\">Circular nro. 42. Llamado a concurso para cubrir 3 cargos de Secretario de Primera Instancia para los Tribunales de Santa Fe y 1 de Secretario de Primera Instancia para los Tribunales de Esperanza.<\/a><\/h3><\/div><\/div><\/div><\/div><div class=\"fwpl-result r4\"><div class=\"fwpl-row el-mqjhuo\"><div class=\"fwpl-col fwpl-col el-q6zt2e\"><div class=\"fwpl-item el-wqz41b\"><h3><a href=\"https:\/\/www.justiciasantafe.gov.ar\/index.php\/circulares\/circular-nro-43-llamado-a-concurso-para-cubrir-2-cargos-de-oficial-de-justicia-para-cumplir-funciones-en-la-secretaria-letrada-de-presidencia-de-la-csj-en-los-tribunales-de-santa-fe\/\">Circular nro. 43. Llamado a concurso para cubrir 2 cargos de Oficial de Justicia para cumplir funciones en la Secretar\u00eda Letrada De Presidencia de la CSJ en los Tribunales De Santa Fe<\/a><\/h3><\/div><\/div><\/div><\/div><div class=\"fwpl-result r5\"><div class=\"fwpl-row el-mqjhuo\"><div class=\"fwpl-col fwpl-col el-q6zt2e\"><div class=\"fwpl-item el-wqz41b\"><h3><a href=\"https:\/\/www.justiciasantafe.gov.ar\/index.php\/circulares\/circular-nro-40-llamado-a-concurso-para-cubrir-un-cargo-de-secretario-comunitario-de-las-pequenas-causas-categoria-presupuestaria-de-oficial-mayor-para-el-juzgado-comunitario-de-las-pequenas-causas\/\">Circular nro.40.Llamado a concurso para cubrir un cargo de Secretario Comunitario de las Peque\u00f1as Causas (categor\u00eda presupuestaria de Oficial Mayor) para el Juzgado Comunitario de las Peque\u00f1as Causas de la localidad de San Ger\u00f3nimo Norte<\/a><\/h3><\/div><\/div><\/div><\/div><div class=\"fwpl-result r6\"><div class=\"fwpl-row el-mqjhuo\"><div class=\"fwpl-col fwpl-col el-q6zt2e\"><div class=\"fwpl-item el-wqz41b\"><h3><a href=\"https:\/\/www.justiciasantafe.gov.ar\/index.php\/circulares\/circular-nro-39-llamado-a-concurso-para-cubrir-un-cargo-de-secretario-de-primera-instancia-de-distrito-para-los-tribunales-de-san-justo\/\">Circular nro.39.Llamado a concurso para cubrir un cargo de Secretario de Primera Instancia de Distrito para los Tribunales de San Justo<\/a><\/h3><\/div><\/div><\/div><\/div><div class=\"fwpl-result r7\"><div class=\"fwpl-row el-mqjhuo\"><div class=\"fwpl-col fwpl-col el-q6zt2e\"><div class=\"fwpl-item el-wqz41b\"><h3><a href=\"https:\/\/www.justiciasantafe.gov.ar\/index.php\/circulares\/circular-nro-38-concurso-secretarios-de-primera-instancia-de-distrito-para-los-fueros-civil-y-comercial-laboral-y-secretarias-de-primera-instancia-de-circuito-pertenecientes-a-las-circunscripciones\/\">Circular nro. 38. Concurso Secretarios de Primera Instancia de Distrito para los Fueros Civil y Comercial, Laboral y Secretar\u00edas de Primera Instancia de Circuito pertenecientes a las Circunscripciones Judiciales N\u00ba 2 y 3<\/a><\/h3><\/div><\/div><\/div><\/div><div class=\"fwpl-result r8\"><div class=\"fwpl-row el-mqjhuo\"><div class=\"fwpl-col fwpl-col el-q6zt2e\"><div class=\"fwpl-item el-wqz41b\"><h3><a href=\"https:\/\/www.justiciasantafe.gov.ar\/index.php\/circulares\/circular-nro-37-aprobacion-de-listados-de-subrogancias-para-cargos-de-funcionarios-en-las-circunscripciones-judiciales-de-la-provincia-y-en-los-jardines-maternales-de-santa-fe-y-rosario\/\">Circular nro.37. Aprobaci\u00f3n de Listados de Subrogancias para cargos de Funcionarios en las Circunscripciones Judiciales de la Provincia y en los Jardines Maternales de Santa Fe y Rosario<\/a><\/h3><\/div><\/div><\/div><\/div><div class=\"fwpl-result r9\"><div class=\"fwpl-row el-mqjhuo\"><div class=\"fwpl-col fwpl-col el-q6zt2e\"><div class=\"fwpl-item el-wqz41b\"><h3><a href=\"https:\/\/www.justiciasantafe.gov.ar\/index.php\/circulares\/circular-nro-36-aprobacion-reglamento-para-la-provision-de-cargos-de-secretarios-de-juzgados-comunitarios-de-pequenas-causas-en-el-poder-judicial\/\">Circular nro. 36. Aprobaci\u00f3n Reglamento para la Provisi\u00f3n de Cargos de Secretarios de Juzgados Comunitarios de Peque\u00f1as Causas en el Poder Judicial<\/a><\/h3><\/div><\/div><\/div><\/div><div class=\"fwpl-result r10\"><div class=\"fwpl-row el-mqjhuo\"><div class=\"fwpl-col fwpl-col el-q6zt2e\"><div class=\"fwpl-item el-wqz41b\"><h3><a href=\"https:\/\/www.justiciasantafe.gov.ar\/index.php\/circulares\/circular-nro-34-llamado-a-concurso-para-cubrir-un-cargo-oficial-de-justicia-para-desempenarse-en-el-centro-de-capacitacion-judicial-para-los-tribunales-de-rosario\/\">Circular nro. 34. Llamado a concurso para cubrir un cargo Oficial de Justicia para desempe\u00f1arse en el Centro de Capacitaci\u00f3n Judicial para los Tribunales de Rosario.<\/a><\/h3><\/div><\/div><\/div><\/div><\/div>\n<style>\n.fwpl-layout, .fwpl-row {\n    display: grid;\n}\n.fwpl-layout.el-kfpiy {\n    grid-template-columns: repeat(1, 1fr);\n    grid-gap: 10px;\n}\n.fwpl-btn {\n    text-decoration: none;\n}\n.fwpl-row.el-mqjhuo {\n    grid-template-columns: 1fr;\n}\n@media (max-width: 480px) { \n    body .facetwp-template .fwpl-layout,  \n    body .facetwp-template-static .fwpl-layout { grid-template-columns: 1fr; } \n} \n\n<\/style>\n<\/div>\n\t\t<\/div>\n\t\t\t\t\t<\/div>\n\n\t\n<\/div>\n\t<div id=\"gap-519933490\" class=\"gap-element clearfix\" style=\"display:block; height:auto;\">\n\t\t\n<style>\n#gap-519933490 {\n  padding-top: 30px;\n}\n<\/style>\n\t<\/div>\n\t\n\n\t<div id=\"gap-1113541734\" class=\"gap-element clearfix\" style=\"display:block; height:auto;\">\n\t\t\n<style>\n#gap-1113541734 {\n  padding-top: 30px;\n}\n<\/style>\n\t<\/div>\n\t\n\n\t<section class=\"section\" id=\"section_178697293\">\n\t\t<div class=\"section-bg fill\" >\n\t\t\t\t\t\t\t\t\t\n\t\t\t\n\t<div class=\"is-border\"\n\t\tstyle=\"border-width:0px 0px 0px 0px;margin:0px 0px 0px 0px;\">\n\t<\/div>\n\n\t\t<\/div>\n\n\t\t\n\n\t\t<div class=\"section-content relative\">\n\t\t\t\n<div class=\"row row-collapse row-full-width align-middle align-center\"  id=\"row-1351781126\">\n\n\t<div id=\"col-1072481894\" class=\"col hide-for-medium medium-3 large-3\"  >\n\t\t\t\t<div class=\"col-inner text-left\"  >\n\t\t\t\n\t\t\t\n<div class=\"row row-collapse row-full-width align-middle\"  id=\"row-735383329\">\n\n\t<div id=\"col-652613558\" class=\"col medium-10 large-10\"  >\n\t\t\t\t<div class=\"col-inner text-right\"  >\n\t\t\t\n\t\t\t\n\t<div id=\"text-431864693\" class=\"text\">\n\t\t\n<p><span style=\"color: #ffffff;\">Resultados por p\u00e1ginas:<\/span><\/p>\n\t\t\n<style>\n#text-431864693 {\n  text-align: center;\n}\n<\/style>\n\t<\/div>\n\t\n\t\t<\/div>\n\t\t\t\t\t<\/div>\n\n\t\n\n\t<div id=\"col-1007626288\" class=\"col medium-2 large-2\"  >\n\t\t\t\t<div class=\"col-inner text-left\"  >\n\t\t\t\n\t\t\t\n\t<div id=\"text-705947614\" class=\"text\">\n\t\t\n<div class=\"facetwp-facet facetwp-facet-filas_por_pagina facetwp-type-pager\" data-name=\"filas_por_pagina\" data-type=\"pager\"><\/div>\n\t\t\n<style>\n#text-705947614 {\n  text-align: left;\n}\n<\/style>\n\t<\/div>\n\t\n\t\t<\/div>\n\t\t\t\t\n<style>\n#col-1007626288 > .col-inner {\n  padding: 0px 0px 6px 0px;\n}\n<\/style>\n\t<\/div>\n\n\t\n<\/div>\n\t\t<\/div>\n\t\t\t\t\n<style>\n#col-1072481894 > .col-inner {\n  padding: 20px 4px 0px 0px;\n}\n<\/style>\n\t<\/div>\n\n\t\n\n\t<div id=\"col-1615237298\" class=\"col medium-7 large-7\"  >\n\t\t\t\t<div class=\"col-inner\"  >\n\t\t\t\n\t\t\t\n<div class=\"row row-collapse align-middle align-center\"  id=\"row-1661544505\">\n\n\t<div id=\"col-323368121\" class=\"col hide-for-medium medium-1 small-12 large-1\"  >\n\t\t\t\t<div class=\"col-inner text-right\"  >\n\t\t\t\n\t\t\t\n\t\t<\/div>\n\t\t\t\t\n<style>\n#col-323368121 > .col-inner {\n  padding: 12px 0px 0px 0px;\n}\n<\/style>\n\t<\/div>\n\n\t\n\n\t<div id=\"col-1890188129\" class=\"col medium-10 small-12 large-10\"  >\n\t\t\t\t<div class=\"col-inner text-center\"  >\n\t\t\t\n\t\t\t\n\t<div id=\"text-943576866\" class=\"text hide-for-medium\">\n\t\t\n<div class=\"facetwp-facet facetwp-facet-paginador facetwp-type-pager\" data-name=\"paginador\" data-type=\"pager\"><\/div>\n\t\t\n<style>\n#text-943576866 {\n  text-align: center;\n}\n<\/style>\n\t<\/div>\n\t\n\t<div id=\"text-836278876\" class=\"text show-for-medium\">\n\t\t\n<div class=\"facetwp-facet facetwp-facet-paginador_movil facetwp-type-pager\" data-name=\"paginador_movil\" data-type=\"pager\"><\/div>\n\t\t\n<style>\n#text-836278876 {\n  text-align: center;\n}\n<\/style>\n\t<\/div>\n\t\n\t\t<\/div>\n\t\t\t\t\t<\/div>\n\n\t\n\n\t<div id=\"col-733709548\" class=\"col hide-for-medium medium-1 small-12 large-1\"  >\n\t\t\t\t<div class=\"col-inner text-right\"  >\n\t\t\t\n\t\t\t\n\t\t<\/div>\n\t\t\t\t\t<\/div>\n\n\t\n<\/div>\n\t\t<\/div>\n\t\t\t\t\t<\/div>\n\n\t\n\n\t<div id=\"col-2080772572\" class=\"col hide-for-medium medium-2 large-2\"  >\n\t\t\t\t<div class=\"col-inner text-left\"  >\n\t\t\t\n\t\t\t\n\t<div id=\"text-3303990686\" class=\"text\">\n\t\t\n<div class=\"facetwp-facet facetwp-facet-total_resultados facetwp-type-pager\" data-name=\"total_resultados\" data-type=\"pager\"><\/div>\n\t\t\n<style>\n#text-3303990686 {\n  text-align: left;\n}\n<\/style>\n\t<\/div>\n\t\n\t\t<\/div>\n\t\t\t\t\t<\/div>\n\n\t\n<\/div>\n\t\t<\/div>\n\n\t\t\n<style>\n#section_178697293 {\n  padding-top: 0px;\n  padding-bottom: 0px;\n  margin-bottom: 0px;\n  background-color: rgb(16, 75, 69);\n}\n<\/style>\n\t<\/section>\n\t\n<div class=\"gsp_post_data\" data-post_type=\"page\" data-cat=\"\" data-modified=\"120\" data-title=\"Circulares\" data-home=\"https:\/\/www.justiciasantafe.gov.ar\"><\/div>","protected":false},"excerpt":{"rendered":"","protected":false},"author":1,"featured_media":0,"parent":77,"menu_order":0,"comment_status":"closed","ping_status":"closed","template":"page-left-sidebar.php","meta":{"_acf_changed":false,"footnotes":""},"class_list":["post-79","page","type-page","status-publish","hentry"],"acf":[],"_links":{"self":[{"href":"https:\/\/www.justiciasantafe.gov.ar\/index.php\/wp-json\/wp\/v2\/pages\/79","targetHints":{"allow":["GET"]}}],"collection":[{"href":"https:\/\/www.justiciasantafe.gov.ar\/index.php\/wp-json\/wp\/v2\/pages"}],"about":[{"href":"https:\/\/www.justiciasantafe.gov.ar\/index.php\/wp-json\/wp\/v2\/types\/page"}],"author":[{"embeddable":true,"href":"https:\/\/www.justiciasantafe.gov.ar\/index.php\/wp-json\/wp\/v2\/users\/1"}],"replies":[{"embeddable":true,"href":"https:\/\/www.justiciasantafe.gov.ar\/index.php\/wp-json\/wp\/v2\/comments?post=79"}],"version-history":[{"count":0,"href":"https:\/\/www.justiciasantafe.gov.ar\/index.php\/wp-json\/wp\/v2\/pages\/79\/revisions"}],"up":[{"embeddable":true,"href":"https:\/\/www.justiciasantafe.gov.ar\/index.php\/wp-json\/wp\/v2\/pages\/77"}],"wp:attachment":[{"href":"https:\/\/www.justiciasantafe.gov.ar\/index.php\/wp-json\/wp\/v2\/media?parent=79"}],"curies":[{"name":"wp","href":"https:\/\/api.w.org\/{rel}","templated":true}]}}