 {"id":9783,"date":"2022-02-22T11:11:30","date_gmt":"2022-02-22T14:11:30","guid":{"rendered":"https:\/\/www.justiciasantafe.gov.ar\/?page_id=9783"},"modified":"2023-11-02T09:02:16","modified_gmt":"2023-11-02T12:02:16","slug":"estadisticas","status":"publish","type":"page","link":"https:\/\/www.justiciasantafe.gov.ar\/index.php\/poder-judicial\/inicio\/mediacion\/estadisticas\/","title":{"rendered":"Estad\u00edsticas"},"content":{"rendered":"<p><strong>ESTAD\u00cdSTICAS DE MEDIACI\u00d3N<\/strong><\/p>\n<p>&#8211; Para poder consultar esta informaci\u00f3n y\/o cualquier otra sobre Estad\u00edsticas de los distintos aspectos de la actividad, deber\u00e1 dirigirse a:<\/p>\n<div><strong>&#8220;Pagina de Inicio \/ Institucional \/ Estad\u00edsticas del Poder Judicial de Santa Fe&#8221;<\/strong><\/div>\n<div><strong>&#8211; O tambi\u00e9n puede acceder directamente haciendo click aqu\u00ed :\u00a0<a href=\"http:\/\/www.justiciasantafe.gov.ar\/js\/index.php?go=i&amp;id=32\" target=\"_blank\" rel=\"noopener\">\u00a0<span style=\"color: #339966;\">VER ESTADISTICAS<\/span><\/a><\/strong><\/div>\n<div><\/div>\n<div class=\"gsp_post_data\" data-post_type=\"page\" data-cat=\"\" data-modified=\"120\" data-title=\"Estad\u00edsticas\" data-home=\"https:\/\/www.justiciasantafe.gov.ar\"><\/div>","protected":false},"excerpt":{"rendered":"<p>ESTAD\u00cdSTICAS DE MEDIACI\u00d3N &#8211; Para poder consultar esta informaci\u00f3n y\/o cualquier otra sobre Estad\u00edsticas de los distintos aspectos de la actividad, deber\u00e1 dirigirse a: &#8220;Pagina de Inicio \/ Institucional \/ Estad\u00edsticas del Poder Judicial de Santa Fe&#8221; &#8211; O tambi\u00e9n puede acceder directamente haciendo click aqu\u00ed :\u00a0\u00a0VER ESTADISTICAS<\/p>\n","protected":false},"author":12,"featured_media":0,"parent":133,"menu_order":0,"comment_status":"closed","ping_status":"closed","template":"","meta":{"_acf_changed":false,"footnotes":""},"class_list":["post-9783","page","type-page","status-publish","hentry"],"acf":[],"_links":{"self":[{"href":"https:\/\/www.justiciasantafe.gov.ar\/index.php\/wp-json\/wp\/v2\/pages\/9783","targetHints":{"allow":["GET"]}}],"collection":[{"href":"https:\/\/www.justiciasantafe.gov.ar\/index.php\/wp-json\/wp\/v2\/pages"}],"about":[{"href":"https:\/\/www.justiciasantafe.gov.ar\/index.php\/wp-json\/wp\/v2\/types\/page"}],"author":[{"embeddable":true,"href":"https:\/\/www.justiciasantafe.gov.ar\/index.php\/wp-json\/wp\/v2\/users\/12"}],"replies":[{"embeddable":true,"href":"https:\/\/www.justiciasantafe.gov.ar\/index.php\/wp-json\/wp\/v2\/comments?post=9783"}],"version-history":[{"count":0,"href":"https:\/\/www.justiciasantafe.gov.ar\/index.php\/wp-json\/wp\/v2\/pages\/9783\/revisions"}],"up":[{"embeddable":true,"href":"https:\/\/www.justiciasantafe.gov.ar\/index.php\/wp-json\/wp\/v2\/pages\/133"}],"wp:attachment":[{"href":"https:\/\/www.justiciasantafe.gov.ar\/index.php\/wp-json\/wp\/v2\/media?parent=9783"}],"curies":[{"name":"wp","href":"https:\/\/api.w.org\/{rel}","templated":true}]}}